{"id":366,"date":"2019-09-06T14:51:41","date_gmt":"2019-09-06T12:51:41","guid":{"rendered":"https:\/\/www.haute-montagne.net\/?page_id=366"},"modified":"2021-06-05T17:19:21","modified_gmt":"2021-06-05T15:19:21","slug":"mountain-races","status":"publish","type":"page","link":"https:\/\/www.haute-montagne.net\/en\/mountain-races\/","title":{"rendered":"Mountain races"},"content":{"rendered":"\n<style type=\"text\/css\" data-created_by=\"avia_inline_auto\" id=\"style-css-av-jz8d5cte-d3f8876bcb8b3b6a3d380f2c8c228ace\">\n.avia-section.av-jz8d5cte-d3f8876bcb8b3b6a3d380f2c8c228ace{\nbackground-color:#315aa3;\nbackground-repeat:no-repeat;\nbackground-image:url(https:\/\/www.haute-montagne.net\/wp-content\/uploads\/2019\/09\/alpinisme.png);\nbackground-position:100% 50%;\nbackground-attachment:scroll;\n}\n<\/style>\n<div id='av_section_1'  class='avia-section av-jz8d5cte-d3f8876bcb8b3b6a3d380f2c8c228ace alternate_color avia-section-large avia-no-border-styling  avia-builder-el-0  el_before_av_one_full  avia-builder-el-first  avia-full-contain avia-bg-style-scroll  container_wrap fullsize'  data-section-bg-repeat='contain'><div class='container av-section-cont-open' ><main  role=\"main\" itemprop=\"mainContentOfPage\"  class='template-page content  av-content-full alpha units'><div class='post-entry post-entry-type-page post-entry-366'><div class='entry-content-wrapper clearfix'>\n\n<style type=\"text\/css\" data-created_by=\"avia_inline_auto\" id=\"style-css-av-1ke70-2bb78c9833c4a6307ee48d1ede8615e1\">\n.flex_column.av-1ke70-2bb78c9833c4a6307ee48d1ede8615e1{\nborder-radius:0px 0px 0px 0px;\n-webkit-border-radius:0px 0px 0px 0px;\n-moz-border-radius:0px 0px 0px 0px;\n}\n<\/style>\n<div class='flex_column av-1ke70-2bb78c9833c4a6307ee48d1ede8615e1 av_one_full  avia-builder-el-1  avia-builder-el-no-sibling  first flex_column_div av-zero-column-padding '   ><style type=\"text\/css\" data-created_by=\"avia_inline_auto\" id=\"style-css-av-k084bewm-a0980b3b3e5933597c60673789582938\">\n#top .av-special-heading.av-k084bewm-a0980b3b3e5933597c60673789582938{\npadding-bottom:10px;\ncolor:#ffffff;\n}\n.av-special-heading.av-k084bewm-a0980b3b3e5933597c60673789582938 .special-heading-inner-border{\nborder-color:#ffffff;\n}\n<\/style>\n<div  class='av-special-heading av-k084bewm-a0980b3b3e5933597c60673789582938 av-special-heading-h1 custom-color-heading blockquote modern-quote modern-centered  avia-builder-el-2  avia-builder-el-no-sibling  '><h1 class='av-special-heading-tag '  itemprop=\"headline\"  >Mountain races and glacier hikes with Jean-Christian Lichaire<\/h1><div class='special-heading-border'><div class='special-heading-inner-border'><\/div><\/div><\/div><\/div>\n<\/div><\/div><\/main><!-- close content main element --><\/div><\/div><div id='after_section_1'  class='main_color av_default_container_wrap container_wrap fullsize'  ><div class='container av-section-cont-open' ><div class='template-page content  av-content-full alpha units'><div class='post-entry post-entry-type-page post-entry-366'><div class='entry-content-wrapper clearfix'>\n\n<style type=\"text\/css\" data-created_by=\"avia_inline_auto\" id=\"style-css-av-14eym-ad75ddcb09fb873fc8de61093967c72e\">\n.flex_column.av-14eym-ad75ddcb09fb873fc8de61093967c72e{\nborder-radius:0px 0px 0px 0px;\n-webkit-border-radius:0px 0px 0px 0px;\n-moz-border-radius:0px 0px 0px 0px;\n}\n<\/style>\n<div class='flex_column av-14eym-ad75ddcb09fb873fc8de61093967c72e av_one_full  avia-builder-el-3  el_after_av_section  avia-builder-el-no-sibling  first flex_column_div av-zero-column-padding '   ><p><section class=\"av_textblock_section \"  itemscope=\"itemscope\" itemtype=\"https:\/\/schema.org\/CreativeWork\" ><div class='avia_textblock  '   itemprop=\"text\" ><p>I offer mountain races or glacier hikes that will allow you to discover the fascinating world of glaciers.<\/p>\n<p>You do not have to be a mountaineer to fully enjoy the magic of the high mountains, just need to be well accompanied!<\/p>\n<p>The routes alternate between well-marked trails in alpine pastures and incursions on glaciers a little more technical. Discover below the different courses that I propose.<\/p>\n<p>For any reservation request, please contact me directly by phone <strong>+ 33 (0) 6 85 75 36 20<\/strong> or by email via the <a href=\"https:\/\/www.haute-montagne.net\/en\/contact\/\"><strong>contact form<\/strong><\/a>.<\/p>\n<\/div><\/section><br \/>\n<section class=\"av_textblock_section \"  itemscope=\"itemscope\" itemtype=\"https:\/\/schema.org\/CreativeWork\" ><div class='avia_textblock  '  style='font-size:15px; '  itemprop=\"text\" ><p><span style=\"color: #b02b2c;\">USE THE FILTERS BELOW : by default all races are visibles<\/span> \n<style type=\"text\/css\" data-created_by=\"avia_inline_auto\" id=\"style-css-av-49f2-521d68bd32d05c6d62e2c15b2169a918\">\n.av_font_icon.av-49f2-521d68bd32d05c6d62e2c15b2169a918{\ncolor:#b02b2c;\nborder-color:#b02b2c;\n}\n.av_font_icon.av-49f2-521d68bd32d05c6d62e2c15b2169a918 .av-icon-char{\nfont-size:15px;\nline-height:15px;\n}\n<\/style>\n<span  class=\"av_font_icon av-49f2-521d68bd32d05c6d62e2c15b2169a918 avia_animate_when_visible av-icon-style- avia-icon-pos-left avia-icon-animate \"><span class='av-icon-char' aria-hidden='true' data-av_icon='\ue887' data-av_iconfont='entypo-fontello' ><\/span><\/span><\/p>\n<\/div><\/section><br \/>\n\n<style type=\"text\/css\" data-created_by=\"avia_inline_auto\" id=\"style-css-av-jzb2so0p-79939d3f97b02cb2f4e978a3256ef39e\">\n#top .togglecontainer.av-jzb2so0p-79939d3f97b02cb2f4e978a3256ef39e p.toggler{\nborder-color:#a7abb1;\n}\n#top .togglecontainer.av-jzb2so0p-79939d3f97b02cb2f4e978a3256ef39e p.toggler:not(.activeTitle):hover .toggle_icon, #top .togglecontainer.av-jzb2so0p-79939d3f97b02cb2f4e978a3256ef39e p.toggler:not(.activeTitle):hover .toggle_icon *{\nborder-color: !important;\n}\n#top .togglecontainer.av-jzb2so0p-79939d3f97b02cb2f4e978a3256ef39e .toggle_wrap .toggle_content{\nborder-color:#a7abb1;\n}\n<\/style>\n<div  class='togglecontainer av-jzb2so0p-79939d3f97b02cb2f4e978a3256ef39e  avia-builder-el-7  el_after_av_textblock  avia-builder-el-last  toggle_close_all ' ><div class='taglist'><a href=\"#\" data-tag=\"{All}\" class=\"activeFilter\">All<\/a><span class='tag-seperator'>\/<\/span><a href=\"#\" data-tag=\"{ALPES DU SUD - FRANCE}\" class=\"\">ALPES DU SUD - FRANCE<\/a><span class='tag-seperator'>\/<\/span><a href=\"#\" data-tag=\"{AUTRICHE}\" class=\"\">AUTRICHE<\/a><span class='tag-seperator'>\/<\/span><a href=\"#\" data-tag=\"{CHAMONIX}\" class=\"\">CHAMONIX<\/a><span class='tag-seperator'>\/<\/span><a href=\"#\" data-tag=\"{ITALIE}\" class=\"\">ITALIE<\/a><span class='tag-seperator'>\/<\/span><a href=\"#\" data-tag=\"{MAURIENNE}\" class=\"\">MAURIENNE<\/a><span class='tag-seperator'>\/<\/span><a href=\"#\" data-tag=\"{OISANS \u00c9CRINS}\" class=\"\">OISANS \u00c9CRINS<\/a><span class='tag-seperator'>\/<\/span><a href=\"#\" data-tag=\"{SUD FRANCE}\" class=\"\">SUD FRANCE<\/a><span class='tag-seperator'>\/<\/span><a href=\"#\" data-tag=\"{SUISSE}\" class=\"\">SUISSE<\/a><span class='tag-seperator'>\/<\/span><a href=\"#\" data-tag=\"{TARENTAISE}\" class=\"\">TARENTAISE<\/a><span class='tag-seperator'>\/<\/span><\/div>\n<section class='av_toggle_section av-6q8ym-9dc9f800425cb693ecb35a2a4d017a9b'  itemscope=\"itemscope\" itemtype=\"https:\/\/schema.org\/CreativeWork\" ><div role=\"tablist\" class=\"single_toggle\" data-tags=\"{All} {TARENTAISE} \"  ><p data-fake-id='#toggle-id-1' class='toggler   av-inherit-border-color'  itemprop=\"headline\"  role='tab' tabindex='0' aria-controls='toggle-id-1'>Mont Pelve (Tarentaise - France)<span class=\"toggle_icon\"><span class=\"vert_icon\"><\/span><span class=\"hor_icon\"><\/span><\/span><\/p><div id='toggle-id-1' class='toggle_wrap  '  ><div class='toggle_content invers-color av-inherit-border-color'  itemprop=\"text\" ><p><strong>Mont Pelve ( Tarentaise &#8211; France)<\/strong><br \/>\nAltitude: 3261m<br \/>\nDur\u00e9e: 4 H.<br \/>\nType de parcours : glacier<br \/>\nNiveau requis: Niv. 1 (facile) Niv. 1 (facile)<\/p>\n<p><img loading=\"lazy\" class=\"alignnone wp-image-843\" src=\"https:\/\/www.haute-montagne.net\/wp-content\/uploads\/2019\/11\/DSCF4245-300x225.jpg\" alt=\"\" width=\"567\" height=\"425\" srcset=\"https:\/\/www.haute-montagne.net\/wp-content\/uploads\/2019\/11\/DSCF4245-300x225.jpg 300w, https:\/\/www.haute-montagne.net\/wp-content\/uploads\/2019\/11\/DSCF4245-768x576.jpg 768w, https:\/\/www.haute-montagne.net\/wp-content\/uploads\/2019\/11\/DSCF4245-705x529.jpg 705w, https:\/\/www.haute-montagne.net\/wp-content\/uploads\/2019\/11\/DSCF4245-450x338.jpg 450w, https:\/\/www.haute-montagne.net\/wp-content\/uploads\/2019\/11\/DSCF4245.jpg 1024w\" sizes=\"(max-width: 567px) 100vw, 567px\" \/><\/p>\n<p>Tarif: Nous contacter<\/p>\n<p>Pour un groupe (1 \u00e0 3 pers.)<br \/>\nPoint de d\u00e9part : Refuge du Col de la Vanoise<br \/>\nD\u00e9nivellation : 700m<br \/>\nRandonn\u00e9e glaciaire d\u2019initiation.<br \/>\nLa course peut \u00eatre prolong\u00e9e jusqu\u2019au D\u00f4me des Sonnailles.<\/p>\n<p>Cette course vous int\u00e9resse :contactez-moi<\/p>\n<\/div><\/div><\/div><\/section>\n<section class='av_toggle_section av-6t9ra-6c4c3692848a43a0bd9e406e0d64d811'  itemscope=\"itemscope\" itemtype=\"https:\/\/schema.org\/CreativeWork\" ><div role=\"tablist\" class=\"single_toggle\" data-tags=\"{All} {TARENTAISE} \"  ><p data-fake-id='#toggle-id-2' class='toggler   av-inherit-border-color'  itemprop=\"headline\"  role='tab' tabindex='0' aria-controls='toggle-id-2'>Mont Pourri - Glacier du Geay (Tarentaise - France)<span class=\"toggle_icon\"><span class=\"vert_icon\"><\/span><span class=\"hor_icon\"><\/span><\/span><\/p><div id='toggle-id-2' class='toggle_wrap  '  ><div class='toggle_content invers-color av-inherit-border-color'  itemprop=\"text\" ><p><strong>Mont Pourri &#8211; Voie normale par le glacier du Geay ( Tarentaise &#8211; France)<\/strong><br \/>\nAltitude: 3779m<br \/>\nDur\u00e9e: 6 H.<br \/>\nType de parcours : glacier<br \/>\nNiveau requis: Niv. 1 (facile)<\/p>\n<p><img loading=\"lazy\" class=\"alignnone wp-image-835\" src=\"https:\/\/www.haute-montagne.net\/wp-content\/uploads\/2019\/11\/DSCF4188-300x225.jpg\" alt=\"\" width=\"547\" height=\"410\" srcset=\"https:\/\/www.haute-montagne.net\/wp-content\/uploads\/2019\/11\/DSCF4188-300x225.jpg 300w, https:\/\/www.haute-montagne.net\/wp-content\/uploads\/2019\/11\/DSCF4188-768x576.jpg 768w, https:\/\/www.haute-montagne.net\/wp-content\/uploads\/2019\/11\/DSCF4188-705x529.jpg 705w, https:\/\/www.haute-montagne.net\/wp-content\/uploads\/2019\/11\/DSCF4188-450x338.jpg 450w, https:\/\/www.haute-montagne.net\/wp-content\/uploads\/2019\/11\/DSCF4188.jpg 1024w\" sizes=\"(max-width: 547px) 100vw, 547px\" \/> <img loading=\"lazy\" class=\"alignnone wp-image-837\" src=\"https:\/\/www.haute-montagne.net\/wp-content\/uploads\/2019\/11\/photos-051-300x225.jpg\" alt=\"\" width=\"543\" height=\"407\" srcset=\"https:\/\/www.haute-montagne.net\/wp-content\/uploads\/2019\/11\/photos-051-300x225.jpg 300w, https:\/\/www.haute-montagne.net\/wp-content\/uploads\/2019\/11\/photos-051-768x576.jpg 768w, https:\/\/www.haute-montagne.net\/wp-content\/uploads\/2019\/11\/photos-051-705x529.jpg 705w, https:\/\/www.haute-montagne.net\/wp-content\/uploads\/2019\/11\/photos-051-450x338.jpg 450w, https:\/\/www.haute-montagne.net\/wp-content\/uploads\/2019\/11\/photos-051.jpg 1024w\" sizes=\"(max-width: 543px) 100vw, 543px\" \/><\/p>\n<p>Tarif: Nous contacter<\/p>\n<p>pour un groupe (1 \u00e0 3 pers.)<br \/>\nPoint de d\u00e9part : Refuge de Mont Pourri<br \/>\nD\u00e9nivellation : 1400 m Randonn\u00e9e sur un beau glacier relativement crevass\u00e9 notamment en fin de saison. De belles crevasses d\u00e8s le d\u00e9but du glacier.<\/p>\n<p>Cette course vous int\u00e9resse :contactez-moi<\/p>\n<\/div><\/div><\/div><\/section>\n<section class='av_toggle_section av-4ddoq-06e4f14a7c9705bde7056bb0c71c4a06'  itemscope=\"itemscope\" itemtype=\"https:\/\/schema.org\/CreativeWork\" ><div role=\"tablist\" class=\"single_toggle\" data-tags=\"{All} {TARENTAISE} \"  ><p data-fake-id='#toggle-id-3' class='toggler   av-inherit-border-color'  itemprop=\"headline\"  role='tab' tabindex='0' aria-controls='toggle-id-3'>Pointe de la R\u00e9chasse (Tarentaise - France)<span class=\"toggle_icon\"><span class=\"vert_icon\"><\/span><span class=\"hor_icon\"><\/span><\/span><\/p><div id='toggle-id-3' class='toggle_wrap  '  ><div class='toggle_content invers-color av-inherit-border-color'  itemprop=\"text\" ><p><strong>Pointe de la R\u00e9chasse ( Tarentaise &#8211; France)<\/strong><br \/>\nAltitude: 3212m<br \/>\nDur\u00e9e: 4 H.<br \/>\nType de parcours : glacier rocher<br \/>\nNiveau requis: Niv. 2 (Mod\u00e9r\u00e9) Niv. 2 (Mod\u00e9r\u00e9)<\/p>\n<p>Tarif: Nous contacter<\/p>\n<p>pour un groupe (1 \u00e0 3 pers.)<br \/>\nPoint de d\u00e9part : Refuge du Col de la Vanoise<br \/>\nD\u00e9nivellation : 700m<br \/>\nApr\u00e8s avoir remont\u00e9 le glacier de la R\u00e9chasse, la course continue par une ar\u00eate rocheuse facile mais a\u00e9rienne.<br \/>\nUne des premi\u00e8res courses faciles \u00e0 faire au dessus du refuge du Col de la Vanoise.<\/p>\n<p>Cette course vous int\u00e9resse :contactez-moi<\/p>\n<\/div><\/div><\/div><\/section>\n<section class='av_toggle_section av-dv92-7376e7e95d866a29b08b1facfac8ec6c'  itemscope=\"itemscope\" itemtype=\"https:\/\/schema.org\/CreativeWork\" ><div role=\"tablist\" class=\"single_toggle\" data-tags=\"{All} {TARENTAISE} \"  ><p data-fake-id='#toggle-id-4' class='toggler   av-inherit-border-color'  itemprop=\"headline\"  role='tab' tabindex='0' aria-controls='toggle-id-4'>D\u00f4me des Sonnailles (Tarentaise - France)<span class=\"toggle_icon\"><span class=\"vert_icon\"><\/span><span class=\"hor_icon\"><\/span><\/span><\/p><div id='toggle-id-4' class='toggle_wrap  '  ><div class='toggle_content invers-color av-inherit-border-color'  itemprop=\"text\" ><p><strong>D\u00f4me des Sonnailles ( Tarentaise &#8211; France)<\/strong><br \/>\nAltitude: 3361m<br \/>\nDur\u00e9e: 5 H.<br \/>\nType de parcours : glacier<br \/>\nNiveau requis: Niv. 1 (facile) Niv. 1 (facile)<\/p>\n<p>Tarif: Nous contacter<\/p>\n<p>pour un groupe (1 \u00e0 3 pers.)<br \/>\nPoint de d\u00e9part : Refuge du Col de la Vanoise<br \/>\nD\u00e9nivellation : 800 m<br \/>\nRandonn\u00e9e glaciaire facile mais plus longue que le Pelve demandant un peu plus d\u2019endurance.<br \/>\nConstitue la moiti\u00e9 de la travers\u00e9e des D\u00f4mes de la Vanoise.<\/p>\n<p>Cette course vous int\u00e9resse :contactez-moi<\/p>\n<\/div><\/div><\/div><\/section>\n<section class='av_toggle_section av-agkly-3dc199cd0a601330ec52f6dec4d3dfa4'  itemscope=\"itemscope\" itemtype=\"https:\/\/schema.org\/CreativeWork\" ><div role=\"tablist\" class=\"single_toggle\" data-tags=\"{All} {TARENTAISE} \"  ><p data-fake-id='#toggle-id-5' class='toggler   av-inherit-border-color'  itemprop=\"headline\"  role='tab' tabindex='0' aria-controls='toggle-id-5'>Aiguille des Glaciers \u2013 Ar\u00eate sud franco italienne (Tarentaise - France)<span class=\"toggle_icon\"><span class=\"vert_icon\"><\/span><span class=\"hor_icon\"><\/span><\/span><\/p><div id='toggle-id-5' class='toggle_wrap  '  ><div class='toggle_content invers-color av-inherit-border-color'  itemprop=\"text\" ><p><strong>Aiguille des Glaciers \u2013 Ar\u00eate sud franco italienne (Tarentaise &#8211; France)<\/strong><br \/>\nAltitude: 3816m<br \/>\nDur\u00e9e: 6 H.<br \/>\nType de parcours : glacier rocher<br \/>\nNiveau requis: Niv. 3\u00a0 Assez Difficile<\/p>\n<p><img loading=\"lazy\" class=\"alignnone size-featured_large wp-image-890\" src=\"https:\/\/www.haute-montagne.net\/wp-content\/uploads\/2019\/11\/CD-2-74-1024x630.jpg\" alt=\"\" width=\"1024\" height=\"630\" \/><\/p>\n<p>Tarif: Nous contacter<\/p>\n<p>pour un groupe (1 \u00e0 3 pers.)<br \/>\nA noter : Mixte en d\u00e9but de saison Point de d\u00e9part : Refuge Robert Blanc<br \/>\nD\u00e9nivellation : 1100 m<br \/>\nUne belle course, ar\u00eate a\u00e9rienne en face du Mont Blanc<br \/>\nA faire en d\u00e9but de saison.<\/p>\n<\/div><\/div><\/div><\/section>\n<section class='av_toggle_section av-av_toggle-ae6b779c49c1cf957977c7fb7d5aa57a'  itemscope=\"itemscope\" itemtype=\"https:\/\/schema.org\/CreativeWork\" ><div role=\"tablist\" class=\"single_toggle\" data-tags=\"{All} {TARENTAISE} \"  ><p data-fake-id='#toggle-id-6' class='toggler   av-inherit-border-color'  itemprop=\"headline\"  role='tab' tabindex='0' aria-controls='toggle-id-6'>La Grande Gli\u00e8re (Tarentaise - France)<span class=\"toggle_icon\"><span class=\"vert_icon\"><\/span><span class=\"hor_icon\"><\/span><\/span><\/p><div id='toggle-id-6' class='toggle_wrap  '  ><div class='toggle_content invers-color av-inherit-border-color'  itemprop=\"text\" ><p><strong>La Grande Gli\u00e8re ( Tarentaise &#8211; France)<\/strong><br \/>\nAltitude: 3392m<br \/>\nDur\u00e9e: 5 H.<br \/>\nType de parcours : rocher<br \/>\nNiveau requis: Niv. 3\u00a0 Assez Difficile<\/p>\n<p><img loading=\"lazy\" class=\"alignnone wp-image-875\" src=\"https:\/\/www.haute-montagne.net\/wp-content\/uploads\/2019\/11\/2005-06-22-EPERON-NORD-DE-LA-GDE-GLIERE-MANU-48.jpg\" alt=\"\" width=\"666\" height=\"888\" srcset=\"https:\/\/www.haute-montagne.net\/wp-content\/uploads\/2019\/11\/2005-06-22-EPERON-NORD-DE-LA-GDE-GLIERE-MANU-48.jpg 768w, https:\/\/www.haute-montagne.net\/wp-content\/uploads\/2019\/11\/2005-06-22-EPERON-NORD-DE-LA-GDE-GLIERE-MANU-48-225x300.jpg 225w, https:\/\/www.haute-montagne.net\/wp-content\/uploads\/2019\/11\/2005-06-22-EPERON-NORD-DE-LA-GDE-GLIERE-MANU-48-529x705.jpg 529w, https:\/\/www.haute-montagne.net\/wp-content\/uploads\/2019\/11\/2005-06-22-EPERON-NORD-DE-LA-GDE-GLIERE-MANU-48-450x600.jpg 450w\" sizes=\"(max-width: 666px) 100vw, 666px\" \/><\/p>\n<p><img loading=\"lazy\" class=\"alignnone wp-image-877\" src=\"https:\/\/www.haute-montagne.net\/wp-content\/uploads\/2019\/11\/2005-06-22-EPERON-NORD-DE-LA-GDE-GLIERE-MARC-56.jpg\" alt=\"\" width=\"668\" height=\"891\" srcset=\"https:\/\/www.haute-montagne.net\/wp-content\/uploads\/2019\/11\/2005-06-22-EPERON-NORD-DE-LA-GDE-GLIERE-MARC-56.jpg 768w, https:\/\/www.haute-montagne.net\/wp-content\/uploads\/2019\/11\/2005-06-22-EPERON-NORD-DE-LA-GDE-GLIERE-MARC-56-225x300.jpg 225w, https:\/\/www.haute-montagne.net\/wp-content\/uploads\/2019\/11\/2005-06-22-EPERON-NORD-DE-LA-GDE-GLIERE-MARC-56-529x705.jpg 529w, https:\/\/www.haute-montagne.net\/wp-content\/uploads\/2019\/11\/2005-06-22-EPERON-NORD-DE-LA-GDE-GLIERE-MARC-56-450x600.jpg 450w\" sizes=\"(max-width: 668px) 100vw, 668px\" \/><\/p>\n<p>pour un groupe (1 \u00e0 3 pers.)<br \/>\nPoint de d\u00e9part : Refuge du Col de la Vanoise<br \/>\nD\u00e9nivellation : 900 m<br \/>\nCourse d\u2019ar\u00eate de niveau 3 a 3+, vari\u00e9e avec de l\u2019ambiance et une magnifique vue sur la face de l\u2019Ep\u00e9na.<br \/>\nLa vierge de la Gli\u00e8re vous attend au sommet.<\/p>\n<\/div><\/div><\/div><\/section>\n<section class='av_toggle_section av-1z4qy-59bce5ef710ed0ff79220629312a9b29'  itemscope=\"itemscope\" itemtype=\"https:\/\/schema.org\/CreativeWork\" ><div role=\"tablist\" class=\"single_toggle\" data-tags=\"{All} {TARENTAISE} \"  ><p data-fake-id='#toggle-id-7' class='toggler   av-inherit-border-color'  itemprop=\"headline\"  role='tab' tabindex='0' aria-controls='toggle-id-7'>Grande Aiguille Rousse (Tarentaise - France)<span class=\"toggle_icon\"><span class=\"vert_icon\"><\/span><span class=\"hor_icon\"><\/span><\/span><\/p><div id='toggle-id-7' class='toggle_wrap  '  ><div class='toggle_content invers-color av-inherit-border-color'  itemprop=\"text\" ><p><strong>Grande Aiguille Rousse (Tarentaise &#8211; France)<\/strong><br \/>\nAltitude: 3482m<br \/>\nDur\u00e9e: 5 H.<br \/>\nType de parcours : glacier<br \/>\nNiveau requis: Niv. 1 (facile) Niv. 1 (facile)<\/p>\n<p>Tarif: Nous contacter<\/p>\n<p>pour un groupe (1 \u00e0 3 pers.)<br \/>\nPoint de d\u00e9part : Refuge de Prariond<br \/>\nD\u00e9nivellation : 1100m<br \/>\nRandonn\u00e9e glaciaire avec le sommet entre la Maurienne et la Tarentaise.<br \/>\nA faire tant qu\u2019il y a de la neige sur le glacier<\/p>\n<\/div><\/div><\/div><\/section>\n<section class='av_toggle_section av-av_toggle-39ae5c2d21080bfaab74c16b363e00c2'  itemscope=\"itemscope\" itemtype=\"https:\/\/schema.org\/CreativeWork\" ><div role=\"tablist\" class=\"single_toggle\" data-tags=\"{All} {TARENTAISE} \"  ><p data-fake-id='#toggle-id-8' class='toggler   av-inherit-border-color'  itemprop=\"headline\"  role='tab' tabindex='0' aria-controls='toggle-id-8'>Grande Casse - Voie normale (Tarentaise - France)<span class=\"toggle_icon\"><span class=\"vert_icon\"><\/span><span class=\"hor_icon\"><\/span><\/span><\/p><div id='toggle-id-8' class='toggle_wrap  '  ><div class='toggle_content invers-color av-inherit-border-color'  itemprop=\"text\" ><p><strong>Grande Casse &#8211; voie normale (Tarentaise &#8211; France)<\/strong><br \/>\nAltitude: 3852m<br \/>\nDur\u00e9e: 5 H.<br \/>\nType de parcours : glacier<br \/>\nNiveau requis: Niv. 3 (Difficile) Niv. 3 (Difficile)<\/p>\n<p>Tarif: contact me<\/p>\n<p>pour un groupe (1 \u00e0 3 pers.)<br \/>\nCourse glace et neige Point de d\u00e9part : Refuge du Col de la Vanoise<br \/>\nD\u00e9nivellation : 1300m<br \/>\nPente de glace \u00e0 45\u00b0.<br \/>\nA faire plut\u00f4t en d\u00e9but de saison car lorsque la pente est en glace, la difficult\u00e9 augmente consid\u00e9rablement.<\/p>\n<\/div><\/div><\/div><\/section>\n<section class='av_toggle_section av-1ahei-6c4928e1e45bef22f738221ae54d80e3'  itemscope=\"itemscope\" itemtype=\"https:\/\/schema.org\/CreativeWork\" ><div role=\"tablist\" class=\"single_toggle\" data-tags=\"{All} {TARENTAISE} \"  ><p data-fake-id='#toggle-id-9' class='toggler   av-inherit-border-color'  itemprop=\"headline\"  role='tab' tabindex='0' aria-controls='toggle-id-9'>Grande Casse - Petite Face Nord (Tarentaise - France)<span class=\"toggle_icon\"><span class=\"vert_icon\"><\/span><span class=\"hor_icon\"><\/span><\/span><\/p><div id='toggle-id-9' class='toggle_wrap  '  ><div class='toggle_content invers-color av-inherit-border-color'  itemprop=\"text\" ><p><strong>Grande Casse &#8211; Petite Face Nord (Tarentaise &#8211; France)<\/strong><br \/>\nAltitude: 3852m<br \/>\nDur\u00e9e: 5 H.<br \/>\nType de parcours : glacier<br \/>\nNiveau requis: Niv. 3 (Difficile) Niv. 3 (Difficile)<\/p>\n<p>Tarif: Nous contacter<\/p>\n<p>pour un groupe (1 \u00e0 3 pers.)<br \/>\nCourse neige et glace Point de d\u00e9part : Refuge du Col de la Vanoise<br \/>\nD\u00e9nivellation : 600m de pente a 45-50\u00b0<br \/>\nPlus facile que sa grande s\u0153ur, le Couloir des Italiens elle est une bonne introduction \u00e0 la pente raide.<br \/>\nA faire en d\u00e9but de saison avant que la glace n\u2019apparaisse trop.<\/p>\n<\/div><\/div><\/div><\/section>\n<section class='av_toggle_section av-vhfm-137cf340d6e6b17fd0d3d95c757f78a2'  itemscope=\"itemscope\" itemtype=\"https:\/\/schema.org\/CreativeWork\" ><div role=\"tablist\" class=\"single_toggle\" data-tags=\"{All} {TARENTAISE} \"  ><p data-fake-id='#toggle-id-10' class='toggler   av-inherit-border-color'  itemprop=\"headline\"  role='tab' tabindex='0' aria-controls='toggle-id-10'>Grande Casse - Couloir des Italiens (Tarentaise - France)<span class=\"toggle_icon\"><span class=\"vert_icon\"><\/span><span class=\"hor_icon\"><\/span><\/span><\/p><div id='toggle-id-10' class='toggle_wrap  '  ><div class='toggle_content invers-color av-inherit-border-color'  itemprop=\"text\" ><p><strong>Grande Casse &#8211; Couloir des Italiens (Tarentaise &#8211; France)<\/strong><br \/>\nAltitude: 3852m<br \/>\nDur\u00e9e: 6 H.<br \/>\nType de parcours : glacier<br \/>\nNiveau requis: Niv. 3 (Difficile) Niv. 3 (Difficile)<\/p>\n<p>Tarif: Nous contacter<\/p>\n<p>pour un groupe (1 \u00e0 3 pers.)<br \/>\nPoint de d\u00e9part : Refuge du Col de la Vanoise<br \/>\nD\u00e9nivellation : 600m de couloir<br \/>\nPente de glace \u00e0 60\u00b0 environ.<br \/>\nA faire en mai &#8211; juin.<\/p>\n<\/div><\/div><\/div><\/section>\n<section class='av_toggle_section av-6ztva-e912920eb60b664bfac3b2ed94e8a002'  itemscope=\"itemscope\" itemtype=\"https:\/\/schema.org\/CreativeWork\" ><div role=\"tablist\" class=\"single_toggle\" data-tags=\"{All} {TARENTAISE} \"  ><p data-fake-id='#toggle-id-11' class='toggler   av-inherit-border-color'  itemprop=\"headline\"  role='tab' tabindex='0' aria-controls='toggle-id-11'>Travers\u00e9e de l\u2019Aiguille de la Vanoise (Tarentaise - France)<span class=\"toggle_icon\"><span class=\"vert_icon\"><\/span><span class=\"hor_icon\"><\/span><\/span><\/p><div id='toggle-id-11' class='toggle_wrap  '  ><div class='toggle_content invers-color av-inherit-border-color'  itemprop=\"text\" ><p><strong>Travers\u00e9e de l\u2019Aiguille de la Vanoise (Tarentaise &#8211; France)<\/strong><br \/>\nAltitude: 2796m<br \/>\nDur\u00e9e: 4 H.<br \/>\nType de parcours : rocher<br \/>\nNiveau requis: Niv. 2 (Assez Difficile)<\/p>\n<p><img loading=\"lazy\" class=\"alignnone wp-image-831\" src=\"https:\/\/www.haute-montagne.net\/wp-content\/uploads\/2019\/11\/2008-08-18-TRAVERSEE-AIGUILLE-DE-LA-VANOISE-46-300x225.jpg\" alt=\"\" width=\"529\" height=\"397\" srcset=\"https:\/\/www.haute-montagne.net\/wp-content\/uploads\/2019\/11\/2008-08-18-TRAVERSEE-AIGUILLE-DE-LA-VANOISE-46-300x225.jpg 300w, https:\/\/www.haute-montagne.net\/wp-content\/uploads\/2019\/11\/2008-08-18-TRAVERSEE-AIGUILLE-DE-LA-VANOISE-46-768x576.jpg 768w, https:\/\/www.haute-montagne.net\/wp-content\/uploads\/2019\/11\/2008-08-18-TRAVERSEE-AIGUILLE-DE-LA-VANOISE-46-705x529.jpg 705w, https:\/\/www.haute-montagne.net\/wp-content\/uploads\/2019\/11\/2008-08-18-TRAVERSEE-AIGUILLE-DE-LA-VANOISE-46-450x338.jpg 450w, https:\/\/www.haute-montagne.net\/wp-content\/uploads\/2019\/11\/2008-08-18-TRAVERSEE-AIGUILLE-DE-LA-VANOISE-46.jpg 1024w\" sizes=\"(max-width: 529px) 100vw, 529px\" \/> <img loading=\"lazy\" class=\"alignnone wp-image-829\" src=\"https:\/\/www.haute-montagne.net\/wp-content\/uploads\/2019\/11\/2008-08-18-TRAVERSEE-AIGUILLE-DE-LA-VANOISE-41-300x225.jpg\" alt=\"\" width=\"523\" height=\"392\" srcset=\"https:\/\/www.haute-montagne.net\/wp-content\/uploads\/2019\/11\/2008-08-18-TRAVERSEE-AIGUILLE-DE-LA-VANOISE-41-300x225.jpg 300w, https:\/\/www.haute-montagne.net\/wp-content\/uploads\/2019\/11\/2008-08-18-TRAVERSEE-AIGUILLE-DE-LA-VANOISE-41-768x576.jpg 768w, https:\/\/www.haute-montagne.net\/wp-content\/uploads\/2019\/11\/2008-08-18-TRAVERSEE-AIGUILLE-DE-LA-VANOISE-41-705x529.jpg 705w, https:\/\/www.haute-montagne.net\/wp-content\/uploads\/2019\/11\/2008-08-18-TRAVERSEE-AIGUILLE-DE-LA-VANOISE-41-450x338.jpg 450w, https:\/\/www.haute-montagne.net\/wp-content\/uploads\/2019\/11\/2008-08-18-TRAVERSEE-AIGUILLE-DE-LA-VANOISE-41.jpg 1024w\" sizes=\"(max-width: 523px) 100vw, 523px\" \/><\/p>\n<p>Tarif: Nous contacter<\/p>\n<p>pour un groupe (1 \u00e0 3 pers.)<br \/>\nPoint de d\u00e9part : Refuge du Col de la Vanoise<br \/>\nD\u00e9nivellation : 400m<br \/>\nEscalade facile mais tr\u00e8s a\u00e9rienne.<br \/>\nNe pas se laisser impressionner par le vide<\/p>\n<\/div><\/div><\/div><\/section>\n<section class='av_toggle_section av-av_toggle-67e2b4e08cce842262444dff1e86ca2c'  itemscope=\"itemscope\" itemtype=\"https:\/\/schema.org\/CreativeWork\" ><div role=\"tablist\" class=\"single_toggle\" data-tags=\"{All} {MAURIENNE} \"  ><p data-fake-id='#toggle-id-12' class='toggler   av-inherit-border-color'  itemprop=\"headline\"  role='tab' tabindex='0' aria-controls='toggle-id-12'>Travers\u00e9e des Ar\u00eates du G\u00e9n\u00e9py (Maurienne - France)<span class=\"toggle_icon\"><span class=\"vert_icon\"><\/span><span class=\"hor_icon\"><\/span><\/span><\/p><div id='toggle-id-12' class='toggle_wrap  '  ><div class='toggle_content invers-color av-inherit-border-color'  itemprop=\"text\" ><p><strong>Travers\u00e9e des Ar\u00eates du G\u00e9n\u00e9py ( Maurienne &#8211; France)<\/strong><br \/>\nAltitude: 3599m<br \/>\nDur\u00e9e: 7 H.<br \/>\nType de parcours : glacier rocher<br \/>\nNiveau requis: Niv. 1 (facile) Niv. 1 (facile)<\/p>\n<p>Tarif: contact me<\/p>\n<p>pour un groupe (1 \u00e0 3 pers.)<br \/>\nPoint de d\u00e9part : Refuge de la Parrach\u00e9e<br \/>\nD\u00e9nivellation : 1000m<br \/>\nRandonn\u00e9e glaciaire facile mais relativement longue n\u00e9cessitant un bon entrainement physique.<br \/>\nUn des plus beaux panoramas sur les D\u00f4mes de la Vanoise.<\/p>\n<p>Cette course vous int\u00e9resse :contactez-moi<\/p>\n<\/div><\/div><\/div><\/section>\n<section class='av_toggle_section av-bulja-9425456984b163d64e6c98250824f54d'  itemscope=\"itemscope\" itemtype=\"https:\/\/schema.org\/CreativeWork\" ><div role=\"tablist\" class=\"single_toggle\" data-tags=\"{All} {MAURIENNE} \"  ><p data-fake-id='#toggle-id-13' class='toggler   av-inherit-border-color'  itemprop=\"headline\"  role='tab' tabindex='0' aria-controls='toggle-id-13'>Travers\u00e9e des D\u00f4mes de la Vanoise (Maurienne - France)<span class=\"toggle_icon\"><span class=\"vert_icon\"><\/span><span class=\"hor_icon\"><\/span><\/span><\/p><div id='toggle-id-13' class='toggle_wrap  '  ><div class='toggle_content invers-color av-inherit-border-color'  itemprop=\"text\" ><p><strong>Travers\u00e9e des D\u00f4mes de la Vanoise ( Maurienne &#8211; France)<\/strong><br \/>\nAltitude: 3599m<br \/>\nDur\u00e9e: 10 H.<br \/>\nType de parcours : glacier rocher<br \/>\nNiveau requis: Niv. 1 (facile) mais tr\u00e9s long<\/p>\n<p><img loading=\"lazy\" class=\"alignnone size-full wp-image-1045\" src=\"https:\/\/www.haute-montagne.net\/wp-content\/uploads\/2019\/12\/P7150037.jpg\" alt=\"\" width=\"1024\" height=\"576\" srcset=\"https:\/\/www.haute-montagne.net\/wp-content\/uploads\/2019\/12\/P7150037.jpg 1024w, https:\/\/www.haute-montagne.net\/wp-content\/uploads\/2019\/12\/P7150037-300x169.jpg 300w, https:\/\/www.haute-montagne.net\/wp-content\/uploads\/2019\/12\/P7150037-768x432.jpg 768w, https:\/\/www.haute-montagne.net\/wp-content\/uploads\/2019\/12\/P7150037-705x397.jpg 705w, https:\/\/www.haute-montagne.net\/wp-content\/uploads\/2019\/12\/P7150037-450x253.jpg 450w\" sizes=\"(max-width: 1024px) 100vw, 1024px\" \/> <img loading=\"lazy\" class=\"alignnone size-full wp-image-1043\" src=\"https:\/\/www.haute-montagne.net\/wp-content\/uploads\/2019\/12\/P7150036.jpg\" alt=\"\" width=\"1024\" height=\"576\" srcset=\"https:\/\/www.haute-montagne.net\/wp-content\/uploads\/2019\/12\/P7150036.jpg 1024w, https:\/\/www.haute-montagne.net\/wp-content\/uploads\/2019\/12\/P7150036-300x169.jpg 300w, https:\/\/www.haute-montagne.net\/wp-content\/uploads\/2019\/12\/P7150036-768x432.jpg 768w, https:\/\/www.haute-montagne.net\/wp-content\/uploads\/2019\/12\/P7150036-705x397.jpg 705w, https:\/\/www.haute-montagne.net\/wp-content\/uploads\/2019\/12\/P7150036-450x253.jpg 450w\" sizes=\"(max-width: 1024px) 100vw, 1024px\" \/><\/p>\n<p>pour un groupe (1 \u00e0 3 pers.)<br \/>\nPoint de d\u00e9part : Refuge de la Parrach\u00e9e<br \/>\nD\u00e9nivellation : 1300m<br \/>\nRandonn\u00e9e glaciaire facile mais longue n\u00e9cessitant un tr\u00e8s bon entrainement physique<br \/>\nLe moyen de traverser int\u00e9gralement les D\u00f4mes de la Vanoise avec la possibilit\u00e9 de raccourcir l\u2019itin\u00e9raire.<\/p>\n<p>Cette course vous int\u00e9resse :contactez-moi<\/p>\n<\/div><\/div><\/div><\/section>\n<section class='av_toggle_section av-brjjy-2c2ea77e6231c38fd6b4354389d1892a'  itemscope=\"itemscope\" itemtype=\"https:\/\/schema.org\/CreativeWork\" ><div role=\"tablist\" class=\"single_toggle\" data-tags=\"{All} {MAURIENNE} \"  ><p data-fake-id='#toggle-id-14' class='toggler   av-inherit-border-color'  itemprop=\"headline\"  role='tab' tabindex='0' aria-controls='toggle-id-14'>D\u00f4me de Chassefor\u00eat (Maurienne - France)<span class=\"toggle_icon\"><span class=\"vert_icon\"><\/span><span class=\"hor_icon\"><\/span><\/span><\/p><div id='toggle-id-14' class='toggle_wrap  '  ><div class='toggle_content invers-color av-inherit-border-color'  itemprop=\"text\" ><p><strong>D\u00f4me de Chassefor\u00eat (Maurienne &#8211; France)<\/strong><br \/>\nAltitude: 3586m<br \/>\nDur\u00e9e: 5 H.<br \/>\nType de parcours : glacier<br \/>\nNiveau requis: Niv. 1 (facile) Niv. 1 (facile)<\/p>\n<p>Tarif: Nous contacter<\/p>\n<p>pour un groupe (1 \u00e0 3 pers.)<br \/>\nPoint de d\u00e9part : Refuge de l\u2019Arpont<br \/>\nD\u00e9nivellation : 1200m Randonn\u00e9e sur un beau glacier sans aucune difficult\u00e9<br \/>\nMont\u00e9e en refuge assez longue.<\/p>\n<\/div><\/div><\/div><\/section>\n<section class='av_toggle_section av-779m6-a56e5e9908684d6a66714282e7b7d10e'  itemscope=\"itemscope\" itemtype=\"https:\/\/schema.org\/CreativeWork\" ><div role=\"tablist\" class=\"single_toggle\" data-tags=\"{All} {MAURIENNE} \"  ><p data-fake-id='#toggle-id-15' class='toggler   av-inherit-border-color'  itemprop=\"headline\"  role='tab' tabindex='0' aria-controls='toggle-id-15'>Evettes Mulinet (Maurienne - France)<span class=\"toggle_icon\"><span class=\"vert_icon\"><\/span><span class=\"hor_icon\"><\/span><\/span><\/p><div id='toggle-id-15' class='toggle_wrap  '  ><div class='toggle_content invers-color av-inherit-border-color'  itemprop=\"text\" ><p><strong>Evettes Mulinet (Maurienne &#8211; France)<\/strong><br \/>\nAltitude: 3200m<br \/>\nDur\u00e9e: 4 H.<br \/>\nType de parcours : glacier<br \/>\nNiveau requis: Niv. 1 (facile)<\/p>\n<p><img loading=\"lazy\" class=\"alignnone size-full wp-image-1099\" src=\"https:\/\/www.haute-montagne.net\/wp-content\/uploads\/2019\/12\/P8080077.jpg\" alt=\"\" width=\"1024\" height=\"238\" srcset=\"https:\/\/www.haute-montagne.net\/wp-content\/uploads\/2019\/12\/P8080077.jpg 1024w, https:\/\/www.haute-montagne.net\/wp-content\/uploads\/2019\/12\/P8080077-300x70.jpg 300w, https:\/\/www.haute-montagne.net\/wp-content\/uploads\/2019\/12\/P8080077-768x179.jpg 768w, https:\/\/www.haute-montagne.net\/wp-content\/uploads\/2019\/12\/P8080077-705x164.jpg 705w, https:\/\/www.haute-montagne.net\/wp-content\/uploads\/2019\/12\/P8080077-450x105.jpg 450w\" sizes=\"(max-width: 1024px) 100vw, 1024px\" \/> <img loading=\"lazy\" class=\"alignnone size-full wp-image-1095\" src=\"https:\/\/www.haute-montagne.net\/wp-content\/uploads\/2019\/12\/P8080060.jpg\" alt=\"\" width=\"1024\" height=\"576\" srcset=\"https:\/\/www.haute-montagne.net\/wp-content\/uploads\/2019\/12\/P8080060.jpg 1024w, https:\/\/www.haute-montagne.net\/wp-content\/uploads\/2019\/12\/P8080060-300x169.jpg 300w, https:\/\/www.haute-montagne.net\/wp-content\/uploads\/2019\/12\/P8080060-768x432.jpg 768w, https:\/\/www.haute-montagne.net\/wp-content\/uploads\/2019\/12\/P8080060-705x397.jpg 705w, https:\/\/www.haute-montagne.net\/wp-content\/uploads\/2019\/12\/P8080060-450x253.jpg 450w\" sizes=\"(max-width: 1024px) 100vw, 1024px\" \/> <img loading=\"lazy\" class=\"alignnone size-full wp-image-1093\" src=\"https:\/\/www.haute-montagne.net\/wp-content\/uploads\/2019\/12\/P8080052.jpg\" alt=\"\" width=\"1024\" height=\"576\" srcset=\"https:\/\/www.haute-montagne.net\/wp-content\/uploads\/2019\/12\/P8080052.jpg 1024w, https:\/\/www.haute-montagne.net\/wp-content\/uploads\/2019\/12\/P8080052-300x169.jpg 300w, https:\/\/www.haute-montagne.net\/wp-content\/uploads\/2019\/12\/P8080052-768x432.jpg 768w, https:\/\/www.haute-montagne.net\/wp-content\/uploads\/2019\/12\/P8080052-705x397.jpg 705w, https:\/\/www.haute-montagne.net\/wp-content\/uploads\/2019\/12\/P8080052-450x253.jpg 450w\" sizes=\"(max-width: 1024px) 100vw, 1024px\" \/> <img loading=\"lazy\" class=\"alignnone size-full wp-image-1101\" src=\"https:\/\/www.haute-montagne.net\/wp-content\/uploads\/2019\/12\/P8080081.jpg\" alt=\"\" width=\"1024\" height=\"576\" srcset=\"https:\/\/www.haute-montagne.net\/wp-content\/uploads\/2019\/12\/P8080081.jpg 1024w, https:\/\/www.haute-montagne.net\/wp-content\/uploads\/2019\/12\/P8080081-300x169.jpg 300w, https:\/\/www.haute-montagne.net\/wp-content\/uploads\/2019\/12\/P8080081-768x432.jpg 768w, https:\/\/www.haute-montagne.net\/wp-content\/uploads\/2019\/12\/P8080081-705x397.jpg 705w, https:\/\/www.haute-montagne.net\/wp-content\/uploads\/2019\/12\/P8080081-450x253.jpg 450w\" sizes=\"(max-width: 1024px) 100vw, 1024px\" \/> <img loading=\"lazy\" class=\"alignnone size-full wp-image-1097\" src=\"https:\/\/www.haute-montagne.net\/wp-content\/uploads\/2019\/12\/P8080065.jpg\" alt=\"\" width=\"1024\" height=\"576\" srcset=\"https:\/\/www.haute-montagne.net\/wp-content\/uploads\/2019\/12\/P8080065.jpg 1024w, https:\/\/www.haute-montagne.net\/wp-content\/uploads\/2019\/12\/P8080065-300x169.jpg 300w, https:\/\/www.haute-montagne.net\/wp-content\/uploads\/2019\/12\/P8080065-768x432.jpg 768w, https:\/\/www.haute-montagne.net\/wp-content\/uploads\/2019\/12\/P8080065-705x397.jpg 705w, https:\/\/www.haute-montagne.net\/wp-content\/uploads\/2019\/12\/P8080065-450x253.jpg 450w\" sizes=\"(max-width: 1024px) 100vw, 1024px\" \/><\/p>\n<p>Tarif: Nous contacter<\/p>\n<p>pour un groupe (1 \u00e0 3 pers.)<br \/>\nPoint de d\u00e9part : Refuge des Evettes<br \/>\nD\u00e9nivellation : 700m Travers\u00e9e glaciaire sur le glacier du Grand M\u00e9an et du Mulinet.<br \/>\nBelle randonn\u00e9e sur 2 glaciers de Haute Maurienne .Une course facile pour d\u00e9butant.<\/p>\n<\/div><\/div><\/div><\/section>\n<section class='av_toggle_section av-71jli-33604462562116af25935224721d02ed'  itemscope=\"itemscope\" itemtype=\"https:\/\/schema.org\/CreativeWork\" ><div role=\"tablist\" class=\"single_toggle\" data-tags=\"{All} {MAURIENNE} \"  ><p data-fake-id='#toggle-id-16' class='toggler   av-inherit-border-color'  itemprop=\"headline\"  role='tab' tabindex='0' aria-controls='toggle-id-16'>L\u2019Albaron par les Evettes en aller retour (Maurienne - France)<span class=\"toggle_icon\"><span class=\"vert_icon\"><\/span><span class=\"hor_icon\"><\/span><\/span><\/p><div id='toggle-id-16' class='toggle_wrap  '  ><div class='toggle_content invers-color av-inherit-border-color'  itemprop=\"text\" ><p><strong>L\u2019Albaron par les Evettes en aller retour (Maurienne &#8211; France)<\/strong><br \/>\nAltitude: 3637m<br \/>\nDur\u00e9e: 5 H.<br \/>\nType de parcours : glacier<br \/>\nNiveau requis: Niv. 2 (Mod\u00e9r\u00e9)<\/p>\n<p><img loading=\"lazy\" class=\"alignnone size-full wp-image-1105\" src=\"https:\/\/www.haute-montagne.net\/wp-content\/uploads\/2019\/12\/P8080088.jpg\" alt=\"\" width=\"1024\" height=\"576\" srcset=\"https:\/\/www.haute-montagne.net\/wp-content\/uploads\/2019\/12\/P8080088.jpg 1024w, https:\/\/www.haute-montagne.net\/wp-content\/uploads\/2019\/12\/P8080088-300x169.jpg 300w, https:\/\/www.haute-montagne.net\/wp-content\/uploads\/2019\/12\/P8080088-768x432.jpg 768w, https:\/\/www.haute-montagne.net\/wp-content\/uploads\/2019\/12\/P8080088-705x397.jpg 705w, https:\/\/www.haute-montagne.net\/wp-content\/uploads\/2019\/12\/P8080088-450x253.jpg 450w\" sizes=\"(max-width: 1024px) 100vw, 1024px\" \/><\/p>\n<p>pour un groupe (1 \u00e0 3 pers.)<br \/>\nUne remont\u00e9e du glacier des Evettes avec de beaux passages autour des crevasses. Permet de s\u2019\u00e9lever au dessus du cirque des Evettes avec une vue sur la grande et petite Ciamarella.<\/p>\n<\/div><\/div><\/div><\/section>\n<section class='av_toggle_section av-9nzq2-f1e6162b7aa6fd16f443c8af9478d215'  itemscope=\"itemscope\" itemtype=\"https:\/\/schema.org\/CreativeWork\" ><div role=\"tablist\" class=\"single_toggle\" data-tags=\"{All} {MAURIENNE} \"  ><p data-fake-id='#toggle-id-17' class='toggler   av-inherit-border-color'  itemprop=\"headline\"  role='tab' tabindex='0' aria-controls='toggle-id-17'>Travers\u00e9e Evettes Av\u00e9role (Maurienne - France)<span class=\"toggle_icon\"><span class=\"vert_icon\"><\/span><span class=\"hor_icon\"><\/span><\/span><\/p><div id='toggle-id-17' class='toggle_wrap  '  ><div class='toggle_content invers-color av-inherit-border-color'  itemprop=\"text\" ><p><strong>Travers\u00e9e Evettes Av\u00e9role (Maurienne &#8211; France)<\/strong><br \/>\nAltitude: 3637m<br \/>\nDur\u00e9e: 4 H.<br \/>\nType de parcours : glacier<br \/>\nNiveau requis: Niv. 2 (Mod\u00e9r\u00e9) Niv. 2 (Mod\u00e9r\u00e9)<\/p>\n<p>Tarif: Nous contacter<\/p>\n<p>pour un groupe (1 \u00e0 3 pers.)<br \/>\nPoint de d\u00e9part : Refuge des Evettes<br \/>\nD\u00e9nivellation : 1160m Randonn\u00e9e glaciaire relativement facile sur un tr\u00e8s beau glacier avec 50m de redescente rocheuse. Permet de passer par les cimes du cirque des Evettes \u00e0 la vall\u00e9e de l\u2019Av\u00e9role par les montagnes.<\/p>\n<\/div><\/div><\/div><\/section>\n<section class='av_toggle_section av-aiuee-4122135457e974b9d3cf6579981c9358'  itemscope=\"itemscope\" itemtype=\"https:\/\/schema.org\/CreativeWork\" ><div role=\"tablist\" class=\"single_toggle\" data-tags=\"{All} {MAURIENNE} \"  ><p data-fake-id='#toggle-id-18' class='toggler   av-inherit-border-color'  itemprop=\"headline\"  role='tab' tabindex='0' aria-controls='toggle-id-18'>Les Ar\u00eates du Mulinet (Maurienne - France)<span class=\"toggle_icon\"><span class=\"vert_icon\"><\/span><span class=\"hor_icon\"><\/span><\/span><\/p><div id='toggle-id-18' class='toggle_wrap  '  ><div class='toggle_content invers-color av-inherit-border-color'  itemprop=\"text\" ><p><strong>Les Ar\u00eates du Mulinet (Maurienne &#8211; France)<\/strong><br \/>\nAltitude: 3442m<br \/>\nDur\u00e9e: 7 H.<br \/>\nType de parcours : glacier rocher<br \/>\nNiveau requis: Niv. 3 (Difficile)<\/p>\n<p><img loading=\"lazy\" class=\"alignnone size-featured_large wp-image-1373\" src=\"https:\/\/www.haute-montagne.net\/wp-content\/uploads\/2019\/12\/P7260133-1024x630.jpg\" alt=\"\" width=\"1024\" height=\"630\" \/> <img loading=\"lazy\" class=\"alignnone size-featured_large wp-image-1375\" src=\"https:\/\/www.haute-montagne.net\/wp-content\/uploads\/2019\/12\/P7260136-1024x630.jpg\" alt=\"\" width=\"1024\" height=\"630\" \/> <img loading=\"lazy\" class=\"alignnone size-featured_large wp-image-1377\" src=\"https:\/\/www.haute-montagne.net\/wp-content\/uploads\/2019\/12\/P7260138-768x630.jpg\" alt=\"\" width=\"768\" height=\"630\" \/> <img loading=\"lazy\" class=\"alignnone size-featured_large wp-image-1371\" src=\"https:\/\/www.haute-montagne.net\/wp-content\/uploads\/2019\/12\/P7260129-768x630.jpg\" alt=\"\" width=\"768\" height=\"630\" \/><\/p>\n<p>Tarif: Nous contacter<\/p>\n<p>pour un groupe (1 \u00e0 2 pers.)<br \/>\nCourse mixte en d\u00e9but de saison \u00e0 rocheuse en fin de saison<br \/>\nPoint de d\u00e9part : L\u2019Ecot \u00e0 Bonneval ou le refuge des Evettes.<br \/>\nD\u00e9nivellation : 1000m depuis les Evettes ou 1400m depuis le parking de l\u2019Ecot. Course rocheuse n\u00e9cessitant de l\u2019endurance et de la recherche d\u2019itin\u00e9raire avec un retour par le glacier du Mulinet. Une belle ar\u00eate rocheuse avec une recherche d\u2019itin\u00e9raire.<\/p>\n<\/div><\/div><\/div><\/section>\n<section class='av_toggle_section av-ajohq-b144e8c6e6173bb03dafda70b8a9ade2'  itemscope=\"itemscope\" itemtype=\"https:\/\/schema.org\/CreativeWork\" ><div role=\"tablist\" class=\"single_toggle\" data-tags=\"{All} {MAURIENNE} \"  ><p data-fake-id='#toggle-id-19' class='toggler   av-inherit-border-color'  itemprop=\"headline\"  role='tab' tabindex='0' aria-controls='toggle-id-19'>L\u2019Etendard (Maurienne - France)<span class=\"toggle_icon\"><span class=\"vert_icon\"><\/span><span class=\"hor_icon\"><\/span><\/span><\/p><div id='toggle-id-19' class='toggle_wrap  '  ><div class='toggle_content invers-color av-inherit-border-color'  itemprop=\"text\" ><p><strong>L\u2019Etendard (Maurienne &#8211; France)<\/strong><br \/>\nAltitude: 3464m<br \/>\nDur\u00e9e: 5 H.<br \/>\nType de parcours : glacier<br \/>\nNiveau requis: Niv. 1 (facile)<\/p>\n<p><img loading=\"lazy\" class=\"alignnone wp-image-795\" src=\"https:\/\/www.haute-montagne.net\/wp-content\/uploads\/2019\/11\/DSCF3781-300x225.jpg\" alt=\"\" width=\"539\" height=\"404\" srcset=\"https:\/\/www.haute-montagne.net\/wp-content\/uploads\/2019\/11\/DSCF3781-300x225.jpg 300w, https:\/\/www.haute-montagne.net\/wp-content\/uploads\/2019\/11\/DSCF3781-768x576.jpg 768w, https:\/\/www.haute-montagne.net\/wp-content\/uploads\/2019\/11\/DSCF3781-705x529.jpg 705w, https:\/\/www.haute-montagne.net\/wp-content\/uploads\/2019\/11\/DSCF3781-450x338.jpg 450w, https:\/\/www.haute-montagne.net\/wp-content\/uploads\/2019\/11\/DSCF3781.jpg 1024w\" sizes=\"(max-width: 539px) 100vw, 539px\" \/> <img loading=\"lazy\" class=\"alignnone wp-image-793\" src=\"https:\/\/www.haute-montagne.net\/wp-content\/uploads\/2019\/11\/DSCF3780-300x225.jpg\" alt=\"\" width=\"539\" height=\"404\" srcset=\"https:\/\/www.haute-montagne.net\/wp-content\/uploads\/2019\/11\/DSCF3780-300x225.jpg 300w, https:\/\/www.haute-montagne.net\/wp-content\/uploads\/2019\/11\/DSCF3780-768x576.jpg 768w, https:\/\/www.haute-montagne.net\/wp-content\/uploads\/2019\/11\/DSCF3780-705x529.jpg 705w, https:\/\/www.haute-montagne.net\/wp-content\/uploads\/2019\/11\/DSCF3780-450x338.jpg 450w, https:\/\/www.haute-montagne.net\/wp-content\/uploads\/2019\/11\/DSCF3780.jpg 1024w\" sizes=\"(max-width: 539px) 100vw, 539px\" \/><\/p>\n<p>pour un groupe (1 \u00e0 3 pers.)<br \/>\nPoint de d\u00e9part : Refuge de l\u2019Etandard<br \/>\nD\u00e9nivellation : 1000m Une belle randonn\u00e9e glaciaire sans aucune difficult\u00e9. Le premier glacier de la Vall\u00e9e de la Maurienne avec un beau lever de soleil au matin.<\/p>\n<\/div><\/div><\/div><\/section>\n<section class='av_toggle_section av-7zgpm-ed8c8ceebdfac7c49839d5e08cdd4cef'  itemscope=\"itemscope\" itemtype=\"https:\/\/schema.org\/CreativeWork\" ><div role=\"tablist\" class=\"single_toggle\" data-tags=\"{All} {MAURIENNE} \"  ><p data-fake-id='#toggle-id-20' class='toggler   av-inherit-border-color'  itemprop=\"headline\"  role='tab' tabindex='0' aria-controls='toggle-id-20'>Pointe de Ronce (Maurienne - France)<span class=\"toggle_icon\"><span class=\"vert_icon\"><\/span><span class=\"hor_icon\"><\/span><\/span><\/p><div id='toggle-id-20' class='toggle_wrap  '  ><div class='toggle_content invers-color av-inherit-border-color'  itemprop=\"text\" ><p><strong>Pointe de Ronce (Maurienne &#8211; France)<\/strong><br \/>\nAltitude: 3612m<br \/>\nDur\u00e9e: 6 H.<br \/>\nType de parcours : glacier<br \/>\nNiveau requis: Niv. 1 (facile) Niv. 1 (facile)<\/p>\n<p>Tarif: Nous contacter<\/p>\n<p>pour un groupe (1 \u00e0 3 pers.)<br \/>\nPoint de d\u00e9part : Les Arcelles<br \/>\nD\u00e9nivellation : 1400m<br \/>\nRandonn\u00e9e glaciaire au dessus de Lanslebourg et du Lac du Mont Cenis.<br \/>\nUn tr\u00e8s beau point de vue.<\/p>\n<\/div><\/div><\/div><\/section>\n<section class='av_toggle_section av-rl02-2d431d66f28d32142fa5d5de13a78594'  itemscope=\"itemscope\" itemtype=\"https:\/\/schema.org\/CreativeWork\" ><div role=\"tablist\" class=\"single_toggle\" data-tags=\"{All} {MAURIENNE} \"  ><p data-fake-id='#toggle-id-21' class='toggler   av-inherit-border-color'  itemprop=\"headline\"  role='tab' tabindex='0' aria-controls='toggle-id-21'>Pointes du Chatelard (Maurienne - France)<span class=\"toggle_icon\"><span class=\"vert_icon\"><\/span><span class=\"hor_icon\"><\/span><\/span><\/p><div id='toggle-id-21' class='toggle_wrap  '  ><div class='toggle_content invers-color av-inherit-border-color'  itemprop=\"text\" ><p><strong>Pointes du Chatelard (Maurienne &#8211; France)<\/strong><br \/>\nAltitude: 3434m<br \/>\nDur\u00e9e: 6 H.<br \/>\nType de parcours : glacier<br \/>\nNiveau requis: Niv. 1 (facile) Niv. 1 (facile)<\/p>\n<p>Tarif: Nous contacter<\/p>\n<p>pour un groupe (1 \u00e0 3 pers.)<br \/>\nPoint de d\u00e9part : Refuge de la Femma<br \/>\nD\u00e9nivellation : 1200m<br \/>\nRandonn\u00e9e d\u2019initiation avec une belle vue sur les glaciers de la Haute Maurienne<br \/>\nBelle course pour passer de la randonn\u00e9e au cramponnage glaciaire.<\/p>\n<\/div><\/div><\/div><\/section>\n<section class='av_toggle_section av-p9o2-651b412d27f1cd3f962d72988fd8a84f'  itemscope=\"itemscope\" itemtype=\"https:\/\/schema.org\/CreativeWork\" ><div role=\"tablist\" class=\"single_toggle\" data-tags=\"{All} {MAURIENNE} \"  ><p data-fake-id='#toggle-id-22' class='toggler   av-inherit-border-color'  itemprop=\"headline\"  role='tab' tabindex='0' aria-controls='toggle-id-22'>M\u00e9an Martin (Maurienne - France)<span class=\"toggle_icon\"><span class=\"vert_icon\"><\/span><span class=\"hor_icon\"><\/span><\/span><\/p><div id='toggle-id-22' class='toggle_wrap  '  ><div class='toggle_content invers-color av-inherit-border-color'  itemprop=\"text\" ><p><strong>M\u00e9an Martin (Maurienne &#8211; France)<\/strong><br \/>\nAltitude: 3330m<br \/>\nDur\u00e9e: 5 H.<br \/>\nType de parcours : glacier<br \/>\nNiveau requis: Niv. 1 (facile) Niv. 1 (facile)<\/p>\n<p>Tarif: Nous contacter<\/p>\n<p>pour un groupe (1 \u00e0 3 pers.)<br \/>\nPoint de d\u00e9part : Refuge de la Femma<br \/>\nD\u00e9nivellation : 1100m<br \/>\nRandonn\u00e9e d\u2019initiation avec une belle vue sur les glaciers de la Haute Maurienne<br \/>\nBelle course pour passer de la randonn\u00e9e au cramponnage glaciaire.<\/p>\n<\/div><\/div><\/div><\/section>\n<section class='av_toggle_section av-6c04i-ec88e24e18f8a99a120bd47298ac0c0d'  itemscope=\"itemscope\" itemtype=\"https:\/\/schema.org\/CreativeWork\" ><div role=\"tablist\" class=\"single_toggle\" data-tags=\"{All} {MAURIENNE} \"  ><p data-fake-id='#toggle-id-23' class='toggler   av-inherit-border-color'  itemprop=\"headline\"  role='tab' tabindex='0' aria-controls='toggle-id-23'>Petite Ciamarella (Maurienne - France)<span class=\"toggle_icon\"><span class=\"vert_icon\"><\/span><span class=\"hor_icon\"><\/span><\/span><\/p><div id='toggle-id-23' class='toggle_wrap  '  ><div class='toggle_content invers-color av-inherit-border-color'  itemprop=\"text\" ><p><strong>Petite Ciamarella (Maurienne &#8211; France)<\/strong><br \/>\nAltitude: 3585m<br \/>\nDur\u00e9e: 5 H.<br \/>\nType de parcours : glacier<br \/>\nNiveau requis: Niv. 2 (Mod\u00e9r\u00e9) Niv. 2 (Mod\u00e9r\u00e9)<\/p>\n<p>Tarif: Nous contacter<\/p>\n<p>pour un groupe (1 \u00e0 3 pers.)<br \/>\nPoint de d\u00e9part : Refuge des Evettes D\u00e9nivellation : 1000m<br \/>\nPente \u00e0 35\u00b0<br \/>\nRemont\u00e9e d\u2019un glacier progressive avec en finale une ar\u00eate Franco-italienne. Retour possible par l\u2019itin\u00e9raire de gauche.<br \/>\nUn beau panorama sur la plaine du P\u00f4.<\/p>\n<\/div><\/div><\/div><\/section>\n<section class='av_toggle_section av-axz5i-a2047813e2a84054e780da0c37190081'  itemscope=\"itemscope\" itemtype=\"https:\/\/schema.org\/CreativeWork\" ><div role=\"tablist\" class=\"single_toggle\" data-tags=\"{All} {MAURIENNE} \"  ><p data-fake-id='#toggle-id-24' class='toggler   av-inherit-border-color'  itemprop=\"headline\"  role='tab' tabindex='0' aria-controls='toggle-id-24'>Grande Ciamarella (Maurienne - France)<span class=\"toggle_icon\"><span class=\"vert_icon\"><\/span><span class=\"hor_icon\"><\/span><\/span><\/p><div id='toggle-id-24' class='toggle_wrap  '  ><div class='toggle_content invers-color av-inherit-border-color'  itemprop=\"text\" ><p><strong>Grande Ciamarella (Maurienne &#8211; France)<\/strong><br \/>\nAltitude: 3676m<br \/>\nDur\u00e9e: 6 H.<br \/>\nType de parcours : glacier<br \/>\nNiveau requis: Niv. 3 (Difficile) Niv. 3 (Difficile)<\/p>\n<p><img loading=\"lazy\" class=\"alignnone wp-image-799\" src=\"https:\/\/www.haute-montagne.net\/wp-content\/uploads\/2019\/11\/md890821-300x225.jpg\" alt=\"\" width=\"535\" height=\"401\" srcset=\"https:\/\/www.haute-montagne.net\/wp-content\/uploads\/2019\/11\/md890821-300x225.jpg 300w, https:\/\/www.haute-montagne.net\/wp-content\/uploads\/2019\/11\/md890821-768x576.jpg 768w, https:\/\/www.haute-montagne.net\/wp-content\/uploads\/2019\/11\/md890821-705x529.jpg 705w, https:\/\/www.haute-montagne.net\/wp-content\/uploads\/2019\/11\/md890821-450x338.jpg 450w, https:\/\/www.haute-montagne.net\/wp-content\/uploads\/2019\/11\/md890821.jpg 1024w\" sizes=\"(max-width: 535px) 100vw, 535px\" \/> <img loading=\"lazy\" class=\"alignnone wp-image-801\" src=\"https:\/\/www.haute-montagne.net\/wp-content\/uploads\/2019\/11\/md890891-300x225.jpg\" alt=\"\" width=\"534\" height=\"399\" \/><\/p>\n<p>Tarif: Nous contacter<\/p>\n<p>pour un groupe (1 \u00e0 3 pers.)<br \/>\nPoint de d\u00e9part : Refuge de Evettes<br \/>\nD\u00e9nivellation : 1200m<br \/>\nCourse glaciaire avec une grande pente de 50\u00b0environ<br \/>\nA faire en d\u00e9but de saison \u2013 Mai ou Juin<\/p>\n<\/div><\/div><\/div><\/section>\n<section class='av_toggle_section av-5aozq-08a9a63b290adffb295bf5b61bd8a0b6'  itemscope=\"itemscope\" itemtype=\"https:\/\/schema.org\/CreativeWork\" ><div role=\"tablist\" class=\"single_toggle\" data-tags=\"{All} {MAURIENNE} \"  ><p data-fake-id='#toggle-id-25' class='toggler   av-inherit-border-color'  itemprop=\"headline\"  role='tab' tabindex='0' aria-controls='toggle-id-25'>Pointe Francesetti (Maurienne - France)<span class=\"toggle_icon\"><span class=\"vert_icon\"><\/span><span class=\"hor_icon\"><\/span><\/span><\/p><div id='toggle-id-25' class='toggle_wrap  '  ><div class='toggle_content invers-color av-inherit-border-color'  itemprop=\"text\" ><p>Pointe Francesetti (Maurienne &#8211; France)<br \/>\nAltitude: 3425m<br \/>\nDur\u00e9e: 4 H.<br \/>\nType de parcours : glacier<br \/>\nNiveau requis: Niv. 1 (facile) Niv. 1 (facile)<\/p>\n<p>Tarif: Nous contacter<\/p>\n<p>pour un groupe (1 \u00e0 3 pers.)<br \/>\nPoint de d\u00e9part : Refuge des Evettes<br \/>\nD\u00e9nivellation : 900m<br \/>\nId\u00e9al pour d\u00e9buter en randonn\u00e9e glaciaire.<br \/>\nUne belle vue sur l\u2019Italie et une pente de neige tr\u00e8s abordable.<\/p>\n<\/div><\/div><\/div><\/section>\n<section class='av_toggle_section av-6ss0e-17ee5ebd8597616092f5242dcc5c1512'  itemscope=\"itemscope\" itemtype=\"https:\/\/schema.org\/CreativeWork\" ><div role=\"tablist\" class=\"single_toggle\" data-tags=\"{All} {MAURIENNE} \"  ><p data-fake-id='#toggle-id-26' class='toggler   av-inherit-border-color'  itemprop=\"headline\"  role='tab' tabindex='0' aria-controls='toggle-id-26'>Pointe de la Piatou (Maurienne - France)<span class=\"toggle_icon\"><span class=\"vert_icon\"><\/span><span class=\"hor_icon\"><\/span><\/span><\/p><div id='toggle-id-26' class='toggle_wrap  '  ><div class='toggle_content invers-color av-inherit-border-color'  itemprop=\"text\" ><p><strong>Pointe de la Piatou (Maurienne &#8211; France)<\/strong><br \/>\nAltitude: 3252m<br \/>\nDur\u00e9e: 4 H.<br \/>\nType de parcours : glacier<br \/>\nNiveau requis: Niv. 1 (facile)<\/p>\n<p><img loading=\"lazy\" class=\"alignnone size-full wp-image-1103\" src=\"https:\/\/www.haute-montagne.net\/wp-content\/uploads\/2019\/12\/P8080087.jpg\" alt=\"\" width=\"1024\" height=\"576\" srcset=\"https:\/\/www.haute-montagne.net\/wp-content\/uploads\/2019\/12\/P8080087.jpg 1024w, https:\/\/www.haute-montagne.net\/wp-content\/uploads\/2019\/12\/P8080087-300x169.jpg 300w, https:\/\/www.haute-montagne.net\/wp-content\/uploads\/2019\/12\/P8080087-768x432.jpg 768w, https:\/\/www.haute-montagne.net\/wp-content\/uploads\/2019\/12\/P8080087-705x397.jpg 705w, https:\/\/www.haute-montagne.net\/wp-content\/uploads\/2019\/12\/P8080087-450x253.jpg 450w\" sizes=\"(max-width: 1024px) 100vw, 1024px\" \/> <img loading=\"lazy\" class=\"alignnone size-full wp-image-1107\" src=\"https:\/\/www.haute-montagne.net\/wp-content\/uploads\/2019\/12\/P8080090.jpg\" alt=\"\" width=\"1024\" height=\"576\" srcset=\"https:\/\/www.haute-montagne.net\/wp-content\/uploads\/2019\/12\/P8080090.jpg 1024w, https:\/\/www.haute-montagne.net\/wp-content\/uploads\/2019\/12\/P8080090-300x169.jpg 300w, https:\/\/www.haute-montagne.net\/wp-content\/uploads\/2019\/12\/P8080090-768x432.jpg 768w, https:\/\/www.haute-montagne.net\/wp-content\/uploads\/2019\/12\/P8080090-705x397.jpg 705w, https:\/\/www.haute-montagne.net\/wp-content\/uploads\/2019\/12\/P8080090-450x253.jpg 450w\" sizes=\"(max-width: 1024px) 100vw, 1024px\" \/> <img loading=\"lazy\" class=\"alignnone size-full wp-image-1109\" src=\"https:\/\/www.haute-montagne.net\/wp-content\/uploads\/2019\/12\/P8080091.jpg\" alt=\"\" width=\"1024\" height=\"576\" srcset=\"https:\/\/www.haute-montagne.net\/wp-content\/uploads\/2019\/12\/P8080091.jpg 1024w, https:\/\/www.haute-montagne.net\/wp-content\/uploads\/2019\/12\/P8080091-300x169.jpg 300w, https:\/\/www.haute-montagne.net\/wp-content\/uploads\/2019\/12\/P8080091-768x432.jpg 768w, https:\/\/www.haute-montagne.net\/wp-content\/uploads\/2019\/12\/P8080091-705x397.jpg 705w, https:\/\/www.haute-montagne.net\/wp-content\/uploads\/2019\/12\/P8080091-450x253.jpg 450w\" sizes=\"(max-width: 1024px) 100vw, 1024px\" \/><\/p>\n<p>Tarif: Nous contacter<\/p>\n<p>pour un groupe (1 \u00e0 3 pers.)<br \/>\nPoint de d\u00e9part : Refuge des Evettes<br \/>\nD\u00e9nivellation : 700m<br \/>\nRandonn\u00e9e glaciaire tr\u00e8s facile pour s\u2019initier au cramponnage.<br \/>\nExcellente premi\u00e8re course.<\/p>\n<\/div><\/div><\/div><\/section>\n<section class='av_toggle_section av-3obam-55a24f574039b755cf664f1e07f212b0'  itemscope=\"itemscope\" itemtype=\"https:\/\/schema.org\/CreativeWork\" ><div role=\"tablist\" class=\"single_toggle\" data-tags=\"{All} {MAURIENNE} \"  ><p data-fake-id='#toggle-id-27' class='toggler   av-inherit-border-color'  itemprop=\"headline\"  role='tab' tabindex='0' aria-controls='toggle-id-27'>Glacier du Baounet (Maurienne - France)<span class=\"toggle_icon\"><span class=\"vert_icon\"><\/span><span class=\"hor_icon\"><\/span><\/span><\/p><div id='toggle-id-27' class='toggle_wrap  '  ><div class='toggle_content invers-color av-inherit-border-color'  itemprop=\"text\" ><p><strong>Glacier du Baounet (Maurienne &#8211; France)<\/strong><br \/>\nAltitude: 3350m<br \/>\nDur\u00e9e: 6 H.<br \/>\nType de parcours : glacier<br \/>\nNiveau requis: Niv. 1 (facile) Niv. 1 (facile)<\/p>\n<p>Tarif: Nous contacter<\/p>\n<p>pour un groupe (1 \u00e0 3 pers.)<br \/>\nPoint de d\u00e9part : Refuge de l\u2019Av\u00e9role<br \/>\nD\u00e9nivellation : 1200m<br \/>\nUn long glacier sans aucune difficult\u00e9 en fronti\u00e8re Italienne.<br \/>\nSecteur tr\u00e8s sauvage o\u00f9 vous ne risquez pas de rencontrer d\u2019autres alpinistes.<\/p>\n<\/div><\/div><\/div><\/section>\n<section class='av_toggle_section av-85e0e-dcc0cfa82f65a516e9f883eedd428541'  itemscope=\"itemscope\" itemtype=\"https:\/\/schema.org\/CreativeWork\" ><div role=\"tablist\" class=\"single_toggle\" data-tags=\"{All} {MAURIENNE} \"  ><p data-fake-id='#toggle-id-28' class='toggler   av-inherit-border-color'  itemprop=\"headline\"  role='tab' tabindex='0' aria-controls='toggle-id-28'>Grand Bec d\u2019Etache (Maurienne - France)<span class=\"toggle_icon\"><span class=\"vert_icon\"><\/span><span class=\"hor_icon\"><\/span><\/span><\/p><div id='toggle-id-28' class='toggle_wrap  '  ><div class='toggle_content invers-color av-inherit-border-color'  itemprop=\"text\" ><p><strong>Grand Bec d&#8217;Etache (Maurienne &#8211; France)<\/strong><br \/>\nAltitude: 2950m<br \/>\nDur\u00e9e: 8 H.<br \/>\nType de parcours : rocher<br \/>\nNiveau requis: Niv. 4 (Tr\u00e8s Difficile)<\/p>\n<p><img loading=\"lazy\" class=\"alignnone wp-image-820\" src=\"https:\/\/www.haute-montagne.net\/wp-content\/uploads\/2019\/11\/IMAG0412-180x300.jpg\" alt=\"\" width=\"252\" height=\"420\" srcset=\"https:\/\/www.haute-montagne.net\/wp-content\/uploads\/2019\/11\/IMAG0412-180x300.jpg 180w, https:\/\/www.haute-montagne.net\/wp-content\/uploads\/2019\/11\/IMAG0412-423x705.jpg 423w, https:\/\/www.haute-montagne.net\/wp-content\/uploads\/2019\/11\/IMAG0412-450x750.jpg 450w, https:\/\/www.haute-montagne.net\/wp-content\/uploads\/2019\/11\/IMAG0412.jpg 614w\" sizes=\"(max-width: 252px) 100vw, 252px\" \/> <img loading=\"lazy\" class=\"alignnone wp-image-822\" src=\"https:\/\/www.haute-montagne.net\/wp-content\/uploads\/2019\/11\/IMAG0415-300x180.jpg\" alt=\"\" width=\"513\" height=\"308\" srcset=\"https:\/\/www.haute-montagne.net\/wp-content\/uploads\/2019\/11\/IMAG0415-300x180.jpg 300w, https:\/\/www.haute-montagne.net\/wp-content\/uploads\/2019\/11\/IMAG0415-768x461.jpg 768w, https:\/\/www.haute-montagne.net\/wp-content\/uploads\/2019\/11\/IMAG0415-705x423.jpg 705w, https:\/\/www.haute-montagne.net\/wp-content\/uploads\/2019\/11\/IMAG0415-450x270.jpg 450w, https:\/\/www.haute-montagne.net\/wp-content\/uploads\/2019\/11\/IMAG0415.jpg 1024w\" sizes=\"(max-width: 513px) 100vw, 513px\" \/><\/p>\n<p>Tarif: Nous contacter<\/p>\n<p>pour un groupe (1 \u00e0 2 pers.)<br \/>\nPoint de d\u00e9part : Chalet Saint Barth\u00e9l\u00e9my.<br \/>\nD\u00e9nivellation : 300m + 620m d&#8217;approche.<br \/>\nNiveau 6B<br \/>\nVoie verticale n\u00e9cessitant d&#8217;avoir le niveau.<\/p>\n<\/div><\/div><\/div><\/section>\n<section class='av_toggle_section av-2hbx2-4db888aee876984467ab69904c121fbd'  itemscope=\"itemscope\" itemtype=\"https:\/\/schema.org\/CreativeWork\" ><div role=\"tablist\" class=\"single_toggle\" data-tags=\"{All} {MAURIENNE} \"  ><p data-fake-id='#toggle-id-29' class='toggler   av-inherit-border-color'  itemprop=\"headline\"  role='tab' tabindex='0' aria-controls='toggle-id-29'>Pointe de l\u2019Echelle - Ar\u00eate nord (Maurienne - France)<span class=\"toggle_icon\"><span class=\"vert_icon\"><\/span><span class=\"hor_icon\"><\/span><\/span><\/p><div id='toggle-id-29' class='toggle_wrap  '  ><div class='toggle_content invers-color av-inherit-border-color'  itemprop=\"text\" ><p><strong>Pointe de l\u2019Echelle &#8211; Ar\u00eate nord ( Maurienne &#8211; France)<\/strong><br \/>\nAltitude: 3422m<br \/>\nDur\u00e9e: 5 H.<br \/>\nType de parcours : rocher<br \/>\nNiveau requis: Niv. 3 (Difficile) Niv. 3 (Difficile)<\/p>\n<p>Tarif: Nous contacter<\/p>\n<p>pour un groupe (1 \u00e0 3 pers.)<br \/>\nPoint de d\u00e9part : Refuge du Fond d\u2019Aussois<br \/>\nD\u00e9nivellation : 1100m<br \/>\nEscalade niveau 2 et 3. 1 pas de 4 Course d\u2019ar\u00eate n\u00e9cessitant un peu de pratique de course en Haute Montagne.<br \/>\nAttention \u00e0 l\u2019adh\u00e9rence du rocher \u00e0 cause du lichen.<\/p>\n<\/div><\/div><\/div><\/section>\n<section class='av_toggle_section av-1zzou-7ab424f774ebf09bdcb4475a90a412d0'  itemscope=\"itemscope\" itemtype=\"https:\/\/schema.org\/CreativeWork\" ><div role=\"tablist\" class=\"single_toggle\" data-tags=\"{All} {MAURIENNE} \"  ><p data-fake-id='#toggle-id-30' class='toggler   av-inherit-border-color'  itemprop=\"headline\"  role='tab' tabindex='0' aria-controls='toggle-id-30'>Pointe de l\u2019Echelle \u2013 Voie Courte Echelle (Maurienne - France)<span class=\"toggle_icon\"><span class=\"vert_icon\"><\/span><span class=\"hor_icon\"><\/span><\/span><\/p><div id='toggle-id-30' class='toggle_wrap  '  ><div class='toggle_content invers-color av-inherit-border-color'  itemprop=\"text\" ><p><strong>Pointe de l\u2019Echelle \u2013 Voie Courte Echelle (Maurienne &#8211; France)<\/strong><br \/>\nAltitude: 3422m<br \/>\nDur\u00e9e: 6 H.<br \/>\nType de parcours : rocher<br \/>\nNiveau requis: Niv. 3 (Difficile) Niv. 3 (Difficile)<\/p>\n<p>Tarif: Nous contacter<\/p>\n<p>pour un groupe (1 \u00e0 3 pers.)<br \/>\nPoint de d\u00e9part : Aussois. Plan d\u2019Amont<br \/>\nD\u00e9nivellation : 1100m dont 400m d\u2019escalade<br \/>\nCourse de niveaux 4 et 5, homog\u00e8ne, bien \u00e9quip\u00e9e sauf la sortie en terrain d\u2019aventure.<br \/>\nUn jolie cadre montagne.<\/p>\n<\/div><\/div><\/div><\/section>\n<section class='av_toggle_section av-195ka-8845c48c2d521807a95979e7ec1bb35b'  itemscope=\"itemscope\" itemtype=\"https:\/\/schema.org\/CreativeWork\" ><div role=\"tablist\" class=\"single_toggle\" data-tags=\"{All} {MAURIENNE} \"  ><p data-fake-id='#toggle-id-31' class='toggler   av-inherit-border-color'  itemprop=\"headline\"  role='tab' tabindex='0' aria-controls='toggle-id-31'>Pointe de l\u2019\u00e9chelle \u2013 Voie normale (Maurienne - France)<span class=\"toggle_icon\"><span class=\"vert_icon\"><\/span><span class=\"hor_icon\"><\/span><\/span><\/p><div id='toggle-id-31' class='toggle_wrap  '  ><div class='toggle_content invers-color av-inherit-border-color'  itemprop=\"text\" ><p><strong>Pointe de l\u2019\u00e9chelle \u2013 Voie normale (Maurienne &#8211; France)<\/strong><br \/>\nAltitude: 3422m<br \/>\nDur\u00e9e: 5 H.<br \/>\nType de parcours : rocher<br \/>\nNiveau requis: Niv. 1 (facile) Niv. 1 (facile)<\/p>\n<p>Tarif: Nous contacter<\/p>\n<p>pour un groupe (1 \u00e0 3 pers.)<br \/>\nPoint de d\u00e9part : Aussois. Plan d\u2019amont<br \/>\nD\u00e9nivellation : 1100M<br \/>\nCourse tr\u00e8s facile alliant le rocher et la neige.<br \/>\nUn beau point de vue sur Aussois.<\/p>\n<\/div><\/div><\/div><\/section>\n<section class='av_toggle_section av-ruq2-2d825eb416af524d5b871bf32fc0c891'  itemscope=\"itemscope\" itemtype=\"https:\/\/schema.org\/CreativeWork\" ><div role=\"tablist\" class=\"single_toggle\" data-tags=\"{All} {MAURIENNE} \"  ><p data-fake-id='#toggle-id-32' class='toggler   av-inherit-border-color'  itemprop=\"headline\"  role='tab' tabindex='0' aria-controls='toggle-id-32'>Face Nord du Lamet (Maurienne - France)<span class=\"toggle_icon\"><span class=\"vert_icon\"><\/span><span class=\"hor_icon\"><\/span><\/span><\/p><div id='toggle-id-32' class='toggle_wrap  '  ><div class='toggle_content invers-color av-inherit-border-color'  itemprop=\"text\" ><p><strong>Face Nord du Lamet (Maurienne &#8211; France)<\/strong><br \/>\nAltitude: 3 504m<br \/>\nDur\u00e9e: 6 H.<br \/>\nType de parcours : glacier<br \/>\nNiveau requis: Niv. 3 (Difficile) Niv. 3 (Difficile)<\/p>\n<p>Tarif: Nous contacter<\/p>\n<p>pour un groupe (1 \u00e0 3 pers.)<br \/>\nPoint de d\u00e9part : Fort de Ronce au dessus du lac du Mont Cenis.<br \/>\nD\u00e9nivellation : 1400m<br \/>\nPente de glace de 45\u00b0\u00e0 50\u00b0.<br \/>\nId\u00e9al pour l\u2019initiation \u00e0 la pente de glace. Gardez de l\u2019\u00e9nergie, le retour est un peu long.<\/p>\n<\/div><\/div><\/div><\/section>\n<section class='av_toggle_section av-av_toggle-58f59efa06e831947e849465d25fda63'  itemscope=\"itemscope\" itemtype=\"https:\/\/schema.org\/CreativeWork\" ><div role=\"tablist\" class=\"single_toggle\" data-tags=\"{All} {MAURIENNE} \"  ><p data-fake-id='#toggle-id-33' class='toggler   av-inherit-border-color'  itemprop=\"headline\"  role='tab' tabindex='0' aria-controls='toggle-id-33'>La Dent Parrach\u00e9e (Maurienne - France)<span class=\"toggle_icon\"><span class=\"vert_icon\"><\/span><span class=\"hor_icon\"><\/span><\/span><\/p><div id='toggle-id-33' class='toggle_wrap  '  ><div class='toggle_content invers-color av-inherit-border-color'  itemprop=\"text\" ><p><strong>La Dent Parrach\u00e9e (Maurienne &#8211; France)<\/strong><br \/>\nAltitude: 3697m<br \/>\nDur\u00e9e: 5 H.<br \/>\nType de parcours : rocher<br \/>\nNiveau requis: Niv. 1 (facile) Niv. 1 (facile)<\/p>\n<p><img loading=\"lazy\" class=\"alignnone wp-image-809\" src=\"https:\/\/www.haute-montagne.net\/wp-content\/uploads\/2019\/11\/DSC00497-300x225.jpg\" alt=\"\" width=\"544\" height=\"408\" srcset=\"https:\/\/www.haute-montagne.net\/wp-content\/uploads\/2019\/11\/DSC00497-300x225.jpg 300w, https:\/\/www.haute-montagne.net\/wp-content\/uploads\/2019\/11\/DSC00497-768x576.jpg 768w, https:\/\/www.haute-montagne.net\/wp-content\/uploads\/2019\/11\/DSC00497-705x529.jpg 705w, https:\/\/www.haute-montagne.net\/wp-content\/uploads\/2019\/11\/DSC00497-450x338.jpg 450w, https:\/\/www.haute-montagne.net\/wp-content\/uploads\/2019\/11\/DSC00497.jpg 1024w\" sizes=\"(max-width: 544px) 100vw, 544px\" \/> <img loading=\"lazy\" class=\"alignnone wp-image-807\" src=\"https:\/\/www.haute-montagne.net\/wp-content\/uploads\/2019\/11\/DSC00495-300x225.jpg\" alt=\"\" width=\"543\" height=\"407\" srcset=\"https:\/\/www.haute-montagne.net\/wp-content\/uploads\/2019\/11\/DSC00495-300x225.jpg 300w, https:\/\/www.haute-montagne.net\/wp-content\/uploads\/2019\/11\/DSC00495-768x576.jpg 768w, https:\/\/www.haute-montagne.net\/wp-content\/uploads\/2019\/11\/DSC00495-705x529.jpg 705w, https:\/\/www.haute-montagne.net\/wp-content\/uploads\/2019\/11\/DSC00495-450x338.jpg 450w, https:\/\/www.haute-montagne.net\/wp-content\/uploads\/2019\/11\/DSC00495.jpg 1024w\" sizes=\"(max-width: 543px) 100vw, 543px\" \/><\/p>\n<p>Tarif: contact me<\/p>\n<p>pour un groupe (1 \u00e0 3 pers.)<br \/>\nPoint de d\u00e9part : Refuge de la Dent Parrach\u00e9e<br \/>\nD\u00e9nivellation : 1200m<br \/>\nUne des plus belle course mixte de la vall\u00e9e (rocher et neige).<br \/>\nLa classique \u00e0 faire avec un refuge d\u2019une toute beaut\u00e9 et le gardien (Franck) \u00e0 d\u00e9couvrir.<\/p>\n<\/div><\/div><\/div><\/section>\n<section class='av_toggle_section av-6mo3q-143033ad3ec3b547122da0faa44bd73c'  itemscope=\"itemscope\" itemtype=\"https:\/\/schema.org\/CreativeWork\" ><div role=\"tablist\" class=\"single_toggle\" data-tags=\"{All} {MAURIENNE} \"  ><p data-fake-id='#toggle-id-34' class='toggler   av-inherit-border-color'  itemprop=\"headline\"  role='tab' tabindex='0' aria-controls='toggle-id-34'>Pointe de Labby - Voie normale (Maurienne - France)<span class=\"toggle_icon\"><span class=\"vert_icon\"><\/span><span class=\"hor_icon\"><\/span><\/span><\/p><div id='toggle-id-34' class='toggle_wrap  '  ><div class='toggle_content invers-color av-inherit-border-color'  itemprop=\"text\" ><p><strong>Pointe de Labby &#8211; Voie normale (Maurienne &#8211; France)<\/strong><br \/>\nAltitude: 3521m<br \/>\nDur\u00e9e: 5 H.<br \/>\nType de parcours : glacier rocher<br \/>\nNiveau requis: Niv. 1 (facile)<\/p>\n<p><img loading=\"lazy\" class=\"alignnone size-full wp-image-1039\" src=\"https:\/\/www.haute-montagne.net\/wp-content\/uploads\/2019\/12\/P7150027.jpg\" alt=\"\" width=\"1024\" height=\"576\" srcset=\"https:\/\/www.haute-montagne.net\/wp-content\/uploads\/2019\/12\/P7150027.jpg 1024w, https:\/\/www.haute-montagne.net\/wp-content\/uploads\/2019\/12\/P7150027-300x169.jpg 300w, https:\/\/www.haute-montagne.net\/wp-content\/uploads\/2019\/12\/P7150027-768x432.jpg 768w, https:\/\/www.haute-montagne.net\/wp-content\/uploads\/2019\/12\/P7150027-705x397.jpg 705w, https:\/\/www.haute-montagne.net\/wp-content\/uploads\/2019\/12\/P7150027-450x253.jpg 450w\" sizes=\"(max-width: 1024px) 100vw, 1024px\" \/> <img loading=\"lazy\" class=\"alignnone size-full wp-image-1041\" src=\"https:\/\/www.haute-montagne.net\/wp-content\/uploads\/2019\/12\/P7150032.jpg\" alt=\"\" width=\"1024\" height=\"576\" srcset=\"https:\/\/www.haute-montagne.net\/wp-content\/uploads\/2019\/12\/P7150032.jpg 1024w, https:\/\/www.haute-montagne.net\/wp-content\/uploads\/2019\/12\/P7150032-300x169.jpg 300w, https:\/\/www.haute-montagne.net\/wp-content\/uploads\/2019\/12\/P7150032-768x432.jpg 768w, https:\/\/www.haute-montagne.net\/wp-content\/uploads\/2019\/12\/P7150032-705x397.jpg 705w, https:\/\/www.haute-montagne.net\/wp-content\/uploads\/2019\/12\/P7150032-450x253.jpg 450w\" sizes=\"(max-width: 1024px) 100vw, 1024px\" \/><\/p>\n<p>pour un groupe (1 \u00e0 3 pers.)<br \/>\nPoint de d\u00e9part : Refuge de la Parrach\u00e9e<br \/>\nD\u00e9nivellation : 1000m<br \/>\nCourse facile et vari\u00e9e permettant de d\u00e9couvrir la haute montagne avec un glacier en premi\u00e8re partie et une deuxi\u00e8me partie avec une ar\u00eate rocheuse compos\u00e9e de gros blocs.<br \/>\nA faire absolument pour une premi\u00e8re course de d\u00e9couverte avec la possibilit\u00e9 de cramponner que sur le glacier.<\/p>\n<\/div><\/div><\/div><\/section>\n<section class='av_toggle_section av-8203i-9dffa60503c98e3c9eb565de0b83f1d0'  itemscope=\"itemscope\" itemtype=\"https:\/\/schema.org\/CreativeWork\" ><div role=\"tablist\" class=\"single_toggle\" data-tags=\"{All} {MAURIENNE} \"  ><p data-fake-id='#toggle-id-35' class='toggler   av-inherit-border-color'  itemprop=\"headline\"  role='tab' tabindex='0' aria-controls='toggle-id-35'>Pointe de Labby - Ar\u00eates du soleil - (Maurienne - France)<span class=\"toggle_icon\"><span class=\"vert_icon\"><\/span><span class=\"hor_icon\"><\/span><\/span><\/p><div id='toggle-id-35' class='toggle_wrap  '  ><div class='toggle_content invers-color av-inherit-border-color'  itemprop=\"text\" ><p><strong>Pointe de Labby &#8211; Ar\u00eates du soleil &#8211; ( Maurienne &#8211; France)<\/strong><br \/>\nAltitude: 3521m<br \/>\nDur\u00e9e: 7 H.<br \/>\nType de parcours : glacier rocher<br \/>\nNiveau requis: Niv. 4 ( Assez\u00a0 difficile)<\/p>\n<p><img loading=\"lazy\" class=\"alignnone size-featured_large wp-image-1165\" src=\"https:\/\/www.haute-montagne.net\/wp-content\/uploads\/2019\/12\/6-page-arrete-du-soleil-page-acceuil-1024x630.jpg\" alt=\"\" width=\"1024\" height=\"630\" \/> <img loading=\"lazy\" class=\"alignnone size-featured_large wp-image-1163\" src=\"https:\/\/www.haute-montagne.net\/wp-content\/uploads\/2019\/12\/4-course-haute-montagne-768x630.jpg\" alt=\"\" width=\"768\" height=\"630\" \/> <img loading=\"lazy\" class=\"alignnone size-full wp-image-1259\" src=\"https:\/\/www.haute-montagne.net\/wp-content\/uploads\/2019\/12\/P7280051.jpg\" alt=\"\" width=\"1024\" height=\"576\" srcset=\"https:\/\/www.haute-montagne.net\/wp-content\/uploads\/2019\/12\/P7280051.jpg 1024w, https:\/\/www.haute-montagne.net\/wp-content\/uploads\/2019\/12\/P7280051-300x169.jpg 300w, https:\/\/www.haute-montagne.net\/wp-content\/uploads\/2019\/12\/P7280051-768x432.jpg 768w, https:\/\/www.haute-montagne.net\/wp-content\/uploads\/2019\/12\/P7280051-705x397.jpg 705w, https:\/\/www.haute-montagne.net\/wp-content\/uploads\/2019\/12\/P7280051-450x253.jpg 450w\" sizes=\"(max-width: 1024px) 100vw, 1024px\" \/> <img loading=\"lazy\" class=\"alignnone size-full wp-image-1257\" src=\"https:\/\/www.haute-montagne.net\/wp-content\/uploads\/2019\/12\/P7280034.jpg\" alt=\"\" width=\"1024\" height=\"576\" srcset=\"https:\/\/www.haute-montagne.net\/wp-content\/uploads\/2019\/12\/P7280034.jpg 1024w, https:\/\/www.haute-montagne.net\/wp-content\/uploads\/2019\/12\/P7280034-300x169.jpg 300w, https:\/\/www.haute-montagne.net\/wp-content\/uploads\/2019\/12\/P7280034-768x432.jpg 768w, https:\/\/www.haute-montagne.net\/wp-content\/uploads\/2019\/12\/P7280034-705x397.jpg 705w, https:\/\/www.haute-montagne.net\/wp-content\/uploads\/2019\/12\/P7280034-450x253.jpg 450w\" sizes=\"(max-width: 1024px) 100vw, 1024px\" \/><\/p>\n<p>pour deux personnes<br \/>\nVoie ouverte par votre Guide<br \/>\nTopo consultable sur http:\/\/topos.haute-montagne.net<br \/>\nPoint de d\u00e9part : Refuge de la Parrach\u00e9e<br \/>\nUne des plus belle course d\u2019ar\u00eate de la Vanoise devenue depuis sa parution dans plusieurs revues montagnardes, un grand classique. A faire avec l\u2019ouvreur.<\/p>\n<\/div><\/div><\/div><\/section>\n<section class='av_toggle_section av-9zqwe-7a1db3e7bbfdedd35a36680245a5808b'  itemscope=\"itemscope\" itemtype=\"https:\/\/schema.org\/CreativeWork\" ><div role=\"tablist\" class=\"single_toggle\" data-tags=\"{All} {MAURIENNE} \"  ><p data-fake-id='#toggle-id-36' class='toggler   av-inherit-border-color'  itemprop=\"headline\"  role='tab' tabindex='0' aria-controls='toggle-id-36'>Travers\u00e9e des Rochers Cornus ( Maurienne - France)<span class=\"toggle_icon\"><span class=\"vert_icon\"><\/span><span class=\"hor_icon\"><\/span><\/span><\/p><div id='toggle-id-36' class='toggle_wrap  '  ><div class='toggle_content invers-color av-inherit-border-color'  itemprop=\"text\" ><p><strong>Travers\u00e9e des Rochers Cornus ( Maurienne &#8211; France)<\/strong><br \/>\nAltitude: 3154m<br \/>\nDur\u00e9e: 8 H.<br \/>\nType de parcours : glacier rocher<br \/>\nNiveau requis: Niv. 4 ( difficile)<\/p>\n<p><img loading=\"lazy\" class=\"alignnone size-featured_large wp-image-1227\" src=\"https:\/\/www.haute-montagne.net\/wp-content\/uploads\/2019\/12\/P7050408-768x630.jpg\" alt=\"\" width=\"768\" height=\"630\" \/> <img loading=\"lazy\" class=\"alignnone size-featured_large wp-image-1229\" src=\"https:\/\/www.haute-montagne.net\/wp-content\/uploads\/2019\/12\/P7050412-1024x630.jpg\" alt=\"\" width=\"1024\" height=\"630\" \/> <img loading=\"lazy\" class=\"alignnone size-featured_large wp-image-1231\" src=\"https:\/\/www.haute-montagne.net\/wp-content\/uploads\/2019\/12\/P7050418-768x630.jpg\" alt=\"\" width=\"768\" height=\"630\" \/> <img loading=\"lazy\" class=\"alignnone size-featured_large wp-image-1233\" src=\"https:\/\/www.haute-montagne.net\/wp-content\/uploads\/2019\/12\/P7050421-768x630.jpg\" alt=\"\" width=\"768\" height=\"630\" \/><\/p>\n<p>pour un groupe (1 \u00e0 2 pers.)<br \/>\nItin\u00e9raire versant fran\u00e7ais ouvert par votre guide et r\u00e9\u00e9quipement complet de l\u2019ar\u00eate. Course rocheuse avec un long glacier.<br \/>\nConsultez le topo sur http:\/\/topos.haute-montagne.net<br \/>\nPoint de d\u00e9part : Vall\u00e9e de Bramans<br \/>\nD\u00e9nivellation : 1300m<br \/>\nCourse rocheuse en haute montagne relativement longue, vari\u00e9e et a\u00e9rienne.<br \/>\nA faire apr\u00e8s avoir fait les Ar\u00eates du Soleil. Course un peu plus longue et difficile que l\u2019Ar\u00eate du Soleil.<\/p>\n<\/div><\/div><\/div><\/section>\n<section class='av_toggle_section av-9yeae-24d927f3e49db225abe2977761f09f22'  itemscope=\"itemscope\" itemtype=\"https:\/\/schema.org\/CreativeWork\" ><div role=\"tablist\" class=\"single_toggle\" data-tags=\"{All} {MAURIENNE} \"  ><p data-fake-id='#toggle-id-37' class='toggler   av-inherit-border-color'  itemprop=\"headline\"  role='tab' tabindex='0' aria-controls='toggle-id-37'>Cheval Blanc - Voie Lanfrey ( Maurienne - France)<span class=\"toggle_icon\"><span class=\"vert_icon\"><\/span><span class=\"hor_icon\"><\/span><\/span><\/p><div id='toggle-id-37' class='toggle_wrap  '  ><div class='toggle_content invers-color av-inherit-border-color'  itemprop=\"text\" ><p><strong>Cheval Blanc &#8211; Voie Lanfrey ( Maurienne &#8211; France)<\/strong><br \/>\nAltitude: 2793m<br \/>\nDur\u00e9e: 6 H.<br \/>\nType de parcours : rocher<br \/>\nNiveau requis: Niv. 3 (Assez\u00a0 difficile)<\/p>\n<p><img loading=\"lazy\" class=\"alignnone size-featured_large wp-image-1677\" src=\"https:\/\/www.haute-montagne.net\/wp-content\/uploads\/2019\/12\/17081444-1024x630.jpg\" alt=\"\" width=\"1024\" height=\"630\" \/> <img loading=\"lazy\" class=\"alignnone size-featured_large wp-image-1679\" src=\"https:\/\/www.haute-montagne.net\/wp-content\/uploads\/2019\/12\/17105202-1024x630.jpg\" alt=\"\" width=\"1024\" height=\"630\" \/> <img loading=\"lazy\" class=\"alignnone size-featured_large wp-image-1681\" src=\"https:\/\/www.haute-montagne.net\/wp-content\/uploads\/2019\/12\/17111817-1024x630.jpg\" alt=\"\" width=\"1024\" height=\"630\" \/> <img loading=\"lazy\" class=\"alignnone size-featured_large wp-image-1683\" src=\"https:\/\/www.haute-montagne.net\/wp-content\/uploads\/2019\/12\/17124137-768x630.jpg\" alt=\"\" width=\"768\" height=\"630\" \/><\/p>\n<p>Tarif: Nous contacter<\/p>\n<p>pour un groupe (1 \u00e0 3 pers.)<br \/>\nPoint de d\u00e9part : Val Fr\u00e9jus<br \/>\nD\u00e9nivellation : 220m<br \/>\nCourse rocheuse de niveau 4C dans un cadre montagne.<br \/>\nUne tr\u00e8s belle derni\u00e8re longueur a\u00e9rienne avec un \u00e9quipement a\u00e9r\u00e9.<\/p>\n<\/div><\/div><\/div><\/section>\n<section class='av_toggle_section av-9un9a-fb04ab562fdad311149667fac4b5693e'  itemscope=\"itemscope\" itemtype=\"https:\/\/schema.org\/CreativeWork\" ><div role=\"tablist\" class=\"single_toggle\" data-tags=\"{All} {MAURIENNE} \"  ><p data-fake-id='#toggle-id-38' class='toggler   av-inherit-border-color'  itemprop=\"headline\"  role='tab' tabindex='0' aria-controls='toggle-id-38'>Pointe de Bellecote - Voie Mille-feuille Mauriennais ( Maurienne - France)<span class=\"toggle_icon\"><span class=\"vert_icon\"><\/span><span class=\"hor_icon\"><\/span><\/span><\/p><div id='toggle-id-38' class='toggle_wrap  '  ><div class='toggle_content invers-color av-inherit-border-color'  itemprop=\"text\" ><p><strong>Pointe de Bellecote &#8211; Voie Mille-feuille Mauriennais ( Maurienne &#8211; France)<\/strong><br \/>\nAltitude: 2755m<br \/>\nDur\u00e9e: 6 H.<br \/>\nType de parcours : rocher<br \/>\nNiveau requis: Niv. 5 et + (Tres\u00a0 difficile)<\/p>\n<p><img loading=\"lazy\" class=\"alignnone size-featured_large wp-image-1934\" src=\"https:\/\/www.haute-montagne.net\/wp-content\/uploads\/2019\/12\/Mille-feuilles-305-768x630.jpg\" alt=\"\" width=\"768\" height=\"630\" \/> <img loading=\"lazy\" class=\"alignnone size-featured_large wp-image-1926\" src=\"https:\/\/www.haute-montagne.net\/wp-content\/uploads\/2019\/12\/Mille-feuilles-297-768x630.jpg\" alt=\"\" width=\"768\" height=\"630\" \/> <img loading=\"lazy\" class=\"alignnone size-featured_large wp-image-1924\" src=\"https:\/\/www.haute-montagne.net\/wp-content\/uploads\/2019\/12\/Mille-feuilles-281-768x630.jpg\" alt=\"\" width=\"768\" height=\"630\" \/> <img loading=\"lazy\" class=\"alignnone size-featured_large wp-image-1928\" src=\"https:\/\/www.haute-montagne.net\/wp-content\/uploads\/2019\/12\/Mille-feuilles-298-768x630.jpg\" alt=\"\" width=\"768\" height=\"630\" \/> <img loading=\"lazy\" class=\"alignnone size-featured_large wp-image-1932\" src=\"https:\/\/www.haute-montagne.net\/wp-content\/uploads\/2019\/12\/Mille-feuilles-304-768x630.jpg\" alt=\"\" width=\"768\" height=\"630\" \/><\/p>\n<p>Tarif: Nous contacter<\/p>\n<p>pour un groupe (1 \u00e0 2 pers.)<br \/>\nVoie ouverte par votre guide, consultez le topo sur http:\/\/topos.haute-montagne.net<br \/>\nPoint de d\u00e9part : Col du Petit Mont Cenis<br \/>\nD\u00e9nivellation : 350m<br \/>\nVoie montagne vari\u00e9e sur un rocher compos\u00e9 de 3 types de roches. Une premi\u00e8re partie en quartzite, une deuxi\u00e8me en schiste, une troisi\u00e8me en calcaire \u00e0 gouttes d\u2019eau. Escalade vari\u00e9e avec une sortie tr\u00e8s a\u00e9rienne.<br \/>\nLa vari\u00e9t\u00e9 g\u00e9ologique de cette voie avec 3 roches diff\u00e9rentes impose de l\u2019essayer.<\/p>\n<\/div><\/div><\/div><\/section>\n<section class='av_toggle_section av-8h07y-167d2ccb71f8d20902b5f859923c29dd'  itemscope=\"itemscope\" itemtype=\"https:\/\/schema.org\/CreativeWork\" ><div role=\"tablist\" class=\"single_toggle\" data-tags=\"{All} {MAURIENNE} \"  ><p data-fake-id='#toggle-id-39' class='toggler   av-inherit-border-color'  itemprop=\"headline\"  role='tab' tabindex='0' aria-controls='toggle-id-39'>Pointe Marie par le glacier D\u2019Arn\u00e9s ( Maurienne - France)<span class=\"toggle_icon\"><span class=\"vert_icon\"><\/span><span class=\"hor_icon\"><\/span><\/span><\/p><div id='toggle-id-39' class='toggle_wrap  '  ><div class='toggle_content invers-color av-inherit-border-color'  itemprop=\"text\" ><p><strong>Pointe Marie par le glacier D\u2019Arn\u00e9s ( Maurienne &#8211; France)<\/strong><br \/>\nAltitude: 3313m<br \/>\nDur\u00e9e: 5 H.<br \/>\nType de parcours : glacier<br \/>\nNiveau requis: Niv. 1 (facile)<\/p>\n<p><img loading=\"lazy\" class=\"alignnone size-featured_large wp-image-1323\" src=\"https:\/\/www.haute-montagne.net\/wp-content\/uploads\/2019\/12\/IMG_0344-768x630.jpg\" alt=\"\" width=\"768\" height=\"630\" \/> <img loading=\"lazy\" class=\"alignnone size-featured_large wp-image-1333\" src=\"https:\/\/www.haute-montagne.net\/wp-content\/uploads\/2019\/12\/IMG_0413-768x630.jpg\" alt=\"\" width=\"768\" height=\"630\" \/><\/p>\n<p>Tarif: Nous contacter<\/p>\n<p>pour un groupe (1 \u00e0 3 pers.)<br \/>\nPoint de d\u00e9part : Refuge de l\u2019Av\u00e9role<br \/>\nD\u00e9nivellation : 1100m<br \/>\nRandonn\u00e9e glaciaire facile \u00e0 la fronti\u00e8re de l\u2019Italie.<br \/>\nUne belle randonn\u00e9e glaciaire pour l\u2019initiation.<\/p>\n<\/div><\/div><\/div><\/section>\n<section class='av_toggle_section av-8gcau-166b0f11239703a70b86320851adf5dc'  itemscope=\"itemscope\" itemtype=\"https:\/\/schema.org\/CreativeWork\" ><div role=\"tablist\" class=\"single_toggle\" data-tags=\"{All} {MAURIENNE} \"  ><p data-fake-id='#toggle-id-40' class='toggler   av-inherit-border-color'  itemprop=\"headline\"  role='tab' tabindex='0' aria-controls='toggle-id-40'>Pointe Marie par les Ar\u00eates Rousses - ( Maurienne - France)<span class=\"toggle_icon\"><span class=\"vert_icon\"><\/span><span class=\"hor_icon\"><\/span><\/span><\/p><div id='toggle-id-40' class='toggle_wrap  '  ><div class='toggle_content invers-color av-inherit-border-color'  itemprop=\"text\" ><p><strong>Pointe Marie par les Ar\u00eates Rousses &#8211; ( Maurienne &#8211; France)<\/strong><br \/>\nAltitude: 3313m<br \/>\nDur\u00e9e: 5 H.<br \/>\nType de parcours : glacier rocher<br \/>\nNiveau requis: Niv. 2 (Assez Difficile)<\/p>\n<p><img loading=\"lazy\" class=\"alignnone size-featured_large wp-image-1325\" src=\"https:\/\/www.haute-montagne.net\/wp-content\/uploads\/2019\/12\/IMG_0351-768x630.jpg\" alt=\"\" width=\"768\" height=\"630\" \/> <img loading=\"lazy\" class=\"alignnone size-featured_large wp-image-1327\" src=\"https:\/\/www.haute-montagne.net\/wp-content\/uploads\/2019\/12\/IMG_0358-768x630.jpg\" alt=\"\" width=\"768\" height=\"630\" \/> <img loading=\"lazy\" class=\"alignnone size-featured_large wp-image-1329\" src=\"https:\/\/www.haute-montagne.net\/wp-content\/uploads\/2019\/12\/IMG_0369-1024x630.jpg\" alt=\"\" width=\"1024\" height=\"630\" \/> <img loading=\"lazy\" class=\"alignnone size-featured_large wp-image-1331\" src=\"https:\/\/www.haute-montagne.net\/wp-content\/uploads\/2019\/12\/IMG_0401-768x630.jpg\" alt=\"\" width=\"768\" height=\"630\" \/><\/p>\n<p>Tarif: Nous contacter<\/p>\n<p>pour un groupe (1 \u00e0 3 pers.)<br \/>\nPoint de d\u00e9part : Refuge de l\u2019Av\u00e9role<br \/>\nD\u00e9nivellation : 1100m<br \/>\nPeu difficile mais un peu a\u00e9rienne.<br \/>\nCourse id\u00e9ale pour passer de la randonn\u00e9e glaciaire \u00e0 une voie dans les premi\u00e8res difficult\u00e9s.<\/p>\n<\/div><\/div><\/div><\/section>\n<section class='av_toggle_section av-b0ece-a46ab90f51f146ca287fdcec24847f86'  itemscope=\"itemscope\" itemtype=\"https:\/\/schema.org\/CreativeWork\" ><div role=\"tablist\" class=\"single_toggle\" data-tags=\"{All} {MAURIENNE} \"  ><p data-fake-id='#toggle-id-41' class='toggler   av-inherit-border-color'  itemprop=\"headline\"  role='tab' tabindex='0' aria-controls='toggle-id-41'>La Bessan\u00e8se ( Maurienne - France)<span class=\"toggle_icon\"><span class=\"vert_icon\"><\/span><span class=\"hor_icon\"><\/span><\/span><\/p><div id='toggle-id-41' class='toggle_wrap  '  ><div class='toggle_content invers-color av-inherit-border-color'  itemprop=\"text\" ><p><strong>La Bessan\u00e8se ( Maurienne &#8211; France)<\/strong><br \/>\nAltitude: 3592m<br \/>\nDur\u00e9e: 8 H.<br \/>\nType de parcours : rocher<br \/>\nNiveau requis: Niv. 3 (Difficile) Niv. 3 (Difficile)<\/p>\n<p><img loading=\"lazy\" class=\"alignnone wp-image-813\" src=\"https:\/\/www.haute-montagne.net\/wp-content\/uploads\/2019\/11\/2004-08-13-LA-BESSANESE-ARETE-NORD-11-225x300.jpg\" alt=\"\" width=\"421\" height=\"561\" srcset=\"https:\/\/www.haute-montagne.net\/wp-content\/uploads\/2019\/11\/2004-08-13-LA-BESSANESE-ARETE-NORD-11-225x300.jpg 225w, https:\/\/www.haute-montagne.net\/wp-content\/uploads\/2019\/11\/2004-08-13-LA-BESSANESE-ARETE-NORD-11.jpg 768w, https:\/\/www.haute-montagne.net\/wp-content\/uploads\/2019\/11\/2004-08-13-LA-BESSANESE-ARETE-NORD-11-529x705.jpg 529w, https:\/\/www.haute-montagne.net\/wp-content\/uploads\/2019\/11\/2004-08-13-LA-BESSANESE-ARETE-NORD-11-450x600.jpg 450w\" sizes=\"(max-width: 421px) 100vw, 421px\" \/> <img loading=\"lazy\" class=\"alignnone wp-image-815\" src=\"https:\/\/www.haute-montagne.net\/wp-content\/uploads\/2019\/11\/2004-08-13-LA-BESSANESE-ARETE-NORD-14-300x225.jpg\" alt=\"\" width=\"685\" height=\"514\" srcset=\"https:\/\/www.haute-montagne.net\/wp-content\/uploads\/2019\/11\/2004-08-13-LA-BESSANESE-ARETE-NORD-14-300x225.jpg 300w, https:\/\/www.haute-montagne.net\/wp-content\/uploads\/2019\/11\/2004-08-13-LA-BESSANESE-ARETE-NORD-14-768x576.jpg 768w, https:\/\/www.haute-montagne.net\/wp-content\/uploads\/2019\/11\/2004-08-13-LA-BESSANESE-ARETE-NORD-14-705x529.jpg 705w, https:\/\/www.haute-montagne.net\/wp-content\/uploads\/2019\/11\/2004-08-13-LA-BESSANESE-ARETE-NORD-14-450x338.jpg 450w, https:\/\/www.haute-montagne.net\/wp-content\/uploads\/2019\/11\/2004-08-13-LA-BESSANESE-ARETE-NORD-14.jpg 1024w\" sizes=\"(max-width: 685px) 100vw, 685px\" \/><\/p>\n<p>Tarif: Nous contacter<\/p>\n<p>pour un groupe (1 \u00e0 3 pers.)<br \/>\nPoint de d\u00e9part : Refuge de l\u2019Av\u00e9role<br \/>\nD\u00e9nivellation : 1400m<br \/>\nLongue course d\u2019ar\u00eate entre la France et l\u2019Italie<br \/>\nCourse n\u00e9cessitant une bonne condition physique.<\/p>\n<\/div><\/div><\/div><\/section>\n<section class='av_toggle_section av-7zr2u-2aadb68c95ec2927ee285cc80d06c004'  itemscope=\"itemscope\" itemtype=\"https:\/\/schema.org\/CreativeWork\" ><div role=\"tablist\" class=\"single_toggle\" data-tags=\"{All} {MAURIENNE} \"  ><p data-fake-id='#toggle-id-42' class='toggler   av-inherit-border-color'  itemprop=\"headline\"  role='tab' tabindex='0' aria-controls='toggle-id-42'>Pointe de L\u00e9ch\u00e9 - Voie Poney d\u2019Argentine ( Maurienne - France)<span class=\"toggle_icon\"><span class=\"vert_icon\"><\/span><span class=\"hor_icon\"><\/span><\/span><\/p><div id='toggle-id-42' class='toggle_wrap  '  ><div class='toggle_content invers-color av-inherit-border-color'  itemprop=\"text\" ><p><strong>Pointe de L\u00e9ch\u00e9 &#8211; Voie Poney d\u2019Argentine ( Maurienne &#8211; France)<\/strong><br \/>\nAltitude: 3172m<br \/>\nDur\u00e9e: 6 H.<br \/>\nType de parcours : rocher<br \/>\nNiveau requis: Niv. 3 (difficile)<\/p>\n<p><img loading=\"lazy\" class=\"alignnone size-full wp-image-1049\" src=\"https:\/\/www.haute-montagne.net\/wp-content\/uploads\/2019\/12\/P7160015.jpg\" alt=\"\" width=\"1024\" height=\"576\" srcset=\"https:\/\/www.haute-montagne.net\/wp-content\/uploads\/2019\/12\/P7160015.jpg 1024w, https:\/\/www.haute-montagne.net\/wp-content\/uploads\/2019\/12\/P7160015-300x169.jpg 300w, https:\/\/www.haute-montagne.net\/wp-content\/uploads\/2019\/12\/P7160015-768x432.jpg 768w, https:\/\/www.haute-montagne.net\/wp-content\/uploads\/2019\/12\/P7160015-705x397.jpg 705w, https:\/\/www.haute-montagne.net\/wp-content\/uploads\/2019\/12\/P7160015-450x253.jpg 450w\" sizes=\"(max-width: 1024px) 100vw, 1024px\" \/> <img loading=\"lazy\" class=\"alignnone size-featured_large wp-image-1053\" src=\"https:\/\/www.haute-montagne.net\/wp-content\/uploads\/2019\/12\/P7160025-576x630.jpg\" alt=\"\" width=\"576\" height=\"630\" \/> <img loading=\"lazy\" class=\"alignnone size-full wp-image-1051\" src=\"https:\/\/www.haute-montagne.net\/wp-content\/uploads\/2019\/12\/P7160018.jpg\" alt=\"\" width=\"1024\" height=\"576\" srcset=\"https:\/\/www.haute-montagne.net\/wp-content\/uploads\/2019\/12\/P7160018.jpg 1024w, https:\/\/www.haute-montagne.net\/wp-content\/uploads\/2019\/12\/P7160018-300x169.jpg 300w, https:\/\/www.haute-montagne.net\/wp-content\/uploads\/2019\/12\/P7160018-768x432.jpg 768w, https:\/\/www.haute-montagne.net\/wp-content\/uploads\/2019\/12\/P7160018-705x397.jpg 705w, https:\/\/www.haute-montagne.net\/wp-content\/uploads\/2019\/12\/P7160018-450x253.jpg 450w\" sizes=\"(max-width: 1024px) 100vw, 1024px\" \/><\/p>\n<p>Tarif: Nous contacter<\/p>\n<p>pour un groupe (1 \u00e0 3 pers.)<br \/>\nPoint de d\u00e9part : Refuge de la Dent Parrach\u00e9e<br \/>\nD\u00e9nivellation : 350m Course de niveau 4 &#8211; 5 \u00e0 faire en compl\u00e9ment avec une autre course sur le secteur. J\u2019ai ouvert plusieurs courses faciles dans le secteur et le tout dans un cadre montagne avec une marche d\u2019approche de 40mn depuis le refuge. (ascension 1\u00e8re partie 3h et 2\u00e8me partie 3h)<\/p>\n<\/div><\/div><\/div><\/section>\n<section class='av_toggle_section av-15wi4a-10b1c7e11b5beb24a76bafb79a7bbed2'  itemscope=\"itemscope\" itemtype=\"https:\/\/schema.org\/CreativeWork\" ><div role=\"tablist\" class=\"single_toggle\" data-tags=\"{All} {MAURIENNE} \"  ><p data-fake-id='#toggle-id-43' class='toggler   av-inherit-border-color'  itemprop=\"headline\"  role='tab' tabindex='0' aria-controls='toggle-id-43'>La Croix des T\u00eates - voie d\u2019H\u00e9l\u00e8na ( Maurienne - France)<span class=\"toggle_icon\"><span class=\"vert_icon\"><\/span><span class=\"hor_icon\"><\/span><\/span><\/p><div id='toggle-id-43' class='toggle_wrap  '  ><div class='toggle_content invers-color av-inherit-border-color'  itemprop=\"text\" ><p><strong>La Croix des T\u00eates &#8211; voie d\u2019H\u00e9l\u00e8na ( Maurienne &#8211; France)<\/strong><br \/>\nAltitude: 2492m<br \/>\nDur\u00e9e: 7 H.<br \/>\nType de parcours : rocher<br \/>\nNiveau requis: Niv. 5 et + (Extrement difficile) Niv. 5 et + (Extrement difficile)<\/p>\n<p>Tarif: Nous contacter<\/p>\n<p>pour un groupe (1 \u00e0 3 pers.)<br \/>\nPoint de d\u00e9part : La planchette \u00e0 Saint Martin La Porte<br \/>\nD\u00e9nivellation : 400m<br \/>\nEscalade en dalle en adh\u00e9rence<br \/>\nCourse homog\u00e8ne en 6A n\u00e9cessitant un niveau technique suffisant pour encha\u00eener la voie.<\/p>\n<\/div><\/div><\/div><\/section>\n<section class='av_toggle_section av-15h33q-54ee856d7cffa19a653ca7a4947afcd0'  itemscope=\"itemscope\" itemtype=\"https:\/\/schema.org\/CreativeWork\" ><div role=\"tablist\" class=\"single_toggle\" data-tags=\"{All} {MAURIENNE} \"  ><p data-fake-id='#toggle-id-44' class='toggler   av-inherit-border-color'  itemprop=\"headline\"  role='tab' tabindex='0' aria-controls='toggle-id-44'>La Croix des T\u00eates - voie knickers Botters ou trafiquant d\u2019\u00e2mes ( Maurienne - France)<span class=\"toggle_icon\"><span class=\"vert_icon\"><\/span><span class=\"hor_icon\"><\/span><\/span><\/p><div id='toggle-id-44' class='toggle_wrap  '  ><div class='toggle_content invers-color av-inherit-border-color'  itemprop=\"text\" ><p><strong>La Croix des T\u00eates &#8211; voie knickers Botters ou trafiquant d\u2019\u00e2mes ( Maurienne &#8211; France)<\/strong><br \/>\nAltitude: 2400m<br \/>\nDur\u00e9e: 6 H.<br \/>\nType de parcours : rocher<br \/>\nNiveau requis: Niv. 5 et + (Extrement difficile) Niv. 5 et + (Extrement difficile)<\/p>\n<p>Tarif: Nous contacter<\/p>\n<p>pour un groupe (1 \u00e0 3 pers.)<br \/>\nPoint de d\u00e9part : La planchette \u00e0 Saint Martin La porte<br \/>\nD\u00e9nivellation : 300m<br \/>\nDalle en adh\u00e9rence avec des cannelures de niveau 5B \u00e0 5C<br \/>\nVoie uniquement en adh\u00e9rence donc les gros bras ne servent \u00e0 rien.<\/p>\n<\/div><\/div><\/div><\/section>\n<section class='av_toggle_section av-bbcmu-44214d8ce3cb96c4dd00021009a32234'  itemscope=\"itemscope\" itemtype=\"https:\/\/schema.org\/CreativeWork\" ><div role=\"tablist\" class=\"single_toggle\" data-tags=\"{All} {MAURIENNE} \"  ><p data-fake-id='#toggle-id-45' class='toggler   av-inherit-border-color'  itemprop=\"headline\"  role='tab' tabindex='0' aria-controls='toggle-id-45'>Aiguille Doran ( Maurienne - France)<span class=\"toggle_icon\"><span class=\"vert_icon\"><\/span><span class=\"hor_icon\"><\/span><\/span><\/p><div id='toggle-id-45' class='toggle_wrap  '  ><div class='toggle_content invers-color av-inherit-border-color'  itemprop=\"text\" ><p><strong>Aiguille Doran ( Maurienne &#8211; France)<\/strong><br \/>\nAltitude: 3041m<br \/>\nDur\u00e9e: 6 H.<br \/>\nType de parcours : rocher<br \/>\nNiveau requis: Niv. 4 ( difficile) 5 C <img loading=\"lazy\" class=\"alignnone size-featured_large wp-image-1809\" src=\"https:\/\/www.haute-montagne.net\/wp-content\/uploads\/2019\/12\/PA030018-1024x630.jpg\" alt=\"\" width=\"1024\" height=\"630\" \/> <img loading=\"lazy\" class=\"alignnone size-featured_large wp-image-1815\" src=\"https:\/\/www.haute-montagne.net\/wp-content\/uploads\/2019\/12\/PA030029-768x630.jpg\" alt=\"\" width=\"768\" height=\"630\" \/> <img loading=\"lazy\" class=\"alignnone size-featured_large wp-image-1813\" src=\"https:\/\/www.haute-montagne.net\/wp-content\/uploads\/2019\/12\/PA030025-768x630.jpg\" alt=\"\" width=\"768\" height=\"630\" \/> <img loading=\"lazy\" class=\"alignnone size-featured_large wp-image-1811\" src=\"https:\/\/www.haute-montagne.net\/wp-content\/uploads\/2019\/12\/PA030020-1024x630.jpg\" alt=\"\" width=\"1024\" height=\"630\" \/><\/p>\n<p>Tarif: Nous contacter<\/p>\n<p>pour un groupe (1 \u00e0 2 pers.)<br \/>\nPoint de d\u00e9part : Refuge de l\u2019Org\u00e8re<br \/>\nD\u00e9nivellation : 1050m<br \/>\nAttention : 1 pas de 6a au d\u00e9but puis des longueurs en 4C<br \/>\nCourse montagne dans un joli cadre mais coup\u00e9e par des vires.<br \/>\nUne belle ar\u00eate a\u00e9rienne finale malgr\u00e9 des vires d\u2019herbes dans la voie.<\/p>\n<\/div><\/div><\/div><\/section>\n<section class='av_toggle_section av-x56m-406b6e0f106277197abdb735cbc4576a'  itemscope=\"itemscope\" itemtype=\"https:\/\/schema.org\/CreativeWork\" ><div role=\"tablist\" class=\"single_toggle\" data-tags=\"{All} {MAURIENNE} \"  ><p data-fake-id='#toggle-id-46' class='toggler   av-inherit-border-color'  itemprop=\"headline\"  role='tab' tabindex='0' aria-controls='toggle-id-46'>Grand Ch\u00e2telard - Voie Tireli Pompom ( Maurienne - France)<span class=\"toggle_icon\"><span class=\"vert_icon\"><\/span><span class=\"hor_icon\"><\/span><\/span><\/p><div id='toggle-id-46' class='toggle_wrap  '  ><div class='toggle_content invers-color av-inherit-border-color'  itemprop=\"text\" ><p><strong>Grand Ch\u00e2telard &#8211; Voie Tireli Pompom ( Maurienne &#8211; France)<\/strong><br \/>\nAltitude: 2817m<br \/>\nDur\u00e9e: 4 H.<br \/>\nType de parcours : rocher<br \/>\nNiveau requis: Niv. 4 ( difficile)<\/p>\n<p><img loading=\"lazy\" class=\"alignnone size-full wp-image-1077\" src=\"https:\/\/www.haute-montagne.net\/wp-content\/uploads\/2019\/12\/P8070010.jpg\" alt=\"\" width=\"1024\" height=\"576\" srcset=\"https:\/\/www.haute-montagne.net\/wp-content\/uploads\/2019\/12\/P8070010.jpg 1024w, https:\/\/www.haute-montagne.net\/wp-content\/uploads\/2019\/12\/P8070010-300x169.jpg 300w, https:\/\/www.haute-montagne.net\/wp-content\/uploads\/2019\/12\/P8070010-768x432.jpg 768w, https:\/\/www.haute-montagne.net\/wp-content\/uploads\/2019\/12\/P8070010-705x397.jpg 705w, https:\/\/www.haute-montagne.net\/wp-content\/uploads\/2019\/12\/P8070010-450x253.jpg 450w\" sizes=\"(max-width: 1024px) 100vw, 1024px\" \/> <img loading=\"lazy\" class=\"alignnone size-featured_large wp-image-1079\" src=\"https:\/\/www.haute-montagne.net\/wp-content\/uploads\/2019\/12\/P8070019-576x630.jpg\" alt=\"\" width=\"576\" height=\"630\" \/> <img loading=\"lazy\" class=\"alignnone size-full wp-image-1081\" src=\"https:\/\/www.haute-montagne.net\/wp-content\/uploads\/2019\/12\/P8070025.jpg\" alt=\"\" width=\"1024\" height=\"236\" srcset=\"https:\/\/www.haute-montagne.net\/wp-content\/uploads\/2019\/12\/P8070025.jpg 1024w, https:\/\/www.haute-montagne.net\/wp-content\/uploads\/2019\/12\/P8070025-300x69.jpg 300w, https:\/\/www.haute-montagne.net\/wp-content\/uploads\/2019\/12\/P8070025-768x177.jpg 768w, https:\/\/www.haute-montagne.net\/wp-content\/uploads\/2019\/12\/P8070025-705x162.jpg 705w, https:\/\/www.haute-montagne.net\/wp-content\/uploads\/2019\/12\/P8070025-450x104.jpg 450w\" sizes=\"(max-width: 1024px) 100vw, 1024px\" \/> <img loading=\"lazy\" class=\"alignnone size-full wp-image-1083\" src=\"https:\/\/www.haute-montagne.net\/wp-content\/uploads\/2019\/12\/P8070026.jpg\" alt=\"\" width=\"1024\" height=\"576\" srcset=\"https:\/\/www.haute-montagne.net\/wp-content\/uploads\/2019\/12\/P8070026.jpg 1024w, https:\/\/www.haute-montagne.net\/wp-content\/uploads\/2019\/12\/P8070026-300x169.jpg 300w, https:\/\/www.haute-montagne.net\/wp-content\/uploads\/2019\/12\/P8070026-768x432.jpg 768w, https:\/\/www.haute-montagne.net\/wp-content\/uploads\/2019\/12\/P8070026-705x397.jpg 705w, https:\/\/www.haute-montagne.net\/wp-content\/uploads\/2019\/12\/P8070026-450x253.jpg 450w\" sizes=\"(max-width: 1024px) 100vw, 1024px\" \/><\/p>\n<p>Tarif: Nous contacter<\/p>\n<p>pour un groupe (1 \u00e0 2 pers.)<br \/>\nPoint de d\u00e9part : L\u2019Org\u00e8re au dessus de Modane<br \/>\nD\u00e9nivellation : 200m<br \/>\nVoie permettant une approche des grandes voie en montagne dans un niveau relativement facile.<br \/>\nPeut s\u2019encha\u00eener avec les voies de la Pointe de L\u00e9ch\u00e9.<\/p>\n<\/div><\/div><\/div><\/section>\n<section class='av_toggle_section av-av_toggle-b82ed54483dcf8fae62aa5042c33f853'  itemscope=\"itemscope\" itemtype=\"https:\/\/schema.org\/CreativeWork\" ><div role=\"tablist\" class=\"single_toggle\" data-tags=\"{All} {MAURIENNE} \"  ><p data-fake-id='#toggle-id-47' class='toggler   av-inherit-border-color'  itemprop=\"headline\"  role='tab' tabindex='0' aria-controls='toggle-id-47'>Falaise de Tralenta - Voie Garden Party ( Maurienne - France)<span class=\"toggle_icon\"><span class=\"vert_icon\"><\/span><span class=\"hor_icon\"><\/span><\/span><\/p><div id='toggle-id-47' class='toggle_wrap  '  ><div class='toggle_content invers-color av-inherit-border-color'  itemprop=\"text\" ><p><strong>Falaise de Tralenta &#8211; Voie Garden Party ( Maurienne &#8211; France)<\/strong><br \/>\nAltitude: 2300m<br \/>\nDur\u00e9e: 5 H.<br \/>\nType de parcours : rocher<br \/>\nNiveau requis: Niv. 5 et + (Extrement difficile) Niv. 5 et + (Extrement difficile)<\/p>\n<p>Tarif: contact me<\/p>\n<p>pour un groupe (1 \u00e0 3 pers.)<br \/>\nPoint de d\u00e9part : L\u2019\u00e9cot \u00e0 Bonneval<br \/>\nD\u00e9nivellation : 250m<br \/>\nEscalade en adh\u00e9rence en gneiss.<br \/>\nVoie homog\u00e8ne au d\u00e9but puis les dalles se couchent.<\/p>\n<\/div><\/div><\/div><\/section>\n<section class='av_toggle_section av-12w7fi-74195bbfd5b96a5b82410e0415082080'  itemscope=\"itemscope\" itemtype=\"https:\/\/schema.org\/CreativeWork\" ><div role=\"tablist\" class=\"single_toggle\" data-tags=\"{All} {MAURIENNE} \"  ><p data-fake-id='#toggle-id-48' class='toggler   av-inherit-border-color'  itemprop=\"headline\"  role='tab' tabindex='0' aria-controls='toggle-id-48'>Monolithe de Sardi\u00e8re - Voie Paquier ( Maurienne - France)<span class=\"toggle_icon\"><span class=\"vert_icon\"><\/span><span class=\"hor_icon\"><\/span><\/span><\/p><div id='toggle-id-48' class='toggle_wrap  '  ><div class='toggle_content invers-color av-inherit-border-color'  itemprop=\"text\" ><p><strong>Monolithe de Sardi\u00e8re &#8211; Voie Paquier ( Maurienne &#8211; France)<\/strong><br \/>\nAltitude: 1500m<br \/>\nDur\u00e9e: 3 H.<br \/>\nType de parcours : rocher<br \/>\nNiveau requis: Niv. 5 et + (Extrement difficile) Niv. 5 et + (Extrement difficile)<\/p>\n<p>Tarif: Nous contacter<\/p>\n<p>pour un groupe (1 \u00e0 3 pers.)<br \/>\nPoint de d\u00e9part : Sardi\u00e8re<br \/>\nD\u00e9nivellation : 98m<br \/>\nAttention : Tr\u00e8s difficile \u2013 6C max-5C obligatoire Si vous n\u2019\u00eates jamais mont\u00e9 sur le menhir d\u2019Ob\u00e9lix, c\u2019est le moment.<br \/>\nEscalade bien \u00e9quip\u00e9e sur de la cargneule mais relativement physique. Une classique.<\/p>\n<\/div><\/div><\/div><\/section>\n<section class='av_toggle_section av-8i5vy-16750d5e1867f52f1feff7168998111a'  itemscope=\"itemscope\" itemtype=\"https:\/\/schema.org\/CreativeWork\" ><div role=\"tablist\" class=\"single_toggle\" data-tags=\"{All} {OISANS \u00c9CRINS} \"  ><p data-fake-id='#toggle-id-49' class='toggler   av-inherit-border-color'  itemprop=\"headline\"  role='tab' tabindex='0' aria-controls='toggle-id-49'>D\u00f4me des Ecrins ( Oisans \u00c9crins - France)<span class=\"toggle_icon\"><span class=\"vert_icon\"><\/span><span class=\"hor_icon\"><\/span><\/span><\/p><div id='toggle-id-49' class='toggle_wrap  '  ><div class='toggle_content invers-color av-inherit-border-color'  itemprop=\"text\" ><p><strong>D\u00f4me des Ecrins ( Oisans \u00c9crins &#8211; France)<\/strong><br \/>\nAltitude: 4015m<br \/>\nDur\u00e9e: 4 H.<br \/>\nType de parcours : glacier<br \/>\nNiveau requis: Niv. 1 (facile)<\/p>\n<p><img loading=\"lazy\" class=\"alignnone size-featured_large wp-image-1413\" src=\"https:\/\/www.haute-montagne.net\/wp-content\/uploads\/2019\/12\/P8230184-1024x630.jpg\" alt=\"\" width=\"1024\" height=\"630\" \/><\/p>\n<p><img loading=\"lazy\" class=\"alignnone size-featured_large wp-image-1161\" src=\"https:\/\/www.haute-montagne.net\/wp-content\/uploads\/2019\/12\/2-barre-des-\u00e9crins-1024x630.jpg\" alt=\"\" width=\"1024\" height=\"630\" \/> <img loading=\"lazy\" class=\"alignnone size-featured_large wp-image-1159\" src=\"https:\/\/www.haute-montagne.net\/wp-content\/uploads\/2019\/12\/1-serac-des-\u00e9crins-1024x630.jpg\" alt=\"\" width=\"1024\" height=\"630\" \/><\/p>\n<p>pour un groupe (1 \u00e0 3 pers.)<br \/>\nCourse de neige<br \/>\nPoint de d\u00e9part : Refuge des Ecrins<br \/>\nD\u00e9nivellation : 1000m<br \/>\nUn 4000m relativement facile mais avec de belle crevasses.<br \/>\nUne marche d\u2019approche un peu longue que l\u2019ascension du glacier vous fait vite oublier le lendemain.<\/p>\n<\/div><\/div><\/div><\/section>\n<section class='av_toggle_section av-11y69y-2378df8c4d5472e726dfd3800ebf4f97'  itemscope=\"itemscope\" itemtype=\"https:\/\/schema.org\/CreativeWork\" ><div role=\"tablist\" class=\"single_toggle\" data-tags=\"{All} {OISANS \u00c9CRINS} \"  ><p data-fake-id='#toggle-id-50' class='toggler   av-inherit-border-color'  itemprop=\"headline\"  role='tab' tabindex='0' aria-controls='toggle-id-50'>Roche Faurio ( Oisans \u00c9crins - France)<span class=\"toggle_icon\"><span class=\"vert_icon\"><\/span><span class=\"hor_icon\"><\/span><\/span><\/p><div id='toggle-id-50' class='toggle_wrap  '  ><div class='toggle_content invers-color av-inherit-border-color'  itemprop=\"text\" ><p><strong>Roche Faurio ( Oisans \u00c9crins &#8211; France)<\/strong><br \/>\nAltitude: 3730m<br \/>\nDur\u00e9e: 4 H.<br \/>\nType de parcours : glacier<br \/>\nNiveau requis: Niv. 1 (facile) Niv. 1 (facile)<\/p>\n<p>Tarif: Nous contacter<\/p>\n<p>pour un groupe (1 \u00e0 3 pers.)<br \/>\nPoint de d\u00e9part : Refuge des Ecrins<br \/>\nD\u00e9nivellation : 600 m<br \/>\nRandonn\u00e9e glaciaire pour d\u00e9buter \u00e0 faire avec le D\u00f4me des Ecrins.<br \/>\nUn joli point de vue sur le D\u00f4me des Ecrins.<\/p>\n<\/div><\/div><\/div><\/section>\n<section class='av_toggle_section av-9b5va-f1e793e821805e3d678ff82218099d68'  itemscope=\"itemscope\" itemtype=\"https:\/\/schema.org\/CreativeWork\" ><div role=\"tablist\" class=\"single_toggle\" data-tags=\"{All} {OISANS \u00c9CRINS} \"  ><p data-fake-id='#toggle-id-51' class='toggler   av-inherit-border-color'  itemprop=\"headline\"  role='tab' tabindex='0' aria-controls='toggle-id-51'>Barre des Ecrins ( Oisans \u00c9crins - France)<span class=\"toggle_icon\"><span class=\"vert_icon\"><\/span><span class=\"hor_icon\"><\/span><\/span><\/p><div id='toggle-id-51' class='toggle_wrap  '  ><div class='toggle_content invers-color av-inherit-border-color'  itemprop=\"text\" ><p><strong>Barre des Ecrins ( Oisans \u00c9crins &#8211; France)<\/strong><br \/>\nAltitude: 4102m<br \/>\nDur\u00e9e: 6 H.<br \/>\nType de parcours : glacier rocher<br \/>\nNiveau requis: Niv. 3 (Assez Difficile)<\/p>\n<p><img loading=\"lazy\" class=\"alignnone size-featured_large wp-image-1335\" src=\"https:\/\/www.haute-montagne.net\/wp-content\/uploads\/2019\/12\/IMG_2564-1024x630.jpg\" alt=\"\" width=\"1024\" height=\"630\" \/> <img loading=\"lazy\" class=\"alignnone size-featured_large wp-image-1337\" src=\"https:\/\/www.haute-montagne.net\/wp-content\/uploads\/2019\/12\/IMG_2566-1024x630.jpg\" alt=\"\" width=\"1024\" height=\"630\" \/><\/p>\n<p>Tarif: Nous contacter<\/p>\n<p>pour un groupe (1 \u00e0 2 pers.)<br \/>\nCourse mixte neige et Rocher<br \/>\nPoint de d\u00e9part : Refuge des Ecrins<br \/>\nD\u00e9nivellation : 1000m<br \/>\nApr\u00e8s avoir remont\u00e9 le glacier jusqu&#8217;\u00e0 3974m, la suite s\u2019effectue sur une ar\u00eate a\u00e9rienne de niveau 3 \u00e0 4 montagnes.<br \/>\nAlors que la majorit\u00e9 des alpinistes s\u2019arr\u00eatent au D\u00f4me, la suite est superbe.<\/p>\n<\/div><\/div><\/div><\/section>\n<section class='av_toggle_section av-aahh2-1525003947ae355025a67489b09b8960'  itemscope=\"itemscope\" itemtype=\"https:\/\/schema.org\/CreativeWork\" ><div role=\"tablist\" class=\"single_toggle\" data-tags=\"{All} {OISANS \u00c9CRINS} \"  ><p data-fake-id='#toggle-id-52' class='toggler   av-inherit-border-color'  itemprop=\"headline\"  role='tab' tabindex='0' aria-controls='toggle-id-52'>Travers\u00e9e des Aiguilles de Sialouze ( Oisans \u00c9crins - France)<span class=\"toggle_icon\"><span class=\"vert_icon\"><\/span><span class=\"hor_icon\"><\/span><\/span><\/p><div id='toggle-id-52' class='toggle_wrap  '  ><div class='toggle_content invers-color av-inherit-border-color'  itemprop=\"text\" ><p><strong>Travers\u00e9e des Aiguilles de Sialouze ( Oisans \u00c9crins &#8211; France)<\/strong><br \/>\nAltitude: 3576m<br \/>\nDur\u00e9e: 6 H.<br \/>\nType de parcours : rocher<br \/>\nNiveau requis: Niv. 5 et + difficile<\/p>\n<p><img loading=\"lazy\" class=\"alignnone wp-image-870\" src=\"https:\/\/www.haute-montagne.net\/wp-content\/uploads\/2019\/11\/8-300x225.jpg\" alt=\"\" width=\"568\" height=\"426\" srcset=\"https:\/\/www.haute-montagne.net\/wp-content\/uploads\/2019\/11\/8-300x225.jpg 300w, https:\/\/www.haute-montagne.net\/wp-content\/uploads\/2019\/11\/8-768x576.jpg 768w, https:\/\/www.haute-montagne.net\/wp-content\/uploads\/2019\/11\/8-705x529.jpg 705w, https:\/\/www.haute-montagne.net\/wp-content\/uploads\/2019\/11\/8-450x338.jpg 450w, https:\/\/www.haute-montagne.net\/wp-content\/uploads\/2019\/11\/8.jpg 1024w\" sizes=\"(max-width: 568px) 100vw, 568px\" \/><\/p>\n<p>Tarif: Nous contacter<\/p>\n<p>pour un groupe (1 \u00e0 3 pers.)<br \/>\nPoint de d\u00e9part : Refuge du Pelvoux<br \/>\nD\u00e9nivellation : 900 m<br \/>\nUne course d\u2019ar\u00eate a\u00e9rienne niveau 5b d\u2019une toute beaut\u00e9 sur un excellent rocher<br \/>\nDe belles man\u0153uvres de cordes sur un rocher color\u00e9.<\/p>\n<\/div><\/div><\/div><\/section>\n<section class='av_toggle_section av-aq9di-e63f526742674336dcdaed26020fb76e'  itemscope=\"itemscope\" itemtype=\"https:\/\/schema.org\/CreativeWork\" ><div role=\"tablist\" class=\"single_toggle\" data-tags=\"{All} {OISANS \u00c9CRINS} \"  ><p data-fake-id='#toggle-id-53' class='toggler   av-inherit-border-color'  itemprop=\"headline\"  role='tab' tabindex='0' aria-controls='toggle-id-53'>Randonn\u00e9e glaciaire - glacier de la Girose ( Oisans \u00c9crins - France)<span class=\"toggle_icon\"><span class=\"vert_icon\"><\/span><span class=\"hor_icon\"><\/span><\/span><\/p><div id='toggle-id-53' class='toggle_wrap  '  ><div class='toggle_content invers-color av-inherit-border-color'  itemprop=\"text\" ><p><strong>Randonn\u00e9e glaciaire &#8211; glacier de la Girose ( Oisans \u00c9crins &#8211; France)<\/strong><br \/>\nAltitude: 3568m<br \/>\nDur\u00e9e: 4 H.<br \/>\nType de parcours : glacier<br \/>\nNiveau requis: Niv. 1 (facile)<\/p>\n<p><img loading=\"lazy\" class=\"alignnone size-full wp-image-1017\" src=\"https:\/\/www.haute-montagne.net\/wp-content\/uploads\/2019\/12\/20190821_110005.jpg\" alt=\"\" width=\"1024\" height=\"576\" srcset=\"https:\/\/www.haute-montagne.net\/wp-content\/uploads\/2019\/12\/20190821_110005.jpg 1024w, https:\/\/www.haute-montagne.net\/wp-content\/uploads\/2019\/12\/20190821_110005-300x169.jpg 300w, https:\/\/www.haute-montagne.net\/wp-content\/uploads\/2019\/12\/20190821_110005-768x432.jpg 768w, https:\/\/www.haute-montagne.net\/wp-content\/uploads\/2019\/12\/20190821_110005-705x397.jpg 705w, https:\/\/www.haute-montagne.net\/wp-content\/uploads\/2019\/12\/20190821_110005-450x253.jpg 450w\" sizes=\"(max-width: 1024px) 100vw, 1024px\" \/> <img loading=\"lazy\" class=\"alignnone size-full wp-image-1015\" src=\"https:\/\/www.haute-montagne.net\/wp-content\/uploads\/2019\/12\/20190821_104203.jpg\" alt=\"\" width=\"1024\" height=\"576\" srcset=\"https:\/\/www.haute-montagne.net\/wp-content\/uploads\/2019\/12\/20190821_104203.jpg 1024w, https:\/\/www.haute-montagne.net\/wp-content\/uploads\/2019\/12\/20190821_104203-300x169.jpg 300w, https:\/\/www.haute-montagne.net\/wp-content\/uploads\/2019\/12\/20190821_104203-768x432.jpg 768w, https:\/\/www.haute-montagne.net\/wp-content\/uploads\/2019\/12\/20190821_104203-705x397.jpg 705w, https:\/\/www.haute-montagne.net\/wp-content\/uploads\/2019\/12\/20190821_104203-450x253.jpg 450w\" sizes=\"(max-width: 1024px) 100vw, 1024px\" \/> <img loading=\"lazy\" class=\"alignnone size-full wp-image-1019\" src=\"https:\/\/www.haute-montagne.net\/wp-content\/uploads\/2019\/12\/20190821_113723.jpg\" alt=\"\" width=\"1024\" height=\"576\" srcset=\"https:\/\/www.haute-montagne.net\/wp-content\/uploads\/2019\/12\/20190821_113723.jpg 1024w, https:\/\/www.haute-montagne.net\/wp-content\/uploads\/2019\/12\/20190821_113723-300x169.jpg 300w, https:\/\/www.haute-montagne.net\/wp-content\/uploads\/2019\/12\/20190821_113723-768x432.jpg 768w, https:\/\/www.haute-montagne.net\/wp-content\/uploads\/2019\/12\/20190821_113723-705x397.jpg 705w, https:\/\/www.haute-montagne.net\/wp-content\/uploads\/2019\/12\/20190821_113723-450x253.jpg 450w\" sizes=\"(max-width: 1024px) 100vw, 1024px\" \/> <img loading=\"lazy\" class=\"alignnone size-featured_large wp-image-1055\" src=\"https:\/\/www.haute-montagne.net\/wp-content\/uploads\/2019\/12\/P7250111-1024x630.jpg\" alt=\"\" width=\"1024\" height=\"630\" \/><\/p>\n<p>Tarif: Nous contacter<\/p>\n<p>pour un groupe (1 \u00e0 4 pers.)<br \/>\nPoint de d\u00e9part : T\u00e9l\u00e9cabine de la Grave<br \/>\nD\u00e9nivellation : Au choix suivant la volont\u00e9 du randonneur<br \/>\nLa dur\u00e9e de l\u2019ascension peut varier de 2 \u00e0 6 heures<br \/>\nLa course pour d\u00e9buter une randonn\u00e9e glaciaire de fa\u00e7on la plus simple.<br \/>\nId\u00e9al pour d\u00e9butant<\/p>\n<\/div><\/div><\/div><\/section>\n<section class='av_toggle_section av-wbv2-f8eac69ee4c940a6ba84f6fa7c33144c'  itemscope=\"itemscope\" itemtype=\"https:\/\/schema.org\/CreativeWork\" ><div role=\"tablist\" class=\"single_toggle\" data-tags=\"{All} {OISANS \u00c9CRINS} \"  ><p data-fake-id='#toggle-id-54' class='toggler   av-inherit-border-color'  itemprop=\"headline\"  role='tab' tabindex='0' aria-controls='toggle-id-54'>R\u00e2teau Ouest de la Meije ( Oisans \u00c9crins - France)<span class=\"toggle_icon\"><span class=\"vert_icon\"><\/span><span class=\"hor_icon\"><\/span><\/span><\/p><div id='toggle-id-54' class='toggle_wrap  '  ><div class='toggle_content invers-color av-inherit-border-color'  itemprop=\"text\" ><p><strong>R\u00e2teau Ouest de la Meije ( Oisans \u00c9crins &#8211; France)<\/strong><br \/>\nAltitude: 3769m<br \/>\nDur\u00e9e: 5 H.<br \/>\nType de parcours : glacier rocher<br \/>\nNiveau requis: Niv. 3 (Assez Difficile)<\/p>\n<p><img loading=\"lazy\" class=\"alignnone size-featured_large wp-image-1665\" src=\"https:\/\/www.haute-montagne.net\/wp-content\/uploads\/2019\/12\/0000000047-1024x630.jpg\" alt=\"\" width=\"1024\" height=\"630\" \/> <img loading=\"lazy\" class=\"alignnone size-featured_large wp-image-1669\" src=\"https:\/\/www.haute-montagne.net\/wp-content\/uploads\/2019\/12\/0000000072-768x630.jpg\" alt=\"\" width=\"768\" height=\"630\" \/> <img loading=\"lazy\" class=\"alignnone size-featured_large wp-image-1667\" src=\"https:\/\/www.haute-montagne.net\/wp-content\/uploads\/2019\/12\/0000000064-1024x630.jpg\" alt=\"\" width=\"1024\" height=\"630\" \/><\/p>\n<p><img loading=\"lazy\" class=\"alignnone size-featured_large wp-image-1169\" src=\"https:\/\/www.haute-montagne.net\/wp-content\/uploads\/2019\/12\/13-d\u00e9courverte-haute-montagne--1024x630.jpg\" alt=\"\" width=\"1024\" height=\"630\" \/><\/p>\n<p>Tarif: Nous contacter<\/p>\n<p>pour un groupe (1 \u00e0 3 pers.)<br \/>\nCourse neige et rocher<br \/>\nPoint de d\u00e9part : T\u00e9l\u00e9cabine de la Grave<br \/>\nD\u00e9nivellation : 600 m<br \/>\nBelle course en montagne, vari\u00e9e, permettant de progresser dans la difficult\u00e9.<br \/>\nUne marche d\u2019approche r\u00e9duite. Permet de passer de la randonn\u00e9e glaciaire \u00e0 une course un peu plus difficile et vari\u00e9e.<\/p>\n<\/div><\/div><\/div><\/section>\n<section class='av_toggle_section av-ywdni-6ccd0e17ac5d303b70b514756302bc81'  itemscope=\"itemscope\" itemtype=\"https:\/\/schema.org\/CreativeWork\" ><div role=\"tablist\" class=\"single_toggle\" data-tags=\"{All} {OISANS \u00c9CRINS} \"  ><p data-fake-id='#toggle-id-55' class='toggler   av-inherit-border-color'  itemprop=\"headline\"  role='tab' tabindex='0' aria-controls='toggle-id-55'>Pic Coolidge ( Oisans \u00c9crins - France)<span class=\"toggle_icon\"><span class=\"vert_icon\"><\/span><span class=\"hor_icon\"><\/span><\/span><\/p><div id='toggle-id-55' class='toggle_wrap  '  ><div class='toggle_content invers-color av-inherit-border-color'  itemprop=\"text\" ><p><strong>Pic Coolidge ( Oisans \u00c9crins &#8211; France)<\/strong><br \/>\nAltitude: 3775m<br \/>\nDur\u00e9e: 6 H.<br \/>\nType de parcours : glacier<br \/>\nNiveau requis: Niv. 1 (facile) Niv. 1 (facile)<\/p>\n<p>Tarif: Nous contacter<\/p>\n<p>pour un groupe (1 \u00e0 3 pers.)<br \/>\nCourse de neige Point de d\u00e9part : Refuge temple-Ecrins<br \/>\nD\u00e9nivellation : 1300 m<br \/>\nLongue course de neige facile avec quelques passages rocheux.<br \/>\nUne course facile en Oisans mais longue.<\/p>\n<\/div><\/div><\/div><\/section>\n<section class='av_toggle_section av-ye9na-c2d030356bdffc1d7b47830eaaa41615'  itemscope=\"itemscope\" itemtype=\"https:\/\/schema.org\/CreativeWork\" ><div role=\"tablist\" class=\"single_toggle\" data-tags=\"{All} {OISANS \u00c9CRINS} \"  ><p data-fake-id='#toggle-id-56' class='toggler   av-inherit-border-color'  itemprop=\"headline\"  role='tab' tabindex='0' aria-controls='toggle-id-56'>Pic de la Grave ( Oisans \u00c9crins - France)<span class=\"toggle_icon\"><span class=\"vert_icon\"><\/span><span class=\"hor_icon\"><\/span><\/span><\/p><div id='toggle-id-56' class='toggle_wrap  '  ><div class='toggle_content invers-color av-inherit-border-color'  itemprop=\"text\" ><p><strong>Pic de la Grave ( Oisans \u00c9crins &#8211; France)<\/strong><br \/>\nAltitude: 3667m<br \/>\nDur\u00e9e: 4 H.<br \/>\nType de parcours : glacier<br \/>\nNiveau requis: Niv. 3 (Difficile) Niv. 3 (Difficile)<\/p>\n<p>Tarif: Nous contacter<\/p>\n<p>pour un groupe (1 \u00e0 3 pers.)<br \/>\nCourse neige et glace<br \/>\nPoint de d\u00e9part : T\u00e9l\u00e9cabine de la Grave<br \/>\nD\u00e9nivellation : 500m<br \/>\nPente de neige ou de glace suivant la saison qui se termine par une courte ar\u00eate de rocher.<br \/>\nUne courte initiation \u00e0 la pente de glace qui se redresse. 45\u00b0 sur 3 petites longueurs.<\/p>\n<\/div><\/div><\/div><\/section>\n<section class='av_toggle_section av-948n2-c6fb1254b61e877d2bdecfb9603c28b3'  itemscope=\"itemscope\" itemtype=\"https:\/\/schema.org\/CreativeWork\" ><div role=\"tablist\" class=\"single_toggle\" data-tags=\"{All} {OISANS \u00c9CRINS} \"  ><p data-fake-id='#toggle-id-57' class='toggler   av-inherit-border-color'  itemprop=\"headline\"  role='tab' tabindex='0' aria-controls='toggle-id-57'>Meije- Travers\u00e9e des ar\u00eates ( Oisans \u00c9crins - France)<span class=\"toggle_icon\"><span class=\"vert_icon\"><\/span><span class=\"hor_icon\"><\/span><\/span><\/p><div id='toggle-id-57' class='toggle_wrap  '  ><div class='toggle_content invers-color av-inherit-border-color'  itemprop=\"text\" ><p><strong>Meije- Travers\u00e9e des ar\u00eates ( Oisans \u00c9crins &#8211; France)<\/strong><br \/>\nAltitude: 3982m<br \/>\nDur\u00e9e: 9 H.<br \/>\nType de parcours : glacier rocher<br \/>\nNiveau requis: Niv. 3 (Difficile)\u00a0<img loading=\"lazy\" class=\"alignnone size-featured_large wp-image-1245\" src=\"https:\/\/www.haute-montagne.net\/wp-content\/uploads\/2019\/12\/P7200487-1024x630.jpg\" alt=\"\" width=\"1024\" height=\"630\" \/> <img loading=\"lazy\" class=\"alignnone size-featured_large wp-image-1247\" src=\"https:\/\/www.haute-montagne.net\/wp-content\/uploads\/2019\/12\/P7200500-1024x630.jpg\" alt=\"\" width=\"1024\" height=\"630\" \/> <img loading=\"lazy\" class=\"alignnone size-featured_large wp-image-1249\" src=\"https:\/\/www.haute-montagne.net\/wp-content\/uploads\/2019\/12\/P7200501-768x630.jpg\" alt=\"\" width=\"768\" height=\"630\" \/> <img loading=\"lazy\" class=\"alignnone size-featured_large wp-image-1251\" src=\"https:\/\/www.haute-montagne.net\/wp-content\/uploads\/2019\/12\/P7200504-768x630.jpg\" alt=\"\" width=\"768\" height=\"630\" \/> <img loading=\"lazy\" class=\"alignnone size-featured_large wp-image-1253\" src=\"https:\/\/www.haute-montagne.net\/wp-content\/uploads\/2019\/12\/P7200506-1024x630.jpg\" alt=\"\" width=\"1024\" height=\"630\" \/> <img loading=\"lazy\" class=\"alignnone size-featured_large wp-image-1255\" src=\"https:\/\/www.haute-montagne.net\/wp-content\/uploads\/2019\/12\/P7200512-768x630.jpg\" alt=\"\" width=\"768\" height=\"630\" \/><\/p>\n<p><img loading=\"lazy\" class=\"alignnone wp-image-860\" src=\"https:\/\/www.haute-montagne.net\/wp-content\/uploads\/2019\/11\/2003-07-10-TRAVERSEE-DE-LA-MEIJE-DIDIER-2-300x225.jpg\" alt=\"\" width=\"541\" height=\"406\" srcset=\"https:\/\/www.haute-montagne.net\/wp-content\/uploads\/2019\/11\/2003-07-10-TRAVERSEE-DE-LA-MEIJE-DIDIER-2-300x225.jpg 300w, https:\/\/www.haute-montagne.net\/wp-content\/uploads\/2019\/11\/2003-07-10-TRAVERSEE-DE-LA-MEIJE-DIDIER-2-768x576.jpg 768w, https:\/\/www.haute-montagne.net\/wp-content\/uploads\/2019\/11\/2003-07-10-TRAVERSEE-DE-LA-MEIJE-DIDIER-2-705x529.jpg 705w, https:\/\/www.haute-montagne.net\/wp-content\/uploads\/2019\/11\/2003-07-10-TRAVERSEE-DE-LA-MEIJE-DIDIER-2-450x338.jpg 450w, https:\/\/www.haute-montagne.net\/wp-content\/uploads\/2019\/11\/2003-07-10-TRAVERSEE-DE-LA-MEIJE-DIDIER-2.jpg 1024w\" sizes=\"(max-width: 541px) 100vw, 541px\" \/><\/p>\n<p>Tarif: Nous contacter<\/p>\n<p>pour un groupe (1\u00a0 pers.)<br \/>\nCourse rocher et neige<br \/>\nPoint de d\u00e9part : Refuge du Promontoire<br \/>\nD\u00e9nivellation : 900 m<br \/>\nCourse d\u2019ar\u00eate rocheuse longue et vari\u00e9e jusqu\u2019au Grand Pic et mixte pour les ar\u00eates.<br \/>\nCourse longue n\u00e9cessitant une bonne acclimatation et une excellente condition physique.<\/p>\n<\/div><\/div><\/div><\/section>\n<section class='av_toggle_section av-8vorq-4cc0b9610883be98d5987b2257c2d67d'  itemscope=\"itemscope\" itemtype=\"https:\/\/schema.org\/CreativeWork\" ><div role=\"tablist\" class=\"single_toggle\" data-tags=\"{All} {CHAMONIX} \"  ><p data-fake-id='#toggle-id-58' class='toggler   av-inherit-border-color'  itemprop=\"headline\"  role='tab' tabindex='0' aria-controls='toggle-id-58'>Mont blanc - par les 3 Mont-Blanc ( Chamonix - France)<span class=\"toggle_icon\"><span class=\"vert_icon\"><\/span><span class=\"hor_icon\"><\/span><\/span><\/p><div id='toggle-id-58' class='toggle_wrap  '  ><div class='toggle_content invers-color av-inherit-border-color'  itemprop=\"text\" ><p><strong>Mont blanc &#8211; par les 3 Mont-Blanc ( Chamonix &#8211; France)<\/strong><br \/>\nAltitude: 4810m<br \/>\nDur\u00e9e: 8 H.<br \/>\nType de parcours : Neige<br \/>\nNiveau requis: Niv. 3\u00a0 Assez Difficile<\/p>\n<p><img loading=\"lazy\" class=\"alignnone size-featured_large wp-image-894\" src=\"https:\/\/www.haute-montagne.net\/wp-content\/uploads\/2019\/11\/DSCF1260-1024x630.jpg\" alt=\"\" width=\"1024\" height=\"630\" \/><\/p>\n<p><img loading=\"lazy\" class=\"alignnone wp-image-652\" src=\"https:\/\/www.haute-montagne.net\/wp-content\/uploads\/2019\/11\/P9080081-300x169.jpg\" alt=\"\" width=\"512\" height=\"288\" srcset=\"https:\/\/www.haute-montagne.net\/wp-content\/uploads\/2019\/11\/P9080081-300x169.jpg 300w, https:\/\/www.haute-montagne.net\/wp-content\/uploads\/2019\/11\/P9080081-768x432.jpg 768w, https:\/\/www.haute-montagne.net\/wp-content\/uploads\/2019\/11\/P9080081-705x397.jpg 705w, https:\/\/www.haute-montagne.net\/wp-content\/uploads\/2019\/11\/P9080081-450x253.jpg 450w, https:\/\/www.haute-montagne.net\/wp-content\/uploads\/2019\/11\/P9080081.jpg 1024w\" sizes=\"(max-width: 512px) 100vw, 512px\" \/><\/p>\n<p>Tarif: Nous contacter<\/p>\n<p>pour un groupe (1 \u00e0 3 pers.)<br \/>\nPoint de d\u00e9part : Refuge des Cosmiques<br \/>\nD\u00e9nivellation : 1300 m<br \/>\nL\u2019ascension du toit de l\u2019Europe par les 3 Mont-Blanc est une ascension s\u00e9rieuse n\u00e9cessitant un entra\u00eenement minimum sinon l\u2019aventure risque de se terminer avant le sommet. Pente de neige relativement raide et crevass\u00e9e suivant la saison demandant de savoir cramponner. Passant par le sommet du Mont-Blanc du Tacul , puis du Mont Maudit et enfin le Mont-Blanc.<br \/>\nFaire au pr\u00e9alable plusieurs courses en montagne.<\/p>\n<\/div><\/div><\/div><\/section>\n<section class='av_toggle_section av-nlti-5767d1fdbb1521fea5e68e679113c983'  itemscope=\"itemscope\" itemtype=\"https:\/\/schema.org\/CreativeWork\" ><div role=\"tablist\" class=\"single_toggle\" data-tags=\"{All} {CHAMONIX} \"  ><p data-fake-id='#toggle-id-59' class='toggler   av-inherit-border-color'  itemprop=\"headline\"  role='tab' tabindex='0' aria-controls='toggle-id-59'>Mont Blanc par le Go\u00fbter ( Chamonix - France)<span class=\"toggle_icon\"><span class=\"vert_icon\"><\/span><span class=\"hor_icon\"><\/span><\/span><\/p><div id='toggle-id-59' class='toggle_wrap  '  ><div class='toggle_content invers-color av-inherit-border-color'  itemprop=\"text\" ><p><strong>Mont Blanc par le Go\u00fbter ( Chamonix &#8211; France)<\/strong><br \/>\nAltitude: 4810m<br \/>\nDur\u00e9e: 72 H.<br \/>\nType de parcours : glacier<br \/>\nNiveau requis: Niv. 3 (Difficile) Niv. 3 (Difficile)<\/p>\n<p><img loading=\"lazy\" class=\"alignnone wp-image-656\" src=\"https:\/\/www.haute-montagne.net\/wp-content\/uploads\/2019\/11\/P9080087-1-300x80.jpg\" alt=\"\" width=\"653\" height=\"174\" srcset=\"https:\/\/www.haute-montagne.net\/wp-content\/uploads\/2019\/11\/P9080087-1-300x80.jpg 300w, https:\/\/www.haute-montagne.net\/wp-content\/uploads\/2019\/11\/P9080087-1-768x204.jpg 768w, https:\/\/www.haute-montagne.net\/wp-content\/uploads\/2019\/11\/P9080087-1-705x187.jpg 705w, https:\/\/www.haute-montagne.net\/wp-content\/uploads\/2019\/11\/P9080087-1-450x120.jpg 450w, https:\/\/www.haute-montagne.net\/wp-content\/uploads\/2019\/11\/P9080087-1.jpg 1024w\" sizes=\"(max-width: 653px) 100vw, 653px\" \/><\/p>\n<p><img loading=\"lazy\" class=\"alignnone wp-image-658\" src=\"https:\/\/www.haute-montagne.net\/wp-content\/uploads\/2019\/11\/P9080064-169x300.jpg\" alt=\"\" width=\"263\" height=\"467\" srcset=\"https:\/\/www.haute-montagne.net\/wp-content\/uploads\/2019\/11\/P9080064-169x300.jpg 169w, https:\/\/www.haute-montagne.net\/wp-content\/uploads\/2019\/11\/P9080064-397x705.jpg 397w, https:\/\/www.haute-montagne.net\/wp-content\/uploads\/2019\/11\/P9080064-450x800.jpg 450w, https:\/\/www.haute-montagne.net\/wp-content\/uploads\/2019\/11\/P9080064.jpg 576w\" sizes=\"(max-width: 263px) 100vw, 263px\" \/><\/p>\n<p>Tarif: Nous contacter<\/p>\n<p>pour un groupe (1 \u00e0 3 pers.)<br \/>\nPoint de d\u00e9part : Refuge du Go\u00fbter<br \/>\nD\u00e9nivellation :<br \/>\nAttention : Peu difficile mais la dur\u00e9e rend l\u2019ascension plus dure techniquement<br \/>\nL\u2019ascension dure 6H00 les premiers jours et 5H00 le second \u00e0 4000 m + la descente.<br \/>\nL\u2019ascension du toit de l\u2019Europe par le Go\u00fbter est une ascension s\u00e9rieuse n\u00e9cessitant un entra\u00eenement minimum sinon l\u2019aventure risque de se terminer avant le sommet.<br \/>\nFaire au pr\u00e9alable une course en montagne.<\/p>\n<\/div><\/div><\/div><\/section>\n<section class='av_toggle_section av-a4iyu-d8c4d06880cbede74f977cdcf6bf5fbe'  itemscope=\"itemscope\" itemtype=\"https:\/\/schema.org\/CreativeWork\" ><div role=\"tablist\" class=\"single_toggle\" data-tags=\"{All} {CHAMONIX} \"  ><p data-fake-id='#toggle-id-60' class='toggler   av-inherit-border-color'  itemprop=\"headline\"  role='tab' tabindex='0' aria-controls='toggle-id-60'>Travers\u00e9e Aiguille du Midi \u2013 Helbronner ( Chamonix - France)<span class=\"toggle_icon\"><span class=\"vert_icon\"><\/span><span class=\"hor_icon\"><\/span><\/span><\/p><div id='toggle-id-60' class='toggle_wrap  '  ><div class='toggle_content invers-color av-inherit-border-color'  itemprop=\"text\" ><p><strong>Travers\u00e9e Aiguille du Midi \u2013 Helbronner ( Chamonix &#8211; France)<\/strong><br \/>\nAltitude: 3842m<br \/>\nDur\u00e9e: 4 H.<br \/>\nType de parcours : glacier<br \/>\nNiveau requis: Niv. 2 (Mod\u00e9r\u00e9)<\/p>\n<p><img loading=\"lazy\" class=\"alignnone wp-image-661\" src=\"https:\/\/www.haute-montagne.net\/wp-content\/uploads\/2019\/11\/PA010062-300x169.jpg\" alt=\"\" width=\"463\" height=\"261\" srcset=\"https:\/\/www.haute-montagne.net\/wp-content\/uploads\/2019\/11\/PA010062-300x169.jpg 300w, https:\/\/www.haute-montagne.net\/wp-content\/uploads\/2019\/11\/PA010062-768x432.jpg 768w, https:\/\/www.haute-montagne.net\/wp-content\/uploads\/2019\/11\/PA010062-705x397.jpg 705w, https:\/\/www.haute-montagne.net\/wp-content\/uploads\/2019\/11\/PA010062-450x253.jpg 450w, https:\/\/www.haute-montagne.net\/wp-content\/uploads\/2019\/11\/PA010062.jpg 1024w\" sizes=\"(max-width: 463px) 100vw, 463px\" \/><img loading=\"lazy\" class=\"alignnone wp-image-663\" src=\"https:\/\/www.haute-montagne.net\/wp-content\/uploads\/2019\/11\/PA010063-300x169.jpg\" alt=\"\" width=\"462\" height=\"260\" srcset=\"https:\/\/www.haute-montagne.net\/wp-content\/uploads\/2019\/11\/PA010063-300x169.jpg 300w, https:\/\/www.haute-montagne.net\/wp-content\/uploads\/2019\/11\/PA010063-768x432.jpg 768w, https:\/\/www.haute-montagne.net\/wp-content\/uploads\/2019\/11\/PA010063-705x397.jpg 705w, https:\/\/www.haute-montagne.net\/wp-content\/uploads\/2019\/11\/PA010063-450x253.jpg 450w, https:\/\/www.haute-montagne.net\/wp-content\/uploads\/2019\/11\/PA010063.jpg 1024w\" sizes=\"(max-width: 462px) 100vw, 462px\" \/><\/p>\n<p>pour un groupe (1 \u00e0 3 pers.)<br \/>\nPoint de d\u00e9part : Aiguille du Midi D\u00e9nivellation : 200m<br \/>\nCourse facile hormis la descente de l\u2019ar\u00eate qui n\u00e9cessite d\u2019avoir un bon premier de cord\u00e9e.<br \/>\nGrande travers\u00e9e glaciaire sur un plateau descendant dans un premier temps puis suivie d\u2019une petite mont\u00e9e de 200m.<br \/>\nUn des plus beaux panoramas sur les sommets de Chamonix.<\/p>\n<\/div><\/div><\/div><\/section>\n<section class='av_toggle_section av-33e6-f0fc7c5486e5513b732d03497aed82f7'  itemscope=\"itemscope\" itemtype=\"https:\/\/schema.org\/CreativeWork\" ><div role=\"tablist\" class=\"single_toggle\" data-tags=\"{All} {CHAMONIX} \"  ><p data-fake-id='#toggle-id-61' class='toggler   av-inherit-border-color'  itemprop=\"headline\"  role='tab' tabindex='0' aria-controls='toggle-id-61'>Travers\u00e9e Aiguille du Midi-Plan ( Chamonix - France)<span class=\"toggle_icon\"><span class=\"vert_icon\"><\/span><span class=\"hor_icon\"><\/span><\/span><\/p><div id='toggle-id-61' class='toggle_wrap  '  ><div class='toggle_content invers-color av-inherit-border-color'  itemprop=\"text\" ><p><strong>Travers\u00e9e Aiguille du Midi-Plan ( Chamonix &#8211; France)<\/strong><br \/>\nAltitude: 3673m<br \/>\nDur\u00e9e: 4 H.<br \/>\nType de parcours : rocher<br \/>\nNiveau requis: Niv. 3 (Difficile) Niv. 3 (Difficile)<\/p>\n<p><img loading=\"lazy\" class=\"alignnone wp-image-673\" src=\"https:\/\/www.haute-montagne.net\/wp-content\/uploads\/2019\/11\/P8030253-225x300.jpg\" alt=\"\" width=\"251\" height=\"335\" srcset=\"https:\/\/www.haute-montagne.net\/wp-content\/uploads\/2019\/11\/P8030253-225x300.jpg 225w, https:\/\/www.haute-montagne.net\/wp-content\/uploads\/2019\/11\/P8030253.jpg 768w, https:\/\/www.haute-montagne.net\/wp-content\/uploads\/2019\/11\/P8030253-529x705.jpg 529w, https:\/\/www.haute-montagne.net\/wp-content\/uploads\/2019\/11\/P8030253-450x600.jpg 450w\" sizes=\"(max-width: 251px) 100vw, 251px\" \/><img loading=\"lazy\" class=\"alignnone wp-image-675\" src=\"https:\/\/www.haute-montagne.net\/wp-content\/uploads\/2019\/11\/P8030257-300x225.jpg\" alt=\"\" width=\"444\" height=\"333\" srcset=\"https:\/\/www.haute-montagne.net\/wp-content\/uploads\/2019\/11\/P8030257-300x225.jpg 300w, https:\/\/www.haute-montagne.net\/wp-content\/uploads\/2019\/11\/P8030257-768x576.jpg 768w, https:\/\/www.haute-montagne.net\/wp-content\/uploads\/2019\/11\/P8030257-705x529.jpg 705w, https:\/\/www.haute-montagne.net\/wp-content\/uploads\/2019\/11\/P8030257-450x338.jpg 450w, https:\/\/www.haute-montagne.net\/wp-content\/uploads\/2019\/11\/P8030257.jpg 1024w\" sizes=\"(max-width: 444px) 100vw, 444px\" \/><\/p>\n<p>Tarif: Nous contacter<\/p>\n<p>pour un groupe (1 \u00e0 3 pers.)<\/p>\n<p>Course mixte Neige et Rocher Point de d\u00e9part : Aiguille du Midi<br \/>\nD\u00e9nivellation : Course \u00e0 l\u2019horizontale.<br \/>\nCourse mixte tr\u00e8s a\u00e9rienne avec une vue plongeante sur Chamonix.<br \/>\nUne ou deux portions de l\u2019ar\u00eate sont vertigineuses.<\/p>\n<\/div><\/div><\/div><\/section>\n<section class='av_toggle_section av-8i6nq-2fdf1328cbdc2db1834ec94a4a3961a1'  itemscope=\"itemscope\" itemtype=\"https:\/\/schema.org\/CreativeWork\" ><div role=\"tablist\" class=\"single_toggle\" data-tags=\"{All} {CHAMONIX} \"  ><p data-fake-id='#toggle-id-62' class='toggler   av-inherit-border-color'  itemprop=\"headline\"  role='tab' tabindex='0' aria-controls='toggle-id-62'>Aiguille du Chardonnet - Ar\u00eate Forbes ( Chamonix - France)<span class=\"toggle_icon\"><span class=\"vert_icon\"><\/span><span class=\"hor_icon\"><\/span><\/span><\/p><div id='toggle-id-62' class='toggle_wrap  '  ><div class='toggle_content invers-color av-inherit-border-color'  itemprop=\"text\" ><p><strong>Aiguille du Chardonnet &#8211; Ar\u00eate Forbes ( Chamonix &#8211; France)<\/strong><br \/>\nAltitude: 3824m<br \/>\nDur\u00e9e: 6 H.<br \/>\nType de parcours : glacier rocher<br \/>\nNiveau requis: Niv. 3 (Difficile)<\/p>\n<p><img loading=\"lazy\" class=\"alignnone size-featured_large wp-image-1895\" src=\"https:\/\/www.haute-montagne.net\/wp-content\/uploads\/2019\/12\/Chardonnet-Fenetre-S-084-1024x630.jpg\" alt=\"\" width=\"1024\" height=\"630\" \/> <img loading=\"lazy\" class=\"alignnone size-featured_large wp-image-1891\" src=\"https:\/\/www.haute-montagne.net\/wp-content\/uploads\/2019\/12\/Chardonnet-Fenetre-S-075-1024x630.jpg\" alt=\"\" width=\"1024\" height=\"630\" \/><\/p>\n<p>Tarif: Nous contacter<\/p>\n<p>pour un groupe (1 \u00e0 2 pers.)<br \/>\nCourse mixte<br \/>\nPoint de d\u00e9part : Refuge Albert 1er<br \/>\nD\u00e9nivellation : 1100 m<br \/>\nCourse compl\u00e8te essentiellement glaciaire avec couloir \u00e0 45\u00b0, du terrain mixte avec crampons et du rappel.<br \/>\nLorsque cette course est faite dans de bonnes conditions, son ascension devient un enchantement.<\/p>\n<\/div><\/div><\/div><\/section>\n<section class='av_toggle_section av-6xcd2-52f45eb9072e9ebcb1892c2eab00530f'  itemscope=\"itemscope\" itemtype=\"https:\/\/schema.org\/CreativeWork\" ><div role=\"tablist\" class=\"single_toggle\" data-tags=\"{All} {CHAMONIX} \"  ><p data-fake-id='#toggle-id-63' class='toggler   av-inherit-border-color'  itemprop=\"headline\"  role='tab' tabindex='0' aria-controls='toggle-id-63'>Pointe Lachenal ( Chamonix - France)<span class=\"toggle_icon\"><span class=\"vert_icon\"><\/span><span class=\"hor_icon\"><\/span><\/span><\/p><div id='toggle-id-63' class='toggle_wrap  '  ><div class='toggle_content invers-color av-inherit-border-color'  itemprop=\"text\" ><p><strong>Pointe Lachenal ( Chamonix &#8211; France)<\/strong><br \/>\nAltitude: 3613m<br \/>\nDur\u00e9e: 4 H.<br \/>\nType de parcours : glacier rocher<br \/>\nNiveau requis: Niv. 2<\/p>\n<p><img loading=\"lazy\" class=\"alignnone size-featured_large wp-image-971\" src=\"https:\/\/www.haute-montagne.net\/wp-content\/uploads\/2019\/11\/P7310169-1024x630.jpg\" alt=\"\" width=\"1024\" height=\"630\" \/> <img loading=\"lazy\" class=\"alignnone size-featured_large wp-image-969\" src=\"https:\/\/www.haute-montagne.net\/wp-content\/uploads\/2019\/11\/P7310144-768x630.jpg\" alt=\"\" width=\"768\" height=\"630\" \/> <img loading=\"lazy\" class=\"alignnone size-featured_large wp-image-967\" src=\"https:\/\/www.haute-montagne.net\/wp-content\/uploads\/2019\/11\/P7310138-768x630.jpg\" alt=\"\" width=\"768\" height=\"630\" \/> <img loading=\"lazy\" class=\"alignnone size-featured_large wp-image-965\" src=\"https:\/\/www.haute-montagne.net\/wp-content\/uploads\/2019\/11\/P7310125-1024x630.jpg\" alt=\"\" width=\"1024\" height=\"630\" \/><\/p>\n<p>Tarif: Nous contacter<\/p>\n<p>pour un groupe (1 \u00e0 2 pers.)<br \/>\nPoint de d\u00e9part : Aiguille du Midi<br \/>\nD\u00e9nivellation : 100 m<br \/>\nCourse mixte tr\u00e8s courte permettant de faire facilement une course d\u2019altitude. Pas d\u2019approche car on y vient de la t\u00e9l\u00e9cabine de l\u2019Aiguille du Midi.<br \/>\nA faire en deuxi\u00e8me course.<\/p>\n<\/div><\/div><\/div><\/section>\n<section class='av_toggle_section av-45cc2-d87041377635ef0a14ae95e298dc0826'  itemscope=\"itemscope\" itemtype=\"https:\/\/schema.org\/CreativeWork\" ><div role=\"tablist\" class=\"single_toggle\" data-tags=\"{All} {CHAMONIX} \"  ><p data-fake-id='#toggle-id-64' class='toggler   av-inherit-border-color'  itemprop=\"headline\"  role='tab' tabindex='0' aria-controls='toggle-id-64'>D\u00f4me de Miage \u2013 Travers\u00e9e ( Chamonix - France)<span class=\"toggle_icon\"><span class=\"vert_icon\"><\/span><span class=\"hor_icon\"><\/span><\/span><\/p><div id='toggle-id-64' class='toggle_wrap  '  ><div class='toggle_content invers-color av-inherit-border-color'  itemprop=\"text\" ><p><strong>D\u00f4me de Miage \u2013 Travers\u00e9e ( Chamonix &#8211; France)<\/strong><br \/>\nAltitude: 3673m<br \/>\nDur\u00e9e: 6 H.<br \/>\nType de parcours : glacier<br \/>\nNiveau requis: Niv. 3 (Difficile) Niv. 3 (Difficile)<\/p>\n<p>Tarif: Nous contacter<\/p>\n<p>pour un groupe (1 \u00e0 3 pers.)<br \/>\nCourse de neige Point de d\u00e9part : Refuge des Conscrits<br \/>\nD\u00e9nivellation : 1100 m<br \/>\nAr\u00eate de neige a\u00e9rienne parfois cornich\u00e9e avec une descente raide \u00e0 45\u00b0.<br \/>\nAssez longue course.<\/p>\n<\/div><\/div><\/div><\/section>\n<section class='av_toggle_section av-77toe-3bfaf8e89523b6ee6df93448102f4ad3'  itemscope=\"itemscope\" itemtype=\"https:\/\/schema.org\/CreativeWork\" ><div role=\"tablist\" class=\"single_toggle\" data-tags=\"{All} {CHAMONIX} \"  ><p data-fake-id='#toggle-id-65' class='toggler   av-inherit-border-color'  itemprop=\"headline\"  role='tab' tabindex='0' aria-controls='toggle-id-65'>Aiguille du Tour - Fen\u00eatre de saleina ( Chamonix - France)<span class=\"toggle_icon\"><span class=\"vert_icon\"><\/span><span class=\"hor_icon\"><\/span><\/span><\/p><div id='toggle-id-65' class='toggle_wrap  '  ><div class='toggle_content invers-color av-inherit-border-color'  itemprop=\"text\" ><p><b>Aiguille du Tour &#8211; fen\u00eatre\u00a0de saleina ( Chamonix &#8211; France)<\/b><br \/>\nAltitude: 3542m<br \/>\nDur\u00e9e: 4 H.<br \/>\nType de parcours : glacier rocher<br \/>\nNiveau requis: Niv. 2 ( Facile )<\/p>\n<p><img loading=\"lazy\" class=\"alignnone size-featured_large wp-image-1892\" src=\"https:\/\/www.haute-montagne.net\/wp-content\/uploads\/2019\/12\/Chardonnet-Fenetre-S-083-1024x630.jpg\" alt=\"\" width=\"1024\" height=\"630\" \/> <img loading=\"lazy\" class=\"alignnone size-featured_large wp-image-1902\" src=\"https:\/\/www.haute-montagne.net\/wp-content\/uploads\/2019\/12\/Chardonnet-Fenetre-S-146-768x630.jpg\" alt=\"\" width=\"768\" height=\"630\" \/> <img loading=\"lazy\" class=\"alignnone size-featured_large wp-image-1900\" src=\"https:\/\/www.haute-montagne.net\/wp-content\/uploads\/2019\/12\/Chardonnet-Fenetre-S-136-1024x630.jpg\" alt=\"\" width=\"1024\" height=\"630\" \/> <img loading=\"lazy\" class=\"alignnone size-featured_large wp-image-1904\" src=\"https:\/\/www.haute-montagne.net\/wp-content\/uploads\/2019\/12\/Chardonnet-Fenetre-S-150-1024x630.jpg\" alt=\"\" width=\"1024\" height=\"630\" \/><\/p>\n<p>Tarif: Nous contacter<\/p>\n<p>pour un groupe (1 \u00e0 4 pers.)<br \/>\nCourse neige\u00a0 mixte<br \/>\nPoint de d\u00e9part : refuge Albert 1er ou Trient<br \/>\nD\u00e9nivellation : 800 m<\/p>\n<\/div><\/div><\/div><\/section>\n<section class='av_toggle_section av-9e7fq-396e92b989124c1a3f3d52ebbce2c053'  itemscope=\"itemscope\" itemtype=\"https:\/\/schema.org\/CreativeWork\" ><div role=\"tablist\" class=\"single_toggle\" data-tags=\"{All} {CHAMONIX} \"  ><p data-fake-id='#toggle-id-66' class='toggler   av-inherit-border-color'  itemprop=\"headline\"  role='tab' tabindex='0' aria-controls='toggle-id-66'>Petite Aiguille Verte ( Chamonix - France)<span class=\"toggle_icon\"><span class=\"vert_icon\"><\/span><span class=\"hor_icon\"><\/span><\/span><\/p><div id='toggle-id-66' class='toggle_wrap  '  ><div class='toggle_content invers-color av-inherit-border-color'  itemprop=\"text\" ><p><strong>Petite Aiguille Verte ( Chamonix &#8211; France)<\/strong><br \/>\nAltitude: 3512m<br \/>\nDur\u00e9e: 3 H.<br \/>\nType de parcours : glacier rocher<br \/>\nNiveau requis: Niv. 3 (Difficile)<\/p>\n<p><img loading=\"lazy\" class=\"alignnone size-full wp-image-1415\" src=\"https:\/\/www.haute-montagne.net\/wp-content\/uploads\/2019\/12\/P9060008.jpg\" alt=\"\" width=\"1024\" height=\"576\" srcset=\"https:\/\/www.haute-montagne.net\/wp-content\/uploads\/2019\/12\/P9060008.jpg 1024w, https:\/\/www.haute-montagne.net\/wp-content\/uploads\/2019\/12\/P9060008-300x169.jpg 300w, https:\/\/www.haute-montagne.net\/wp-content\/uploads\/2019\/12\/P9060008-768x432.jpg 768w, https:\/\/www.haute-montagne.net\/wp-content\/uploads\/2019\/12\/P9060008-705x397.jpg 705w, https:\/\/www.haute-montagne.net\/wp-content\/uploads\/2019\/12\/P9060008-450x253.jpg 450w\" sizes=\"(max-width: 1024px) 100vw, 1024px\" \/> <img loading=\"lazy\" class=\"alignnone size-full wp-image-1353\" src=\"https:\/\/www.haute-montagne.net\/wp-content\/uploads\/2019\/12\/P7070024.jpg\" alt=\"\" width=\"1024\" height=\"576\" srcset=\"https:\/\/www.haute-montagne.net\/wp-content\/uploads\/2019\/12\/P7070024.jpg 1024w, https:\/\/www.haute-montagne.net\/wp-content\/uploads\/2019\/12\/P7070024-300x169.jpg 300w, https:\/\/www.haute-montagne.net\/wp-content\/uploads\/2019\/12\/P7070024-768x432.jpg 768w, https:\/\/www.haute-montagne.net\/wp-content\/uploads\/2019\/12\/P7070024-705x397.jpg 705w, https:\/\/www.haute-montagne.net\/wp-content\/uploads\/2019\/12\/P7070024-450x253.jpg 450w\" sizes=\"(max-width: 1024px) 100vw, 1024px\" \/> <img loading=\"lazy\" class=\"alignnone size-full wp-image-1351\" src=\"https:\/\/www.haute-montagne.net\/wp-content\/uploads\/2019\/12\/P7060030.jpg\" alt=\"\" width=\"1024\" height=\"576\" srcset=\"https:\/\/www.haute-montagne.net\/wp-content\/uploads\/2019\/12\/P7060030.jpg 1024w, https:\/\/www.haute-montagne.net\/wp-content\/uploads\/2019\/12\/P7060030-300x169.jpg 300w, https:\/\/www.haute-montagne.net\/wp-content\/uploads\/2019\/12\/P7060030-768x432.jpg 768w, https:\/\/www.haute-montagne.net\/wp-content\/uploads\/2019\/12\/P7060030-705x397.jpg 705w, https:\/\/www.haute-montagne.net\/wp-content\/uploads\/2019\/12\/P7060030-450x253.jpg 450w\" sizes=\"(max-width: 1024px) 100vw, 1024px\" \/> <img loading=\"lazy\" class=\"alignnone size-full wp-image-1355\" src=\"https:\/\/www.haute-montagne.net\/wp-content\/uploads\/2019\/12\/P7070037.jpg\" alt=\"\" width=\"1024\" height=\"267\" srcset=\"https:\/\/www.haute-montagne.net\/wp-content\/uploads\/2019\/12\/P7070037.jpg 1024w, https:\/\/www.haute-montagne.net\/wp-content\/uploads\/2019\/12\/P7070037-300x78.jpg 300w, https:\/\/www.haute-montagne.net\/wp-content\/uploads\/2019\/12\/P7070037-768x200.jpg 768w, https:\/\/www.haute-montagne.net\/wp-content\/uploads\/2019\/12\/P7070037-705x184.jpg 705w, https:\/\/www.haute-montagne.net\/wp-content\/uploads\/2019\/12\/P7070037-450x117.jpg 450w\" sizes=\"(max-width: 1024px) 100vw, 1024px\" \/><\/p>\n<p>Tarif: Nous contacter<\/p>\n<p>pour un groupe (1 \u00e0 2 pers.)<br \/>\nCourse mixte avec crampons<br \/>\nPoint de d\u00e9part : T\u00e9l\u00e9cabine des Grands Montets<br \/>\nD\u00e9nivellation : 300m<br \/>\nCourse mixte avec une pente raide pour l\u2019acc\u00e8s \u00e0 l\u2019ar\u00eate et de l\u2019escalade assez facile en 3.<br \/>\nTr\u00e8s courte ar\u00eate avec un condens\u00e9 de tout ce que l\u2019on peut trouver en Haute-Montagne : Rimaye, plaque de glace, terrain rocheux avec crampon.<\/p>\n<\/div><\/div><\/div><\/section>\n<section class='av_toggle_section av-8dc9y-142c05ac006ee94e2b7ab1cafb89e2db'  itemscope=\"itemscope\" itemtype=\"https:\/\/schema.org\/CreativeWork\" ><div role=\"tablist\" class=\"single_toggle\" data-tags=\"{All} {CHAMONIX} \"  ><p data-fake-id='#toggle-id-67' class='toggler   av-inherit-border-color'  itemprop=\"headline\"  role='tab' tabindex='0' aria-controls='toggle-id-67'>Tour Ronde - ar\u00eate sud est ( Chamonix - France)<span class=\"toggle_icon\"><span class=\"vert_icon\"><\/span><span class=\"hor_icon\"><\/span><\/span><\/p><div id='toggle-id-67' class='toggle_wrap  '  ><div class='toggle_content invers-color av-inherit-border-color'  itemprop=\"text\" ><p><strong>Tour Ronde &#8211; ar\u00eate sud est ( Chamonix &#8211; France)<\/strong><br \/>\nAltitude: 3792m<br \/>\nDur\u00e9e: 6 H.<br \/>\nType de parcours : glacier rocher<br \/>\nNiveau requis: Niv. 3 (Difficile) Niv. 3 (Difficile)<\/p>\n<p><img loading=\"lazy\" class=\"alignnone wp-image-699\" src=\"https:\/\/www.haute-montagne.net\/wp-content\/uploads\/2019\/11\/P8050037-300x169.jpg\" alt=\"\" width=\"564\" height=\"318\" srcset=\"https:\/\/www.haute-montagne.net\/wp-content\/uploads\/2019\/11\/P8050037-300x169.jpg 300w, https:\/\/www.haute-montagne.net\/wp-content\/uploads\/2019\/11\/P8050037-768x432.jpg 768w, https:\/\/www.haute-montagne.net\/wp-content\/uploads\/2019\/11\/P8050037-705x397.jpg 705w, https:\/\/www.haute-montagne.net\/wp-content\/uploads\/2019\/11\/P8050037-450x253.jpg 450w, https:\/\/www.haute-montagne.net\/wp-content\/uploads\/2019\/11\/P8050037.jpg 1024w\" sizes=\"(max-width: 564px) 100vw, 564px\" \/><\/p>\n<p><img loading=\"lazy\" class=\"alignnone size-full wp-image-1067\" src=\"https:\/\/www.haute-montagne.net\/wp-content\/uploads\/2019\/12\/P8050032.jpg\" alt=\"\" width=\"1024\" height=\"576\" srcset=\"https:\/\/www.haute-montagne.net\/wp-content\/uploads\/2019\/12\/P8050032.jpg 1024w, https:\/\/www.haute-montagne.net\/wp-content\/uploads\/2019\/12\/P8050032-300x169.jpg 300w, https:\/\/www.haute-montagne.net\/wp-content\/uploads\/2019\/12\/P8050032-768x432.jpg 768w, https:\/\/www.haute-montagne.net\/wp-content\/uploads\/2019\/12\/P8050032-705x397.jpg 705w, https:\/\/www.haute-montagne.net\/wp-content\/uploads\/2019\/12\/P8050032-450x253.jpg 450w\" sizes=\"(max-width: 1024px) 100vw, 1024px\" \/> <img loading=\"lazy\" class=\"alignnone size-featured_large wp-image-1069\" src=\"https:\/\/www.haute-montagne.net\/wp-content\/uploads\/2019\/12\/P8050038-576x630.jpg\" alt=\"\" width=\"576\" height=\"630\" \/> <img loading=\"lazy\" class=\"alignnone size-full wp-image-1071\" src=\"https:\/\/www.haute-montagne.net\/wp-content\/uploads\/2019\/12\/P8050041.jpg\" alt=\"\" width=\"1024\" height=\"576\" srcset=\"https:\/\/www.haute-montagne.net\/wp-content\/uploads\/2019\/12\/P8050041.jpg 1024w, https:\/\/www.haute-montagne.net\/wp-content\/uploads\/2019\/12\/P8050041-300x169.jpg 300w, https:\/\/www.haute-montagne.net\/wp-content\/uploads\/2019\/12\/P8050041-768x432.jpg 768w, https:\/\/www.haute-montagne.net\/wp-content\/uploads\/2019\/12\/P8050041-705x397.jpg 705w, https:\/\/www.haute-montagne.net\/wp-content\/uploads\/2019\/12\/P8050041-450x253.jpg 450w\" sizes=\"(max-width: 1024px) 100vw, 1024px\" \/> <img loading=\"lazy\" class=\"alignnone size-full wp-image-1073\" src=\"https:\/\/www.haute-montagne.net\/wp-content\/uploads\/2019\/12\/P8050052.jpg\" alt=\"\" width=\"1024\" height=\"260\" srcset=\"https:\/\/www.haute-montagne.net\/wp-content\/uploads\/2019\/12\/P8050052.jpg 1024w, https:\/\/www.haute-montagne.net\/wp-content\/uploads\/2019\/12\/P8050052-300x76.jpg 300w, https:\/\/www.haute-montagne.net\/wp-content\/uploads\/2019\/12\/P8050052-768x195.jpg 768w, https:\/\/www.haute-montagne.net\/wp-content\/uploads\/2019\/12\/P8050052-705x179.jpg 705w, https:\/\/www.haute-montagne.net\/wp-content\/uploads\/2019\/12\/P8050052-450x114.jpg 450w\" sizes=\"(max-width: 1024px) 100vw, 1024px\" \/><\/p>\n<p>Tarif: Nous contacter<\/p>\n<p>pour un groupe (1 \u00e0 3 pers.)<br \/>\nPoint de d\u00e9part : Refuge Torino<br \/>\nD\u00e9nivellation : 350 m<br \/>\nCourse mixte assez longue mais rapidement accessible depuis l\u2019Italie.<br \/>\nCourse d\u2019altitude en aller retour pour se mettre en condition physique.<\/p>\n<\/div><\/div><\/div><\/section>\n<section class='av_toggle_section av-p98e-2c719ae9936497865d0ff9d69c7aa76e'  itemscope=\"itemscope\" itemtype=\"https:\/\/schema.org\/CreativeWork\" ><div role=\"tablist\" class=\"single_toggle\" data-tags=\"{All} {CHAMONIX} \"  ><p data-fake-id='#toggle-id-68' class='toggler   av-inherit-border-color'  itemprop=\"headline\"  role='tab' tabindex='0' aria-controls='toggle-id-68'>Tour Ronde - Face Nord ( Chamonix - France)<span class=\"toggle_icon\"><span class=\"vert_icon\"><\/span><span class=\"hor_icon\"><\/span><\/span><\/p><div id='toggle-id-68' class='toggle_wrap  '  ><div class='toggle_content invers-color av-inherit-border-color'  itemprop=\"text\" ><p><strong>Tour Ronde &#8211; Face Nord ( Chamonix &#8211; France)<\/strong><br \/>\nAltitude: 3792m<br \/>\nDur\u00e9e: 4 H.<br \/>\nType de parcours : glacier<br \/>\nNiveau requis: Niv. 3 (Difficile) Niv. 3 (Difficile)<\/p>\n<p><img loading=\"lazy\" class=\"alignnone wp-image-747\" src=\"https:\/\/www.haute-montagne.net\/wp-content\/uploads\/2019\/11\/P9070037-300x169.jpg\" alt=\"\" width=\"605\" height=\"341\" srcset=\"https:\/\/www.haute-montagne.net\/wp-content\/uploads\/2019\/11\/P9070037-300x169.jpg 300w, https:\/\/www.haute-montagne.net\/wp-content\/uploads\/2019\/11\/P9070037-768x432.jpg 768w, https:\/\/www.haute-montagne.net\/wp-content\/uploads\/2019\/11\/P9070037-705x397.jpg 705w, https:\/\/www.haute-montagne.net\/wp-content\/uploads\/2019\/11\/P9070037-450x253.jpg 450w, https:\/\/www.haute-montagne.net\/wp-content\/uploads\/2019\/11\/P9070037.jpg 1024w\" sizes=\"(max-width: 605px) 100vw, 605px\" \/><\/p>\n<p>Tarif: Nous contacter<\/p>\n<p>pour un groupe (1 \u00e0 3 pers.)<br \/>\nPoint de d\u00e9part : Refuge Torino<br \/>\nD\u00e9nivellation : 350 m<br \/>\nCourse glaciaire assez courte mais avec une pente de 50\u00b0 \u00e0 55\u00b0, \u00e0 faire avec 2 piolets traction.<br \/>\nA faire en d\u00e9but de saison avec de la neige sinon la course peut \u00eatre beaucoup plus longue et difficile.<\/p>\n<\/div><\/div><\/div><\/section>\n<section class='av_toggle_section av-9efxa-9f5e0272b759d827ed42cd7b786df81f'  itemscope=\"itemscope\" itemtype=\"https:\/\/schema.org\/CreativeWork\" ><div role=\"tablist\" class=\"single_toggle\" data-tags=\"{All} {CHAMONIX} \"  ><p data-fake-id='#toggle-id-69' class='toggler   av-inherit-border-color'  itemprop=\"headline\"  role='tab' tabindex='0' aria-controls='toggle-id-69'>Travers\u00e9e des Aiguilles d\u2019Entr\u00eaves ( Chamonix - France)<span class=\"toggle_icon\"><span class=\"vert_icon\"><\/span><span class=\"hor_icon\"><\/span><\/span><\/p><div id='toggle-id-69' class='toggle_wrap  '  ><div class='toggle_content invers-color av-inherit-border-color'  itemprop=\"text\" ><p><strong>Travers\u00e9e des Aiguilles d\u2019Entr\u00eaves ( Chamonix &#8211; France)<\/strong><br \/>\nAltitude: 3600m<br \/>\nDur\u00e9e: 4 H.<br \/>\nType de parcours : glacier rocher<br \/>\nNiveau requis: Niv. 3 (Difficile) Niv. 3 (Difficile)<\/p>\n<p><img loading=\"lazy\" class=\"alignnone wp-image-724\" src=\"https:\/\/www.haute-montagne.net\/wp-content\/uploads\/2019\/11\/P8140032-169x300.jpg\" alt=\"\" width=\"311\" height=\"552\" srcset=\"https:\/\/www.haute-montagne.net\/wp-content\/uploads\/2019\/11\/P8140032-169x300.jpg 169w, https:\/\/www.haute-montagne.net\/wp-content\/uploads\/2019\/11\/P8140032-397x705.jpg 397w, https:\/\/www.haute-montagne.net\/wp-content\/uploads\/2019\/11\/P8140032-450x800.jpg 450w, https:\/\/www.haute-montagne.net\/wp-content\/uploads\/2019\/11\/P8140032.jpg 576w\" sizes=\"(max-width: 311px) 100vw, 311px\" \/> <img loading=\"lazy\" class=\"alignnone wp-image-722\" src=\"https:\/\/www.haute-montagne.net\/wp-content\/uploads\/2019\/11\/P1000039-300x225.jpg\" alt=\"\" width=\"730\" height=\"547\" srcset=\"https:\/\/www.haute-montagne.net\/wp-content\/uploads\/2019\/11\/P1000039-300x225.jpg 300w, https:\/\/www.haute-montagne.net\/wp-content\/uploads\/2019\/11\/P1000039-768x576.jpg 768w, https:\/\/www.haute-montagne.net\/wp-content\/uploads\/2019\/11\/P1000039-705x529.jpg 705w, https:\/\/www.haute-montagne.net\/wp-content\/uploads\/2019\/11\/P1000039-450x338.jpg 450w, https:\/\/www.haute-montagne.net\/wp-content\/uploads\/2019\/11\/P1000039.jpg 1024w\" sizes=\"(max-width: 730px) 100vw, 730px\" \/><\/p>\n<p>Tarif: Nous contacter<\/p>\n<p>pour un groupe (1 \u00e0 3 pers.)<br \/>\nCourse neige et Rocher<br \/>\nPoint de d\u00e9part : Refuge Torino ou La Palud<br \/>\nD\u00e9nivellation : 200 m<br \/>\nCourse rocheuse en chaussures de montagne avec un passage en 4.<br \/>\nCourse \u00e0 la journ\u00e9e depuis la t\u00e9l\u00e9cabine Helbronner. Peut se combiner le deuxi\u00e8me jour avec la Travers\u00e9e des Ar\u00eates de Rochefort.<\/p>\n<\/div><\/div><\/div><\/section>\n<section class='av_toggle_section av-9o8jq-3eef865e987397d68fca3539d10f195e'  itemscope=\"itemscope\" itemtype=\"https:\/\/schema.org\/CreativeWork\" ><div role=\"tablist\" class=\"single_toggle\" data-tags=\"{All} {CHAMONIX} \"  ><p data-fake-id='#toggle-id-70' class='toggler   av-inherit-border-color'  itemprop=\"headline\"  role='tab' tabindex='0' aria-controls='toggle-id-70'>Aiguille de Rochefort \u2013 Travers\u00e9e des Ar\u00eates ( Chamonix - France)<span class=\"toggle_icon\"><span class=\"vert_icon\"><\/span><span class=\"hor_icon\"><\/span><\/span><\/p><div id='toggle-id-70' class='toggle_wrap  '  ><div class='toggle_content invers-color av-inherit-border-color'  itemprop=\"text\" ><p><strong>Aiguille de Rochefort \u2013 Travers\u00e9e des Ar\u00eates ( Chamonix &#8211; France)<\/strong><br \/>\nAltitude: 4001m<br \/>\nDur\u00e9e: 5 H.<br \/>\nType de parcours : glacier rocher<br \/>\nNiveau requis: Niv. 3 (Difficile) Niv. 3 (Difficile)<\/p>\n<p><img loading=\"lazy\" class=\"alignnone wp-image-685\" src=\"https:\/\/www.haute-montagne.net\/wp-content\/uploads\/2019\/11\/P8100134-225x300.jpg\" alt=\"\" width=\"326\" height=\"435\" srcset=\"https:\/\/www.haute-montagne.net\/wp-content\/uploads\/2019\/11\/P8100134-225x300.jpg 225w, https:\/\/www.haute-montagne.net\/wp-content\/uploads\/2019\/11\/P8100134.jpg 768w, https:\/\/www.haute-montagne.net\/wp-content\/uploads\/2019\/11\/P8100134-529x705.jpg 529w, https:\/\/www.haute-montagne.net\/wp-content\/uploads\/2019\/11\/P8100134-450x600.jpg 450w\" sizes=\"(max-width: 326px) 100vw, 326px\" \/> <img loading=\"lazy\" class=\"alignnone size-featured_large wp-image-1223\" src=\"https:\/\/www.haute-montagne.net\/wp-content\/uploads\/2019\/12\/P7010265-576x630.jpg\" alt=\"\" width=\"576\" height=\"630\" \/> <img loading=\"lazy\" class=\"alignnone size-full wp-image-1221\" src=\"https:\/\/www.haute-montagne.net\/wp-content\/uploads\/2019\/12\/P7010264.jpg\" alt=\"\" width=\"1024\" height=\"576\" srcset=\"https:\/\/www.haute-montagne.net\/wp-content\/uploads\/2019\/12\/P7010264.jpg 1024w, https:\/\/www.haute-montagne.net\/wp-content\/uploads\/2019\/12\/P7010264-300x169.jpg 300w, https:\/\/www.haute-montagne.net\/wp-content\/uploads\/2019\/12\/P7010264-768x432.jpg 768w, https:\/\/www.haute-montagne.net\/wp-content\/uploads\/2019\/12\/P7010264-705x397.jpg 705w, https:\/\/www.haute-montagne.net\/wp-content\/uploads\/2019\/12\/P7010264-450x253.jpg 450w\" sizes=\"(max-width: 1024px) 100vw, 1024px\" \/> <img loading=\"lazy\" class=\"alignnone size-full wp-image-1219\" src=\"https:\/\/www.haute-montagne.net\/wp-content\/uploads\/2019\/12\/P7010258.jpg\" alt=\"\" width=\"1024\" height=\"576\" srcset=\"https:\/\/www.haute-montagne.net\/wp-content\/uploads\/2019\/12\/P7010258.jpg 1024w, https:\/\/www.haute-montagne.net\/wp-content\/uploads\/2019\/12\/P7010258-300x169.jpg 300w, https:\/\/www.haute-montagne.net\/wp-content\/uploads\/2019\/12\/P7010258-768x432.jpg 768w, https:\/\/www.haute-montagne.net\/wp-content\/uploads\/2019\/12\/P7010258-705x397.jpg 705w, https:\/\/www.haute-montagne.net\/wp-content\/uploads\/2019\/12\/P7010258-450x253.jpg 450w\" sizes=\"(max-width: 1024px) 100vw, 1024px\" \/> <img loading=\"lazy\" class=\"alignnone size-full wp-image-1225\" src=\"https:\/\/www.haute-montagne.net\/wp-content\/uploads\/2019\/12\/P7010278.jpg\" alt=\"\" width=\"1024\" height=\"576\" srcset=\"https:\/\/www.haute-montagne.net\/wp-content\/uploads\/2019\/12\/P7010278.jpg 1024w, https:\/\/www.haute-montagne.net\/wp-content\/uploads\/2019\/12\/P7010278-300x169.jpg 300w, https:\/\/www.haute-montagne.net\/wp-content\/uploads\/2019\/12\/P7010278-768x432.jpg 768w, https:\/\/www.haute-montagne.net\/wp-content\/uploads\/2019\/12\/P7010278-705x397.jpg 705w, https:\/\/www.haute-montagne.net\/wp-content\/uploads\/2019\/12\/P7010278-450x253.jpg 450w\" sizes=\"(max-width: 1024px) 100vw, 1024px\" \/><\/p>\n<p>Tarif: Nous contacter<\/p>\n<p>pour un groupe (1 \u00e0 3 pers.)<br \/>\nCourse neige et mixte sur la fin<br \/>\nPoint de d\u00e9part : T\u00e9l\u00e9cabine Helbronner<br \/>\nD\u00e9nivellation : 600 m<br \/>\nCourse de neige a\u00e9rienne avec de belles corniches.<br \/>\nLa plus esth\u00e9tique des courses de neige du massif de Chamonix.<\/p>\n<\/div><\/div><\/div><\/section>\n<section class='av_toggle_section av-r2tru-77fc44fd2ea47c1f52b8d770e150a6f1'  itemscope=\"itemscope\" itemtype=\"https:\/\/schema.org\/CreativeWork\" ><div role=\"tablist\" class=\"single_toggle\" data-tags=\"{All} {CHAMONIX} \"  ><p data-fake-id='#toggle-id-71' class='toggler   av-inherit-border-color'  itemprop=\"headline\"  role='tab' tabindex='0' aria-controls='toggle-id-71'>Dent du G\u00e9ant ( Chamonix - France)<span class=\"toggle_icon\"><span class=\"vert_icon\"><\/span><span class=\"hor_icon\"><\/span><\/span><\/p><div id='toggle-id-71' class='toggle_wrap  '  ><div class='toggle_content invers-color av-inherit-border-color'  itemprop=\"text\" ><p><strong>Dent du G\u00e9ant ( Chamonix &#8211; France)<\/strong><br \/>\nAltitude: 4013m<br \/>\nDur\u00e9e: 5 H.<br \/>\nType de parcours : rocher<br \/>\nNiveau requis: Niv. 4 (Tr\u00e8s difficile) Niv. 4 (Tr\u00e8s difficile)<\/p>\n<p>Tarif: Nous contacter<\/p>\n<p>pour un groupe (1 \u00e0 3 pers.)<br \/>\nPoint de d\u00e9part : Refuge Torino<br \/>\nD\u00e9nivellation : 600 m<br \/>\nCourse de neige dans un premier temps puis escalade a\u00e9rienne sur 200m en 4c maxi si l\u2019on n\u2019utilise pas les cordes. De beaux rappels pour en redescendre o\u00f9 il vaut mieux ne pas avoir peur du vide.<br \/>\nUne belle course mais les bouchons au pied de la voie enl\u00e8vent son charme !!!<\/p>\n<\/div><\/div><\/div><\/section>\n<section class='av_toggle_section av-13vgu-f9f1b34689e4aa9880e1ce4cd6b395e1'  itemscope=\"itemscope\" itemtype=\"https:\/\/schema.org\/CreativeWork\" ><div role=\"tablist\" class=\"single_toggle\" data-tags=\"{All} {CHAMONIX} \"  ><p data-fake-id='#toggle-id-72' class='toggler   av-inherit-border-color'  itemprop=\"headline\"  role='tab' tabindex='0' aria-controls='toggle-id-72'>Randonn\u00e9e glaciaire autour de l\u2019Aiguille du Tour ( Chamonix - France)<span class=\"toggle_icon\"><span class=\"vert_icon\"><\/span><span class=\"hor_icon\"><\/span><\/span><\/p><div id='toggle-id-72' class='toggle_wrap  '  ><div class='toggle_content invers-color av-inherit-border-color'  itemprop=\"text\" ><p><strong>Randonn\u00e9e glaciaire autour de l\u2019Aiguille du Tour ( Chamonix &#8211; France)<\/strong><br \/>\nDur\u00e9e: 4 H.<br \/>\nType de parcours : glacier<br \/>\nNiveau requis: Niv. 1 (facile) Niv. 1 (facile)<\/p>\n<p><img loading=\"lazy\" class=\"alignnone size-full wp-image-1179\" src=\"https:\/\/www.haute-montagne.net\/wp-content\/uploads\/2019\/12\/20170915_192734.jpg\" alt=\"\" width=\"1024\" height=\"576\" srcset=\"https:\/\/www.haute-montagne.net\/wp-content\/uploads\/2019\/12\/20170915_192734.jpg 1024w, https:\/\/www.haute-montagne.net\/wp-content\/uploads\/2019\/12\/20170915_192734-300x169.jpg 300w, https:\/\/www.haute-montagne.net\/wp-content\/uploads\/2019\/12\/20170915_192734-768x432.jpg 768w, https:\/\/www.haute-montagne.net\/wp-content\/uploads\/2019\/12\/20170915_192734-705x397.jpg 705w, https:\/\/www.haute-montagne.net\/wp-content\/uploads\/2019\/12\/20170915_192734-450x253.jpg 450w\" sizes=\"(max-width: 1024px) 100vw, 1024px\" \/> <img loading=\"lazy\" class=\"alignnone size-full wp-image-1177\" src=\"https:\/\/www.haute-montagne.net\/wp-content\/uploads\/2019\/12\/20170915_154613.jpg\" alt=\"\" width=\"1024\" height=\"576\" srcset=\"https:\/\/www.haute-montagne.net\/wp-content\/uploads\/2019\/12\/20170915_154613.jpg 1024w, https:\/\/www.haute-montagne.net\/wp-content\/uploads\/2019\/12\/20170915_154613-300x169.jpg 300w, https:\/\/www.haute-montagne.net\/wp-content\/uploads\/2019\/12\/20170915_154613-768x432.jpg 768w, https:\/\/www.haute-montagne.net\/wp-content\/uploads\/2019\/12\/20170915_154613-705x397.jpg 705w, https:\/\/www.haute-montagne.net\/wp-content\/uploads\/2019\/12\/20170915_154613-450x253.jpg 450w\" sizes=\"(max-width: 1024px) 100vw, 1024px\" \/> <img loading=\"lazy\" class=\"alignnone size-full wp-image-1175\" src=\"https:\/\/www.haute-montagne.net\/wp-content\/uploads\/2019\/12\/20170915_124949.jpg\" alt=\"\" width=\"1024\" height=\"576\" srcset=\"https:\/\/www.haute-montagne.net\/wp-content\/uploads\/2019\/12\/20170915_124949.jpg 1024w, https:\/\/www.haute-montagne.net\/wp-content\/uploads\/2019\/12\/20170915_124949-300x169.jpg 300w, https:\/\/www.haute-montagne.net\/wp-content\/uploads\/2019\/12\/20170915_124949-768x432.jpg 768w, https:\/\/www.haute-montagne.net\/wp-content\/uploads\/2019\/12\/20170915_124949-705x397.jpg 705w, https:\/\/www.haute-montagne.net\/wp-content\/uploads\/2019\/12\/20170915_124949-450x253.jpg 450w\" sizes=\"(max-width: 1024px) 100vw, 1024px\" \/> <img loading=\"lazy\" class=\"alignnone size-full wp-image-1173\" src=\"https:\/\/www.haute-montagne.net\/wp-content\/uploads\/2019\/12\/20170915_123617.jpg\" alt=\"\" width=\"1024\" height=\"576\" srcset=\"https:\/\/www.haute-montagne.net\/wp-content\/uploads\/2019\/12\/20170915_123617.jpg 1024w, https:\/\/www.haute-montagne.net\/wp-content\/uploads\/2019\/12\/20170915_123617-300x169.jpg 300w, https:\/\/www.haute-montagne.net\/wp-content\/uploads\/2019\/12\/20170915_123617-768x432.jpg 768w, https:\/\/www.haute-montagne.net\/wp-content\/uploads\/2019\/12\/20170915_123617-705x397.jpg 705w, https:\/\/www.haute-montagne.net\/wp-content\/uploads\/2019\/12\/20170915_123617-450x253.jpg 450w\" sizes=\"(max-width: 1024px) 100vw, 1024px\" \/><\/p>\n<p>Tarif: Nous contacter<\/p>\n<p>pour un groupe (1 \u00e0 3 pers.)<br \/>\nCourse de neige<br \/>\nPoint de d\u00e9part : Albert 1er ou du Trient<br \/>\nD\u00e9nivellation : 500 m Randonn\u00e9e glaciaire pour d\u00e9buter autour du glacier du Trient ne pr\u00e9sentant pas de difficult\u00e9 mais permettant de passer \u00e0 la Haute Montagne.<br \/>\nPeut se faire toute la saison.<\/p>\n<\/div><\/div><\/div><\/section>\n<section class='av_toggle_section av-7xz1a-f431ada7f85cffef8bc4711eb85ddc0a'  itemscope=\"itemscope\" itemtype=\"https:\/\/schema.org\/CreativeWork\" ><div role=\"tablist\" class=\"single_toggle\" data-tags=\"{All} {CHAMONIX} \"  ><p data-fake-id='#toggle-id-73' class='toggler   av-inherit-border-color'  itemprop=\"headline\"  role='tab' tabindex='0' aria-controls='toggle-id-73'>Aiguille Dor\u00e9es \u2013 Travers\u00e9e ( Chamonix - France)<span class=\"toggle_icon\"><span class=\"vert_icon\"><\/span><span class=\"hor_icon\"><\/span><\/span><\/p><div id='toggle-id-73' class='toggle_wrap  '  ><div class='toggle_content invers-color av-inherit-border-color'  itemprop=\"text\" ><p><strong>Aiguille Dor\u00e9es \u2013 Travers\u00e9e ( Chamonix &#8211; France)<\/strong><br \/>\nAltitude: 3410m<br \/>\nDur\u00e9e: 6 H.<br \/>\nType de parcours : glacier rocher<br \/>\nNiveau requis: Niv. 4 (Tr\u00e8s difficile) Niv. 4 (Tr\u00e8s difficile)<\/p>\n<p><img loading=\"lazy\" class=\"alignnone wp-image-779\" src=\"https:\/\/www.haute-montagne.net\/wp-content\/uploads\/2019\/11\/2004-06-18-AIGUILLES-DOREES-MARC-87-300x225.jpg\" alt=\"\" width=\"552\" height=\"414\" srcset=\"https:\/\/www.haute-montagne.net\/wp-content\/uploads\/2019\/11\/2004-06-18-AIGUILLES-DOREES-MARC-87-300x225.jpg 300w, https:\/\/www.haute-montagne.net\/wp-content\/uploads\/2019\/11\/2004-06-18-AIGUILLES-DOREES-MARC-87-768x576.jpg 768w, https:\/\/www.haute-montagne.net\/wp-content\/uploads\/2019\/11\/2004-06-18-AIGUILLES-DOREES-MARC-87-705x529.jpg 705w, https:\/\/www.haute-montagne.net\/wp-content\/uploads\/2019\/11\/2004-06-18-AIGUILLES-DOREES-MARC-87-450x338.jpg 450w, https:\/\/www.haute-montagne.net\/wp-content\/uploads\/2019\/11\/2004-06-18-AIGUILLES-DOREES-MARC-87.jpg 1024w\" sizes=\"(max-width: 552px) 100vw, 552px\" \/> <img loading=\"lazy\" class=\"alignnone wp-image-777\" src=\"https:\/\/www.haute-montagne.net\/wp-content\/uploads\/2019\/11\/2004-06-18-AIGUILLES-DOREES-MANU-51-225x300.jpg\" alt=\"\" width=\"384\" height=\"512\" srcset=\"https:\/\/www.haute-montagne.net\/wp-content\/uploads\/2019\/11\/2004-06-18-AIGUILLES-DOREES-MANU-51-225x300.jpg 225w, https:\/\/www.haute-montagne.net\/wp-content\/uploads\/2019\/11\/2004-06-18-AIGUILLES-DOREES-MANU-51.jpg 768w, https:\/\/www.haute-montagne.net\/wp-content\/uploads\/2019\/11\/2004-06-18-AIGUILLES-DOREES-MANU-51-529x705.jpg 529w, https:\/\/www.haute-montagne.net\/wp-content\/uploads\/2019\/11\/2004-06-18-AIGUILLES-DOREES-MANU-51-450x600.jpg 450w\" sizes=\"(max-width: 384px) 100vw, 384px\" \/><\/p>\n<p>Tarif: Nous contacter<\/p>\n<p>pour un groupe (1 \u00e0 3 pers.)<br \/>\nCourse rocheuse et mixte<br \/>\nPoint de d\u00e9part : Cabane du Trient<br \/>\nD\u00e9nivellation : 300 m<br \/>\nCourse compl\u00e8te et a\u00e9rienne parfois mixte avec une longueur jusqu&#8217;\u00e0 6 A.<br \/>\nDifficult\u00e9 variable suivant l\u2019itin\u00e9raire choisi.<\/p>\n<\/div><\/div><\/div><\/section>\n<section class='av_toggle_section av-pkpgy-21b143c1b5f4a2e1c18b2c12bbf39173'  itemscope=\"itemscope\" itemtype=\"https:\/\/schema.org\/CreativeWork\" ><div role=\"tablist\" class=\"single_toggle\" data-tags=\"{All} {CHAMONIX} \"  ><p data-fake-id='#toggle-id-74' class='toggler   av-inherit-border-color'  itemprop=\"headline\"  role='tab' tabindex='0' aria-controls='toggle-id-74'>Pointe Isabella ( Chamonix - France)<span class=\"toggle_icon\"><span class=\"vert_icon\"><\/span><span class=\"hor_icon\"><\/span><\/span><\/p><div id='toggle-id-74' class='toggle_wrap  '  ><div class='toggle_content invers-color av-inherit-border-color'  itemprop=\"text\" ><p><strong>Pointe Isabella ( Chamonix &#8211; France)<\/strong><br \/>\nAltitude: 3761m<br \/>\nDur\u00e9e: 5 H.<br \/>\nType de parcours : glacier<br \/>\nNiveau requis: Niv. 3 (Difficile) Niv. 3 (Difficile)<\/p>\n<p>Tarif: Nous contacter<\/p>\n<p>pour un groupe (1 \u00e0 3 pers.)<br \/>\nPoint de d\u00e9part : Refuge du Couvercle<br \/>\nD\u00e9nivellation : 1100 m<br \/>\nItin\u00e9raire en majorit\u00e9 glaciaire avec de courts passages rocheux et ar\u00eate a\u00e9rienne \u00e0 40\u00b0, de belles crevasses sur le glacier des courtes.<br \/>\nAttendre de bonnes conditions de neige.<\/p>\n<\/div><\/div><\/div><\/section>\n<section class='av_toggle_section av-b465a-8e0f8cc1b158f30e8b3a3d53c1d95403'  itemscope=\"itemscope\" itemtype=\"https:\/\/schema.org\/CreativeWork\" ><div role=\"tablist\" class=\"single_toggle\" data-tags=\"{All} {CHAMONIX} \"  ><p data-fake-id='#toggle-id-75' class='toggler   av-inherit-border-color'  itemprop=\"headline\"  role='tab' tabindex='0' aria-controls='toggle-id-75'>Ar\u00eate des Cosmiques \u2013 Aiguille du midi ( Chamonix - France)<span class=\"toggle_icon\"><span class=\"vert_icon\"><\/span><span class=\"hor_icon\"><\/span><\/span><\/p><div id='toggle-id-75' class='toggle_wrap  '  ><div class='toggle_content invers-color av-inherit-border-color'  itemprop=\"text\" ><p><strong>Ar\u00eate des Cosmiques \u2013 Aiguille du midi ( Chamonix &#8211; France)<\/strong><br \/>\nAltitude: 3842m<br \/>\nDur\u00e9e: 4 H.<br \/>\nType de parcours : glacier rocher<br \/>\nNiveau requis: Niv. 2 (Assez Difficile)<\/p>\n<p><img loading=\"lazy\" class=\"alignnone size-full wp-image-1061\" src=\"https:\/\/www.haute-montagne.net\/wp-content\/uploads\/2019\/12\/P7280060.jpg\" alt=\"\" width=\"1024\" height=\"576\" srcset=\"https:\/\/www.haute-montagne.net\/wp-content\/uploads\/2019\/12\/P7280060.jpg 1024w, https:\/\/www.haute-montagne.net\/wp-content\/uploads\/2019\/12\/P7280060-300x169.jpg 300w, https:\/\/www.haute-montagne.net\/wp-content\/uploads\/2019\/12\/P7280060-768x432.jpg 768w, https:\/\/www.haute-montagne.net\/wp-content\/uploads\/2019\/12\/P7280060-705x397.jpg 705w, https:\/\/www.haute-montagne.net\/wp-content\/uploads\/2019\/12\/P7280060-450x253.jpg 450w\" sizes=\"(max-width: 1024px) 100vw, 1024px\" \/> <img loading=\"lazy\" class=\"alignnone size-full wp-image-1063\" src=\"https:\/\/www.haute-montagne.net\/wp-content\/uploads\/2019\/12\/P7280068.jpg\" alt=\"\" width=\"1024\" height=\"576\" srcset=\"https:\/\/www.haute-montagne.net\/wp-content\/uploads\/2019\/12\/P7280068.jpg 1024w, https:\/\/www.haute-montagne.net\/wp-content\/uploads\/2019\/12\/P7280068-300x169.jpg 300w, https:\/\/www.haute-montagne.net\/wp-content\/uploads\/2019\/12\/P7280068-768x432.jpg 768w, https:\/\/www.haute-montagne.net\/wp-content\/uploads\/2019\/12\/P7280068-705x397.jpg 705w, https:\/\/www.haute-montagne.net\/wp-content\/uploads\/2019\/12\/P7280068-450x253.jpg 450w\" sizes=\"(max-width: 1024px) 100vw, 1024px\" \/> <img loading=\"lazy\" class=\"alignnone size-full wp-image-1065\" src=\"https:\/\/www.haute-montagne.net\/wp-content\/uploads\/2019\/12\/P7280084.jpg\" alt=\"\" width=\"1024\" height=\"576\" srcset=\"https:\/\/www.haute-montagne.net\/wp-content\/uploads\/2019\/12\/P7280084.jpg 1024w, https:\/\/www.haute-montagne.net\/wp-content\/uploads\/2019\/12\/P7280084-300x169.jpg 300w, https:\/\/www.haute-montagne.net\/wp-content\/uploads\/2019\/12\/P7280084-768x432.jpg 768w, https:\/\/www.haute-montagne.net\/wp-content\/uploads\/2019\/12\/P7280084-705x397.jpg 705w, https:\/\/www.haute-montagne.net\/wp-content\/uploads\/2019\/12\/P7280084-450x253.jpg 450w\" sizes=\"(max-width: 1024px) 100vw, 1024px\" \/> <img loading=\"lazy\" class=\"alignnone size-full wp-image-1059\" src=\"https:\/\/www.haute-montagne.net\/wp-content\/uploads\/2019\/12\/P7280049.jpg\" alt=\"\" width=\"1024\" height=\"576\" srcset=\"https:\/\/www.haute-montagne.net\/wp-content\/uploads\/2019\/12\/P7280049.jpg 1024w, https:\/\/www.haute-montagne.net\/wp-content\/uploads\/2019\/12\/P7280049-300x169.jpg 300w, https:\/\/www.haute-montagne.net\/wp-content\/uploads\/2019\/12\/P7280049-768x432.jpg 768w, https:\/\/www.haute-montagne.net\/wp-content\/uploads\/2019\/12\/P7280049-705x397.jpg 705w, https:\/\/www.haute-montagne.net\/wp-content\/uploads\/2019\/12\/P7280049-450x253.jpg 450w\" sizes=\"(max-width: 1024px) 100vw, 1024px\" \/> <img loading=\"lazy\" class=\"alignnone size-full wp-image-1057\" src=\"https:\/\/www.haute-montagne.net\/wp-content\/uploads\/2019\/12\/P7280037.jpg\" alt=\"\" width=\"1024\" height=\"576\" srcset=\"https:\/\/www.haute-montagne.net\/wp-content\/uploads\/2019\/12\/P7280037.jpg 1024w, https:\/\/www.haute-montagne.net\/wp-content\/uploads\/2019\/12\/P7280037-300x169.jpg 300w, https:\/\/www.haute-montagne.net\/wp-content\/uploads\/2019\/12\/P7280037-768x432.jpg 768w, https:\/\/www.haute-montagne.net\/wp-content\/uploads\/2019\/12\/P7280037-705x397.jpg 705w, https:\/\/www.haute-montagne.net\/wp-content\/uploads\/2019\/12\/P7280037-450x253.jpg 450w\" sizes=\"(max-width: 1024px) 100vw, 1024px\" \/><\/p>\n<p>Tarif: Nous contacter<\/p>\n<p>pour un groupe (1 \u00e0 2 pers.)<br \/>\nPoint de d\u00e9part : Aiguille du Midi<br \/>\nD\u00e9nivellation : 200 m<br \/>\nCourse mixte avec un passage d\u2019escalade abordable \u00e0 faire pour la beaut\u00e9 du paysage ainsi que du rocher.<br \/>\nThe classique of Chamonix !<\/p>\n<\/div><\/div><\/div><\/section>\n<section class='av_toggle_section av-b1u1i-05df9f9f4f536843ac43c967ac26c0f4'  itemscope=\"itemscope\" itemtype=\"https:\/\/schema.org\/CreativeWork\" ><div role=\"tablist\" class=\"single_toggle\" data-tags=\"{All} {CHAMONIX} \"  ><p data-fake-id='#toggle-id-76' class='toggler   av-inherit-border-color'  itemprop=\"headline\"  role='tab' tabindex='0' aria-controls='toggle-id-76'>Mont-Blanc du Tacul - Voie Contamine - Grisole ( Chamonix - France)<span class=\"toggle_icon\"><span class=\"vert_icon\"><\/span><span class=\"hor_icon\"><\/span><\/span><\/p><div id='toggle-id-76' class='toggle_wrap  '  ><div class='toggle_content invers-color av-inherit-border-color'  itemprop=\"text\" ><p><strong>Mont-Blanc du Tacul &#8211; voie Contamine &#8211; Grisole\u00a0( Chamonix &#8211; France)<\/strong><br \/>\nAltitude: 3842m<br \/>\nDur\u00e9e: 4 H.<br \/>\nType de parcours : glacier rocher<br \/>\nNiveau requis: Niv. 3 (Difficile)<\/p>\n<p><img loading=\"lazy\" class=\"alignnone size-featured_large wp-image-1910\" src=\"https:\/\/www.haute-montagne.net\/wp-content\/uploads\/2019\/12\/Goulotte-037-1024x630.jpg\" alt=\"\" width=\"1024\" height=\"630\" \/><\/p>\n<p><img loading=\"lazy\" class=\"alignnone wp-image-787\" src=\"https:\/\/www.haute-montagne.net\/wp-content\/uploads\/2019\/11\/DSCF1265-300x225.jpg\" alt=\"\" width=\"510\" height=\"383\" srcset=\"https:\/\/www.haute-montagne.net\/wp-content\/uploads\/2019\/11\/DSCF1265-300x225.jpg 300w, https:\/\/www.haute-montagne.net\/wp-content\/uploads\/2019\/11\/DSCF1265-768x576.jpg 768w, https:\/\/www.haute-montagne.net\/wp-content\/uploads\/2019\/11\/DSCF1265-705x529.jpg 705w, https:\/\/www.haute-montagne.net\/wp-content\/uploads\/2019\/11\/DSCF1265-450x338.jpg 450w, https:\/\/www.haute-montagne.net\/wp-content\/uploads\/2019\/11\/DSCF1265.jpg 1024w\" sizes=\"(max-width: 510px) 100vw, 510px\" \/> <img loading=\"lazy\" class=\"alignnone wp-image-785\" src=\"https:\/\/www.haute-montagne.net\/wp-content\/uploads\/2019\/11\/DSCF1264-300x225.jpg\" alt=\"\" width=\"509\" height=\"382\" srcset=\"https:\/\/www.haute-montagne.net\/wp-content\/uploads\/2019\/11\/DSCF1264-300x225.jpg 300w, https:\/\/www.haute-montagne.net\/wp-content\/uploads\/2019\/11\/DSCF1264-768x576.jpg 768w, https:\/\/www.haute-montagne.net\/wp-content\/uploads\/2019\/11\/DSCF1264-705x529.jpg 705w, https:\/\/www.haute-montagne.net\/wp-content\/uploads\/2019\/11\/DSCF1264-450x338.jpg 450w, https:\/\/www.haute-montagne.net\/wp-content\/uploads\/2019\/11\/DSCF1264.jpg 1024w\" sizes=\"(max-width: 509px) 100vw, 509px\" \/><\/p>\n<p>Tarif: Nous contacter<\/p>\n<p>pour un groupe (1 \u00e0 2 pers.)<br \/>\nPoint de d\u00e9part : Aiguille du Midi<br \/>\nD\u00e9nivellation : 400 m<br \/>\nCourse mixte avec\u00a0 passages d\u2019escalade et glace abordables \u00e0 faire pour la beaut\u00e9 du paysage ainsi que du rocher.<br \/>\nThe classique of Chamonix !<\/p>\n<\/div><\/div><\/div><\/section>\n<section class='av_toggle_section av-npvga-7fbc3823b37df41d934ac3e032cad954'  itemscope=\"itemscope\" itemtype=\"https:\/\/schema.org\/CreativeWork\" ><div role=\"tablist\" class=\"single_toggle\" data-tags=\"{All} {CHAMONIX} \"  ><p data-fake-id='#toggle-id-77' class='toggler   av-inherit-border-color'  itemprop=\"headline\"  role='tab' tabindex='0' aria-controls='toggle-id-77'>Travers\u00e9e des Courtes ( Chamonix - France)<span class=\"toggle_icon\"><span class=\"vert_icon\"><\/span><span class=\"hor_icon\"><\/span><\/span><\/p><div id='toggle-id-77' class='toggle_wrap  '  ><div class='toggle_content invers-color av-inherit-border-color'  itemprop=\"text\" ><p><strong>Travers\u00e9e des Courtes ( Chamonix &#8211; France)<\/strong><br \/>\nAltitude: 3856m<br \/>\nDur\u00e9e: 5 H.<br \/>\nType de parcours : glacier rocher<br \/>\nNiveau requis: Niv. 3 (Difficile) Niv. 3 (Difficile)<\/p>\n<p>Tarif: Nous contacter<\/p>\n<p>pour un groupe (1 \u00e0 3 pers.)<br \/>\nPoint de d\u00e9part : Refuge du Couvercle<br \/>\nD\u00e9nivellation : 1200 m<br \/>\nTravers\u00e9e d\u2019ar\u00eate a\u00e9rienne et cornich\u00e9e commen\u00e7ant par une pente en neige \u00e0 40\u00b0. La deuxi\u00e8me partie est plus en mixte avec un petit rappel.<br \/>\nA faire par des conditions de neige stabilis\u00e9e.<\/p>\n<\/div><\/div><\/div><\/section>\n<section class='av_toggle_section av-8we8e-179ef4573c2ab8c8d8f24d2c5ceeebde'  itemscope=\"itemscope\" itemtype=\"https:\/\/schema.org\/CreativeWork\" ><div role=\"tablist\" class=\"single_toggle\" data-tags=\"{All} {CHAMONIX} \"  ><p data-fake-id='#toggle-id-78' class='toggler   av-inherit-border-color'  itemprop=\"headline\"  role='tab' tabindex='0' aria-controls='toggle-id-78'>Chapelle de la Gli\u00e8re - Aiguilles Rouges ( Chamonix - France)<span class=\"toggle_icon\"><span class=\"vert_icon\"><\/span><span class=\"hor_icon\"><\/span><\/span><\/p><div id='toggle-id-78' class='toggle_wrap  '  ><div class='toggle_content invers-color av-inherit-border-color'  itemprop=\"text\" ><p><strong>Chapelle de la Gli\u00e8re &#8211; Aiguilles Rouges ( Chamonix &#8211; France)<\/strong><br \/>\nAltitude: 2663m<br \/>\nDur\u00e9e: 4 H.<br \/>\nType de parcours : rocher<br \/>\nNiveau requis: Niv. 3 (Difficile) Niv. 3 (Difficile)<\/p>\n<p><img loading=\"lazy\" class=\"alignnone wp-image-770\" src=\"https:\/\/www.haute-montagne.net\/wp-content\/uploads\/2019\/11\/P8200033-300x169.jpg\" alt=\"\" width=\"650\" height=\"366\" srcset=\"https:\/\/www.haute-montagne.net\/wp-content\/uploads\/2019\/11\/P8200033-300x169.jpg 300w, https:\/\/www.haute-montagne.net\/wp-content\/uploads\/2019\/11\/P8200033-768x432.jpg 768w, https:\/\/www.haute-montagne.net\/wp-content\/uploads\/2019\/11\/P8200033-705x397.jpg 705w, https:\/\/www.haute-montagne.net\/wp-content\/uploads\/2019\/11\/P8200033-450x253.jpg 450w, https:\/\/www.haute-montagne.net\/wp-content\/uploads\/2019\/11\/P8200033.jpg 1024w\" sizes=\"(max-width: 650px) 100vw, 650px\" \/><\/p>\n<p><img loading=\"lazy\" class=\"alignnone wp-image-732\" src=\"https:\/\/www.haute-montagne.net\/wp-content\/uploads\/2019\/11\/P8090037-300x225.jpg\" alt=\"\" width=\"655\" height=\"491\" srcset=\"https:\/\/www.haute-montagne.net\/wp-content\/uploads\/2019\/11\/P8090037-300x225.jpg 300w, https:\/\/www.haute-montagne.net\/wp-content\/uploads\/2019\/11\/P8090037-768x576.jpg 768w, https:\/\/www.haute-montagne.net\/wp-content\/uploads\/2019\/11\/P8090037-705x529.jpg 705w, https:\/\/www.haute-montagne.net\/wp-content\/uploads\/2019\/11\/P8090037-450x338.jpg 450w, https:\/\/www.haute-montagne.net\/wp-content\/uploads\/2019\/11\/P8090037.jpg 1024w\" sizes=\"(max-width: 655px) 100vw, 655px\" \/><\/p>\n<p>Tarif: Nous contacter<\/p>\n<p>pour un groupe (1 \u00e0 3 pers.)<\/p>\n<p>Point de d\u00e9part : T\u00e9l\u00e9cabine de l\u2019Index<br \/>\nD\u00e9nivellation : 400 m<br \/>\nEscalade en rocher vari\u00e9e \u00e0 faire avec des chaussons ou des chaussures de montagne sur des dalles et fissures.<br \/>\nLe passage du Rasoir et le rappel de la Gli\u00e8re sont bien impressionnant.<\/p>\n<\/div><\/div><\/div><\/section>\n<section class='av_toggle_section av-mpoiq-dd5d6e09db1ddac799e0715d58fa8dcb'  itemscope=\"itemscope\" itemtype=\"https:\/\/schema.org\/CreativeWork\" ><div role=\"tablist\" class=\"single_toggle\" data-tags=\"{All} {CHAMONIX} \"  ><p data-fake-id='#toggle-id-79' class='toggler   av-inherit-border-color'  itemprop=\"headline\"  role='tab' tabindex='0' aria-controls='toggle-id-79'>Aiguille de l\u2019index - Ar\u00eate sud est et Face est - Aiguilles Rouges ( Chamonix - France)<span class=\"toggle_icon\"><span class=\"vert_icon\"><\/span><span class=\"hor_icon\"><\/span><\/span><\/p><div id='toggle-id-79' class='toggle_wrap  '  ><div class='toggle_content invers-color av-inherit-border-color'  itemprop=\"text\" ><p><strong>Aiguille de l\u2019index &#8211; Ar\u00eate sud est et Face est &#8211; Aiguilles Rouges ( Chamonix &#8211; France)<\/strong><br \/>\nAltitude: 2595m<br \/>\nDur\u00e9e: 3 H.<br \/>\nType de parcours : rocher<br \/>\nNiveau requis: Niv. 2 (Mod\u00e9r\u00e9) Niv. 2 (Mod\u00e9r\u00e9)<\/p>\n<p>Tarif: Nous contacter<\/p>\n<p>pour un groupe (1 \u00e0 3 pers.)<br \/>\nPoint de d\u00e9part : Gare de l\u2019Index<br \/>\nD\u00e9nivellation : 150 m<br \/>\nL\u2019ar\u00eate sud est et la face est sont 2 voies faciles Une tr\u00e8s belle vue sur le bassin d\u2019Argenti\u00e8re.<\/p>\n<\/div><\/div><\/div><\/section>\n<section class='av_toggle_section av-6v09a-149d8598dff882c0084182e12fce91e0'  itemscope=\"itemscope\" itemtype=\"https:\/\/schema.org\/CreativeWork\" ><div role=\"tablist\" class=\"single_toggle\" data-tags=\"{All} {CHAMONIX} \"  ><p data-fake-id='#toggle-id-80' class='toggler   av-inherit-border-color'  itemprop=\"headline\"  role='tab' tabindex='0' aria-controls='toggle-id-80'>Travers\u00e9e des Aiguilles Crochues - Aiguilles Rouges ( Chamonix - France)<span class=\"toggle_icon\"><span class=\"vert_icon\"><\/span><span class=\"hor_icon\"><\/span><\/span><\/p><div id='toggle-id-80' class='toggle_wrap  '  ><div class='toggle_content invers-color av-inherit-border-color'  itemprop=\"text\" ><p><strong>Travers\u00e9e des Aiguilles Crochues &#8211; Aiguilles Rouges ( Chamonix &#8211; France)<\/strong><br \/>\nDur\u00e9e: 5 H.<br \/>\nType de parcours : rocher<br \/>\nNiveau requis: Niv. 2 (Peu Difficile)<\/p>\n<p><img loading=\"lazy\" class=\"alignnone size-full wp-image-1421\" src=\"https:\/\/www.haute-montagne.net\/wp-content\/uploads\/2019\/12\/P9100107.jpg\" alt=\"\" width=\"1024\" height=\"576\" srcset=\"https:\/\/www.haute-montagne.net\/wp-content\/uploads\/2019\/12\/P9100107.jpg 1024w, https:\/\/www.haute-montagne.net\/wp-content\/uploads\/2019\/12\/P9100107-300x169.jpg 300w, https:\/\/www.haute-montagne.net\/wp-content\/uploads\/2019\/12\/P9100107-768x432.jpg 768w, https:\/\/www.haute-montagne.net\/wp-content\/uploads\/2019\/12\/P9100107-705x397.jpg 705w, https:\/\/www.haute-montagne.net\/wp-content\/uploads\/2019\/12\/P9100107-450x253.jpg 450w\" sizes=\"(max-width: 1024px) 100vw, 1024px\" \/> <img loading=\"lazy\" class=\"alignnone size-full wp-image-1423\" src=\"https:\/\/www.haute-montagne.net\/wp-content\/uploads\/2019\/12\/P9120171.jpg\" alt=\"\" width=\"1024\" height=\"576\" srcset=\"https:\/\/www.haute-montagne.net\/wp-content\/uploads\/2019\/12\/P9120171.jpg 1024w, https:\/\/www.haute-montagne.net\/wp-content\/uploads\/2019\/12\/P9120171-300x169.jpg 300w, https:\/\/www.haute-montagne.net\/wp-content\/uploads\/2019\/12\/P9120171-768x432.jpg 768w, https:\/\/www.haute-montagne.net\/wp-content\/uploads\/2019\/12\/P9120171-705x397.jpg 705w, https:\/\/www.haute-montagne.net\/wp-content\/uploads\/2019\/12\/P9120171-450x253.jpg 450w\" sizes=\"(max-width: 1024px) 100vw, 1024px\" \/> <img loading=\"lazy\" class=\"alignnone size-full wp-image-1425\" src=\"https:\/\/www.haute-montagne.net\/wp-content\/uploads\/2019\/12\/P9120180.jpg\" alt=\"\" width=\"1024\" height=\"576\" srcset=\"https:\/\/www.haute-montagne.net\/wp-content\/uploads\/2019\/12\/P9120180.jpg 1024w, https:\/\/www.haute-montagne.net\/wp-content\/uploads\/2019\/12\/P9120180-300x169.jpg 300w, https:\/\/www.haute-montagne.net\/wp-content\/uploads\/2019\/12\/P9120180-768x432.jpg 768w, https:\/\/www.haute-montagne.net\/wp-content\/uploads\/2019\/12\/P9120180-705x397.jpg 705w, https:\/\/www.haute-montagne.net\/wp-content\/uploads\/2019\/12\/P9120180-450x253.jpg 450w\" sizes=\"(max-width: 1024px) 100vw, 1024px\" \/> <img loading=\"lazy\" class=\"alignnone size-full wp-image-1427\" src=\"https:\/\/www.haute-montagne.net\/wp-content\/uploads\/2019\/12\/P9120182.jpg\" alt=\"\" width=\"1024\" height=\"576\" srcset=\"https:\/\/www.haute-montagne.net\/wp-content\/uploads\/2019\/12\/P9120182.jpg 1024w, https:\/\/www.haute-montagne.net\/wp-content\/uploads\/2019\/12\/P9120182-300x169.jpg 300w, https:\/\/www.haute-montagne.net\/wp-content\/uploads\/2019\/12\/P9120182-768x432.jpg 768w, https:\/\/www.haute-montagne.net\/wp-content\/uploads\/2019\/12\/P9120182-705x397.jpg 705w, https:\/\/www.haute-montagne.net\/wp-content\/uploads\/2019\/12\/P9120182-450x253.jpg 450w\" sizes=\"(max-width: 1024px) 100vw, 1024px\" \/> <img loading=\"lazy\" class=\"alignnone size-full wp-image-1429\" src=\"https:\/\/www.haute-montagne.net\/wp-content\/uploads\/2019\/12\/P9120188.jpg\" alt=\"\" width=\"1024\" height=\"576\" srcset=\"https:\/\/www.haute-montagne.net\/wp-content\/uploads\/2019\/12\/P9120188.jpg 1024w, https:\/\/www.haute-montagne.net\/wp-content\/uploads\/2019\/12\/P9120188-300x169.jpg 300w, https:\/\/www.haute-montagne.net\/wp-content\/uploads\/2019\/12\/P9120188-768x432.jpg 768w, https:\/\/www.haute-montagne.net\/wp-content\/uploads\/2019\/12\/P9120188-705x397.jpg 705w, https:\/\/www.haute-montagne.net\/wp-content\/uploads\/2019\/12\/P9120188-450x253.jpg 450w\" sizes=\"(max-width: 1024px) 100vw, 1024px\" \/><\/p>\n<p>Tarif: Nous contacter<\/p>\n<p>pour un groupe (1 \u00e0 3 pers.)<br \/>\nPoint de d\u00e9part : T\u00e9l\u00e9ph\u00e9rique de la Fl\u00e9g\u00e8re<br \/>\nD\u00e9nivellation : 500 m<br \/>\nCourse d\u2019ar\u00eate en bon rocher avec des parties a\u00e9riennes.<br \/>\nUne belle vue sur le massif du Mont Blanc.<\/p>\n<\/div><\/div><\/div><\/section>\n<section class='av_toggle_section av-losti-54764ddff3b8d3940ad66921415d7df0'  itemscope=\"itemscope\" itemtype=\"https:\/\/schema.org\/CreativeWork\" ><div role=\"tablist\" class=\"single_toggle\" data-tags=\"{All} {CHAMONIX} \"  ><p data-fake-id='#toggle-id-81' class='toggler   av-inherit-border-color'  itemprop=\"headline\"  role='tab' tabindex='0' aria-controls='toggle-id-81'>Petite Fourche ( Chamonix - France)<span class=\"toggle_icon\"><span class=\"vert_icon\"><\/span><span class=\"hor_icon\"><\/span><\/span><\/p><div id='toggle-id-81' class='toggle_wrap  '  ><div class='toggle_content invers-color av-inherit-border-color'  itemprop=\"text\" ><p><strong>Petite Fourche ( Chamonix &#8211; France)<\/strong><br \/>\nAltitude: 3520m<br \/>\nDur\u00e9e: 5 H.<br \/>\nType de parcours : glacier rocher<br \/>\nNiveau requis: Niv. 1 (facile) Niv. 1 (facile)<\/p>\n<p>Tarif: Nous contacter<\/p>\n<p>pour un groupe (1 \u00e0 3 pers.)<br \/>\nCourse neige et mixte sur la fin Point de d\u00e9part : Refuge Albert 1er<br \/>\nD\u00e9nivellation : 800 m<br \/>\nUne course facile sur un beau glacier pour d\u00e9buter la marche avec crampons en montagne.<br \/>\nUne vue magnifique sur le plateau du Trient.<\/p>\n<\/div><\/div><\/div><\/section>\n<section class='av_toggle_section av-82ose-52ecf941474076d45370a5dd8a54cb66'  itemscope=\"itemscope\" itemtype=\"https:\/\/schema.org\/CreativeWork\" ><div role=\"tablist\" class=\"single_toggle\" data-tags=\"{All} {CHAMONIX} \"  ><p data-fake-id='#toggle-id-82' class='toggler   av-inherit-border-color'  itemprop=\"headline\"  role='tab' tabindex='0' aria-controls='toggle-id-82'>Mont Blanc du Tacul - Voie Goulotte Ch\u00e9r\u00e9 ( Chamonix - France)<span class=\"toggle_icon\"><span class=\"vert_icon\"><\/span><span class=\"hor_icon\"><\/span><\/span><\/p><div id='toggle-id-82' class='toggle_wrap  '  ><div class='toggle_content invers-color av-inherit-border-color'  itemprop=\"text\" ><p><strong>Mont Blanc du Tacul &#8211; Voie Goulotte Ch\u00e9r\u00e9 ( Chamonix &#8211; France)<\/strong><br \/>\nType de parcours : glacier rocher<br \/>\nNiveau requis: Niv. 3 (Difficile)<\/p>\n<p><img loading=\"lazy\" class=\"alignnone wp-image-693\" src=\"https:\/\/www.haute-montagne.net\/wp-content\/uploads\/2019\/11\/P8040262-225x300.jpg\" alt=\"\" width=\"452\" height=\"603\" srcset=\"https:\/\/www.haute-montagne.net\/wp-content\/uploads\/2019\/11\/P8040262-225x300.jpg 225w, https:\/\/www.haute-montagne.net\/wp-content\/uploads\/2019\/11\/P8040262.jpg 768w, https:\/\/www.haute-montagne.net\/wp-content\/uploads\/2019\/11\/P8040262-529x705.jpg 529w, https:\/\/www.haute-montagne.net\/wp-content\/uploads\/2019\/11\/P8040262-450x600.jpg 450w\" sizes=\"(max-width: 452px) 100vw, 452px\" \/> <img loading=\"lazy\" class=\"alignnone wp-image-695\" src=\"https:\/\/www.haute-montagne.net\/wp-content\/uploads\/2019\/11\/P8040270-225x300.jpg\" alt=\"\" width=\"450\" height=\"601\" srcset=\"https:\/\/www.haute-montagne.net\/wp-content\/uploads\/2019\/11\/P8040270-225x300.jpg 225w, https:\/\/www.haute-montagne.net\/wp-content\/uploads\/2019\/11\/P8040270.jpg 768w, https:\/\/www.haute-montagne.net\/wp-content\/uploads\/2019\/11\/P8040270-529x705.jpg 529w, https:\/\/www.haute-montagne.net\/wp-content\/uploads\/2019\/11\/P8040270-450x600.jpg 450w\" sizes=\"(max-width: 450px) 100vw, 450px\" \/><\/p>\n<p><img loading=\"lazy\" class=\"alignnone size-featured_large wp-image-1919\" src=\"https:\/\/www.haute-montagne.net\/wp-content\/uploads\/2019\/12\/Goulotte-132-1024x630.jpg\" alt=\"\" width=\"1024\" height=\"630\" \/><\/p>\n<p><img loading=\"lazy\" class=\"alignnone size-featured_large wp-image-1923\" src=\"https:\/\/www.haute-montagne.net\/wp-content\/uploads\/2019\/12\/Goulotte-141-1024x630.jpg\" alt=\"\" width=\"1024\" height=\"630\" \/><\/p>\n<p><img loading=\"lazy\" class=\"alignnone size-featured_large wp-image-1921\" src=\"https:\/\/www.haute-montagne.net\/wp-content\/uploads\/2019\/12\/Goulotte-140-1024x630.jpg\" alt=\"\" width=\"1024\" height=\"630\" \/><\/p>\n<p>Tarif: Nous contacter<\/p>\n<p>Par personne<br \/>\nHauteur : 350 m<br \/>\nDe 60\u00b0 a 75 \u00b0 de difficult\u00e9 en glace.<br \/>\nJolie course vari\u00e9e dans magnifique cadre montagne mais avec peu d\u2019engagement.<\/p>\n<\/div><\/div><\/div><\/section>\n<section class='av_toggle_section av-6xxyu-fdec664e42a77965a7e374f0498b060a'  itemscope=\"itemscope\" itemtype=\"https:\/\/schema.org\/CreativeWork\" ><div role=\"tablist\" class=\"single_toggle\" data-tags=\"{All} {CHAMONIX} \"  ><p data-fake-id='#toggle-id-83' class='toggler   av-inherit-border-color'  itemprop=\"headline\"  role='tab' tabindex='0' aria-controls='toggle-id-83'>Contrefort de l\u2019Aiguille de la Gli\u00e8re ( Chamonix - France)<span class=\"toggle_icon\"><span class=\"vert_icon\"><\/span><span class=\"hor_icon\"><\/span><\/span><\/p><div id='toggle-id-83' class='toggle_wrap  '  ><div class='toggle_content invers-color av-inherit-border-color'  itemprop=\"text\" ><p><strong>Contrefort de l&#8217;Aiguille de la Gli\u00e8re ( Chamonix &#8211; France)<\/strong><br \/>\nAltitude: 2852m<br \/>\nType de parcours : rocher<br \/>\nNiveau requis: Niv. 5 et +<\/p>\n<p><img loading=\"lazy\" class=\"alignnone size-full wp-image-1417\" src=\"https:\/\/www.haute-montagne.net\/wp-content\/uploads\/2019\/12\/P9100096.jpg\" alt=\"\" width=\"1024\" height=\"576\" srcset=\"https:\/\/www.haute-montagne.net\/wp-content\/uploads\/2019\/12\/P9100096.jpg 1024w, https:\/\/www.haute-montagne.net\/wp-content\/uploads\/2019\/12\/P9100096-300x169.jpg 300w, https:\/\/www.haute-montagne.net\/wp-content\/uploads\/2019\/12\/P9100096-768x432.jpg 768w, https:\/\/www.haute-montagne.net\/wp-content\/uploads\/2019\/12\/P9100096-705x397.jpg 705w, https:\/\/www.haute-montagne.net\/wp-content\/uploads\/2019\/12\/P9100096-450x253.jpg 450w\" sizes=\"(max-width: 1024px) 100vw, 1024px\" \/> <img loading=\"lazy\" class=\"alignnone size-full wp-image-1419\" src=\"https:\/\/www.haute-montagne.net\/wp-content\/uploads\/2019\/12\/P9100100.jpg\" alt=\"\" width=\"1024\" height=\"576\" srcset=\"https:\/\/www.haute-montagne.net\/wp-content\/uploads\/2019\/12\/P9100100.jpg 1024w, https:\/\/www.haute-montagne.net\/wp-content\/uploads\/2019\/12\/P9100100-300x169.jpg 300w, https:\/\/www.haute-montagne.net\/wp-content\/uploads\/2019\/12\/P9100100-768x432.jpg 768w, https:\/\/www.haute-montagne.net\/wp-content\/uploads\/2019\/12\/P9100100-705x397.jpg 705w, https:\/\/www.haute-montagne.net\/wp-content\/uploads\/2019\/12\/P9100100-450x253.jpg 450w\" sizes=\"(max-width: 1024px) 100vw, 1024px\" \/><\/p>\n<p>Tarif: Nous contacter<\/p>\n<p>Par personne<br \/>\nBel \u00e9peron rocheux a 100 m du t\u00e9l\u00e9si\u00e8ge de l\u2019Index.<br \/>\n200 m\u00e8tres d&#8217;escalade dans le niveau 5.<\/p>\n<\/div><\/div><\/div><\/section>\n<section class='av_toggle_section av-7zfi6-92b6eb55dde4e57fda31ee73d1c04a04'  itemscope=\"itemscope\" itemtype=\"https:\/\/schema.org\/CreativeWork\" ><div role=\"tablist\" class=\"single_toggle\" data-tags=\"{All} {ITALIE} \"  ><p data-fake-id='#toggle-id-84' class='toggler   av-inherit-border-color'  itemprop=\"headline\"  role='tab' tabindex='0' aria-controls='toggle-id-84'>Grand Paradis ( Italie )<span class=\"toggle_icon\"><span class=\"vert_icon\"><\/span><span class=\"hor_icon\"><\/span><\/span><\/p><div id='toggle-id-84' class='toggle_wrap  '  ><div class='toggle_content invers-color av-inherit-border-color'  itemprop=\"text\" ><p><strong>Grand Paradis ( Italie &#8211; Pays)<\/strong><br \/>\nAltitude: 4000m<br \/>\nType de parcours : rocher<br \/>\nNiveau requis: Niv. 3 (Difficile) Niv. 3 (Difficile)<\/p>\n<p>pour un groupe (1 \u00e0 3 pers.)<br \/>\n2 jours en Alpinisme pour un des plus beaux 4000 m des Alpes.<\/p>\n<p><img loading=\"lazy\" class=\"alignnone size-full wp-image-180\" src=\"https:\/\/www.haute-montagne.net\/wp-content\/uploads\/2019\/08\/q3eltaf6e86ongpyrknniz9w9b00m5-pre.jpg\" alt=\"Grand Paradis ( Italie - Pays)\" width=\"450\" height=\"337\" srcset=\"https:\/\/www.haute-montagne.net\/wp-content\/uploads\/2019\/08\/q3eltaf6e86ongpyrknniz9w9b00m5-pre.jpg 450w, https:\/\/www.haute-montagne.net\/wp-content\/uploads\/2019\/08\/q3eltaf6e86ongpyrknniz9w9b00m5-pre-300x225.jpg 300w\" sizes=\"(max-width: 450px) 100vw, 450px\" \/><\/p>\n<p><img loading=\"lazy\" class=\"alignnone size-full wp-image-1199\" src=\"https:\/\/www.haute-montagne.net\/wp-content\/uploads\/2019\/12\/20190710_081029.jpg\" alt=\"\" width=\"1024\" height=\"576\" srcset=\"https:\/\/www.haute-montagne.net\/wp-content\/uploads\/2019\/12\/20190710_081029.jpg 1024w, https:\/\/www.haute-montagne.net\/wp-content\/uploads\/2019\/12\/20190710_081029-300x169.jpg 300w, https:\/\/www.haute-montagne.net\/wp-content\/uploads\/2019\/12\/20190710_081029-768x432.jpg 768w, https:\/\/www.haute-montagne.net\/wp-content\/uploads\/2019\/12\/20190710_081029-705x397.jpg 705w, https:\/\/www.haute-montagne.net\/wp-content\/uploads\/2019\/12\/20190710_081029-450x253.jpg 450w\" sizes=\"(max-width: 1024px) 100vw, 1024px\" \/> <img loading=\"lazy\" class=\"alignnone size-full wp-image-1203\" src=\"https:\/\/www.haute-montagne.net\/wp-content\/uploads\/2019\/12\/20190710_082003.jpg\" alt=\"\" width=\"1024\" height=\"576\" srcset=\"https:\/\/www.haute-montagne.net\/wp-content\/uploads\/2019\/12\/20190710_082003.jpg 1024w, https:\/\/www.haute-montagne.net\/wp-content\/uploads\/2019\/12\/20190710_082003-300x169.jpg 300w, https:\/\/www.haute-montagne.net\/wp-content\/uploads\/2019\/12\/20190710_082003-768x432.jpg 768w, https:\/\/www.haute-montagne.net\/wp-content\/uploads\/2019\/12\/20190710_082003-705x397.jpg 705w, https:\/\/www.haute-montagne.net\/wp-content\/uploads\/2019\/12\/20190710_082003-450x253.jpg 450w\" sizes=\"(max-width: 1024px) 100vw, 1024px\" \/> <img loading=\"lazy\" class=\"alignnone size-featured_large wp-image-1201\" src=\"https:\/\/www.haute-montagne.net\/wp-content\/uploads\/2019\/12\/20190710_081221-768x630.jpg\" alt=\"\" width=\"768\" height=\"630\" \/> <img loading=\"lazy\" class=\"alignnone size-full wp-image-1197\" src=\"https:\/\/www.haute-montagne.net\/wp-content\/uploads\/2019\/12\/20190710_080205.jpg\" alt=\"\" width=\"1024\" height=\"576\" srcset=\"https:\/\/www.haute-montagne.net\/wp-content\/uploads\/2019\/12\/20190710_080205.jpg 1024w, https:\/\/www.haute-montagne.net\/wp-content\/uploads\/2019\/12\/20190710_080205-300x169.jpg 300w, https:\/\/www.haute-montagne.net\/wp-content\/uploads\/2019\/12\/20190710_080205-768x432.jpg 768w, https:\/\/www.haute-montagne.net\/wp-content\/uploads\/2019\/12\/20190710_080205-705x397.jpg 705w, https:\/\/www.haute-montagne.net\/wp-content\/uploads\/2019\/12\/20190710_080205-450x253.jpg 450w\" sizes=\"(max-width: 1024px) 100vw, 1024px\" \/> <img loading=\"lazy\" class=\"alignnone size-featured_large wp-image-1171\" src=\"https:\/\/www.haute-montagne.net\/wp-content\/uploads\/2019\/12\/15-serac-grand-paradis-1024x630.jpg\" alt=\"\" width=\"1024\" height=\"630\" \/><\/p>\n<\/div><\/div><\/div><\/section>\n<section class='av_toggle_section av-jsvwu-059b25cb3decdd59c1bf953360b5e25f'  itemscope=\"itemscope\" itemtype=\"https:\/\/schema.org\/CreativeWork\" ><div role=\"tablist\" class=\"single_toggle\" data-tags=\"{All} {ITALIE} \"  ><p data-fake-id='#toggle-id-85' class='toggler   av-inherit-border-color'  itemprop=\"headline\"  role='tab' tabindex='0' aria-controls='toggle-id-85'>Basodino \u2013 Blinnenhorn \u2013 Val Formazza ( Italie )<span class=\"toggle_icon\"><span class=\"vert_icon\"><\/span><span class=\"hor_icon\"><\/span><\/span><\/p><div id='toggle-id-85' class='toggle_wrap  '  ><div class='toggle_content invers-color av-inherit-border-color'  itemprop=\"text\" ><p><strong>Basodino \u2013 Blinnenhorn \u2013 Val Formazza ( Italie )<\/strong><br \/>\nAltitude: 3373m<br \/>\nType de parcours : glacier<br \/>\nNiveau requis: Niv. 2 (Mod\u00e9r\u00e9) Niv. 2 (Mod\u00e9r\u00e9)<\/p>\n<p>Tarif: Nous contacter<\/p>\n<p>Par personne<br \/>\nSecteur Italo-Suisse au-dessus du Lac Majeur constitu\u00e9 de glaciers sauvages tr\u00e8s peu fr\u00e9quent\u00e9s mais qui sont magnifiques.<\/p>\n<p>Randonn\u00e9es glaciaires faciles n\u00e9cessitant une condition physique moyenne.<\/p>\n<p><img loading=\"lazy\" class=\"alignnone size-full wp-image-181\" src=\"https:\/\/www.haute-montagne.net\/wp-content\/uploads\/2019\/08\/t52oktyapgcr34ke4r1pamqrg4lh23-pre.jpg\" alt=\"Basodino \u2013 Blinnenhorn \u2013 Val Formazza ( Italie )\" width=\"450\" height=\"337\" srcset=\"https:\/\/www.haute-montagne.net\/wp-content\/uploads\/2019\/08\/t52oktyapgcr34ke4r1pamqrg4lh23-pre.jpg 450w, https:\/\/www.haute-montagne.net\/wp-content\/uploads\/2019\/08\/t52oktyapgcr34ke4r1pamqrg4lh23-pre-300x225.jpg 300w\" sizes=\"(max-width: 450px) 100vw, 450px\" \/> <img loading=\"lazy\" class=\"alignnone size-full wp-image-182\" src=\"https:\/\/www.haute-montagne.net\/wp-content\/uploads\/2019\/08\/xmdc09yfdy8zkjntzjs7y0il9gqcbl-pre.jpg\" alt=\"Basodino \u2013 Blinnenhorn \u2013 Val Formazza ( Italie )\" width=\"450\" height=\"337\" srcset=\"https:\/\/www.haute-montagne.net\/wp-content\/uploads\/2019\/08\/xmdc09yfdy8zkjntzjs7y0il9gqcbl-pre.jpg 450w, https:\/\/www.haute-montagne.net\/wp-content\/uploads\/2019\/08\/xmdc09yfdy8zkjntzjs7y0il9gqcbl-pre-300x225.jpg 300w\" sizes=\"(max-width: 450px) 100vw, 450px\" \/> <img loading=\"lazy\" class=\"alignnone size-full wp-image-183\" src=\"https:\/\/www.haute-montagne.net\/wp-content\/uploads\/2019\/08\/t7mlp7zk26b3rqtyugb7bh7js2d64g-pre.jpg\" alt=\"Basodino \u2013 Blinnenhorn \u2013 Val Formazza ( Italie )\" width=\"450\" height=\"337\" srcset=\"https:\/\/www.haute-montagne.net\/wp-content\/uploads\/2019\/08\/t7mlp7zk26b3rqtyugb7bh7js2d64g-pre.jpg 450w, https:\/\/www.haute-montagne.net\/wp-content\/uploads\/2019\/08\/t7mlp7zk26b3rqtyugb7bh7js2d64g-pre-300x225.jpg 300w\" sizes=\"(max-width: 450px) 100vw, 450px\" \/> <img loading=\"lazy\" class=\"alignnone size-full wp-image-184\" src=\"https:\/\/www.haute-montagne.net\/wp-content\/uploads\/2019\/08\/cv27bguenguzv7zn2o3s8505tqpa2q-pre.jpg\" alt=\"Basodino \u2013 Blinnenhorn \u2013 Val Formazza ( Italie )\" width=\"450\" height=\"337\" srcset=\"https:\/\/www.haute-montagne.net\/wp-content\/uploads\/2019\/08\/cv27bguenguzv7zn2o3s8505tqpa2q-pre.jpg 450w, https:\/\/www.haute-montagne.net\/wp-content\/uploads\/2019\/08\/cv27bguenguzv7zn2o3s8505tqpa2q-pre-300x225.jpg 300w\" sizes=\"(max-width: 450px) 100vw, 450px\" \/><\/p>\n<\/div><\/div><\/div><\/section>\n<section class='av_toggle_section av-av_toggle-b9320363b959e887e74e1a21b6b54d1f'  itemscope=\"itemscope\" itemtype=\"https:\/\/schema.org\/CreativeWork\" ><div role=\"tablist\" class=\"single_toggle\" data-tags=\"{All} {SUISSE} \"  ><p data-fake-id='#toggle-id-86' class='toggler   av-inherit-border-color'  itemprop=\"headline\"  role='tab' tabindex='0' aria-controls='toggle-id-86'>Mont Rose ( Valais - Suisse)<span class=\"toggle_icon\"><span class=\"vert_icon\"><\/span><span class=\"hor_icon\"><\/span><\/span><\/p><div id='toggle-id-86' class='toggle_wrap  '  ><div class='toggle_content invers-color av-inherit-border-color'  itemprop=\"text\" ><p><strong>Mont Rose ( Valais &#8211; Suisse)<\/strong><br \/>\nAltitude: 4000m<br \/>\nType de parcours : glacier<br \/>\nNiveau requis: Niv. 2 (peu Difficile)<\/p>\n<p><img loading=\"lazy\" class=\"alignnone size-full wp-image-1181\" src=\"https:\/\/www.haute-montagne.net\/wp-content\/uploads\/2019\/12\/20180715_065729.jpg\" alt=\"\" width=\"1024\" height=\"576\" srcset=\"https:\/\/www.haute-montagne.net\/wp-content\/uploads\/2019\/12\/20180715_065729.jpg 1024w, https:\/\/www.haute-montagne.net\/wp-content\/uploads\/2019\/12\/20180715_065729-300x169.jpg 300w, https:\/\/www.haute-montagne.net\/wp-content\/uploads\/2019\/12\/20180715_065729-768x432.jpg 768w, https:\/\/www.haute-montagne.net\/wp-content\/uploads\/2019\/12\/20180715_065729-705x397.jpg 705w, https:\/\/www.haute-montagne.net\/wp-content\/uploads\/2019\/12\/20180715_065729-450x253.jpg 450w\" sizes=\"(max-width: 1024px) 100vw, 1024px\" \/> <img loading=\"lazy\" class=\"alignnone size-full wp-image-1183\" src=\"https:\/\/www.haute-montagne.net\/wp-content\/uploads\/2019\/12\/20180715_083850.jpg\" alt=\"\" width=\"1024\" height=\"576\" srcset=\"https:\/\/www.haute-montagne.net\/wp-content\/uploads\/2019\/12\/20180715_083850.jpg 1024w, https:\/\/www.haute-montagne.net\/wp-content\/uploads\/2019\/12\/20180715_083850-300x169.jpg 300w, https:\/\/www.haute-montagne.net\/wp-content\/uploads\/2019\/12\/20180715_083850-768x432.jpg 768w, https:\/\/www.haute-montagne.net\/wp-content\/uploads\/2019\/12\/20180715_083850-705x397.jpg 705w, https:\/\/www.haute-montagne.net\/wp-content\/uploads\/2019\/12\/20180715_083850-450x253.jpg 450w\" sizes=\"(max-width: 1024px) 100vw, 1024px\" \/> <img loading=\"lazy\" class=\"alignnone size-full wp-image-1185\" src=\"https:\/\/www.haute-montagne.net\/wp-content\/uploads\/2019\/12\/20180715_083904.jpg\" alt=\"\" width=\"1024\" height=\"576\" srcset=\"https:\/\/www.haute-montagne.net\/wp-content\/uploads\/2019\/12\/20180715_083904.jpg 1024w, https:\/\/www.haute-montagne.net\/wp-content\/uploads\/2019\/12\/20180715_083904-300x169.jpg 300w, https:\/\/www.haute-montagne.net\/wp-content\/uploads\/2019\/12\/20180715_083904-768x432.jpg 768w, https:\/\/www.haute-montagne.net\/wp-content\/uploads\/2019\/12\/20180715_083904-705x397.jpg 705w, https:\/\/www.haute-montagne.net\/wp-content\/uploads\/2019\/12\/20180715_083904-450x253.jpg 450w\" sizes=\"(max-width: 1024px) 100vw, 1024px\" \/> <img loading=\"lazy\" class=\"alignnone size-full wp-image-1187\" src=\"https:\/\/www.haute-montagne.net\/wp-content\/uploads\/2019\/12\/20180715_095942.jpg\" alt=\"\" width=\"1024\" height=\"576\" srcset=\"https:\/\/www.haute-montagne.net\/wp-content\/uploads\/2019\/12\/20180715_095942.jpg 1024w, https:\/\/www.haute-montagne.net\/wp-content\/uploads\/2019\/12\/20180715_095942-300x169.jpg 300w, https:\/\/www.haute-montagne.net\/wp-content\/uploads\/2019\/12\/20180715_095942-768x432.jpg 768w, https:\/\/www.haute-montagne.net\/wp-content\/uploads\/2019\/12\/20180715_095942-705x397.jpg 705w, https:\/\/www.haute-montagne.net\/wp-content\/uploads\/2019\/12\/20180715_095942-450x253.jpg 450w\" sizes=\"(max-width: 1024px) 100vw, 1024px\" \/><\/p>\n<p>pour un groupe de 1 \u00e0 4 personnes<br \/>\nRaid glaciaire &#8211; 4000 du Mont Rose en 5 ou 6 jours.<br \/>\nCourse neige et glace<\/p>\n<p>Point de d\u00e9part : Zermatt ou Cervinia<br \/>\nD\u00e9nivellation : 800 m\u00e8tres par jour environ.<br \/>\nDifficult\u00e9 : peu difficile Dur\u00e9e de l\u2019ascension : 6H00 \u00e0 8H00 par jour<br \/>\nAscension des 4000m du Mont Rose avec des ar\u00eates de neige ainsi que des corniches suivant l\u2019itin\u00e9raire emprunt\u00e9.<br \/>\nUn panorama fantastique . Possible d\u2019enchainer durant ces 5 jours : le Breithorn, Castor, Pollux, Lyskamm, Pointe Gnifetti, Dufourspitze.<\/p>\n<\/div><\/div><\/div><\/section>\n<section class='av_toggle_section av-guhm6-dec8b32fe6a74c9ea73a8100a66e86af'  itemscope=\"itemscope\" itemtype=\"https:\/\/schema.org\/CreativeWork\" ><div role=\"tablist\" class=\"single_toggle\" data-tags=\"{All} {SUISSE} \"  ><p data-fake-id='#toggle-id-87' class='toggler   av-inherit-border-color'  itemprop=\"headline\"  role='tab' tabindex='0' aria-controls='toggle-id-87'>Breithorn ( Valais - Suisse)<span class=\"toggle_icon\"><span class=\"vert_icon\"><\/span><span class=\"hor_icon\"><\/span><\/span><\/p><div id='toggle-id-87' class='toggle_wrap  '  ><div class='toggle_content invers-color av-inherit-border-color'  itemprop=\"text\" ><p><strong>Breithorn ( Valais &#8211; Suisse)<\/strong><br \/>\nAltitude: 4164m<br \/>\nDur\u00e9e: 8 H.<br \/>\nType de parcours : glacier rocher<br \/>\nNiveau requis: Niv. 3 (Difficile) Niv. 3 (Difficile)<\/p>\n<p>Tarif: Nous contacter<\/p>\n<p>pour un groupe (1 \u00e0 3 pers.)<br \/>\nCourse en ar\u00eate de neige avec des passages d\u2019escalade en 3.<br \/>\nPoint de d\u00e9part : T\u00e9l\u00e9cabine du Klein Matterhorn D\u00e9nivellation : 500m<br \/>\nLa travers\u00e9e de tous ces sommets est une course mixte longue, techniquement pas trop difficile dans une ambiance fantastique.<br \/>\nAu pied les glaciers du Valais et en face le Cervin.<\/p>\n<\/div><\/div><\/div><\/section>\n<section class='av_toggle_section av-7ldby-f8b4d38db4998de36a2ed9a9a8c79038'  itemscope=\"itemscope\" itemtype=\"https:\/\/schema.org\/CreativeWork\" ><div role=\"tablist\" class=\"single_toggle\" data-tags=\"{All} {SUISSE} \"  ><p data-fake-id='#toggle-id-88' class='toggler   av-inherit-border-color'  itemprop=\"headline\"  role='tab' tabindex='0' aria-controls='toggle-id-88'>Castor \u2013 Pollux ( Valais - Suisse)<span class=\"toggle_icon\"><span class=\"vert_icon\"><\/span><span class=\"hor_icon\"><\/span><\/span><\/p><div id='toggle-id-88' class='toggle_wrap  '  ><div class='toggle_content invers-color av-inherit-border-color'  itemprop=\"text\" ><p><strong>Castor \u2013 Pollux ( Valais &#8211; Suisse)<\/strong><br \/>\nAltitude: 4221m<br \/>\nDur\u00e9e: 4 H.<br \/>\nType de parcours : glacier<br \/>\nNiveau requis: Niv. 2 (peu Difficile)<\/p>\n<p><img loading=\"lazy\" class=\"alignnone size-full wp-image-1189\" src=\"https:\/\/www.haute-montagne.net\/wp-content\/uploads\/2019\/12\/20190707_141956.jpg\" alt=\"\" width=\"1024\" height=\"204\" srcset=\"https:\/\/www.haute-montagne.net\/wp-content\/uploads\/2019\/12\/20190707_141956.jpg 1024w, https:\/\/www.haute-montagne.net\/wp-content\/uploads\/2019\/12\/20190707_141956-300x60.jpg 300w, https:\/\/www.haute-montagne.net\/wp-content\/uploads\/2019\/12\/20190707_141956-768x153.jpg 768w, https:\/\/www.haute-montagne.net\/wp-content\/uploads\/2019\/12\/20190707_141956-705x140.jpg 705w, https:\/\/www.haute-montagne.net\/wp-content\/uploads\/2019\/12\/20190707_141956-450x90.jpg 450w\" sizes=\"(max-width: 1024px) 100vw, 1024px\" \/> <img loading=\"lazy\" class=\"alignnone size-full wp-image-1191\" src=\"https:\/\/www.haute-montagne.net\/wp-content\/uploads\/2019\/12\/20190708_071511.jpg\" alt=\"\" width=\"1024\" height=\"576\" srcset=\"https:\/\/www.haute-montagne.net\/wp-content\/uploads\/2019\/12\/20190708_071511.jpg 1024w, https:\/\/www.haute-montagne.net\/wp-content\/uploads\/2019\/12\/20190708_071511-300x169.jpg 300w, https:\/\/www.haute-montagne.net\/wp-content\/uploads\/2019\/12\/20190708_071511-768x432.jpg 768w, https:\/\/www.haute-montagne.net\/wp-content\/uploads\/2019\/12\/20190708_071511-705x397.jpg 705w, https:\/\/www.haute-montagne.net\/wp-content\/uploads\/2019\/12\/20190708_071511-450x253.jpg 450w\" sizes=\"(max-width: 1024px) 100vw, 1024px\" \/> <img loading=\"lazy\" class=\"alignnone size-featured_large wp-image-1193\" src=\"https:\/\/www.haute-montagne.net\/wp-content\/uploads\/2019\/12\/20190708_075007-576x630.jpg\" alt=\"\" width=\"576\" height=\"630\" \/> <img loading=\"lazy\" class=\"alignnone size-featured_large wp-image-1195\" src=\"https:\/\/www.haute-montagne.net\/wp-content\/uploads\/2019\/12\/20190708_082828-576x630.jpg\" alt=\"\" width=\"576\" height=\"630\" \/><\/p>\n<p>Tarif: Nous contacter<\/p>\n<p>pour un groupe (1 \u00e0 3 pers.)<br \/>\nCourse de neige<br \/>\nPoint de d\u00e9part : Refuge Guide d\u2019Ayas<br \/>\nD\u00e9nivellation : 800m<br \/>\nAr\u00eate de neige qui n\u00e9cessite un peu d\u2019attention lors de sa travers\u00e9e.<br \/>\nUne excellente introduction pour se mettre dans l\u2019ambiance de la travers\u00e9e des 4000 du Mont Rose.<\/p>\n<\/div><\/div><\/div><\/section>\n<section class='av_toggle_section av-b1q6m-f68311838c530d9e270c4dd68ae50889'  itemscope=\"itemscope\" itemtype=\"https:\/\/schema.org\/CreativeWork\" ><div role=\"tablist\" class=\"single_toggle\" data-tags=\"{All} {SUISSE} \"  ><p data-fake-id='#toggle-id-89' class='toggler   av-inherit-border-color'  itemprop=\"headline\"  role='tab' tabindex='0' aria-controls='toggle-id-89'>Lyskamm ( Valais - Suisse)<span class=\"toggle_icon\"><span class=\"vert_icon\"><\/span><span class=\"hor_icon\"><\/span><\/span><\/p><div id='toggle-id-89' class='toggle_wrap  '  ><div class='toggle_content invers-color av-inherit-border-color'  itemprop=\"text\" ><p><strong>Lyskamm ( Valais &#8211; Suisse)<\/strong><br \/>\nAltitude: 4527m<br \/>\nDur\u00e9e: 5 H.<br \/>\nType de parcours : glacier<br \/>\nNiveau requis: Niv. 3 (Difficile)<\/p>\n<p><img loading=\"lazy\" class=\"alignnone size-featured_large wp-image-1211\" src=\"https:\/\/www.haute-montagne.net\/wp-content\/uploads\/2019\/12\/IMG_0066-768x630.jpg\" alt=\"\" width=\"768\" height=\"630\" \/> <img loading=\"lazy\" class=\"alignnone size-featured_large wp-image-1213\" src=\"https:\/\/www.haute-montagne.net\/wp-content\/uploads\/2019\/12\/IMG_0078-1024x630.jpg\" alt=\"\" width=\"1024\" height=\"630\" \/> <img loading=\"lazy\" class=\"alignnone size-featured_large wp-image-1239\" src=\"https:\/\/www.haute-montagne.net\/wp-content\/uploads\/2019\/12\/P7080474-1024x630.jpg\" alt=\"\" width=\"1024\" height=\"630\" \/> <img loading=\"lazy\" class=\"alignnone size-featured_large wp-image-1237\" src=\"https:\/\/www.haute-montagne.net\/wp-content\/uploads\/2019\/12\/P7080468-1024x630.jpg\" alt=\"\" width=\"1024\" height=\"630\" \/> <img loading=\"lazy\" class=\"alignnone size-featured_large wp-image-1235\" src=\"https:\/\/www.haute-montagne.net\/wp-content\/uploads\/2019\/12\/P7080464-1024x630.jpg\" alt=\"\" width=\"1024\" height=\"630\" \/><\/p>\n<p>Tarif: Nous contacter<\/p>\n<p>pour un groupe (1 \u00e0 2 pers.)<br \/>\nAr\u00eate de neige<\/p>\n<p>Point de d\u00e9part : Refuge Quitina-Sella<br \/>\nD\u00e9nivellation : 900m<br \/>\nMagnifique travers\u00e9e en neige vertigineuse.<br \/>\nUne vue fabuleuse depuis l\u2019ar\u00eate mais qui dure 2 kilom\u00e8tres.<\/p>\n<\/div><\/div><\/div><\/section>\n<section class='av_toggle_section av-h4dwy-f474da08ebe448d811343469f4ae0aec'  itemscope=\"itemscope\" itemtype=\"https:\/\/schema.org\/CreativeWork\" ><div role=\"tablist\" class=\"single_toggle\" data-tags=\"{All} {SUISSE} \"  ><p data-fake-id='#toggle-id-90' class='toggler   av-inherit-border-color'  itemprop=\"headline\"  role='tab' tabindex='0' aria-controls='toggle-id-90'>Dufourspitze \u2013 Eperon sud ( Valais - Suisse)<span class=\"toggle_icon\"><span class=\"vert_icon\"><\/span><span class=\"hor_icon\"><\/span><\/span><\/p><div id='toggle-id-90' class='toggle_wrap  '  ><div class='toggle_content invers-color av-inherit-border-color'  itemprop=\"text\" ><p><strong>Dufourspitze \u2013 Eperon sud ( Valais &#8211; Suisse)<\/strong><br \/>\nAltitude: 4633m<br \/>\nDur\u00e9e: 8 H.<br \/>\nType de parcours : glacier rocher<br \/>\nNiveau requis: Niv. 4 (Tr\u00e8s difficile) Niv. 4 (Tr\u00e8s difficile)<\/p>\n<p>Tarif: Nous contacter<\/p>\n<p>pour un groupe (1 \u00e0 3 pers.)<br \/>\nPoint de d\u00e9part : Cabane Marguerita<br \/>\nD\u00e9nivellation : 600m<br \/>\nCet itin\u00e9raire est plus vari\u00e9 que la voie normale, les passages rocheux sont de difficult\u00e9 moyenne et le rocher est solide et on est \u00e0 l\u2019abri du vent du nord.<br \/>\nIl est possible \u00e9galement de faire l\u2019ascension de la Dufourspitze par la voie normale depuis le refuge du Mont Rose ou par l\u2019ar\u00eate sud est.<\/p>\n<\/div><\/div><\/div><\/section>\n<section class='av_toggle_section av-av_toggle-e35cc318574bb57166a55c93ccb8648e'  itemscope=\"itemscope\" itemtype=\"https:\/\/schema.org\/CreativeWork\" ><div role=\"tablist\" class=\"single_toggle\" data-tags=\"{All} {SUISSE} \"  ><p data-fake-id='#toggle-id-91' class='toggler   av-inherit-border-color'  itemprop=\"headline\"  role='tab' tabindex='0' aria-controls='toggle-id-91'>Raid glaciaire - les 4000 de Saas-Fee ( Valais - Suisse)<span class=\"toggle_icon\"><span class=\"vert_icon\"><\/span><span class=\"hor_icon\"><\/span><\/span><\/p><div id='toggle-id-91' class='toggle_wrap  '  ><div class='toggle_content invers-color av-inherit-border-color'  itemprop=\"text\" ><p><strong>Raid glaciaire &#8211; les 4000 de Saas-Fee ( Valais &#8211; Suisse)<\/strong><br \/>\nAltitude: 4000m<br \/>\nType de parcours : glacier<br \/>\nNiveau requis: Niv. 2 (Mod\u00e9r\u00e9) Niv. 2 (Mod\u00e9r\u00e9)<\/p>\n<p>Tarif: contact me<\/p>\n<p>par jour pour un groupe (1 \u00e0 3pers.)<br \/>\nPoint de d\u00e9part : Saas Fee<br \/>\nD\u00e9nivellation : De 500 m \u00e0 1200 m<br \/>\n2 \u00e0 6 heures par jour (au choix.)<br \/>\nRaid glaciaire autour de Saas Fee en \u00e9toile avec possibilit\u00e9 de dormir en refuge ou en h\u00f4tel.<br \/>\nLes remont\u00e9es facilitent grandement l\u2019ascension de ces sommets autour de la station de Saas-Fee.<\/p>\n<\/div><\/div><\/div><\/section>\n<section class='av_toggle_section av-fkwrq-2049ca68e7a4c81a3391b763491543ce'  itemscope=\"itemscope\" itemtype=\"https:\/\/schema.org\/CreativeWork\" ><div role=\"tablist\" class=\"single_toggle\" data-tags=\"{All} {SUISSE} \"  ><p data-fake-id='#toggle-id-92' class='toggler   av-inherit-border-color'  itemprop=\"headline\"  role='tab' tabindex='0' aria-controls='toggle-id-92'>Alphubel ( Valais - Suisse)<span class=\"toggle_icon\"><span class=\"vert_icon\"><\/span><span class=\"hor_icon\"><\/span><\/span><\/p><div id='toggle-id-92' class='toggle_wrap  '  ><div class='toggle_content invers-color av-inherit-border-color'  itemprop=\"text\" ><p><strong>Alphubel ( Valais &#8211; Suisse)<\/strong><br \/>\nAltitude: 4206m<br \/>\nDur\u00e9e: 6 H.<br \/>\nType de parcours : glacier<br \/>\nNiveau requis: Niv. 1 (facile) Niv. 1 (facile)<\/p>\n<p>Tarif: Nous contacter<\/p>\n<p>pour un groupe (1 \u00e0 3 pers.)<br \/>\nPoint de d\u00e9part : Saas Fee<br \/>\nD\u00e9nivellation : 1300 m Difficult\u00e9 : Facile Randonn\u00e9e glaciaire au dessus de Saas Fee avec possibilit\u00e9 de dormir en h\u00f4tel gr\u00e2ce aux remont\u00e9es m\u00e9caniques.<br \/>\nLes remont\u00e9es facilitent grandement l\u2019ascension de ces sommets autour de la station de Saas-Fee.<\/p>\n<\/div><\/div><\/div><\/section>\n<section class='av_toggle_section av-f563q-a40a24d5d5f54b65cb87bc5147d37fda'  itemscope=\"itemscope\" itemtype=\"https:\/\/schema.org\/CreativeWork\" ><div role=\"tablist\" class=\"single_toggle\" data-tags=\"{All} {SUISSE} \"  ><p data-fake-id='#toggle-id-93' class='toggler   av-inherit-border-color'  itemprop=\"headline\"  role='tab' tabindex='0' aria-controls='toggle-id-93'>Fluchthorn ( Valais - Suisse)<span class=\"toggle_icon\"><span class=\"vert_icon\"><\/span><span class=\"hor_icon\"><\/span><\/span><\/p><div id='toggle-id-93' class='toggle_wrap  '  ><div class='toggle_content invers-color av-inherit-border-color'  itemprop=\"text\" ><p><strong>Fluchthorn ( Valais &#8211; Suisse)<\/strong><br \/>\nAltitude: 3796m<br \/>\nDur\u00e9e: 4 H.<br \/>\nType de parcours : glacier<br \/>\nNiveau requis: Niv. 1 (facile) Niv. 1 (facile)<\/p>\n<p>Tarif: Nous contacter<\/p>\n<p>pour un groupe (1 \u00e0 3 pers.)<br \/>\nPoint de d\u00e9part : Refuge Britanniah\u00fctte<br \/>\nD\u00e9nivellation : 800 m<\/p>\n<p>Randonn\u00e9e glaciaire au dessus de Saas Fee au d\u00e9part du refuge Britanniah\u00fctte.<br \/>\nLes remont\u00e9es facilitent grandement l\u2019ascension de ces sommets autour de la station de Saas-Fee. Un tr\u00e8s beau glacier d\u2019initiation.<\/p>\n<\/div><\/div><\/div><\/section>\n<section class='av_toggle_section av-epnrq-4007c7782f24d5e448efd917ef6ea27a'  itemscope=\"itemscope\" itemtype=\"https:\/\/schema.org\/CreativeWork\" ><div role=\"tablist\" class=\"single_toggle\" data-tags=\"{All} {SUISSE} \"  ><p data-fake-id='#toggle-id-94' class='toggler   av-inherit-border-color'  itemprop=\"headline\"  role='tab' tabindex='0' aria-controls='toggle-id-94'>Strahlhorn ( Valais - Suisse)<span class=\"toggle_icon\"><span class=\"vert_icon\"><\/span><span class=\"hor_icon\"><\/span><\/span><\/p><div id='toggle-id-94' class='toggle_wrap  '  ><div class='toggle_content invers-color av-inherit-border-color'  itemprop=\"text\" ><p><strong>Strahlhorn ( Valais &#8211; Suisse)<\/strong><br \/>\nAltitude: 4190m<br \/>\nDur\u00e9e: 6 H.<br \/>\nType de parcours : glacier<br \/>\nNiveau requis: Niv. 1 (facile) Niv. 1 (facile)<\/p>\n<p>Tarif: Nous contacter<\/p>\n<p>pour un groupe (1 \u00e0 3 pers.)<br \/>\nPoint de d\u00e9part : Refuge Britanniah\u00fctte<br \/>\nD\u00e9nivellation : 1200 m<br \/>\nRandonn\u00e9e glaciaire au dessus de Saas Fee au d\u00e9part du refuge Britanniah\u00fctte.<br \/>\nLes remont\u00e9es facilitent grandement l\u2019ascension de ces sommets autour de la station de Saas-Fee. Un tr\u00e8s beau et immense glacier d\u2019initiation qui est plus long que son cons\u0153ur le Fluchthorn.<\/p>\n<\/div><\/div><\/div><\/section>\n<section class='av_toggle_section av-a529a-fc80cee8bbc8ee782c2c7792f39af635'  itemscope=\"itemscope\" itemtype=\"https:\/\/schema.org\/CreativeWork\" ><div role=\"tablist\" class=\"single_toggle\" data-tags=\"{All} {SUISSE} \"  ><p data-fake-id='#toggle-id-95' class='toggler   av-inherit-border-color'  itemprop=\"headline\"  role='tab' tabindex='0' aria-controls='toggle-id-95'>Allalinhorn ( Valais - Suisse)<span class=\"toggle_icon\"><span class=\"vert_icon\"><\/span><span class=\"hor_icon\"><\/span><\/span><\/p><div id='toggle-id-95' class='toggle_wrap  '  ><div class='toggle_content invers-color av-inherit-border-color'  itemprop=\"text\" ><p><strong>Allalinhorn ( Valais &#8211; Suisse)<\/strong><br \/>\nAltitude: 4027m<br \/>\nDur\u00e9e: 3 H.<br \/>\nType de parcours : glacier<br \/>\nNiveau requis: Niv. 1 (facile)<\/p>\n<p><img loading=\"lazy\" class=\"alignnone size-full wp-image-1734\" src=\"https:\/\/www.haute-montagne.net\/wp-content\/uploads\/2019\/12\/20190408_113748.jpg\" alt=\"\" width=\"1024\" height=\"498\" srcset=\"https:\/\/www.haute-montagne.net\/wp-content\/uploads\/2019\/12\/20190408_113748.jpg 1024w, https:\/\/www.haute-montagne.net\/wp-content\/uploads\/2019\/12\/20190408_113748-300x146.jpg 300w, https:\/\/www.haute-montagne.net\/wp-content\/uploads\/2019\/12\/20190408_113748-768x374.jpg 768w, https:\/\/www.haute-montagne.net\/wp-content\/uploads\/2019\/12\/20190408_113748-705x343.jpg 705w, https:\/\/www.haute-montagne.net\/wp-content\/uploads\/2019\/12\/20190408_113748-450x219.jpg 450w\" sizes=\"(max-width: 1024px) 100vw, 1024px\" \/> <img loading=\"lazy\" class=\"alignnone size-full wp-image-1748\" src=\"https:\/\/www.haute-montagne.net\/wp-content\/uploads\/2019\/12\/20190614_121406.jpg\" alt=\"\" width=\"1024\" height=\"498\" srcset=\"https:\/\/www.haute-montagne.net\/wp-content\/uploads\/2019\/12\/20190614_121406.jpg 1024w, https:\/\/www.haute-montagne.net\/wp-content\/uploads\/2019\/12\/20190614_121406-300x146.jpg 300w, https:\/\/www.haute-montagne.net\/wp-content\/uploads\/2019\/12\/20190614_121406-768x374.jpg 768w, https:\/\/www.haute-montagne.net\/wp-content\/uploads\/2019\/12\/20190614_121406-705x343.jpg 705w, https:\/\/www.haute-montagne.net\/wp-content\/uploads\/2019\/12\/20190614_121406-450x219.jpg 450w\" sizes=\"(max-width: 1024px) 100vw, 1024px\" \/> <img loading=\"lazy\" class=\"alignnone size-full wp-image-1738\" src=\"https:\/\/www.haute-montagne.net\/wp-content\/uploads\/2019\/12\/20190409_125924.jpg\" alt=\"\" width=\"1024\" height=\"576\" srcset=\"https:\/\/www.haute-montagne.net\/wp-content\/uploads\/2019\/12\/20190409_125924.jpg 1024w, https:\/\/www.haute-montagne.net\/wp-content\/uploads\/2019\/12\/20190409_125924-300x169.jpg 300w, https:\/\/www.haute-montagne.net\/wp-content\/uploads\/2019\/12\/20190409_125924-768x432.jpg 768w, https:\/\/www.haute-montagne.net\/wp-content\/uploads\/2019\/12\/20190409_125924-705x397.jpg 705w, https:\/\/www.haute-montagne.net\/wp-content\/uploads\/2019\/12\/20190409_125924-450x253.jpg 450w\" sizes=\"(max-width: 1024px) 100vw, 1024px\" \/> <img loading=\"lazy\" class=\"alignnone size-full wp-image-1736\" src=\"https:\/\/www.haute-montagne.net\/wp-content\/uploads\/2019\/12\/20190409_125743.jpg\" alt=\"\" width=\"1024\" height=\"197\" srcset=\"https:\/\/www.haute-montagne.net\/wp-content\/uploads\/2019\/12\/20190409_125743.jpg 1024w, https:\/\/www.haute-montagne.net\/wp-content\/uploads\/2019\/12\/20190409_125743-300x58.jpg 300w, https:\/\/www.haute-montagne.net\/wp-content\/uploads\/2019\/12\/20190409_125743-768x148.jpg 768w, https:\/\/www.haute-montagne.net\/wp-content\/uploads\/2019\/12\/20190409_125743-705x136.jpg 705w, https:\/\/www.haute-montagne.net\/wp-content\/uploads\/2019\/12\/20190409_125743-450x87.jpg 450w\" sizes=\"(max-width: 1024px) 100vw, 1024px\" \/><\/p>\n<p>Tarif: Nous contacter<\/p>\n<p>pour un groupe (1 \u00e0 4 pers.)<br \/>\nCourse de neige<br \/>\nPoint de d\u00e9part : Mittel Allalin<br \/>\nD\u00e9nivellation : 500 m<br \/>\nUn 4000m d\u2019acc\u00e8s tr\u00e8s facile par le m\u00e9tro alpin.<br \/>\nPour se mettre en jambe.<\/p>\n<\/div><\/div><\/div><\/section>\n<section class='av_toggle_section av-dh04q-d58508d9a18b3d4b9ebe50fa61ee19a6'  itemscope=\"itemscope\" itemtype=\"https:\/\/schema.org\/CreativeWork\" ><div role=\"tablist\" class=\"single_toggle\" data-tags=\"{All} {SUISSE} \"  ><p data-fake-id='#toggle-id-96' class='toggler   av-inherit-border-color'  itemprop=\"headline\"  role='tab' tabindex='0' aria-controls='toggle-id-96'>Weissmies ( Valais - Suisse)<span class=\"toggle_icon\"><span class=\"vert_icon\"><\/span><span class=\"hor_icon\"><\/span><\/span><\/p><div id='toggle-id-96' class='toggle_wrap  '  ><div class='toggle_content invers-color av-inherit-border-color'  itemprop=\"text\" ><p><strong>Weissmies ( Valais &#8211; Suisse)<\/strong><br \/>\nAltitude: 4023m<br \/>\nDur\u00e9e: 5 H.<br \/>\nType de parcours : glacier<br \/>\nNiveau requis: Niv. 3 (Difficile) Niv. 3 (Difficile)<\/p>\n<p>Tarif: Nous contacter<\/p>\n<p>pour un groupe (1 \u00e0 3 pers.)<br \/>\nCourse de neige<br \/>\nPoint de d\u00e9part : T\u00e9l\u00e9cabine Hohsaas<br \/>\nD\u00e9nivellation : 1000 m<br \/>\nParcours glaciaire tourment\u00e9 avec des parties raides ou la glace peut affleurer.<br \/>\nAttention aux chutes de s\u00e9rac.<\/p>\n<\/div><\/div><\/div><\/section>\n<section class='av_toggle_section av-7i8oe-49f6c8687f7d7ebac8ad8f3d278986e5'  itemscope=\"itemscope\" itemtype=\"https:\/\/schema.org\/CreativeWork\" ><div role=\"tablist\" class=\"single_toggle\" data-tags=\"{All} {SUISSE} \"  ><p data-fake-id='#toggle-id-97' class='toggler   av-inherit-border-color'  itemprop=\"headline\"  role='tab' tabindex='0' aria-controls='toggle-id-97'>Cervin - Ar\u00eate H\u00f4rnli ( Valais - Suisse)<span class=\"toggle_icon\"><span class=\"vert_icon\"><\/span><span class=\"hor_icon\"><\/span><\/span><\/p><div id='toggle-id-97' class='toggle_wrap  '  ><div class='toggle_content invers-color av-inherit-border-color'  itemprop=\"text\" ><p><strong>Cervin &#8211; Ar\u00eate H\u00f4rnli ( Valais &#8211; Suisse)<\/strong><br \/>\nAltitude: 4478m<br \/>\nDur\u00e9e: 11 H.<br \/>\nType de parcours : glacier rocher<br \/>\nNiveau requis: Niv. 4 (Tr\u00e8s difficile)<\/p>\n<p><img loading=\"lazy\" class=\"alignnone size-featured_large wp-image-882\" src=\"https:\/\/www.haute-montagne.net\/wp-content\/uploads\/2019\/11\/alp_hor_cervin_hornli-768x630.jpg\" alt=\"\" width=\"768\" height=\"630\" \/> <img loading=\"lazy\" class=\"alignnone size-full wp-image-884\" src=\"https:\/\/www.haute-montagne.net\/wp-content\/uploads\/2019\/11\/alp_ver_cervin_corde_carrel.jpg\" alt=\"\" width=\"767\" height=\"1024\" srcset=\"https:\/\/www.haute-montagne.net\/wp-content\/uploads\/2019\/11\/alp_ver_cervin_corde_carrel.jpg 767w, https:\/\/www.haute-montagne.net\/wp-content\/uploads\/2019\/11\/alp_ver_cervin_corde_carrel-225x300.jpg 225w, https:\/\/www.haute-montagne.net\/wp-content\/uploads\/2019\/11\/alp_ver_cervin_corde_carrel-528x705.jpg 528w, https:\/\/www.haute-montagne.net\/wp-content\/uploads\/2019\/11\/alp_ver_cervin_corde_carrel-450x601.jpg 450w\" sizes=\"(max-width: 767px) 100vw, 767px\" \/><\/p>\n<p>par personne (groupe de 3 min.)<br \/>\nPoint de d\u00e9part : Hornlihutte<br \/>\nD\u00e9nivellation : 1200 m<br \/>\nLongue course en Haute Montagne demandant un bon niveau technique particuli\u00e8rement \u00e0 la descente qui se fait par le m\u00eame itin\u00e9raire.<br \/>\nCourse demandant beaucoup d\u2019exp\u00e9rience.<\/p>\n<\/div><\/div><\/div><\/section>\n<section class='av_toggle_section av-a0nb2-c5191a163d03aae8accf9bba7b21861d'  itemscope=\"itemscope\" itemtype=\"https:\/\/schema.org\/CreativeWork\" ><div role=\"tablist\" class=\"single_toggle\" data-tags=\"{All} {SUISSE} \"  ><p data-fake-id='#toggle-id-98' class='toggler   av-inherit-border-color'  itemprop=\"headline\"  role='tab' tabindex='0' aria-controls='toggle-id-98'>Arolla ( Valais - Suisse)<span class=\"toggle_icon\"><span class=\"vert_icon\"><\/span><span class=\"hor_icon\"><\/span><\/span><\/p><div id='toggle-id-98' class='toggle_wrap  '  ><div class='toggle_content invers-color av-inherit-border-color'  itemprop=\"text\" ><p><strong>Arolla ( Valais &#8211; Suisse)<\/strong><br \/>\nAltitude: 1998m<br \/>\nType de parcours : glacier<br \/>\nNiveau requis: Niv. 1 (facile)<\/p>\n<p><img loading=\"lazy\" class=\"alignnone size-featured_large wp-image-1703\" src=\"https:\/\/www.haute-montagne.net\/wp-content\/uploads\/2019\/12\/P7300128-1024x630.jpg\" alt=\"\" width=\"1024\" height=\"630\" \/> <img loading=\"lazy\" class=\"alignnone size-featured_large wp-image-1705\" src=\"https:\/\/www.haute-montagne.net\/wp-content\/uploads\/2019\/12\/P7310135-768x630.jpg\" alt=\"\" width=\"768\" height=\"630\" \/> <img loading=\"lazy\" class=\"alignnone size-featured_large wp-image-1701\" src=\"https:\/\/www.haute-montagne.net\/wp-content\/uploads\/2019\/12\/P7300123-1024x630.jpg\" alt=\"\" width=\"1024\" height=\"630\" \/> <img loading=\"lazy\" class=\"alignnone size-featured_large wp-image-1699\" src=\"https:\/\/www.haute-montagne.net\/wp-content\/uploads\/2019\/12\/P7300121-1024x630.jpg\" alt=\"\" width=\"1024\" height=\"630\" \/><\/p>\n<p>Tarif: Nous contacter<\/p>\n<p>Par personne<br \/>\nA 1998 m\u00e8tres d\u2019altitude, dans la Vall\u00e9e d\u2019H\u00e9rens au sud de Sion, se niche le village d\u2019Arolla, qui fait partie de la commune d\u2019Evol\u00e8ne dans le Valais en Suisse.<br \/>\nArolla est une petite station pour les amoureux de calme, d&#8217;air tonifiant et de nature encore sauvage.<br \/>\nL\u2019\u00e9tonnant paysage des montagnes, des glaciers et des alpages encore intacts est remarquable.<\/p>\n<\/div><\/div><\/div><\/section>\n<section class='av_toggle_section av-7jdkm-3eca6f74fa5921ed72eb2b6ce45e3f4f'  itemscope=\"itemscope\" itemtype=\"https:\/\/schema.org\/CreativeWork\" ><div role=\"tablist\" class=\"single_toggle\" data-tags=\"{All} {SUISSE} \"  ><p data-fake-id='#toggle-id-99' class='toggler   av-inherit-border-color'  itemprop=\"headline\"  role='tab' tabindex='0' aria-controls='toggle-id-99'>Piz Bernina ( Bernina - Suisse)<span class=\"toggle_icon\"><span class=\"vert_icon\"><\/span><span class=\"hor_icon\"><\/span><\/span><\/p><div id='toggle-id-99' class='toggle_wrap  '  ><div class='toggle_content invers-color av-inherit-border-color'  itemprop=\"text\" ><p><strong>Piz Bernina ( Bernina &#8211; Suisse)<\/strong><br \/>\nAltitude: 4020m<br \/>\nDur\u00e9e: 4 H.<br \/>\nType de parcours : glacier rocher<\/p>\n<p>Niveau requis: Niv. 3 (Assez Difficile<\/p>\n<p>)<img loading=\"lazy\" class=\"alignnone size-full wp-image-1538\" src=\"https:\/\/www.haute-montagne.net\/wp-content\/uploads\/2019\/12\/20190731_144007.jpg\" alt=\"\" width=\"1024\" height=\"278\" srcset=\"https:\/\/www.haute-montagne.net\/wp-content\/uploads\/2019\/12\/20190731_144007.jpg 1024w, https:\/\/www.haute-montagne.net\/wp-content\/uploads\/2019\/12\/20190731_144007-300x81.jpg 300w, https:\/\/www.haute-montagne.net\/wp-content\/uploads\/2019\/12\/20190731_144007-768x209.jpg 768w, https:\/\/www.haute-montagne.net\/wp-content\/uploads\/2019\/12\/20190731_144007-705x191.jpg 705w, https:\/\/www.haute-montagne.net\/wp-content\/uploads\/2019\/12\/20190731_144007-450x122.jpg 450w\" sizes=\"(max-width: 1024px) 100vw, 1024px\" \/><\/p>\n<p><img loading=\"lazy\" class=\"alignnone size-full wp-image-1540\" src=\"https:\/\/www.haute-montagne.net\/wp-content\/uploads\/2019\/12\/20190801_122303.jpg\" alt=\"\" width=\"1024\" height=\"576\" srcset=\"https:\/\/www.haute-montagne.net\/wp-content\/uploads\/2019\/12\/20190801_122303.jpg 1024w, https:\/\/www.haute-montagne.net\/wp-content\/uploads\/2019\/12\/20190801_122303-300x169.jpg 300w, https:\/\/www.haute-montagne.net\/wp-content\/uploads\/2019\/12\/20190801_122303-768x432.jpg 768w, https:\/\/www.haute-montagne.net\/wp-content\/uploads\/2019\/12\/20190801_122303-705x397.jpg 705w, https:\/\/www.haute-montagne.net\/wp-content\/uploads\/2019\/12\/20190801_122303-450x253.jpg 450w\" sizes=\"(max-width: 1024px) 100vw, 1024px\" \/><\/p>\n<p>Tarif: Nous contacter<\/p>\n<p>pour un groupe (1 \u00e0 3 pers.)<br \/>\nCourse glaciaire et Mixte<br \/>\nPoint de d\u00e9part : T\u00e9l\u00e9cabine Diavolezza<br \/>\nD\u00e9nivellation : 600 m la mont\u00e9e en refuge et 500 m le 2\u00e8me jour.<br \/>\nRemont\u00e9e glaciaire sur un glacier tr\u00e8s crevass\u00e9 pour aller au refuge suivie d\u2019une ar\u00eate a\u00e9rienne en mixte avec un passage en 3 \u2013 4.<br \/>\nUn beau massif glaciaire relativement raide avec de beaux sommets aux alentours.<\/p>\n<\/div><\/div><\/div><\/section>\n<section class='av_toggle_section av-bdfha-74e32fd7c8cbbf26e232e8bd17c5b006'  itemscope=\"itemscope\" itemtype=\"https:\/\/schema.org\/CreativeWork\" ><div role=\"tablist\" class=\"single_toggle\" data-tags=\"{All} {SUISSE} \"  ><p data-fake-id='#toggle-id-100' class='toggler   av-inherit-border-color'  itemprop=\"headline\"  role='tab' tabindex='0' aria-controls='toggle-id-100'>Piz Pal\u00fc - voie normale ( Bernina - Suisse)<span class=\"toggle_icon\"><span class=\"vert_icon\"><\/span><span class=\"hor_icon\"><\/span><\/span><\/p><div id='toggle-id-100' class='toggle_wrap  '  ><div class='toggle_content invers-color av-inherit-border-color'  itemprop=\"text\" ><p><strong>Piz Pal\u00fc &#8211; voie normale ( Bernina &#8211; Suisse)<\/strong><br \/>\nAltitude: 3901m<br \/>\nDur\u00e9e: 6 H.<br \/>\nType de parcours : glacier<br \/>\nNiveau requis: Niv. 2 (Assez Difficile)<\/p>\n<p><img loading=\"lazy\" class=\"alignnone size-full wp-image-1536\" src=\"https:\/\/www.haute-montagne.net\/wp-content\/uploads\/2019\/12\/20190731_133359.jpg\" alt=\"\" width=\"1024\" height=\"576\" srcset=\"https:\/\/www.haute-montagne.net\/wp-content\/uploads\/2019\/12\/20190731_133359.jpg 1024w, https:\/\/www.haute-montagne.net\/wp-content\/uploads\/2019\/12\/20190731_133359-300x169.jpg 300w, https:\/\/www.haute-montagne.net\/wp-content\/uploads\/2019\/12\/20190731_133359-768x432.jpg 768w, https:\/\/www.haute-montagne.net\/wp-content\/uploads\/2019\/12\/20190731_133359-705x397.jpg 705w, https:\/\/www.haute-montagne.net\/wp-content\/uploads\/2019\/12\/20190731_133359-450x253.jpg 450w\" sizes=\"(max-width: 1024px) 100vw, 1024px\" \/><\/p>\n<p>Tarif: Nous contacter<\/p>\n<p>pour un groupe (1 \u00e0 3 pers.)<br \/>\nPoint de d\u00e9part : T\u00e9l\u00e9cabine Diavolezza<br \/>\nD\u00e9nivellation : 1000m<br \/>\nGrand glacier avec une pente glaciaire \u00e0 40\u00b0 \u00e0 la fin.<br \/>\nGlacier avec de grandes crevasses.<\/p>\n<\/div><\/div><\/div><\/section>\n<section class='av_toggle_section av-ansay-fadcdc518846db5be76f77310cac138d'  itemscope=\"itemscope\" itemtype=\"https:\/\/schema.org\/CreativeWork\" ><div role=\"tablist\" class=\"single_toggle\" data-tags=\"{All} {SUISSE} \"  ><p data-fake-id='#toggle-id-101' class='toggler   av-inherit-border-color'  itemprop=\"headline\"  role='tab' tabindex='0' aria-controls='toggle-id-101'>Raid Glaciaire au Piz Bernina ( Bernina - Suisse)<span class=\"toggle_icon\"><span class=\"vert_icon\"><\/span><span class=\"hor_icon\"><\/span><\/span><\/p><div id='toggle-id-101' class='toggle_wrap  '  ><div class='toggle_content invers-color av-inherit-border-color'  itemprop=\"text\" ><p><strong>Raid Glaciaire au Piz Bernina ( Bernina &#8211; Suisse)<\/strong><br \/>\nAltitude: 4020m<br \/>\nDur\u00e9e: 5 H.<br \/>\nType de parcours : glacier rocher<br \/>\nNiveau requis: Niv. 3 (Difficile) Niv. 3 (Difficile)<\/p>\n<p>Tarif: Nous contacter<\/p>\n<p>pour un groupe (1 \u00e0 3 pers.)<br \/>\nCourse glaciaire et mixte<br \/>\nPoint de d\u00e9part : T\u00e9l\u00e9cabine Diavolezza<br \/>\nD\u00e9nivellation : 500m \u00e0 1000m<br \/>\nPossibilit\u00e9 d\u2019encha\u00eener les sommets du Piz Bernina, Piz Pal\u00fc, Piz Zupo, Piz Roseg.<br \/>\nBeau secteur mais avec des pentes en neige ou glace relativement raide 35\u00b0 \u00e0 40\u00b0.<\/p>\n<\/div><\/div><\/div><\/section>\n<section class='av_toggle_section av-a41t6-7874399dd19963308418a69f4526790e'  itemscope=\"itemscope\" itemtype=\"https:\/\/schema.org\/CreativeWork\" ><div role=\"tablist\" class=\"single_toggle\" data-tags=\"{All} {SUISSE} \"  ><p data-fake-id='#toggle-id-102' class='toggler   av-inherit-border-color'  itemprop=\"headline\"  role='tab' tabindex='0' aria-controls='toggle-id-102'>Raid glaciaire autour du Dammastock ( Dammastock - Suisse)<span class=\"toggle_icon\"><span class=\"vert_icon\"><\/span><span class=\"hor_icon\"><\/span><\/span><\/p><div id='toggle-id-102' class='toggle_wrap  '  ><div class='toggle_content invers-color av-inherit-border-color'  itemprop=\"text\" ><p><strong>Raid glaciaire autour du Dammastock ( Dammastock &#8211; Suisse)<\/strong><br \/>\nType de parcours : glacier<br \/>\nNiveau requis: Niv. 2 (Mod\u00e9r\u00e9) Niv. 2 (Mod\u00e9r\u00e9)<\/p>\n<p>Tarif: Nous contacter<\/p>\n<p>pour un groupe (1 \u00e0 3 pers.)<br \/>\nPoint de d\u00e9part : Voralhutte<br \/>\nD\u00e9nivellation : 1000m \u00e0 1200m par jour.<br \/>\nDur\u00e9e de l\u2019ascension : 5h00 \u00e0 6h00 par jour<br \/>\nRaid glaciaire autour du Dammastock avec l\u2019ascension de celui-ci ainsi que des principaux sommets aux alentours : Sustenhorn, Mittlel- Tierberg, Diechterhorn, Gross Muttenhorn.<br \/>\nSecteur tr\u00e8s sauvage et isol\u00e9 avec des d\u00e9nivellations assez importantes mais peu connu l\u2019\u00e9t\u00e9.<\/p>\n<\/div><\/div><\/div><\/section>\n<section class='av_toggle_section av-9d0te-9eb64bd94dc215cd5d974e9525d3ed8d'  itemscope=\"itemscope\" itemtype=\"https:\/\/schema.org\/CreativeWork\" ><div role=\"tablist\" class=\"single_toggle\" data-tags=\"{All} {SUISSE} \"  ><p data-fake-id='#toggle-id-103' class='toggler   av-inherit-border-color'  itemprop=\"headline\"  role='tab' tabindex='0' aria-controls='toggle-id-103'>Sustenhorn - 3503m - Ar\u00eate est ( Dammastock - Suisse)<span class=\"toggle_icon\"><span class=\"vert_icon\"><\/span><span class=\"hor_icon\"><\/span><\/span><\/p><div id='toggle-id-103' class='toggle_wrap  '  ><div class='toggle_content invers-color av-inherit-border-color'  itemprop=\"text\" ><p><strong>Sustenhorn &#8211; Ar\u00eate est ( Dammastock &#8211; Suisse)<\/strong><br \/>\nAltitude: 3503m<br \/>\nDur\u00e9e: 7 H.<br \/>\nType de parcours : glacier rocher<br \/>\nNiveau requis: Niv. 4 (Tr\u00e8s difficile) Niv. 4 (Tr\u00e8s difficile)<\/p>\n<p>Tarif: Nous contacter<\/p>\n<p>pour un groupe (1 \u00e0 3 pers.)<br \/>\nPoint de d\u00e9part : Voralph\u00fctte<br \/>\nD\u00e9nivellation : 1400m<br \/>\nGrande course d\u2019Ar\u00eate de niveau 4.<br \/>\nUne belle course loin de la foule.<\/p>\n<\/div><\/div><\/div><\/section>\n<section class='av_toggle_section av-8h8u2-9c38841d4c6939d0f012d11344accb68'  itemscope=\"itemscope\" itemtype=\"https:\/\/schema.org\/CreativeWork\" ><div role=\"tablist\" class=\"single_toggle\" data-tags=\"{All} {SUISSE} \"  ><p data-fake-id='#toggle-id-104' class='toggler   av-inherit-border-color'  itemprop=\"headline\"  role='tab' tabindex='0' aria-controls='toggle-id-104'>Hint-Sustenlimihorn ( Dammastock - Suisse)<span class=\"toggle_icon\"><span class=\"vert_icon\"><\/span><span class=\"hor_icon\"><\/span><\/span><\/p><div id='toggle-id-104' class='toggle_wrap  '  ><div class='toggle_content invers-color av-inherit-border-color'  itemprop=\"text\" ><p><strong>Hint-Sustenlimihorn ( Dammastock &#8211; Suisse)<\/strong><br \/>\nAltitude: 3194m<br \/>\nDur\u00e9e: 5 H.<br \/>\nType de parcours : glacier<br \/>\nNiveau requis: Niv. 3 (Difficile) Niv. 3 (Difficile)<\/p>\n<p>Tarif: Nous contacter<\/p>\n<p>pour un groupe (1 \u00e0 3 pers.)<br \/>\nPoint de d\u00e9part : Voralph\u00fctte<br \/>\nD\u00e9nivellation : 1000m<br \/>\nRandonn\u00e9e glaciaire dans un secteur sauvage et isol\u00e9.<br \/>\nSe fait dans un raid glaciaire au Dammastock.<\/p>\n<\/div><\/div><\/div><\/section>\n<section class='av_toggle_section av-bboza-13fcf590b5a71b8886bbfec5d3160633'  itemscope=\"itemscope\" itemtype=\"https:\/\/schema.org\/CreativeWork\" ><div role=\"tablist\" class=\"single_toggle\" data-tags=\"{All} {SUISSE} \"  ><p data-fake-id='#toggle-id-105' class='toggler   av-inherit-border-color'  itemprop=\"headline\"  role='tab' tabindex='0' aria-controls='toggle-id-105'>Rhoneglescher ( Dammastock - Suisse)<span class=\"toggle_icon\"><span class=\"vert_icon\"><\/span><span class=\"hor_icon\"><\/span><\/span><\/p><div id='toggle-id-105' class='toggle_wrap  '  ><div class='toggle_content invers-color av-inherit-border-color'  itemprop=\"text\" ><p><strong>Rhoneglescher ( Dammastock &#8211; Suisse)<\/strong><br \/>\nType de parcours : glacier<br \/>\nNiveau requis: Niv. 1 (facile)<\/p>\n<p><img loading=\"lazy\" class=\"alignnone size-featured_large wp-image-1381\" src=\"https:\/\/www.haute-montagne.net\/wp-content\/uploads\/2019\/12\/P8040037-1024x630.jpg\" alt=\"\" width=\"1024\" height=\"630\" \/> <img loading=\"lazy\" class=\"alignnone size-featured_large wp-image-1379\" src=\"https:\/\/www.haute-montagne.net\/wp-content\/uploads\/2019\/12\/P8040029-1024x630.jpg\" alt=\"\" width=\"1024\" height=\"630\" \/> <img loading=\"lazy\" class=\"alignnone size-featured_large wp-image-1383\" src=\"https:\/\/www.haute-montagne.net\/wp-content\/uploads\/2019\/12\/P8040038-1024x630.jpg\" alt=\"\" width=\"1024\" height=\"630\" \/><\/p>\n<p><img loading=\"lazy\" class=\"alignnone size-full wp-image-1750\" src=\"https:\/\/www.haute-montagne.net\/wp-content\/uploads\/2019\/12\/20190618_103504.jpg\" alt=\"\" width=\"1024\" height=\"498\" srcset=\"https:\/\/www.haute-montagne.net\/wp-content\/uploads\/2019\/12\/20190618_103504.jpg 1024w, https:\/\/www.haute-montagne.net\/wp-content\/uploads\/2019\/12\/20190618_103504-300x146.jpg 300w, https:\/\/www.haute-montagne.net\/wp-content\/uploads\/2019\/12\/20190618_103504-768x374.jpg 768w, https:\/\/www.haute-montagne.net\/wp-content\/uploads\/2019\/12\/20190618_103504-705x343.jpg 705w, https:\/\/www.haute-montagne.net\/wp-content\/uploads\/2019\/12\/20190618_103504-450x219.jpg 450w\" sizes=\"(max-width: 1024px) 100vw, 1024px\" \/> <img loading=\"lazy\" class=\"alignnone size-full wp-image-1754\" src=\"https:\/\/www.haute-montagne.net\/wp-content\/uploads\/2019\/12\/20190618_113436.jpg\" alt=\"\" width=\"1024\" height=\"146\" srcset=\"https:\/\/www.haute-montagne.net\/wp-content\/uploads\/2019\/12\/20190618_113436.jpg 1024w, https:\/\/www.haute-montagne.net\/wp-content\/uploads\/2019\/12\/20190618_113436-300x43.jpg 300w, https:\/\/www.haute-montagne.net\/wp-content\/uploads\/2019\/12\/20190618_113436-768x110.jpg 768w, https:\/\/www.haute-montagne.net\/wp-content\/uploads\/2019\/12\/20190618_113436-705x101.jpg 705w, https:\/\/www.haute-montagne.net\/wp-content\/uploads\/2019\/12\/20190618_113436-450x64.jpg 450w\" sizes=\"(max-width: 1024px) 100vw, 1024px\" \/><\/p>\n<p>Tarif: Nous contacter<\/p>\n<p>pour un groupe (1 \u00e0 4 pers.)<br \/>\nPoint de d\u00e9part : Furkapass<br \/>\nD\u00e9nivellation : Au choix<br \/>\nDur\u00e9e de l\u2019ascension : de 1 \u00e0 6 heures<br \/>\nRandonn\u00e9e glaciaire sur le glacier du Rh\u00f4ne permettant de monter au sommet du Dammastock.<br \/>\nImmense glacier<\/p>\n<\/div><\/div><\/div><\/section>\n<section class='av_toggle_section av-104by-5da513aa112b423493e2853c7c5402f4'  itemscope=\"itemscope\" itemtype=\"https:\/\/schema.org\/CreativeWork\" ><div role=\"tablist\" class=\"single_toggle\" data-tags=\"{All} {SUISSE} \"  ><p data-fake-id='#toggle-id-106' class='toggler   av-inherit-border-color'  itemprop=\"headline\"  role='tab' tabindex='0' aria-controls='toggle-id-106'>Dammastock ( Dammastock - Suisse)<span class=\"toggle_icon\"><span class=\"vert_icon\"><\/span><span class=\"hor_icon\"><\/span><\/span><\/p><div id='toggle-id-106' class='toggle_wrap  '  ><div class='toggle_content invers-color av-inherit-border-color'  itemprop=\"text\" ><p>Dammastock ( Dammastock &#8211; Suisse)<br \/>\nAltitude: 3630m<br \/>\nDur\u00e9e: 7 H.<br \/>\nType de parcours : glacier<br \/>\nNiveau requis: Niv. 3 (Difficile) Niv. 3 (Difficile)<\/p>\n<p>Tarif: Nous contacter<\/p>\n<p>pour un groupe (1 \u00e0 3 pers.)<br \/>\nPoint de d\u00e9part : Plusieurs possibilit\u00e9s<br \/>\nD\u00e9nivellation : 1200m \u00e0 1400m<br \/>\nLongue course glaciaire peu parcourue l\u2019\u00e9t\u00e9.<br \/>\nA faire dans un raid au Dammastock.<\/p>\n<\/div><\/div><\/div><\/section>\n<section class='av_toggle_section av-7kzye-a9b7ad9168d7b2c291e03f29c555dbbc'  itemscope=\"itemscope\" itemtype=\"https:\/\/schema.org\/CreativeWork\" ><div role=\"tablist\" class=\"single_toggle\" data-tags=\"{All} {SUISSE} \"  ><p data-fake-id='#toggle-id-107' class='toggler   av-inherit-border-color'  itemprop=\"headline\"  role='tab' tabindex='0' aria-controls='toggle-id-107'>Gross Muttenhorn ( Dammastock - Suisse)<span class=\"toggle_icon\"><span class=\"vert_icon\"><\/span><span class=\"hor_icon\"><\/span><\/span><\/p><div id='toggle-id-107' class='toggle_wrap  '  ><div class='toggle_content invers-color av-inherit-border-color'  itemprop=\"text\" ><p><strong>Gross Muttenhorn ( Dammastock &#8211; Suisse)<\/strong><br \/>\nAltitude: 3099m<br \/>\nDur\u00e9e: 4 H.<br \/>\nType de parcours : glacier rocher<br \/>\nNiveau requis: Niv. 1 (facile) Niv. 1 (facile)<\/p>\n<p>Tarif: Nous contacter<\/p>\n<p>pour un groupe (1 \u00e0 3 pers.)<br \/>\nPoint de d\u00e9part : Furkapass<br \/>\nD\u00e9nivellation : 600 m<br \/>\nRandonn\u00e9e glaciaire au d\u00e9part du matin de l\u2019h\u00f4tel du belv\u00e9d\u00e8re.<br \/>\nUne belle vue sur le glacier du Rh\u00f4ne<\/p>\n<\/div><\/div><\/div><\/section>\n<section class='av_toggle_section av-apc72-7bc71d3f1f8aed57a8f126691c3482e7'  itemscope=\"itemscope\" itemtype=\"https:\/\/schema.org\/CreativeWork\" ><div role=\"tablist\" class=\"single_toggle\" data-tags=\"{All} {SUISSE} \"  ><p data-fake-id='#toggle-id-108' class='toggler   av-inherit-border-color'  itemprop=\"headline\"  role='tab' tabindex='0' aria-controls='toggle-id-108'>Oberaarhorn ( Dammastock - Suisse)<span class=\"toggle_icon\"><span class=\"vert_icon\"><\/span><span class=\"hor_icon\"><\/span><\/span><\/p><div id='toggle-id-108' class='toggle_wrap  '  ><div class='toggle_content invers-color av-inherit-border-color'  itemprop=\"text\" ><p><strong>Oberaarhorn ( Dammastock &#8211; Suisse)<\/strong><br \/>\nAltitude: 3631m<br \/>\nDur\u00e9e: 5 H.<br \/>\nType de parcours : glacier<br \/>\nNiveau requis: Niv. 1 (facile)<\/p>\n<p><img loading=\"lazy\" class=\"alignnone size-featured_large wp-image-1385\" src=\"https:\/\/www.haute-montagne.net\/wp-content\/uploads\/2019\/12\/P8050050-1024x630.jpg\" alt=\"\" width=\"1024\" height=\"630\" \/> <img loading=\"lazy\" class=\"alignnone size-featured_large wp-image-1387\" src=\"https:\/\/www.haute-montagne.net\/wp-content\/uploads\/2019\/12\/P8050067-1024x630.jpg\" alt=\"\" width=\"1024\" height=\"630\" \/><\/p>\n<p>Tarif: Nous contacter<\/p>\n<p>pour un groupe (1 \u00e0 4 pers.)<br \/>\nPoint de d\u00e9part : Grimselsee<br \/>\nD\u00e9nivellation : 900m<br \/>\nRandonn\u00e9e glaciaire avec une ar\u00eate mixte \u00e0 la fin. D\u00e9part depuis le lac de l\u2019Oberaarsee dans lequel se jette le glacier.<br \/>\nPeut se faire depuis le Dammastock ou en redescendant de L\u2019Aletschgletscher.<\/p>\n<\/div><\/div><\/div><\/section>\n<section class='av_toggle_section av-b28pa-b87c6e1cc16967747dff71c1bde4900d'  itemscope=\"itemscope\" itemtype=\"https:\/\/schema.org\/CreativeWork\" ><div role=\"tablist\" class=\"single_toggle\" data-tags=\"{All} {SUISSE} \"  ><p data-fake-id='#toggle-id-109' class='toggler   av-inherit-border-color'  itemprop=\"headline\"  role='tab' tabindex='0' aria-controls='toggle-id-109'>M\u00f6nch ( Oberland - Suisse)<span class=\"toggle_icon\"><span class=\"vert_icon\"><\/span><span class=\"hor_icon\"><\/span><\/span><\/p><div id='toggle-id-109' class='toggle_wrap  '  ><div class='toggle_content invers-color av-inherit-border-color'  itemprop=\"text\" ><p><strong>M\u00f6nch ( Oberland &#8211; Suisse)<\/strong><br \/>\nAltitude: 4107m<br \/>\nDur\u00e9e: 4 H.<br \/>\nType de parcours : glacier rocher<br \/>\nNiveau requis: Niv. 3 (Assez Difficile)<\/p>\n<p><img loading=\"lazy\" class=\"alignnone size-full wp-image-1397\" src=\"https:\/\/www.haute-montagne.net\/wp-content\/uploads\/2019\/12\/P8218346.jpg\" alt=\"\" width=\"1024\" height=\"577\" srcset=\"https:\/\/www.haute-montagne.net\/wp-content\/uploads\/2019\/12\/P8218346.jpg 1024w, https:\/\/www.haute-montagne.net\/wp-content\/uploads\/2019\/12\/P8218346-300x169.jpg 300w, https:\/\/www.haute-montagne.net\/wp-content\/uploads\/2019\/12\/P8218346-768x433.jpg 768w, https:\/\/www.haute-montagne.net\/wp-content\/uploads\/2019\/12\/P8218346-705x397.jpg 705w, https:\/\/www.haute-montagne.net\/wp-content\/uploads\/2019\/12\/P8218346-450x254.jpg 450w\" sizes=\"(max-width: 1024px) 100vw, 1024px\" \/> <img loading=\"lazy\" class=\"alignnone size-featured_large wp-image-1399\" src=\"https:\/\/www.haute-montagne.net\/wp-content\/uploads\/2019\/12\/P8218352-577x630.jpg\" alt=\"\" width=\"577\" height=\"630\" \/> <img loading=\"lazy\" class=\"alignnone size-featured_large wp-image-1395\" src=\"https:\/\/www.haute-montagne.net\/wp-content\/uploads\/2019\/12\/P8210157-1024x630.jpg\" alt=\"\" width=\"1024\" height=\"630\" \/> <img loading=\"lazy\" class=\"alignnone size-full wp-image-1401\" src=\"https:\/\/www.haute-montagne.net\/wp-content\/uploads\/2019\/12\/P8218357.jpg\" alt=\"\" width=\"1024\" height=\"577\" srcset=\"https:\/\/www.haute-montagne.net\/wp-content\/uploads\/2019\/12\/P8218357.jpg 1024w, https:\/\/www.haute-montagne.net\/wp-content\/uploads\/2019\/12\/P8218357-300x169.jpg 300w, https:\/\/www.haute-montagne.net\/wp-content\/uploads\/2019\/12\/P8218357-768x433.jpg 768w, https:\/\/www.haute-montagne.net\/wp-content\/uploads\/2019\/12\/P8218357-705x397.jpg 705w, https:\/\/www.haute-montagne.net\/wp-content\/uploads\/2019\/12\/P8218357-450x254.jpg 450w\" sizes=\"(max-width: 1024px) 100vw, 1024px\" \/> <img loading=\"lazy\" class=\"alignnone size-featured_large wp-image-1393\" src=\"https:\/\/www.haute-montagne.net\/wp-content\/uploads\/2019\/12\/P8210145-1024x630.jpg\" alt=\"\" width=\"1024\" height=\"630\" \/><\/p>\n<p>Tarif: Nous contacter<\/p>\n<p>pour un groupe (1 \u00e0 3 pers.)<br \/>\nPoint de d\u00e9part : Refuge du M\u00f6nch<br \/>\nD\u00e9nivellation : 600 m<br \/>\nDifficult\u00e9 : Rocher en 2 et glace \u00e0 45\u00b0 Course relativement raide avec des parties en glace sur un sommet central.<br \/>\nA faire absolument avant d\u2019aller se mettre sous la couette au refuge.<\/p>\n<\/div><\/div><\/div><\/section>\n<section class='av_toggle_section av-o3ke-032dc3b24466e3f69d1f8b59f72a5ec6'  itemscope=\"itemscope\" itemtype=\"https:\/\/schema.org\/CreativeWork\" ><div role=\"tablist\" class=\"single_toggle\" data-tags=\"{All} {SUISSE} \"  ><p data-fake-id='#toggle-id-110' class='toggler   av-inherit-border-color'  itemprop=\"headline\"  role='tab' tabindex='0' aria-controls='toggle-id-110'>Jungfrau ( Oberland - Suisse)<span class=\"toggle_icon\"><span class=\"vert_icon\"><\/span><span class=\"hor_icon\"><\/span><\/span><\/p><div id='toggle-id-110' class='toggle_wrap  '  ><div class='toggle_content invers-color av-inherit-border-color'  itemprop=\"text\" ><p><strong>Jungfrau ( Oberland &#8211; Suisse)<\/strong><br \/>\nAltitude: 4158m<br \/>\nDur\u00e9e: 5 H.<br \/>\nType de parcours : glacier rocher<br \/>\nNiveau requis: Niv. 3 (Difficile)<\/p>\n<p><img loading=\"lazy\" class=\"alignnone size-full wp-image-1411\" src=\"https:\/\/www.haute-montagne.net\/wp-content\/uploads\/2019\/12\/P8228400.jpg\" alt=\"\" width=\"1024\" height=\"577\" srcset=\"https:\/\/www.haute-montagne.net\/wp-content\/uploads\/2019\/12\/P8228400.jpg 1024w, https:\/\/www.haute-montagne.net\/wp-content\/uploads\/2019\/12\/P8228400-300x169.jpg 300w, https:\/\/www.haute-montagne.net\/wp-content\/uploads\/2019\/12\/P8228400-768x433.jpg 768w, https:\/\/www.haute-montagne.net\/wp-content\/uploads\/2019\/12\/P8228400-705x397.jpg 705w, https:\/\/www.haute-montagne.net\/wp-content\/uploads\/2019\/12\/P8228400-450x254.jpg 450w\" sizes=\"(max-width: 1024px) 100vw, 1024px\" \/> <img loading=\"lazy\" class=\"alignnone size-featured_large wp-image-1409\" src=\"https:\/\/www.haute-montagne.net\/wp-content\/uploads\/2019\/12\/P8220183-1024x630.jpg\" alt=\"\" width=\"1024\" height=\"630\" \/> <img loading=\"lazy\" class=\"alignnone size-featured_large wp-image-1405\" src=\"https:\/\/www.haute-montagne.net\/wp-content\/uploads\/2019\/12\/P8220172-768x630.jpg\" alt=\"\" width=\"768\" height=\"630\" \/> <img loading=\"lazy\" class=\"alignnone size-featured_large wp-image-1403\" src=\"https:\/\/www.haute-montagne.net\/wp-content\/uploads\/2019\/12\/P8220168-1024x630.jpg\" alt=\"\" width=\"1024\" height=\"630\" \/> <img loading=\"lazy\" class=\"alignnone size-featured_large wp-image-1407\" src=\"https:\/\/www.haute-montagne.net\/wp-content\/uploads\/2019\/12\/P8220182-1024x630.jpg\" alt=\"\" width=\"1024\" height=\"630\" \/><\/p>\n<p>Tarif: Nous contacter<\/p>\n<p>pour un groupe (1 \u00e0 2 pers.)<br \/>\nPoint de d\u00e9part : Refuge du M\u00f6nch<br \/>\nD\u00e9nivellation : 600 m<br \/>\nCourse en mixte avec du rocher souvent enneig\u00e9 et des pentes en glace \u00e0 45\u00b0.<br \/>\nLa proximit\u00e9 du train du Jungfraujoch r\u00e9duit la dur\u00e9e de cette course.<\/p>\n<\/div><\/div><\/div><\/section>\n<section class='av_toggle_section av-52fdu-ccc5d5b4870712a052508bd2d4a7e1cc'  itemscope=\"itemscope\" itemtype=\"https:\/\/schema.org\/CreativeWork\" ><div role=\"tablist\" class=\"single_toggle\" data-tags=\"{All} {SUISSE} \"  ><p data-fake-id='#toggle-id-111' class='toggler   av-inherit-border-color'  itemprop=\"headline\"  role='tab' tabindex='0' aria-controls='toggle-id-111'>Gross-Fiescherhorn ( Oberland - Suisse)<span class=\"toggle_icon\"><span class=\"vert_icon\"><\/span><span class=\"hor_icon\"><\/span><\/span><\/p><div id='toggle-id-111' class='toggle_wrap  '  ><div class='toggle_content invers-color av-inherit-border-color'  itemprop=\"text\" ><p><strong>Gross-Fiescherhorn ( Oberland &#8211; Suisse)<\/strong><br \/>\nAltitude: 4049m<br \/>\nDur\u00e9e: 4 H.<br \/>\nType de parcours : glacier<br \/>\nNiveau requis: Niv. 2 (Mod\u00e9r\u00e9) Niv. 2 (Mod\u00e9r\u00e9)<\/p>\n<p>Tarif: Nous contacter<\/p>\n<p>pour un groupe (1 \u00e0 3 pers.)<br \/>\nPoint de d\u00e9part : Refuge du M\u00f6nch<br \/>\nD\u00e9nivellation : 500 m<br \/>\nRandonn\u00e9e glaciaire avec une pente qui se redresse au fur et \u00e0 mesure avec un passage en 2 sur l\u2019ar\u00eate finale.<br \/>\nA faire dans un raid glaciaire dans l\u2019Oberland.<\/p>\n<\/div><\/div><\/div><\/section>\n<section class='av_toggle_section av-9od6e-3d5c131fa334391c10161e9ec9804eae'  itemscope=\"itemscope\" itemtype=\"https:\/\/schema.org\/CreativeWork\" ><div role=\"tablist\" class=\"single_toggle\" data-tags=\"{All} {SUISSE} \"  ><p data-fake-id='#toggle-id-112' class='toggler   av-inherit-border-color'  itemprop=\"headline\"  role='tab' tabindex='0' aria-controls='toggle-id-112'>Raid glaciaire dans l\u2019Oberland de 5 \u00e0 6 jours ( Oberland - Suisse)<span class=\"toggle_icon\"><span class=\"vert_icon\"><\/span><span class=\"hor_icon\"><\/span><\/span><\/p><div id='toggle-id-112' class='toggle_wrap  '  ><div class='toggle_content invers-color av-inherit-border-color'  itemprop=\"text\" ><p><strong>Aletsch &#8211; Raid glaciaire dans l\u2019Oberland de 5 \u00e0 6 jours ( Oberland &#8211; Suisse)<\/strong><br \/>\nType de parcours : glacier<br \/>\nNiveau requis: Niv. 2 (Mod\u00e9r\u00e9)<\/p>\n<p><img loading=\"lazy\" class=\"alignnone size-featured_large wp-image-1359\" src=\"https:\/\/www.haute-montagne.net\/wp-content\/uploads\/2019\/12\/P7190004-1024x630.jpg\" alt=\"\" width=\"1024\" height=\"630\" \/> <img loading=\"lazy\" class=\"alignnone size-featured_large wp-image-1361\" src=\"https:\/\/www.haute-montagne.net\/wp-content\/uploads\/2019\/12\/P7200018-1024x630.jpg\" alt=\"\" width=\"1024\" height=\"630\" \/> <img loading=\"lazy\" class=\"alignnone size-featured_large wp-image-1363\" src=\"https:\/\/www.haute-montagne.net\/wp-content\/uploads\/2019\/12\/P7200029-1024x630.jpg\" alt=\"\" width=\"1024\" height=\"630\" \/> <img loading=\"lazy\" class=\"alignnone size-featured_large wp-image-1365\" src=\"https:\/\/www.haute-montagne.net\/wp-content\/uploads\/2019\/12\/P7200046-1024x630.jpg\" alt=\"\" width=\"1024\" height=\"630\" \/> <img loading=\"lazy\" class=\"alignnone size-featured_large wp-image-1367\" src=\"https:\/\/www.haute-montagne.net\/wp-content\/uploads\/2019\/12\/P7200066-1024x630.jpg\" alt=\"\" width=\"1024\" height=\"630\" \/> <img loading=\"lazy\" class=\"alignnone size-featured_large wp-image-1369\" src=\"https:\/\/www.haute-montagne.net\/wp-content\/uploads\/2019\/12\/P7210073-1024x630.jpg\" alt=\"\" width=\"1024\" height=\"630\" \/><\/p>\n<p>Tarif: Nous contacter<\/p>\n<p>pour un groupe (1 \u00e0 3 pers.)<br \/>\nPoint de d\u00e9part : Station du Jungfraujoch<br \/>\nD\u00e9nivellation : de 500 \u00e0 600 m<br \/>\nDur\u00e9e de l\u2019ascension : 4 \u00e0 5H00 par jour<br \/>\nRandonn\u00e9e glaciaire sur les immenses glaciers d\u2019Aletsch avec la possibilit\u00e9 de faire le M\u00f6nch, la Jungfrau, le Gross-Fiescherhorn.<br \/>\nLe plus grand glacier d\u2019Europe \u00e0 faire de pr\u00e9f\u00e9rence \u00e0 la descente.<\/p>\n<\/div><\/div><\/div><\/section>\n<section class='av_toggle_section av-3xsvu-548e531bc57a47112e00790660e7c929'  itemscope=\"itemscope\" itemtype=\"https:\/\/schema.org\/CreativeWork\" ><div role=\"tablist\" class=\"single_toggle\" data-tags=\"{All} {SUISSE} \"  ><p data-fake-id='#toggle-id-113' class='toggler   av-inherit-border-color'  itemprop=\"headline\"  role='tab' tabindex='0' aria-controls='toggle-id-113'>Eiger - Ar\u00eate Mittellegi ( Oberland - Suisse)<span class=\"toggle_icon\"><span class=\"vert_icon\"><\/span><span class=\"hor_icon\"><\/span><\/span><\/p><div id='toggle-id-113' class='toggle_wrap  '  ><div class='toggle_content invers-color av-inherit-border-color'  itemprop=\"text\" ><p><strong>Eiger &#8211; Ar\u00eate Mittellegi ( Oberland &#8211; Suisse)<\/strong><br \/>\nAltitude: 3970m<br \/>\nDur\u00e9e: 10 H.<br \/>\nType de parcours : glacier rocher<br \/>\nNiveau requis: Niv. 4 (Tr\u00e8s difficile) Niv. 4 (Tr\u00e8s difficile)<\/p>\n<p>Tarif: Nous contacter<\/p>\n<p>pour un groupe (1 \u00e0 3 pers.)<br \/>\nCourse mixte et rocheuse<br \/>\nPoint de d\u00e9part : Refuge Mittellegi<br \/>\nD\u00e9nivellation : 900m \u00e0 la mont\u00e9e et 700m \u00e0 la descente<br \/>\nUne des plus belle course d\u2019ar\u00eate de Suisse. Le fil \u00e9tant aiguis\u00e9, donne une vue plongeante sur l\u2019Eiger.<br \/>\nCourse longue et s\u00e9rieuse avec des difficult\u00e9s en rocher en 4.<\/p>\n<\/div><\/div><\/div><\/section>\n<section class='av_toggle_section av-b7x6e-1c31003b21075f1d71b84cb2691a93f0'  itemscope=\"itemscope\" itemtype=\"https:\/\/schema.org\/CreativeWork\" ><div role=\"tablist\" class=\"single_toggle\" data-tags=\"{All} {SUISSE} \"  ><p data-fake-id='#toggle-id-114' class='toggler   av-inherit-border-color'  itemprop=\"headline\"  role='tab' tabindex='0' aria-controls='toggle-id-114'>Zermatt ( Zermatt - Suisse)<span class=\"toggle_icon\"><span class=\"vert_icon\"><\/span><span class=\"hor_icon\"><\/span><\/span><\/p><div id='toggle-id-114' class='toggle_wrap  '  ><div class='toggle_content invers-color av-inherit-border-color'  itemprop=\"text\" ><p><strong>Zermatt ( Zermatt &#8211; Suisse)<\/strong><br \/>\nType de parcours : glacier<br \/>\nNiveau requis: Niv. 1 (facile)<\/p>\n<p><img loading=\"lazy\" class=\"alignnone size-featured_large wp-image-1167\" src=\"https:\/\/www.haute-montagne.net\/wp-content\/uploads\/2019\/12\/8-mont-rose-1024x630.jpg\" alt=\"\" width=\"1024\" height=\"630\" \/><\/p>\n<p><img loading=\"lazy\" class=\"alignnone size-featured_large wp-image-1685\" src=\"https:\/\/www.haute-montagne.net\/wp-content\/uploads\/2019\/12\/P7240032-768x630.jpg\" alt=\"\" width=\"768\" height=\"630\" \/> <img loading=\"lazy\" class=\"alignnone size-featured_large wp-image-1687\" src=\"https:\/\/www.haute-montagne.net\/wp-content\/uploads\/2019\/12\/P7250042-1024x630.jpg\" alt=\"\" width=\"1024\" height=\"630\" \/> <img loading=\"lazy\" class=\"alignnone size-featured_large wp-image-1689\" src=\"https:\/\/www.haute-montagne.net\/wp-content\/uploads\/2019\/12\/P7250048-1024x630.jpg\" alt=\"\" width=\"1024\" height=\"630\" \/> <img loading=\"lazy\" class=\"alignnone size-featured_large wp-image-1691\" src=\"https:\/\/www.haute-montagne.net\/wp-content\/uploads\/2019\/12\/P7250058-1024x630.jpg\" alt=\"\" width=\"1024\" height=\"630\" \/><\/p>\n<p>Tarif: Nous contacter<\/p>\n<p>Par personne<br \/>\nA la fronti\u00e8re italienne du Valais, canton le plus au Sud de la Suisse romande, Zermatt se niche tout au bout des 30 km de la vall\u00e9e Nikolaital, au pied du Cervin, la montagne la plus photographi\u00e9e au monde.<br \/>\nPr\u00e8s d&#8217;un tiers des sommets alpins de plus de 4000 m\u00e8tres encadrent majestueusement le village, devenu depuis la premi\u00e8re ascension du Cervin en 1865 le paradis des alpinistes.<br \/>\nLe climat est d&#8217;une qualit\u00e9 exceptionnelle : avec 300 jours de soleil par an, les pr\u00e9cipitations enregistr\u00e9es sont les plus faibles de Suisse. L&#8217;air \u00e0 Zermatt est clair, sec et propre, puisque ne sont autoris\u00e9s \u00e0 circuler dans le village que les v\u00e9hicules \u00e9lectriques sans moteur \u00e0 combustion &#8211; et ce depuis 1947.<br \/>\nDe belles ascensions sont possibles avec un acc\u00e8s facilit\u00e9 par les remont\u00e9es m\u00e9caniques et le chocolat suisse.<\/p>\n<p><img loading=\"lazy\" class=\"alignnone size-full wp-image-188\" src=\"https:\/\/www.haute-montagne.net\/wp-content\/uploads\/2019\/08\/ldg97chur4qunsvvgd98w9dl2pjpyl-pre.jpg\" alt=\"Zermatt ( Zermatt - Suisse)\" width=\"450\" height=\"337\" srcset=\"https:\/\/www.haute-montagne.net\/wp-content\/uploads\/2019\/08\/ldg97chur4qunsvvgd98w9dl2pjpyl-pre.jpg 450w, https:\/\/www.haute-montagne.net\/wp-content\/uploads\/2019\/08\/ldg97chur4qunsvvgd98w9dl2pjpyl-pre-300x225.jpg 300w\" sizes=\"(max-width: 450px) 100vw, 450px\" \/> <img loading=\"lazy\" class=\"alignnone size-full wp-image-189\" src=\"https:\/\/www.haute-montagne.net\/wp-content\/uploads\/2019\/08\/hn6hridr1oaxgswizjrlm4ukpazujm-pre.jpg\" alt=\"Zermatt ( Zermatt - Suisse)\" width=\"450\" height=\"337\" srcset=\"https:\/\/www.haute-montagne.net\/wp-content\/uploads\/2019\/08\/hn6hridr1oaxgswizjrlm4ukpazujm-pre.jpg 450w, https:\/\/www.haute-montagne.net\/wp-content\/uploads\/2019\/08\/hn6hridr1oaxgswizjrlm4ukpazujm-pre-300x225.jpg 300w\" sizes=\"(max-width: 450px) 100vw, 450px\" \/><\/p>\n<\/div><\/div><\/div><\/section>\n<section class='av_toggle_section av-2rq2i-9ce74fc3320caaa147d669b9588af1bb'  itemscope=\"itemscope\" itemtype=\"https:\/\/schema.org\/CreativeWork\" ><div role=\"tablist\" class=\"single_toggle\" data-tags=\"{All} {SUD FRANCE} \"  ><p data-fake-id='#toggle-id-115' class='toggler   av-inherit-border-color'  itemprop=\"headline\"  role='tab' tabindex='0' aria-controls='toggle-id-115'>Buis les Baronnies ( Sud - France)<span class=\"toggle_icon\"><span class=\"vert_icon\"><\/span><span class=\"hor_icon\"><\/span><\/span><\/p><div id='toggle-id-115' class='toggle_wrap  '  ><div class='toggle_content invers-color av-inherit-border-color'  itemprop=\"text\" ><p><strong>Buis les Baronnies ( Sud &#8211; France)<\/strong><br \/>\nType de parcours : rocher<br \/>\nNiveau requis: Niv. 4 (Tr\u00e8s difficile) Niv. 4 (Tr\u00e8s difficile)<\/p>\n<p>Tarif: Nous contacter<\/p>\n<p>pour un groupe (1 \u00e0 3 pers.)<br \/>\nEscalade rocheuse Point de d\u00e9part : Buis les Baronnies<br \/>\nD\u00e9nivellation : jusqu&#8217;\u00e0 120m<br \/>\nDifficult\u00e9 : du 4 au 6 Dur\u00e9e de la voie : au choix<br \/>\nEscalade vari\u00e9e sur du rocher excellent avec des prises franches.<br \/>\nExcellent pour faire de l\u2019escalade de niveaux 4 ou 5 avec de bonnes prises.<\/p>\n<\/div><\/div><\/div><\/section>\n<section class='av_toggle_section av-277ke-c86c34e2188962e1ed9509b1b40b144f'  itemscope=\"itemscope\" itemtype=\"https:\/\/schema.org\/CreativeWork\" ><div role=\"tablist\" class=\"single_toggle\" data-tags=\"{All} {SUD FRANCE} \"  ><p data-fake-id='#toggle-id-116' class='toggler   av-inherit-border-color'  itemprop=\"headline\"  role='tab' tabindex='0' aria-controls='toggle-id-116'>Les Dentelles de Montmirail ( Sud - France)<span class=\"toggle_icon\"><span class=\"vert_icon\"><\/span><span class=\"hor_icon\"><\/span><\/span><\/p><div id='toggle-id-116' class='toggle_wrap  '  ><div class='toggle_content invers-color av-inherit-border-color'  itemprop=\"text\" ><p><strong>Les Dentelles de Montmirail ( Sud &#8211; France)<\/strong><br \/>\nType de parcours : rocher<br \/>\nNiveau requis: Niv. 2 (Mod\u00e9r\u00e9) Niv. 2 (Mod\u00e9r\u00e9)<\/p>\n<p>Tarif: Nous contacter<\/p>\n<p>pour un groupe (1 \u00e0 3 pers.)<br \/>\nLes Dentelles de Montmirail<br \/>\nType de course : Voies rocheuses Point de d\u00e9part : Gigondas<br \/>\nD\u00e9nivellation : falaises rocheuses de 20m \u00e0 100m<br \/>\nDifficult\u00e9 : Attention au Gigondas (vin), il a tendance \u00e0 cogner au soleil<br \/>\nDur\u00e9e de la voie : au choix<br \/>\nEscalade sur du calcaire tr\u00e8s adh\u00e9rent en dalle \u00e0 goutte d\u2019eau avec tout type de Au pays du vin, une halte s\u2019impose pour le d\u00e9guster.<\/p>\n<\/div><\/div><\/div><\/section>\n<section class='av_toggle_section av-1khwa-c8651425923a3a6c4ab5d316ab064868'  itemscope=\"itemscope\" itemtype=\"https:\/\/schema.org\/CreativeWork\" ><div role=\"tablist\" class=\"single_toggle\" data-tags=\"{All} {SUD FRANCE} \"  ><p data-fake-id='#toggle-id-117' class='toggler   av-inherit-border-color'  itemprop=\"headline\"  role='tab' tabindex='0' aria-controls='toggle-id-117'>Les Calanques de Marseille ( Sud - France)<span class=\"toggle_icon\"><span class=\"vert_icon\"><\/span><span class=\"hor_icon\"><\/span><\/span><\/p><div id='toggle-id-117' class='toggle_wrap  '  ><div class='toggle_content invers-color av-inherit-border-color'  itemprop=\"text\" ><p><strong>Les Calanques de Marseille ( Sud &#8211; France)<\/strong><br \/>\nType de parcours : rocher<br \/>\nNiveau requis: Niv. 2 (Mod\u00e9r\u00e9) Niv. 2 (Mod\u00e9r\u00e9)<\/p>\n<p>Tarif: Nous contacter<\/p>\n<p>pour un groupe (1 \u00e0 3 pers.)<br \/>\nType de course : Au rythme des vagues Point de d\u00e9part : Cassis (13)<br \/>\nD\u00e9nivellation : +300m \u00e0 3 m\u00e8tres quand on tombe dans l\u2019eau<br \/>\nDifficult\u00e9 : Tous les niveaux Dur\u00e9e de la voie: Au choix<br \/>\nEscalade rocheuse en calcaire au pied de la mer.<br \/>\nExcellent pour r\u00e9chauffer son petit corps apr\u00e8s un hiver rigoureux !!!<\/p>\n<\/div><\/div><\/div><\/section>\n<section class='av_toggle_section av-9l9am-eed1f708e71cbff922f0eee8ded419a3'  itemscope=\"itemscope\" itemtype=\"https:\/\/schema.org\/CreativeWork\" ><div role=\"tablist\" class=\"single_toggle\" data-tags=\"{All} {AUTRICHE} \"  ><p data-fake-id='#toggle-id-118' class='toggler   av-inherit-border-color'  itemprop=\"headline\"  role='tab' tabindex='0' aria-controls='toggle-id-118'>Grossglockner ( Autriche )<span class=\"toggle_icon\"><span class=\"vert_icon\"><\/span><span class=\"hor_icon\"><\/span><\/span><\/p><div id='toggle-id-118' class='toggle_wrap  '  ><div class='toggle_content invers-color av-inherit-border-color'  itemprop=\"text\" ><p><strong>Grossglockner ( Autriche )<\/strong><br \/>\nAltitude: 3798m<br \/>\nDur\u00e9e: 4 H.<br \/>\nType de parcours : glacier et rocher suivant les itineraires .Nombreux glaciers a parcourir autour du grossglockner<br \/>\nNiveau requis: Niv. 2 (Mod\u00e9r\u00e9)<\/p>\n<p><img loading=\"lazy\" class=\"alignnone size-full wp-image-1515\" src=\"https:\/\/www.haute-montagne.net\/wp-content\/uploads\/2019\/12\/20180729_170815.jpg\" alt=\"\" width=\"1024\" height=\"576\" srcset=\"https:\/\/www.haute-montagne.net\/wp-content\/uploads\/2019\/12\/20180729_170815.jpg 1024w, https:\/\/www.haute-montagne.net\/wp-content\/uploads\/2019\/12\/20180729_170815-300x169.jpg 300w, https:\/\/www.haute-montagne.net\/wp-content\/uploads\/2019\/12\/20180729_170815-768x432.jpg 768w, https:\/\/www.haute-montagne.net\/wp-content\/uploads\/2019\/12\/20180729_170815-705x397.jpg 705w, https:\/\/www.haute-montagne.net\/wp-content\/uploads\/2019\/12\/20180729_170815-450x253.jpg 450w\" sizes=\"(max-width: 1024px) 100vw, 1024px\" \/> <img loading=\"lazy\" class=\"alignnone size-full wp-image-1519\" src=\"https:\/\/www.haute-montagne.net\/wp-content\/uploads\/2019\/12\/20180729_171754.jpg\" alt=\"\" width=\"1024\" height=\"194\" srcset=\"https:\/\/www.haute-montagne.net\/wp-content\/uploads\/2019\/12\/20180729_171754.jpg 1024w, https:\/\/www.haute-montagne.net\/wp-content\/uploads\/2019\/12\/20180729_171754-300x57.jpg 300w, https:\/\/www.haute-montagne.net\/wp-content\/uploads\/2019\/12\/20180729_171754-768x146.jpg 768w, https:\/\/www.haute-montagne.net\/wp-content\/uploads\/2019\/12\/20180729_171754-705x134.jpg 705w, https:\/\/www.haute-montagne.net\/wp-content\/uploads\/2019\/12\/20180729_171754-450x85.jpg 450w\" sizes=\"(max-width: 1024px) 100vw, 1024px\" \/> <img loading=\"lazy\" class=\"alignnone size-full wp-image-1517\" src=\"https:\/\/www.haute-montagne.net\/wp-content\/uploads\/2019\/12\/20180729_171116.jpg\" alt=\"\" width=\"1024\" height=\"216\" srcset=\"https:\/\/www.haute-montagne.net\/wp-content\/uploads\/2019\/12\/20180729_171116.jpg 1024w, https:\/\/www.haute-montagne.net\/wp-content\/uploads\/2019\/12\/20180729_171116-300x63.jpg 300w, https:\/\/www.haute-montagne.net\/wp-content\/uploads\/2019\/12\/20180729_171116-768x162.jpg 768w, https:\/\/www.haute-montagne.net\/wp-content\/uploads\/2019\/12\/20180729_171116-705x149.jpg 705w, https:\/\/www.haute-montagne.net\/wp-content\/uploads\/2019\/12\/20180729_171116-450x95.jpg 450w\" sizes=\"(max-width: 1024px) 100vw, 1024px\" \/> <img loading=\"lazy\" class=\"alignnone size-full wp-image-1513\" src=\"https:\/\/www.haute-montagne.net\/wp-content\/uploads\/2019\/12\/20180729_085511.jpg\" alt=\"\" width=\"1024\" height=\"576\" srcset=\"https:\/\/www.haute-montagne.net\/wp-content\/uploads\/2019\/12\/20180729_085511.jpg 1024w, https:\/\/www.haute-montagne.net\/wp-content\/uploads\/2019\/12\/20180729_085511-300x169.jpg 300w, https:\/\/www.haute-montagne.net\/wp-content\/uploads\/2019\/12\/20180729_085511-768x432.jpg 768w, https:\/\/www.haute-montagne.net\/wp-content\/uploads\/2019\/12\/20180729_085511-705x397.jpg 705w, https:\/\/www.haute-montagne.net\/wp-content\/uploads\/2019\/12\/20180729_085511-450x253.jpg 450w\" sizes=\"(max-width: 1024px) 100vw, 1024px\" \/> <img loading=\"lazy\" class=\"alignnone size-full wp-image-1523\" src=\"https:\/\/www.haute-montagne.net\/wp-content\/uploads\/2019\/12\/20180730_083241.jpg\" alt=\"\" width=\"1024\" height=\"228\" srcset=\"https:\/\/www.haute-montagne.net\/wp-content\/uploads\/2019\/12\/20180730_083241.jpg 1024w, https:\/\/www.haute-montagne.net\/wp-content\/uploads\/2019\/12\/20180730_083241-300x67.jpg 300w, https:\/\/www.haute-montagne.net\/wp-content\/uploads\/2019\/12\/20180730_083241-768x171.jpg 768w, https:\/\/www.haute-montagne.net\/wp-content\/uploads\/2019\/12\/20180730_083241-705x157.jpg 705w, https:\/\/www.haute-montagne.net\/wp-content\/uploads\/2019\/12\/20180730_083241-450x100.jpg 450w\" sizes=\"(max-width: 1024px) 100vw, 1024px\" \/> <img loading=\"lazy\" class=\"alignnone size-full wp-image-1525\" src=\"https:\/\/www.haute-montagne.net\/wp-content\/uploads\/2019\/12\/20180730_104704.jpg\" alt=\"\" width=\"1024\" height=\"576\" srcset=\"https:\/\/www.haute-montagne.net\/wp-content\/uploads\/2019\/12\/20180730_104704.jpg 1024w, https:\/\/www.haute-montagne.net\/wp-content\/uploads\/2019\/12\/20180730_104704-300x169.jpg 300w, https:\/\/www.haute-montagne.net\/wp-content\/uploads\/2019\/12\/20180730_104704-768x432.jpg 768w, https:\/\/www.haute-montagne.net\/wp-content\/uploads\/2019\/12\/20180730_104704-705x397.jpg 705w, https:\/\/www.haute-montagne.net\/wp-content\/uploads\/2019\/12\/20180730_104704-450x253.jpg 450w\" sizes=\"(max-width: 1024px) 100vw, 1024px\" \/><\/p>\n<p>Tarif: Nous contacter<\/p>\n<p>pour un groupe (1 \u00e0 3 pers.)<br \/>\nCourse mixte<br \/>\nPoint de d\u00e9part : refuge St\u00fcdlh\u00fctte<br \/>\nD\u00e9nivellation : 1000m<br \/>\nPoint culminant de l\u2019Autriche et plus particuli\u00e8rement du Tyrol.<br \/>\nA faire lors d\u2019un raid glaciaire en Autriche.<\/p>\n<\/div><\/div><\/div><\/section>\n<section class='av_toggle_section av-9loq6-f8791d6041248787c6875ee838b39012'  itemscope=\"itemscope\" itemtype=\"https:\/\/schema.org\/CreativeWork\" ><div role=\"tablist\" class=\"single_toggle\" data-tags=\"{All} {CHAMONIX} \"  ><p data-fake-id='#toggle-id-119' class='toggler   av-inherit-border-color'  itemprop=\"headline\"  role='tab' tabindex='0' aria-controls='toggle-id-119'>Travers\u00e9e Aiguilles Marbr\u00e9es ( Chamonix)<span class=\"toggle_icon\"><span class=\"vert_icon\"><\/span><span class=\"hor_icon\"><\/span><\/span><\/p><div id='toggle-id-119' class='toggle_wrap  '  ><div class='toggle_content invers-color av-inherit-border-color'  itemprop=\"text\" ><p><strong>Travers\u00e9e Aiguilles Marbr\u00e9es ( Chamonix)<\/strong><br \/>\nAltitude: 3535 m<br \/>\nDur\u00e9e: 4 H.<br \/>\nType de parcours : glacier rocher<br \/>\nNiveau requis: Niveau d\u00e9butant \u00e0 mod\u00e9r\u00e9<\/p>\n<p><img loading=\"lazy\" class=\"alignnone wp-image-705\" src=\"https:\/\/www.haute-montagne.net\/wp-content\/uploads\/2019\/11\/P8211984-300x169.jpg\" sizes=\"(max-width: 479px) 100vw, 479px\" srcset=\"https:\/\/www.haute-montagne.net\/wp-content\/uploads\/2019\/11\/P8211984-300x169.jpg 300w, https:\/\/www.haute-montagne.net\/wp-content\/uploads\/2019\/11\/P8211984-768x433.jpg 768w, https:\/\/www.haute-montagne.net\/wp-content\/uploads\/2019\/11\/P8211984-705x397.jpg 705w, https:\/\/www.haute-montagne.net\/wp-content\/uploads\/2019\/11\/P8211984-450x254.jpg 450w, https:\/\/www.haute-montagne.net\/wp-content\/uploads\/2019\/11\/P8211984.jpg 1024w\" alt=\"\" width=\"479\" height=\"270\" \/>\u00a0<img loading=\"lazy\" class=\"alignnone wp-image-707\" src=\"https:\/\/www.haute-montagne.net\/wp-content\/uploads\/2019\/11\/P9070036-300x169.jpg\" sizes=\"(max-width: 481px) 100vw, 481px\" srcset=\"https:\/\/www.haute-montagne.net\/wp-content\/uploads\/2019\/11\/P9070036-300x169.jpg 300w, https:\/\/www.haute-montagne.net\/wp-content\/uploads\/2019\/11\/P9070036-768x432.jpg 768w, https:\/\/www.haute-montagne.net\/wp-content\/uploads\/2019\/11\/P9070036-705x397.jpg 705w, https:\/\/www.haute-montagne.net\/wp-content\/uploads\/2019\/11\/P9070036-450x253.jpg 450w, https:\/\/www.haute-montagne.net\/wp-content\/uploads\/2019\/11\/P9070036.jpg 1024w\" alt=\"\" width=\"481\" height=\"271\" \/><\/p>\n<p>Tarif: Nous contacter<\/p>\n<p>pour un groupe (1 \u00e0 3 pers.)<br \/>\nCourse mixte<br \/>\nPoint de d\u00e9part : Pointe Helbronner<br \/>\nD\u00e9nivellation : 200 m<br \/>\nExcellente course pour d\u00e9couvrir le versant italien du Mont-Blanc<\/p>\n<\/div><\/div><\/div><\/section>\n<section class='av_toggle_section av-7m6ni-c404e19df1df442ba1ec3455589c03d0'  itemscope=\"itemscope\" itemtype=\"https:\/\/schema.org\/CreativeWork\" ><div role=\"tablist\" class=\"single_toggle\" data-tags=\"{All} {CHAMONIX} \"  ><p data-fake-id='#toggle-id-120' class='toggler   av-inherit-border-color'  itemprop=\"headline\"  role='tab' tabindex='0' aria-controls='toggle-id-120'>Ecole de glace ( Chamonix)<span class=\"toggle_icon\"><span class=\"vert_icon\"><\/span><span class=\"hor_icon\"><\/span><\/span><\/p><div id='toggle-id-120' class='toggle_wrap  '  ><div class='toggle_content invers-color av-inherit-border-color'  itemprop=\"text\" ><p><strong>Ecole de glace ( Chamonix)<\/strong><br \/>\nAltitude: 2000 m<br \/>\nDur\u00e9e: 6 H.<br \/>\nType de parcours : glacier<br \/>\nNiveau requis: Niveau d\u00e9butant \u00e0 mod\u00e9r\u00e9<\/p>\n<p><img loading=\"lazy\" class=\"alignnone wp-image-715\" src=\"https:\/\/www.haute-montagne.net\/wp-content\/uploads\/2019\/11\/P9270078-300x169.jpg\" sizes=\"(max-width: 495px) 100vw, 495px\" srcset=\"https:\/\/www.haute-montagne.net\/wp-content\/uploads\/2019\/11\/P9270078-300x169.jpg 300w, https:\/\/www.haute-montagne.net\/wp-content\/uploads\/2019\/11\/P9270078-768x432.jpg 768w, https:\/\/www.haute-montagne.net\/wp-content\/uploads\/2019\/11\/P9270078-705x397.jpg 705w, https:\/\/www.haute-montagne.net\/wp-content\/uploads\/2019\/11\/P9270078-450x253.jpg 450w, https:\/\/www.haute-montagne.net\/wp-content\/uploads\/2019\/11\/P9270078.jpg 1024w\" alt=\"\" width=\"495\" height=\"279\" \/>\u00a0<img loading=\"lazy\" class=\"alignnone wp-image-713\" src=\"https:\/\/www.haute-montagne.net\/wp-content\/uploads\/2019\/11\/P7270162-300x169.jpg\" sizes=\"(max-width: 493px) 100vw, 493px\" srcset=\"https:\/\/www.haute-montagne.net\/wp-content\/uploads\/2019\/11\/P7270162-300x169.jpg 300w, https:\/\/www.haute-montagne.net\/wp-content\/uploads\/2019\/11\/P7270162-768x432.jpg 768w, https:\/\/www.haute-montagne.net\/wp-content\/uploads\/2019\/11\/P7270162-705x397.jpg 705w, https:\/\/www.haute-montagne.net\/wp-content\/uploads\/2019\/11\/P7270162-450x253.jpg 450w, https:\/\/www.haute-montagne.net\/wp-content\/uploads\/2019\/11\/P7270162.jpg 1024w\" alt=\"\" width=\"493\" height=\"278\" \/><\/p>\n<p>Tarif: Nous contacter<\/p>\n<p>pour un groupe (1 \u00e0 4 pers.)<br \/>\nEcole de glace<br \/>\nPoint de d\u00e9part : Chamonix<br \/>\nD\u00e9nivellation : variable<br \/>\nApprentissage des techniques en glace.<\/p>\n<\/div><\/div><\/div><\/section>\n<section class='av_toggle_section av-bnbym-d162ed06e6dc8131ef41580c6e29c378'  itemscope=\"itemscope\" itemtype=\"https:\/\/schema.org\/CreativeWork\" ><div role=\"tablist\" class=\"single_toggle\" data-tags=\"{All} {CHAMONIX} \"  ><p data-fake-id='#toggle-id-121' class='toggler   av-inherit-border-color'  itemprop=\"headline\"  role='tab' tabindex='0' aria-controls='toggle-id-121'>Aiguille de Toule ( Chamonix)<span class=\"toggle_icon\"><span class=\"vert_icon\"><\/span><span class=\"hor_icon\"><\/span><\/span><\/p><div id='toggle-id-121' class='toggle_wrap  '  ><div class='toggle_content invers-color av-inherit-border-color'  itemprop=\"text\" ><p><strong>Aiguille de Toule ( Chamonix)<\/strong><br \/>\nAltitude: 3534 m<br \/>\nDur\u00e9e: 5 H.<br \/>\nType de parcours : glacier mixte<br \/>\nNiveau requis: Niveau d\u00e9butant \u00e0 mod\u00e9r\u00e9<\/p>\n<p><img loading=\"lazy\" class=\"alignnone wp-image-752\" src=\"https:\/\/www.haute-montagne.net\/wp-content\/uploads\/2019\/11\/P9070036-1-300x169.jpg\" sizes=\"(max-width: 615px) 100vw, 615px\" srcset=\"https:\/\/www.haute-montagne.net\/wp-content\/uploads\/2019\/11\/P9070036-1-300x169.jpg 300w, https:\/\/www.haute-montagne.net\/wp-content\/uploads\/2019\/11\/P9070036-1-768x432.jpg 768w, https:\/\/www.haute-montagne.net\/wp-content\/uploads\/2019\/11\/P9070036-1-705x397.jpg 705w, https:\/\/www.haute-montagne.net\/wp-content\/uploads\/2019\/11\/P9070036-1-450x253.jpg 450w, https:\/\/www.haute-montagne.net\/wp-content\/uploads\/2019\/11\/P9070036-1.jpg 1024w\" alt=\"\" width=\"615\" height=\"346\" \/><\/p>\n<p>Tarif: Nous contacter<\/p>\n<p>pour un groupe (1 \u00e0 2 pers.)<br \/>\nPoint de d\u00e9part : Helbronner<br \/>\nD\u00e9nivellation : 150m<br \/>\nApprentissage des techniques en mixte.<\/p>\n<\/div><\/div><\/div><\/section>\n<section class='av_toggle_section av-137jq-72a4b0763afa9471070551be28ad797e'  itemscope=\"itemscope\" itemtype=\"https:\/\/schema.org\/CreativeWork\" ><div role=\"tablist\" class=\"single_toggle\" data-tags=\"{All} {CHAMONIX} \"  ><p data-fake-id='#toggle-id-122' class='toggler   av-inherit-border-color'  itemprop=\"headline\"  role='tab' tabindex='0' aria-controls='toggle-id-122'>Ar\u00eate Jaune ( Chamonix)<span class=\"toggle_icon\"><span class=\"vert_icon\"><\/span><span class=\"hor_icon\"><\/span><\/span><\/p><div id='toggle-id-122' class='toggle_wrap  '  ><div class='toggle_content invers-color av-inherit-border-color'  itemprop=\"text\" ><p><strong>Ar\u00eate Jaune ( Chamonix)<\/strong><br \/>\nAltitude: 3673 m<br \/>\nDur\u00e9e: 5 H.<br \/>\nType de parcours : glacier mixte<br \/>\nNiveau requis: Niveau d\u00e9butant<\/p>\n<p><img loading=\"lazy\" class=\"alignnone wp-image-761\" src=\"https:\/\/www.haute-montagne.net\/wp-content\/uploads\/2019\/11\/20190702_105104-300x169.jpg\" alt=\"\" width=\"566\" height=\"319\" srcset=\"https:\/\/www.haute-montagne.net\/wp-content\/uploads\/2019\/11\/20190702_105104-300x169.jpg 300w, https:\/\/www.haute-montagne.net\/wp-content\/uploads\/2019\/11\/20190702_105104-768x432.jpg 768w, https:\/\/www.haute-montagne.net\/wp-content\/uploads\/2019\/11\/20190702_105104-1030x579.jpg 1030w, https:\/\/www.haute-montagne.net\/wp-content\/uploads\/2019\/11\/20190702_105104-1500x844.jpg 1500w, https:\/\/www.haute-montagne.net\/wp-content\/uploads\/2019\/11\/20190702_105104-705x397.jpg 705w, https:\/\/www.haute-montagne.net\/wp-content\/uploads\/2019\/11\/20190702_105104-450x253.jpg 450w\" sizes=\"(max-width: 566px) 100vw, 566px\" \/> <img loading=\"lazy\" class=\"alignnone wp-image-763\" src=\"https:\/\/www.haute-montagne.net\/wp-content\/uploads\/2019\/11\/20190702_110528-300x169.jpg\" alt=\"\" width=\"561\" height=\"316\" srcset=\"https:\/\/www.haute-montagne.net\/wp-content\/uploads\/2019\/11\/20190702_110528-300x169.jpg 300w, https:\/\/www.haute-montagne.net\/wp-content\/uploads\/2019\/11\/20190702_110528-768x432.jpg 768w, https:\/\/www.haute-montagne.net\/wp-content\/uploads\/2019\/11\/20190702_110528-1030x579.jpg 1030w, https:\/\/www.haute-montagne.net\/wp-content\/uploads\/2019\/11\/20190702_110528-1500x844.jpg 1500w, https:\/\/www.haute-montagne.net\/wp-content\/uploads\/2019\/11\/20190702_110528-705x397.jpg 705w, https:\/\/www.haute-montagne.net\/wp-content\/uploads\/2019\/11\/20190702_110528-450x253.jpg 450w\" sizes=\"(max-width: 561px) 100vw, 561px\" \/><\/p>\n<p>Tarif: Nous contacter<\/p>\n<p>pour un groupe (1 \u00e0 2 pers.)<br \/>\nPoint de d\u00e9part : Aiguille du Midi<br \/>\nD\u00e9nivellation : 250m<br \/>\nApprentissage des techniques en mixte.<\/p>\n<\/div><\/div><\/div><\/section>\n<section class='av_toggle_section av-a9y6m-ac8388292997c17204a83c9b9ca8864e'  itemscope=\"itemscope\" itemtype=\"https:\/\/schema.org\/CreativeWork\" ><div role=\"tablist\" class=\"single_toggle\" data-tags=\"{All} {ITALIE} \"  ><p data-fake-id='#toggle-id-123' class='toggler   av-inherit-border-color'  itemprop=\"headline\"  role='tab' tabindex='0' aria-controls='toggle-id-123'>Tour Germaine ( Vall\u00e9e \u00c9troite - ITALIE)<span class=\"toggle_icon\"><span class=\"vert_icon\"><\/span><span class=\"hor_icon\"><\/span><\/span><\/p><div id='toggle-id-123' class='toggle_wrap  '  ><div class='toggle_content invers-color av-inherit-border-color'  itemprop=\"text\" ><p><strong>Tour Germaine ( Vall\u00e9e \u00e9troite &#8211; Italie)<\/strong><br \/>\nAltitude: 2189 m<br \/>\nDur\u00e9e: 6 H.<br \/>\nType de parcours : rocher<br \/>\nNiveau requis: Niveau difficile<\/p>\n<p><img loading=\"lazy\" class=\"alignnone size-full wp-image-1089\" src=\"https:\/\/www.haute-montagne.net\/wp-content\/uploads\/2019\/12\/P8080044.jpg\" alt=\"\" width=\"1024\" height=\"576\" srcset=\"https:\/\/www.haute-montagne.net\/wp-content\/uploads\/2019\/12\/P8080044.jpg 1024w, https:\/\/www.haute-montagne.net\/wp-content\/uploads\/2019\/12\/P8080044-300x169.jpg 300w, https:\/\/www.haute-montagne.net\/wp-content\/uploads\/2019\/12\/P8080044-768x432.jpg 768w, https:\/\/www.haute-montagne.net\/wp-content\/uploads\/2019\/12\/P8080044-705x397.jpg 705w, https:\/\/www.haute-montagne.net\/wp-content\/uploads\/2019\/12\/P8080044-450x253.jpg 450w\" sizes=\"(max-width: 1024px) 100vw, 1024px\" \/> <img loading=\"lazy\" class=\"alignnone size-full wp-image-1087\" src=\"https:\/\/www.haute-montagne.net\/wp-content\/uploads\/2019\/12\/P8080041.jpg\" alt=\"\" width=\"1024\" height=\"576\" srcset=\"https:\/\/www.haute-montagne.net\/wp-content\/uploads\/2019\/12\/P8080041.jpg 1024w, https:\/\/www.haute-montagne.net\/wp-content\/uploads\/2019\/12\/P8080041-300x169.jpg 300w, https:\/\/www.haute-montagne.net\/wp-content\/uploads\/2019\/12\/P8080041-768x432.jpg 768w, https:\/\/www.haute-montagne.net\/wp-content\/uploads\/2019\/12\/P8080041-705x397.jpg 705w, https:\/\/www.haute-montagne.net\/wp-content\/uploads\/2019\/12\/P8080041-450x253.jpg 450w\" sizes=\"(max-width: 1024px) 100vw, 1024px\" \/> <img loading=\"lazy\" class=\"alignnone size-full wp-image-1085\" src=\"https:\/\/www.haute-montagne.net\/wp-content\/uploads\/2019\/12\/P8080034.jpg\" alt=\"\" width=\"1024\" height=\"576\" srcset=\"https:\/\/www.haute-montagne.net\/wp-content\/uploads\/2019\/12\/P8080034.jpg 1024w, https:\/\/www.haute-montagne.net\/wp-content\/uploads\/2019\/12\/P8080034-300x169.jpg 300w, https:\/\/www.haute-montagne.net\/wp-content\/uploads\/2019\/12\/P8080034-768x432.jpg 768w, https:\/\/www.haute-montagne.net\/wp-content\/uploads\/2019\/12\/P8080034-705x397.jpg 705w, https:\/\/www.haute-montagne.net\/wp-content\/uploads\/2019\/12\/P8080034-450x253.jpg 450w\" sizes=\"(max-width: 1024px) 100vw, 1024px\" \/> <img loading=\"lazy\" class=\"alignnone size-featured_large wp-image-1021\" src=\"https:\/\/www.haute-montagne.net\/wp-content\/uploads\/2019\/12\/IMG_0194-1024x630.jpg\" alt=\"\" width=\"1024\" height=\"630\" \/><\/p>\n<p>Tarif: Nous contacter<\/p>\n<p>pour un groupe (1 \u00e0 2 pers.)<br \/>\nPoint de d\u00e9part : Vall\u00e9e \u00c9troite \u00e0 Bardonnecchia<br \/>\nD\u00e9nivellation : 250m<br \/>\nJolie voie a\u00e9rienne avec un itin\u00e9raire vari\u00e9 dans la vall\u00e9e \u00e9troite.<\/p>\n<\/div><\/div><\/div><\/section>\n<section class='av_toggle_section av-6jyvq-784c46a062ed2f49628269eb80ac8e57'  itemscope=\"itemscope\" itemtype=\"https:\/\/schema.org\/CreativeWork\" ><div role=\"tablist\" class=\"single_toggle\" data-tags=\"{All} {ITALIE} \"  ><p data-fake-id='#toggle-id-124' class='toggler   av-inherit-border-color'  itemprop=\"headline\"  role='tab' tabindex='0' aria-controls='toggle-id-124'>DOLOMITES RONDO SELLA (ITALIE)<span class=\"toggle_icon\"><span class=\"vert_icon\"><\/span><span class=\"hor_icon\"><\/span><\/span><\/p><div id='toggle-id-124' class='toggle_wrap  '  ><div class='toggle_content invers-color av-inherit-border-color'  itemprop=\"text\" ><p>Escalade et Via ferrata dans la rondo sella de tous niveaux<\/p>\n<p><img loading=\"lazy\" class=\"alignnone size-full wp-image-1009\" src=\"https:\/\/www.haute-montagne.net\/wp-content\/uploads\/2019\/12\/20180615_132102.jpg\" alt=\"\" width=\"1024\" height=\"576\" srcset=\"https:\/\/www.haute-montagne.net\/wp-content\/uploads\/2019\/12\/20180615_132102.jpg 1024w, https:\/\/www.haute-montagne.net\/wp-content\/uploads\/2019\/12\/20180615_132102-300x169.jpg 300w, https:\/\/www.haute-montagne.net\/wp-content\/uploads\/2019\/12\/20180615_132102-768x432.jpg 768w, https:\/\/www.haute-montagne.net\/wp-content\/uploads\/2019\/12\/20180615_132102-705x397.jpg 705w, https:\/\/www.haute-montagne.net\/wp-content\/uploads\/2019\/12\/20180615_132102-450x253.jpg 450w\" sizes=\"(max-width: 1024px) 100vw, 1024px\" \/> <img loading=\"lazy\" class=\"alignnone size-full wp-image-1011\" src=\"https:\/\/www.haute-montagne.net\/wp-content\/uploads\/2019\/12\/20180615_164138.jpg\" alt=\"\" width=\"1024\" height=\"576\" srcset=\"https:\/\/www.haute-montagne.net\/wp-content\/uploads\/2019\/12\/20180615_164138.jpg 1024w, https:\/\/www.haute-montagne.net\/wp-content\/uploads\/2019\/12\/20180615_164138-300x169.jpg 300w, https:\/\/www.haute-montagne.net\/wp-content\/uploads\/2019\/12\/20180615_164138-768x432.jpg 768w, https:\/\/www.haute-montagne.net\/wp-content\/uploads\/2019\/12\/20180615_164138-705x397.jpg 705w, https:\/\/www.haute-montagne.net\/wp-content\/uploads\/2019\/12\/20180615_164138-450x253.jpg 450w\" sizes=\"(max-width: 1024px) 100vw, 1024px\" \/> <img loading=\"lazy\" class=\"alignnone size-full wp-image-1023\" src=\"https:\/\/www.haute-montagne.net\/wp-content\/uploads\/2019\/12\/P6140150-Copie.jpg\" alt=\"\" width=\"1024\" height=\"576\" srcset=\"https:\/\/www.haute-montagne.net\/wp-content\/uploads\/2019\/12\/P6140150-Copie.jpg 1024w, https:\/\/www.haute-montagne.net\/wp-content\/uploads\/2019\/12\/P6140150-Copie-300x169.jpg 300w, https:\/\/www.haute-montagne.net\/wp-content\/uploads\/2019\/12\/P6140150-Copie-768x432.jpg 768w, https:\/\/www.haute-montagne.net\/wp-content\/uploads\/2019\/12\/P6140150-Copie-705x397.jpg 705w, https:\/\/www.haute-montagne.net\/wp-content\/uploads\/2019\/12\/P6140150-Copie-450x253.jpg 450w\" sizes=\"(max-width: 1024px) 100vw, 1024px\" \/> <img loading=\"lazy\" class=\"alignnone size-featured_large wp-image-1025\" src=\"https:\/\/www.haute-montagne.net\/wp-content\/uploads\/2019\/12\/P6140154-576x630.jpg\" alt=\"\" width=\"576\" height=\"630\" \/> <img loading=\"lazy\" class=\"alignnone size-full wp-image-1013\" src=\"https:\/\/www.haute-montagne.net\/wp-content\/uploads\/2019\/12\/20180617_122812.jpg\" alt=\"\" width=\"1024\" height=\"498\" srcset=\"https:\/\/www.haute-montagne.net\/wp-content\/uploads\/2019\/12\/20180617_122812.jpg 1024w, https:\/\/www.haute-montagne.net\/wp-content\/uploads\/2019\/12\/20180617_122812-300x146.jpg 300w, https:\/\/www.haute-montagne.net\/wp-content\/uploads\/2019\/12\/20180617_122812-768x374.jpg 768w, https:\/\/www.haute-montagne.net\/wp-content\/uploads\/2019\/12\/20180617_122812-705x343.jpg 705w, https:\/\/www.haute-montagne.net\/wp-content\/uploads\/2019\/12\/20180617_122812-450x219.jpg 450w\" sizes=\"(max-width: 1024px) 100vw, 1024px\" \/> <img loading=\"lazy\" class=\"alignnone size-full wp-image-1005\" src=\"https:\/\/www.haute-montagne.net\/wp-content\/uploads\/2019\/12\/20180615_105806.jpg\" alt=\"\" width=\"1024\" height=\"182\" srcset=\"https:\/\/www.haute-montagne.net\/wp-content\/uploads\/2019\/12\/20180615_105806.jpg 1024w, https:\/\/www.haute-montagne.net\/wp-content\/uploads\/2019\/12\/20180615_105806-300x53.jpg 300w, https:\/\/www.haute-montagne.net\/wp-content\/uploads\/2019\/12\/20180615_105806-768x137.jpg 768w, https:\/\/www.haute-montagne.net\/wp-content\/uploads\/2019\/12\/20180615_105806-705x125.jpg 705w, https:\/\/www.haute-montagne.net\/wp-content\/uploads\/2019\/12\/20180615_105806-450x80.jpg 450w\" sizes=\"(max-width: 1024px) 100vw, 1024px\" \/><\/p>\n<\/div><\/div><\/div><\/section>\n<section class='av_toggle_section av-bvcji-e965a18166f06765ee39471f703e06bc'  itemscope=\"itemscope\" itemtype=\"https:\/\/schema.org\/CreativeWork\" ><div role=\"tablist\" class=\"single_toggle\" data-tags=\"{All} {ITALIE} \"  ><p data-fake-id='#toggle-id-125' class='toggler   av-inherit-border-color'  itemprop=\"headline\"  role='tab' tabindex='0' aria-controls='toggle-id-125'>VALL\u00c9E D\u2019 AOSTE - Placche di oriana - Sector sinistro (ITALIE )<span class=\"toggle_icon\"><span class=\"vert_icon\"><\/span><span class=\"hor_icon\"><\/span><\/span><\/p><div id='toggle-id-125' class='toggle_wrap  '  ><div class='toggle_content invers-color av-inherit-border-color'  itemprop=\"text\" ><p>Jolie voie dans un secteur sauvage de niveau 4 c<\/p>\n<p><img loading=\"lazy\" class=\"alignnone size-full wp-image-1312\" src=\"https:\/\/www.haute-montagne.net\/wp-content\/uploads\/2019\/12\/20190712_115435-1.jpg\" alt=\"\" width=\"1024\" height=\"576\" srcset=\"https:\/\/www.haute-montagne.net\/wp-content\/uploads\/2019\/12\/20190712_115435-1.jpg 1024w, https:\/\/www.haute-montagne.net\/wp-content\/uploads\/2019\/12\/20190712_115435-1-300x169.jpg 300w, https:\/\/www.haute-montagne.net\/wp-content\/uploads\/2019\/12\/20190712_115435-1-768x432.jpg 768w, https:\/\/www.haute-montagne.net\/wp-content\/uploads\/2019\/12\/20190712_115435-1-705x397.jpg 705w, https:\/\/www.haute-montagne.net\/wp-content\/uploads\/2019\/12\/20190712_115435-1-450x253.jpg 450w\" sizes=\"(max-width: 1024px) 100vw, 1024px\" \/> <img loading=\"lazy\" class=\"alignnone size-featured_large wp-image-1314\" src=\"https:\/\/www.haute-montagne.net\/wp-content\/uploads\/2019\/12\/20190712_115500-1.jpg\" alt=\"\" width=\"1024\" height=\"576\" srcset=\"https:\/\/www.haute-montagne.net\/wp-content\/uploads\/2019\/12\/20190712_115500-1.jpg 1024w, https:\/\/www.haute-montagne.net\/wp-content\/uploads\/2019\/12\/20190712_115500-1-300x169.jpg 300w, https:\/\/www.haute-montagne.net\/wp-content\/uploads\/2019\/12\/20190712_115500-1-768x432.jpg 768w, https:\/\/www.haute-montagne.net\/wp-content\/uploads\/2019\/12\/20190712_115500-1-705x397.jpg 705w, https:\/\/www.haute-montagne.net\/wp-content\/uploads\/2019\/12\/20190712_115500-1-450x253.jpg 450w\" sizes=\"(max-width: 1024px) 100vw, 1024px\" \/> <img loading=\"lazy\" class=\"alignnone size-featured_large wp-image-1316\" src=\"https:\/\/www.haute-montagne.net\/wp-content\/uploads\/2019\/12\/20190712_141032-1.jpg\" alt=\"\" width=\"1024\" height=\"576\" srcset=\"https:\/\/www.haute-montagne.net\/wp-content\/uploads\/2019\/12\/20190712_141032-1.jpg 1024w, https:\/\/www.haute-montagne.net\/wp-content\/uploads\/2019\/12\/20190712_141032-1-300x169.jpg 300w, https:\/\/www.haute-montagne.net\/wp-content\/uploads\/2019\/12\/20190712_141032-1-768x432.jpg 768w, https:\/\/www.haute-montagne.net\/wp-content\/uploads\/2019\/12\/20190712_141032-1-705x397.jpg 705w, https:\/\/www.haute-montagne.net\/wp-content\/uploads\/2019\/12\/20190712_141032-1-450x253.jpg 450w\" sizes=\"(max-width: 1024px) 100vw, 1024px\" \/><\/p>\n<\/div><\/div><\/div><\/section>\n<section class='av_toggle_section av-frps6-855f540485be2fc33334b9cfc0c1b22f'  itemscope=\"itemscope\" itemtype=\"https:\/\/schema.org\/CreativeWork\" ><div role=\"tablist\" class=\"single_toggle\" data-tags=\"{All} {ALPES DU SUD - FRANCE} \"  ><p data-fake-id='#toggle-id-126' class='toggler   av-inherit-border-color'  itemprop=\"headline\"  role='tab' tabindex='0' aria-controls='toggle-id-126'>QUEYRAS - ESCALADE (ALPES DU SUD - FRANCE)<span class=\"toggle_icon\"><span class=\"vert_icon\"><\/span><span class=\"hor_icon\"><\/span><\/span><\/p><div id='toggle-id-126' class='toggle_wrap  '  ><div class='toggle_content invers-color av-inherit-border-color'  itemprop=\"text\" ><p>Escalade vari\u00e9es tous niveaux<\/p>\n<p><img loading=\"lazy\" class=\"alignnone size-full wp-image-1347\" src=\"https:\/\/www.haute-montagne.net\/wp-content\/uploads\/2019\/12\/P7030017.jpg\" alt=\"\" width=\"1024\" height=\"576\" srcset=\"https:\/\/www.haute-montagne.net\/wp-content\/uploads\/2019\/12\/P7030017.jpg 1024w, https:\/\/www.haute-montagne.net\/wp-content\/uploads\/2019\/12\/P7030017-300x169.jpg 300w, https:\/\/www.haute-montagne.net\/wp-content\/uploads\/2019\/12\/P7030017-768x432.jpg 768w, https:\/\/www.haute-montagne.net\/wp-content\/uploads\/2019\/12\/P7030017-705x397.jpg 705w, https:\/\/www.haute-montagne.net\/wp-content\/uploads\/2019\/12\/P7030017-450x253.jpg 450w\" sizes=\"(max-width: 1024px) 100vw, 1024px\" \/> <img loading=\"lazy\" class=\"alignnone size-full wp-image-1349\" src=\"https:\/\/www.haute-montagne.net\/wp-content\/uploads\/2019\/12\/P7030027.jpg\" alt=\"\" width=\"1024\" height=\"576\" srcset=\"https:\/\/www.haute-montagne.net\/wp-content\/uploads\/2019\/12\/P7030027.jpg 1024w, https:\/\/www.haute-montagne.net\/wp-content\/uploads\/2019\/12\/P7030027-300x169.jpg 300w, https:\/\/www.haute-montagne.net\/wp-content\/uploads\/2019\/12\/P7030027-768x432.jpg 768w, https:\/\/www.haute-montagne.net\/wp-content\/uploads\/2019\/12\/P7030027-705x397.jpg 705w, https:\/\/www.haute-montagne.net\/wp-content\/uploads\/2019\/12\/P7030027-450x253.jpg 450w\" sizes=\"(max-width: 1024px) 100vw, 1024px\" \/> <img loading=\"lazy\" class=\"alignnone size-featured_large wp-image-1345\" src=\"https:\/\/www.haute-montagne.net\/wp-content\/uploads\/2019\/12\/P7020876-768x630.jpg\" alt=\"\" width=\"768\" height=\"630\" \/>Le contenu masqu\u00e9 vient ici<\/p>\n<\/div><\/div><\/div><\/section>\n<section class='av_toggle_section av-8e752-274704b805a16aa21b5ee16345506630'  itemscope=\"itemscope\" itemtype=\"https:\/\/schema.org\/CreativeWork\" ><div role=\"tablist\" class=\"single_toggle\" data-tags=\"{All} {ALPES DU SUD - FRANCE} \"  ><p data-fake-id='#toggle-id-127' class='toggler   av-inherit-border-color'  itemprop=\"headline\"  role='tab' tabindex='0' aria-controls='toggle-id-127'>QUEYRAS - dalles de la blanche (ALPES DU SUD - FRANCE)<span class=\"toggle_icon\"><span class=\"vert_icon\"><\/span><span class=\"hor_icon\"><\/span><\/span><\/p><div id='toggle-id-127' class='toggle_wrap  '  ><div class='toggle_content invers-color av-inherit-border-color'  itemprop=\"text\" ><p>Escalade vari\u00e9es\u00a0 niveaux 4<\/p>\n<p><img loading=\"lazy\" class=\"alignnone size-full wp-image-1341\" src=\"https:\/\/www.haute-montagne.net\/wp-content\/uploads\/2019\/12\/P6300013.jpg\" alt=\"\" width=\"1024\" height=\"576\" srcset=\"https:\/\/www.haute-montagne.net\/wp-content\/uploads\/2019\/12\/P6300013.jpg 1024w, https:\/\/www.haute-montagne.net\/wp-content\/uploads\/2019\/12\/P6300013-300x169.jpg 300w, https:\/\/www.haute-montagne.net\/wp-content\/uploads\/2019\/12\/P6300013-768x432.jpg 768w, https:\/\/www.haute-montagne.net\/wp-content\/uploads\/2019\/12\/P6300013-705x397.jpg 705w, https:\/\/www.haute-montagne.net\/wp-content\/uploads\/2019\/12\/P6300013-450x253.jpg 450w\" sizes=\"(max-width: 1024px) 100vw, 1024px\" \/> <img loading=\"lazy\" class=\"alignnone size-full wp-image-1343\" src=\"https:\/\/www.haute-montagne.net\/wp-content\/uploads\/2019\/12\/P6300022.jpg\" alt=\"\" width=\"1024\" height=\"576\" srcset=\"https:\/\/www.haute-montagne.net\/wp-content\/uploads\/2019\/12\/P6300022.jpg 1024w, https:\/\/www.haute-montagne.net\/wp-content\/uploads\/2019\/12\/P6300022-300x169.jpg 300w, https:\/\/www.haute-montagne.net\/wp-content\/uploads\/2019\/12\/P6300022-768x432.jpg 768w, https:\/\/www.haute-montagne.net\/wp-content\/uploads\/2019\/12\/P6300022-705x397.jpg 705w, https:\/\/www.haute-montagne.net\/wp-content\/uploads\/2019\/12\/P6300022-450x253.jpg 450w\" sizes=\"(max-width: 1024px) 100vw, 1024px\" \/> <img loading=\"lazy\" class=\"alignnone size-full wp-image-1339\" src=\"https:\/\/www.haute-montagne.net\/wp-content\/uploads\/2019\/12\/P6300003.jpg\" alt=\"\" width=\"1024\" height=\"576\" srcset=\"https:\/\/www.haute-montagne.net\/wp-content\/uploads\/2019\/12\/P6300003.jpg 1024w, https:\/\/www.haute-montagne.net\/wp-content\/uploads\/2019\/12\/P6300003-300x169.jpg 300w, https:\/\/www.haute-montagne.net\/wp-content\/uploads\/2019\/12\/P6300003-768x432.jpg 768w, https:\/\/www.haute-montagne.net\/wp-content\/uploads\/2019\/12\/P6300003-705x397.jpg 705w, https:\/\/www.haute-montagne.net\/wp-content\/uploads\/2019\/12\/P6300003-450x253.jpg 450w\" sizes=\"(max-width: 1024px) 100vw, 1024px\" \/><\/p>\n<\/div><\/div><\/div><\/section>\n<section class='av_toggle_section av-am2wu-49026510fef7d5eeee975d1022dd0872'  itemscope=\"itemscope\" itemtype=\"https:\/\/schema.org\/CreativeWork\" ><div role=\"tablist\" class=\"single_toggle\" data-tags=\"{All} {AUTRICHE} \"  ><p data-fake-id='#toggle-id-128' class='toggler   av-inherit-border-color'  itemprop=\"headline\"  role='tab' tabindex='0' aria-controls='toggle-id-128'>Similaun - Weisskugel - Homme de glace OTZI <span class=\"toggle_icon\"><span class=\"vert_icon\"><\/span><span class=\"hor_icon\"><\/span><\/span><\/p><div id='toggle-id-128' class='toggle_wrap  '  ><div class='toggle_content invers-color av-inherit-border-color'  itemprop=\"text\" ><p>A la recherche de l&#8217;homme de glace dans le Val senales a 3210 m \u00e0 la fronti\u00e8re Italo autrichienne .<\/p>\n<p>Otzi est n\u00e9 3300 an avant JC .<\/p>\n<p><img loading=\"lazy\" class=\"alignnone size-full wp-image-1529\" src=\"https:\/\/www.haute-montagne.net\/wp-content\/uploads\/2019\/12\/20190730_082902.jpg\" alt=\"\" width=\"1024\" height=\"576\" srcset=\"https:\/\/www.haute-montagne.net\/wp-content\/uploads\/2019\/12\/20190730_082902.jpg 1024w, https:\/\/www.haute-montagne.net\/wp-content\/uploads\/2019\/12\/20190730_082902-300x169.jpg 300w, https:\/\/www.haute-montagne.net\/wp-content\/uploads\/2019\/12\/20190730_082902-768x432.jpg 768w, https:\/\/www.haute-montagne.net\/wp-content\/uploads\/2019\/12\/20190730_082902-705x397.jpg 705w, https:\/\/www.haute-montagne.net\/wp-content\/uploads\/2019\/12\/20190730_082902-450x253.jpg 450w\" sizes=\"(max-width: 1024px) 100vw, 1024px\" \/> <img loading=\"lazy\" class=\"alignnone size-featured_large wp-image-1533\" src=\"https:\/\/www.haute-montagne.net\/wp-content\/uploads\/2019\/12\/20190730_102931-576x630.jpg\" alt=\"\" width=\"576\" height=\"630\" \/> <img loading=\"lazy\" class=\"alignnone size-full wp-image-1531\" src=\"https:\/\/www.haute-montagne.net\/wp-content\/uploads\/2019\/12\/20190730_093117.jpg\" alt=\"\" width=\"1024\" height=\"576\" srcset=\"https:\/\/www.haute-montagne.net\/wp-content\/uploads\/2019\/12\/20190730_093117.jpg 1024w, https:\/\/www.haute-montagne.net\/wp-content\/uploads\/2019\/12\/20190730_093117-300x169.jpg 300w, https:\/\/www.haute-montagne.net\/wp-content\/uploads\/2019\/12\/20190730_093117-768x432.jpg 768w, https:\/\/www.haute-montagne.net\/wp-content\/uploads\/2019\/12\/20190730_093117-705x397.jpg 705w, https:\/\/www.haute-montagne.net\/wp-content\/uploads\/2019\/12\/20190730_093117-450x253.jpg 450w\" sizes=\"(max-width: 1024px) 100vw, 1024px\" \/>\u00a0<img loading=\"lazy\" class=\"alignnone size-full wp-image-1527\" src=\"https:\/\/www.haute-montagne.net\/wp-content\/uploads\/2019\/12\/20190729_154106.jpg\" alt=\"\" width=\"1024\" height=\"576\" srcset=\"https:\/\/www.haute-montagne.net\/wp-content\/uploads\/2019\/12\/20190729_154106.jpg 1024w, https:\/\/www.haute-montagne.net\/wp-content\/uploads\/2019\/12\/20190729_154106-300x169.jpg 300w, https:\/\/www.haute-montagne.net\/wp-content\/uploads\/2019\/12\/20190729_154106-768x432.jpg 768w, https:\/\/www.haute-montagne.net\/wp-content\/uploads\/2019\/12\/20190729_154106-705x397.jpg 705w, https:\/\/www.haute-montagne.net\/wp-content\/uploads\/2019\/12\/20190729_154106-450x253.jpg 450w\" sizes=\"(max-width: 1024px) 100vw, 1024px\" \/><\/p>\n<\/div><\/div><\/div><\/section>\n<section class='av_toggle_section av-aujp2-e97ba7651f380743125e96a261b993cf'  itemscope=\"itemscope\" itemtype=\"https:\/\/schema.org\/CreativeWork\" ><div role=\"tablist\" class=\"single_toggle\" data-tags=\"{All} {AUTRICHE} \"  ><p data-fake-id='#toggle-id-129' class='toggler   av-inherit-border-color'  itemprop=\"headline\"  role='tab' tabindex='0' aria-controls='toggle-id-129'>GRANATS SPITZ GRUPPE - HOHE TAUERN <span class=\"toggle_icon\"><span class=\"vert_icon\"><\/span><span class=\"hor_icon\"><\/span><\/span><\/p><div id='toggle-id-129' class='toggle_wrap  '  ><div class='toggle_content invers-color av-inherit-border-color'  itemprop=\"text\" ><p>Randonn\u00e9e glaciaire a partir du lac Weisssee .De 1 a 4 personnes .<\/p>\n<p><img loading=\"lazy\" class=\"alignnone size-full wp-image-1625\" src=\"https:\/\/www.haute-montagne.net\/wp-content\/uploads\/2019\/12\/20180801_094200-Copie.jpg\" alt=\"\" width=\"1024\" height=\"576\" srcset=\"https:\/\/www.haute-montagne.net\/wp-content\/uploads\/2019\/12\/20180801_094200-Copie.jpg 1024w, https:\/\/www.haute-montagne.net\/wp-content\/uploads\/2019\/12\/20180801_094200-Copie-300x169.jpg 300w, https:\/\/www.haute-montagne.net\/wp-content\/uploads\/2019\/12\/20180801_094200-Copie-768x432.jpg 768w, https:\/\/www.haute-montagne.net\/wp-content\/uploads\/2019\/12\/20180801_094200-Copie-705x397.jpg 705w, https:\/\/www.haute-montagne.net\/wp-content\/uploads\/2019\/12\/20180801_094200-Copie-450x253.jpg 450w\" sizes=\"(max-width: 1024px) 100vw, 1024px\" \/> <img loading=\"lazy\" class=\"alignnone size-full wp-image-1627\" src=\"https:\/\/www.haute-montagne.net\/wp-content\/uploads\/2019\/12\/20180801_100230-Copie.jpg\" alt=\"\" width=\"1024\" height=\"209\" srcset=\"https:\/\/www.haute-montagne.net\/wp-content\/uploads\/2019\/12\/20180801_100230-Copie.jpg 1024w, https:\/\/www.haute-montagne.net\/wp-content\/uploads\/2019\/12\/20180801_100230-Copie-300x61.jpg 300w, https:\/\/www.haute-montagne.net\/wp-content\/uploads\/2019\/12\/20180801_100230-Copie-768x157.jpg 768w, https:\/\/www.haute-montagne.net\/wp-content\/uploads\/2019\/12\/20180801_100230-Copie-705x144.jpg 705w, https:\/\/www.haute-montagne.net\/wp-content\/uploads\/2019\/12\/20180801_100230-Copie-450x92.jpg 450w\" sizes=\"(max-width: 1024px) 100vw, 1024px\" \/> <img loading=\"lazy\" class=\"alignnone size-full wp-image-1629\" src=\"https:\/\/www.haute-montagne.net\/wp-content\/uploads\/2019\/12\/20180801_113943-Copie.jpg\" alt=\"\" width=\"1024\" height=\"576\" srcset=\"https:\/\/www.haute-montagne.net\/wp-content\/uploads\/2019\/12\/20180801_113943-Copie.jpg 1024w, https:\/\/www.haute-montagne.net\/wp-content\/uploads\/2019\/12\/20180801_113943-Copie-300x169.jpg 300w, https:\/\/www.haute-montagne.net\/wp-content\/uploads\/2019\/12\/20180801_113943-Copie-768x432.jpg 768w, https:\/\/www.haute-montagne.net\/wp-content\/uploads\/2019\/12\/20180801_113943-Copie-705x397.jpg 705w, https:\/\/www.haute-montagne.net\/wp-content\/uploads\/2019\/12\/20180801_113943-Copie-450x253.jpg 450w\" sizes=\"(max-width: 1024px) 100vw, 1024px\" \/>\u00a0<img loading=\"lazy\" class=\"alignnone size-featured_large wp-image-1621\" src=\"https:\/\/www.haute-montagne.net\/wp-content\/uploads\/2019\/12\/20180801_094156-1500x630.jpg\" alt=\"\" width=\"1500\" height=\"630\" \/><\/p>\n<\/div><\/div><\/div><\/section>\n<section class='av_toggle_section av-b4n4e-9607373575ac18d4fee37c3ac8694e1e'  itemscope=\"itemscope\" itemtype=\"https:\/\/schema.org\/CreativeWork\" ><div role=\"tablist\" class=\"single_toggle\" data-tags=\"{All} {AUTRICHE} \"  ><p data-fake-id='#toggle-id-130' class='toggler   av-inherit-border-color'  itemprop=\"headline\"  role='tab' tabindex='0' aria-controls='toggle-id-130'>Weiss See Spitze - OTZTAL <span class=\"toggle_icon\"><span class=\"vert_icon\"><\/span><span class=\"hor_icon\"><\/span><\/span><\/p><div id='toggle-id-130' class='toggle_wrap  '  ><div class='toggle_content invers-color av-inherit-border-color'  itemprop=\"text\" ><p>Randonn\u00e9e glaciaire a partir du refuge Rauhekopf .De 1 a 4 personnes .<\/p>\n<p><img loading=\"lazy\" class=\"alignnone size-full wp-image-1554\" src=\"https:\/\/www.haute-montagne.net\/wp-content\/uploads\/2019\/12\/P7200054.jpg\" alt=\"\" width=\"1024\" height=\"576\" srcset=\"https:\/\/www.haute-montagne.net\/wp-content\/uploads\/2019\/12\/P7200054.jpg 1024w, https:\/\/www.haute-montagne.net\/wp-content\/uploads\/2019\/12\/P7200054-300x169.jpg 300w, https:\/\/www.haute-montagne.net\/wp-content\/uploads\/2019\/12\/P7200054-768x432.jpg 768w, https:\/\/www.haute-montagne.net\/wp-content\/uploads\/2019\/12\/P7200054-705x397.jpg 705w, https:\/\/www.haute-montagne.net\/wp-content\/uploads\/2019\/12\/P7200054-450x253.jpg 450w\" sizes=\"(max-width: 1024px) 100vw, 1024px\" \/> <img loading=\"lazy\" class=\"alignnone size-full wp-image-1552\" src=\"https:\/\/www.haute-montagne.net\/wp-content\/uploads\/2019\/12\/P7200032.jpg\" alt=\"\" width=\"1024\" height=\"576\" srcset=\"https:\/\/www.haute-montagne.net\/wp-content\/uploads\/2019\/12\/P7200032.jpg 1024w, https:\/\/www.haute-montagne.net\/wp-content\/uploads\/2019\/12\/P7200032-300x169.jpg 300w, https:\/\/www.haute-montagne.net\/wp-content\/uploads\/2019\/12\/P7200032-768x432.jpg 768w, https:\/\/www.haute-montagne.net\/wp-content\/uploads\/2019\/12\/P7200032-705x397.jpg 705w, https:\/\/www.haute-montagne.net\/wp-content\/uploads\/2019\/12\/P7200032-450x253.jpg 450w\" sizes=\"(max-width: 1024px) 100vw, 1024px\" \/> <img loading=\"lazy\" class=\"alignnone size-full wp-image-1556\" src=\"https:\/\/www.haute-montagne.net\/wp-content\/uploads\/2019\/12\/P7210078.jpg\" alt=\"\" width=\"1024\" height=\"576\" srcset=\"https:\/\/www.haute-montagne.net\/wp-content\/uploads\/2019\/12\/P7210078.jpg 1024w, https:\/\/www.haute-montagne.net\/wp-content\/uploads\/2019\/12\/P7210078-300x169.jpg 300w, https:\/\/www.haute-montagne.net\/wp-content\/uploads\/2019\/12\/P7210078-768x432.jpg 768w, https:\/\/www.haute-montagne.net\/wp-content\/uploads\/2019\/12\/P7210078-705x397.jpg 705w, https:\/\/www.haute-montagne.net\/wp-content\/uploads\/2019\/12\/P7210078-450x253.jpg 450w\" sizes=\"(max-width: 1024px) 100vw, 1024px\" \/> <img loading=\"lazy\" class=\"alignnone size-full wp-image-1558\" src=\"https:\/\/www.haute-montagne.net\/wp-content\/uploads\/2019\/12\/P7210083.jpg\" alt=\"\" width=\"1024\" height=\"576\" srcset=\"https:\/\/www.haute-montagne.net\/wp-content\/uploads\/2019\/12\/P7210083.jpg 1024w, https:\/\/www.haute-montagne.net\/wp-content\/uploads\/2019\/12\/P7210083-300x169.jpg 300w, https:\/\/www.haute-montagne.net\/wp-content\/uploads\/2019\/12\/P7210083-768x432.jpg 768w, https:\/\/www.haute-montagne.net\/wp-content\/uploads\/2019\/12\/P7210083-705x397.jpg 705w, https:\/\/www.haute-montagne.net\/wp-content\/uploads\/2019\/12\/P7210083-450x253.jpg 450w\" sizes=\"(max-width: 1024px) 100vw, 1024px\" \/> <img loading=\"lazy\" class=\"alignnone size-full wp-image-1560\" src=\"https:\/\/www.haute-montagne.net\/wp-content\/uploads\/2019\/12\/P7210085.jpg\" alt=\"\" width=\"1024\" height=\"576\" srcset=\"https:\/\/www.haute-montagne.net\/wp-content\/uploads\/2019\/12\/P7210085.jpg 1024w, https:\/\/www.haute-montagne.net\/wp-content\/uploads\/2019\/12\/P7210085-300x169.jpg 300w, https:\/\/www.haute-montagne.net\/wp-content\/uploads\/2019\/12\/P7210085-768x432.jpg 768w, https:\/\/www.haute-montagne.net\/wp-content\/uploads\/2019\/12\/P7210085-705x397.jpg 705w, https:\/\/www.haute-montagne.net\/wp-content\/uploads\/2019\/12\/P7210085-450x253.jpg 450w\" sizes=\"(max-width: 1024px) 100vw, 1024px\" \/> <img loading=\"lazy\" class=\"alignnone size-full wp-image-1550\" src=\"https:\/\/www.haute-montagne.net\/wp-content\/uploads\/2019\/12\/P7190023.jpg\" alt=\"\" width=\"1024\" height=\"576\" srcset=\"https:\/\/www.haute-montagne.net\/wp-content\/uploads\/2019\/12\/P7190023.jpg 1024w, https:\/\/www.haute-montagne.net\/wp-content\/uploads\/2019\/12\/P7190023-300x169.jpg 300w, https:\/\/www.haute-montagne.net\/wp-content\/uploads\/2019\/12\/P7190023-768x432.jpg 768w, https:\/\/www.haute-montagne.net\/wp-content\/uploads\/2019\/12\/P7190023-705x397.jpg 705w, https:\/\/www.haute-montagne.net\/wp-content\/uploads\/2019\/12\/P7190023-450x253.jpg 450w\" sizes=\"(max-width: 1024px) 100vw, 1024px\" \/><\/p>\n<\/div><\/div><\/div><\/section>\n<section class='av_toggle_section av-6vyza-164c7d4d4eda3589a655ec28c867aea1'  itemscope=\"itemscope\" itemtype=\"https:\/\/schema.org\/CreativeWork\" ><div role=\"tablist\" class=\"single_toggle\" data-tags=\"{All} {AUTRICHE} \"  ><p data-fake-id='#toggle-id-131' class='toggler   av-inherit-border-color'  itemprop=\"headline\"  role='tab' tabindex='0' aria-controls='toggle-id-131'>MONTE CEVEDALE - KONIG SPITZE - PARC DU STELVIO <span class=\"toggle_icon\"><span class=\"vert_icon\"><\/span><span class=\"hor_icon\"><\/span><\/span><\/p><div id='toggle-id-131' class='toggle_wrap  '  ><div class='toggle_content invers-color av-inherit-border-color'  itemprop=\"text\" ><p>Randonn\u00e9e glaciaire peu difficile entre l&#8217;Italie et l\u2019Autriche . De 1 a 4 personnes . Acc\u00e8s par l\u2019Italie<\/p>\n<p><img loading=\"lazy\" class=\"alignnone size-full wp-image-1578\" src=\"https:\/\/www.haute-montagne.net\/wp-content\/uploads\/2019\/12\/P7250094-Copie.jpg\" alt=\"\" width=\"1024\" height=\"576\" srcset=\"https:\/\/www.haute-montagne.net\/wp-content\/uploads\/2019\/12\/P7250094-Copie.jpg 1024w, https:\/\/www.haute-montagne.net\/wp-content\/uploads\/2019\/12\/P7250094-Copie-300x169.jpg 300w, https:\/\/www.haute-montagne.net\/wp-content\/uploads\/2019\/12\/P7250094-Copie-768x432.jpg 768w, https:\/\/www.haute-montagne.net\/wp-content\/uploads\/2019\/12\/P7250094-Copie-705x397.jpg 705w, https:\/\/www.haute-montagne.net\/wp-content\/uploads\/2019\/12\/P7250094-Copie-450x253.jpg 450w\" sizes=\"(max-width: 1024px) 100vw, 1024px\" \/> <img loading=\"lazy\" class=\"alignnone size-featured_large wp-image-1582\" src=\"https:\/\/www.haute-montagne.net\/wp-content\/uploads\/2019\/12\/P7250121-Copie-576x630.jpg\" alt=\"\" width=\"576\" height=\"630\" \/> <img loading=\"lazy\" class=\"alignnone size-full wp-image-1580\" src=\"https:\/\/www.haute-montagne.net\/wp-content\/uploads\/2019\/12\/P7250114-Copie.jpg\" alt=\"\" width=\"1024\" height=\"576\" srcset=\"https:\/\/www.haute-montagne.net\/wp-content\/uploads\/2019\/12\/P7250114-Copie.jpg 1024w, https:\/\/www.haute-montagne.net\/wp-content\/uploads\/2019\/12\/P7250114-Copie-300x169.jpg 300w, https:\/\/www.haute-montagne.net\/wp-content\/uploads\/2019\/12\/P7250114-Copie-768x432.jpg 768w, https:\/\/www.haute-montagne.net\/wp-content\/uploads\/2019\/12\/P7250114-Copie-705x397.jpg 705w, https:\/\/www.haute-montagne.net\/wp-content\/uploads\/2019\/12\/P7250114-Copie-450x253.jpg 450w\" sizes=\"(max-width: 1024px) 100vw, 1024px\" \/> <img loading=\"lazy\" class=\"alignnone size-featured_large wp-image-1576\" src=\"https:\/\/www.haute-montagne.net\/wp-content\/uploads\/2019\/12\/P7250090-Copie-576x630.jpg\" alt=\"\" width=\"576\" height=\"630\" \/> <img loading=\"lazy\" class=\"alignnone size-full wp-image-1588\" src=\"https:\/\/www.haute-montagne.net\/wp-content\/uploads\/2019\/12\/P7260152.jpg\" alt=\"\" width=\"1024\" height=\"576\" srcset=\"https:\/\/www.haute-montagne.net\/wp-content\/uploads\/2019\/12\/P7260152.jpg 1024w, https:\/\/www.haute-montagne.net\/wp-content\/uploads\/2019\/12\/P7260152-300x169.jpg 300w, https:\/\/www.haute-montagne.net\/wp-content\/uploads\/2019\/12\/P7260152-768x432.jpg 768w, https:\/\/www.haute-montagne.net\/wp-content\/uploads\/2019\/12\/P7260152-705x397.jpg 705w, https:\/\/www.haute-montagne.net\/wp-content\/uploads\/2019\/12\/P7260152-450x253.jpg 450w\" sizes=\"(max-width: 1024px) 100vw, 1024px\" \/> <img loading=\"lazy\" class=\"alignnone size-full wp-image-1586\" src=\"https:\/\/www.haute-montagne.net\/wp-content\/uploads\/2019\/12\/P7250136.jpg\" alt=\"\" width=\"1024\" height=\"576\" srcset=\"https:\/\/www.haute-montagne.net\/wp-content\/uploads\/2019\/12\/P7250136.jpg 1024w, https:\/\/www.haute-montagne.net\/wp-content\/uploads\/2019\/12\/P7250136-300x169.jpg 300w, https:\/\/www.haute-montagne.net\/wp-content\/uploads\/2019\/12\/P7250136-768x432.jpg 768w, https:\/\/www.haute-montagne.net\/wp-content\/uploads\/2019\/12\/P7250136-705x397.jpg 705w, https:\/\/www.haute-montagne.net\/wp-content\/uploads\/2019\/12\/P7250136-450x253.jpg 450w\" sizes=\"(max-width: 1024px) 100vw, 1024px\" \/><\/p>\n<\/div><\/div><\/div><\/section>\n<section class='av_toggle_section av-6oyny-cf4adbcdf6fc7ba936a65cc4980623cd'  itemscope=\"itemscope\" itemtype=\"https:\/\/schema.org\/CreativeWork\" ><div role=\"tablist\" class=\"single_toggle\" data-tags=\"{All} {ITALIE} \"  ><p data-fake-id='#toggle-id-132' class='toggler   av-inherit-border-color'  itemprop=\"headline\"  role='tab' tabindex='0' aria-controls='toggle-id-132'>ADAMELLO - MONTE FUMO - CORNO BIANCO (ITALIE)<span class=\"toggle_icon\"><span class=\"vert_icon\"><\/span><span class=\"hor_icon\"><\/span><\/span><\/p><div id='toggle-id-132' class='toggle_wrap  '  ><div class='toggle_content invers-color av-inherit-border-color'  itemprop=\"text\" ><p>Randonn\u00e9e glaciaire peu difficile pour 1 a 4 pers . Massif tr\u00e8s sauvage<\/p>\n<p><img loading=\"lazy\" class=\"alignnone size-full wp-image-1568\" src=\"https:\/\/www.haute-montagne.net\/wp-content\/uploads\/2019\/12\/P7220024.jpg\" alt=\"\" width=\"1024\" height=\"256\" srcset=\"https:\/\/www.haute-montagne.net\/wp-content\/uploads\/2019\/12\/P7220024.jpg 1024w, https:\/\/www.haute-montagne.net\/wp-content\/uploads\/2019\/12\/P7220024-300x75.jpg 300w, https:\/\/www.haute-montagne.net\/wp-content\/uploads\/2019\/12\/P7220024-768x192.jpg 768w, https:\/\/www.haute-montagne.net\/wp-content\/uploads\/2019\/12\/P7220024-705x176.jpg 705w, https:\/\/www.haute-montagne.net\/wp-content\/uploads\/2019\/12\/P7220024-450x113.jpg 450w\" sizes=\"(max-width: 1024px) 100vw, 1024px\" \/> <img loading=\"lazy\" class=\"alignnone size-full wp-image-1566\" src=\"https:\/\/www.haute-montagne.net\/wp-content\/uploads\/2019\/12\/P7220014.jpg\" alt=\"\" width=\"1024\" height=\"576\" srcset=\"https:\/\/www.haute-montagne.net\/wp-content\/uploads\/2019\/12\/P7220014.jpg 1024w, https:\/\/www.haute-montagne.net\/wp-content\/uploads\/2019\/12\/P7220014-300x169.jpg 300w, https:\/\/www.haute-montagne.net\/wp-content\/uploads\/2019\/12\/P7220014-768x432.jpg 768w, https:\/\/www.haute-montagne.net\/wp-content\/uploads\/2019\/12\/P7220014-705x397.jpg 705w, https:\/\/www.haute-montagne.net\/wp-content\/uploads\/2019\/12\/P7220014-450x253.jpg 450w\" sizes=\"(max-width: 1024px) 100vw, 1024px\" \/> <img loading=\"lazy\" class=\"alignnone size-full wp-image-1564\" src=\"https:\/\/www.haute-montagne.net\/wp-content\/uploads\/2019\/12\/P7220011.jpg\" alt=\"\" width=\"1024\" height=\"576\" srcset=\"https:\/\/www.haute-montagne.net\/wp-content\/uploads\/2019\/12\/P7220011.jpg 1024w, https:\/\/www.haute-montagne.net\/wp-content\/uploads\/2019\/12\/P7220011-300x169.jpg 300w, https:\/\/www.haute-montagne.net\/wp-content\/uploads\/2019\/12\/P7220011-768x432.jpg 768w, https:\/\/www.haute-montagne.net\/wp-content\/uploads\/2019\/12\/P7220011-705x397.jpg 705w, https:\/\/www.haute-montagne.net\/wp-content\/uploads\/2019\/12\/P7220011-450x253.jpg 450w\" sizes=\"(max-width: 1024px) 100vw, 1024px\" \/> <img loading=\"lazy\" class=\"alignnone size-full wp-image-1562\" src=\"https:\/\/www.haute-montagne.net\/wp-content\/uploads\/2019\/12\/P7220005.jpg\" alt=\"\" width=\"1024\" height=\"576\" srcset=\"https:\/\/www.haute-montagne.net\/wp-content\/uploads\/2019\/12\/P7220005.jpg 1024w, https:\/\/www.haute-montagne.net\/wp-content\/uploads\/2019\/12\/P7220005-300x169.jpg 300w, https:\/\/www.haute-montagne.net\/wp-content\/uploads\/2019\/12\/P7220005-768x432.jpg 768w, https:\/\/www.haute-montagne.net\/wp-content\/uploads\/2019\/12\/P7220005-705x397.jpg 705w, https:\/\/www.haute-montagne.net\/wp-content\/uploads\/2019\/12\/P7220005-450x253.jpg 450w\" sizes=\"(max-width: 1024px) 100vw, 1024px\" \/> <img loading=\"lazy\" class=\"alignnone size-full wp-image-1572\" src=\"https:\/\/www.haute-montagne.net\/wp-content\/uploads\/2019\/12\/P7230045.jpg\" alt=\"\" width=\"1024\" height=\"576\" srcset=\"https:\/\/www.haute-montagne.net\/wp-content\/uploads\/2019\/12\/P7230045.jpg 1024w, https:\/\/www.haute-montagne.net\/wp-content\/uploads\/2019\/12\/P7230045-300x169.jpg 300w, https:\/\/www.haute-montagne.net\/wp-content\/uploads\/2019\/12\/P7230045-768x432.jpg 768w, https:\/\/www.haute-montagne.net\/wp-content\/uploads\/2019\/12\/P7230045-705x397.jpg 705w, https:\/\/www.haute-montagne.net\/wp-content\/uploads\/2019\/12\/P7230045-450x253.jpg 450w\" sizes=\"(max-width: 1024px) 100vw, 1024px\" \/> <img loading=\"lazy\" class=\"alignnone size-full wp-image-1570\" src=\"https:\/\/www.haute-montagne.net\/wp-content\/uploads\/2019\/12\/P7230039.jpg\" alt=\"\" width=\"1024\" height=\"576\" srcset=\"https:\/\/www.haute-montagne.net\/wp-content\/uploads\/2019\/12\/P7230039.jpg 1024w, https:\/\/www.haute-montagne.net\/wp-content\/uploads\/2019\/12\/P7230039-300x169.jpg 300w, https:\/\/www.haute-montagne.net\/wp-content\/uploads\/2019\/12\/P7230039-768x432.jpg 768w, https:\/\/www.haute-montagne.net\/wp-content\/uploads\/2019\/12\/P7230039-705x397.jpg 705w, https:\/\/www.haute-montagne.net\/wp-content\/uploads\/2019\/12\/P7230039-450x253.jpg 450w\" sizes=\"(max-width: 1024px) 100vw, 1024px\" \/> <img loading=\"lazy\" class=\"alignnone size-full wp-image-1574\" src=\"https:\/\/www.haute-montagne.net\/wp-content\/uploads\/2019\/12\/P7230052.jpg\" alt=\"\" width=\"1024\" height=\"576\" srcset=\"https:\/\/www.haute-montagne.net\/wp-content\/uploads\/2019\/12\/P7230052.jpg 1024w, https:\/\/www.haute-montagne.net\/wp-content\/uploads\/2019\/12\/P7230052-300x169.jpg 300w, https:\/\/www.haute-montagne.net\/wp-content\/uploads\/2019\/12\/P7230052-768x432.jpg 768w, https:\/\/www.haute-montagne.net\/wp-content\/uploads\/2019\/12\/P7230052-705x397.jpg 705w, https:\/\/www.haute-montagne.net\/wp-content\/uploads\/2019\/12\/P7230052-450x253.jpg 450w\" sizes=\"(max-width: 1024px) 100vw, 1024px\" \/><\/p>\n<\/div><\/div><\/div><\/section>\n<section class='av_toggle_section av-89b7q-11c853f775292bd117f1fed1c9c5c7dd'  itemscope=\"itemscope\" itemtype=\"https:\/\/schema.org\/CreativeWork\" ><div role=\"tablist\" class=\"single_toggle\" data-tags=\"{All} {AUTRICHE} \"  ><p data-fake-id='#toggle-id-133' class='toggler   av-inherit-border-color'  itemprop=\"headline\"  role='tab' tabindex='0' aria-controls='toggle-id-133'>ZILLERTALER - OLPERER<span class=\"toggle_icon\"><span class=\"vert_icon\"><\/span><span class=\"hor_icon\"><\/span><\/span><\/p><div id='toggle-id-133' class='toggle_wrap  '  ><div class='toggle_content invers-color av-inherit-border-color'  itemprop=\"text\" ><p>Randonn\u00e9e glaciaire facile a partir des remont\u00e9es m\u00e9canique de Olperer .De 1 a 4 personnes<\/p>\n<p><img loading=\"lazy\" class=\"alignnone size-full wp-image-1596\" src=\"https:\/\/www.haute-montagne.net\/wp-content\/uploads\/2019\/12\/P8030134.jpg\" alt=\"\" width=\"1024\" height=\"576\" srcset=\"https:\/\/www.haute-montagne.net\/wp-content\/uploads\/2019\/12\/P8030134.jpg 1024w, https:\/\/www.haute-montagne.net\/wp-content\/uploads\/2019\/12\/P8030134-300x169.jpg 300w, https:\/\/www.haute-montagne.net\/wp-content\/uploads\/2019\/12\/P8030134-768x432.jpg 768w, https:\/\/www.haute-montagne.net\/wp-content\/uploads\/2019\/12\/P8030134-705x397.jpg 705w, https:\/\/www.haute-montagne.net\/wp-content\/uploads\/2019\/12\/P8030134-450x253.jpg 450w\" sizes=\"(max-width: 1024px) 100vw, 1024px\" \/> <img loading=\"lazy\" class=\"alignnone size-full wp-image-1602\" src=\"https:\/\/www.haute-montagne.net\/wp-content\/uploads\/2019\/12\/P8030148.jpg\" alt=\"\" width=\"1024\" height=\"576\" srcset=\"https:\/\/www.haute-montagne.net\/wp-content\/uploads\/2019\/12\/P8030148.jpg 1024w, https:\/\/www.haute-montagne.net\/wp-content\/uploads\/2019\/12\/P8030148-300x169.jpg 300w, https:\/\/www.haute-montagne.net\/wp-content\/uploads\/2019\/12\/P8030148-768x432.jpg 768w, https:\/\/www.haute-montagne.net\/wp-content\/uploads\/2019\/12\/P8030148-705x397.jpg 705w, https:\/\/www.haute-montagne.net\/wp-content\/uploads\/2019\/12\/P8030148-450x253.jpg 450w\" sizes=\"(max-width: 1024px) 100vw, 1024px\" \/> <img loading=\"lazy\" class=\"alignnone size-full wp-image-1594\" src=\"https:\/\/www.haute-montagne.net\/wp-content\/uploads\/2019\/12\/P7310083.jpg\" alt=\"\" width=\"1024\" height=\"576\" srcset=\"https:\/\/www.haute-montagne.net\/wp-content\/uploads\/2019\/12\/P7310083.jpg 1024w, https:\/\/www.haute-montagne.net\/wp-content\/uploads\/2019\/12\/P7310083-300x169.jpg 300w, https:\/\/www.haute-montagne.net\/wp-content\/uploads\/2019\/12\/P7310083-768x432.jpg 768w, https:\/\/www.haute-montagne.net\/wp-content\/uploads\/2019\/12\/P7310083-705x397.jpg 705w, https:\/\/www.haute-montagne.net\/wp-content\/uploads\/2019\/12\/P7310083-450x253.jpg 450w\" sizes=\"(max-width: 1024px) 100vw, 1024px\" \/> <img loading=\"lazy\" class=\"alignnone size-full wp-image-1598\" src=\"https:\/\/www.haute-montagne.net\/wp-content\/uploads\/2019\/12\/P8030139.jpg\" alt=\"\" width=\"1024\" height=\"576\" srcset=\"https:\/\/www.haute-montagne.net\/wp-content\/uploads\/2019\/12\/P8030139.jpg 1024w, https:\/\/www.haute-montagne.net\/wp-content\/uploads\/2019\/12\/P8030139-300x169.jpg 300w, https:\/\/www.haute-montagne.net\/wp-content\/uploads\/2019\/12\/P8030139-768x432.jpg 768w, https:\/\/www.haute-montagne.net\/wp-content\/uploads\/2019\/12\/P8030139-705x397.jpg 705w, https:\/\/www.haute-montagne.net\/wp-content\/uploads\/2019\/12\/P8030139-450x253.jpg 450w\" sizes=\"(max-width: 1024px) 100vw, 1024px\" \/><\/p>\n<\/div><\/div><\/div><\/section>\n<section class='av_toggle_section av-8lcuu-0919af9bb1b2c63696fd82d0e15fe426'  itemscope=\"itemscope\" itemtype=\"https:\/\/schema.org\/CreativeWork\" ><div role=\"tablist\" class=\"single_toggle\" data-tags=\"{All} {AUTRICHE} \"  ><p data-fake-id='#toggle-id-134' class='toggler   av-inherit-border-color'  itemprop=\"headline\"  role='tab' tabindex='0' aria-controls='toggle-id-134'>OTZTALER OBERGURGL - LANGTALFERNER (AUTRICHE)<span class=\"toggle_icon\"><span class=\"vert_icon\"><\/span><span class=\"hor_icon\"><\/span><\/span><\/p><div id='toggle-id-134' class='toggle_wrap  '  ><div class='toggle_content invers-color av-inherit-border-color'  itemprop=\"text\" ><p>Randonn\u00e9e glaciaire facile a partir de OBERGURGL .De 1 a 4 personnes<\/p>\n<p><img loading=\"lazy\" class=\"alignnone size-full wp-image-1610\" src=\"https:\/\/www.haute-montagne.net\/wp-content\/uploads\/2019\/12\/P8040081.jpg\" alt=\"\" width=\"1024\" height=\"576\" srcset=\"https:\/\/www.haute-montagne.net\/wp-content\/uploads\/2019\/12\/P8040081.jpg 1024w, https:\/\/www.haute-montagne.net\/wp-content\/uploads\/2019\/12\/P8040081-300x169.jpg 300w, https:\/\/www.haute-montagne.net\/wp-content\/uploads\/2019\/12\/P8040081-768x432.jpg 768w, https:\/\/www.haute-montagne.net\/wp-content\/uploads\/2019\/12\/P8040081-705x397.jpg 705w, https:\/\/www.haute-montagne.net\/wp-content\/uploads\/2019\/12\/P8040081-450x253.jpg 450w\" sizes=\"(max-width: 1024px) 100vw, 1024px\" \/> <img loading=\"lazy\" class=\"alignnone size-full wp-image-1606\" src=\"https:\/\/www.haute-montagne.net\/wp-content\/uploads\/2019\/12\/P8040063.jpg\" alt=\"\" width=\"1024\" height=\"576\" srcset=\"https:\/\/www.haute-montagne.net\/wp-content\/uploads\/2019\/12\/P8040063.jpg 1024w, https:\/\/www.haute-montagne.net\/wp-content\/uploads\/2019\/12\/P8040063-300x169.jpg 300w, https:\/\/www.haute-montagne.net\/wp-content\/uploads\/2019\/12\/P8040063-768x432.jpg 768w, https:\/\/www.haute-montagne.net\/wp-content\/uploads\/2019\/12\/P8040063-705x397.jpg 705w, https:\/\/www.haute-montagne.net\/wp-content\/uploads\/2019\/12\/P8040063-450x253.jpg 450w\" sizes=\"(max-width: 1024px) 100vw, 1024px\" \/> <img loading=\"lazy\" class=\"alignnone size-full wp-image-1608\" src=\"https:\/\/www.haute-montagne.net\/wp-content\/uploads\/2019\/12\/P8040065.jpg\" alt=\"\" width=\"1024\" height=\"576\" srcset=\"https:\/\/www.haute-montagne.net\/wp-content\/uploads\/2019\/12\/P8040065.jpg 1024w, https:\/\/www.haute-montagne.net\/wp-content\/uploads\/2019\/12\/P8040065-300x169.jpg 300w, https:\/\/www.haute-montagne.net\/wp-content\/uploads\/2019\/12\/P8040065-768x432.jpg 768w, https:\/\/www.haute-montagne.net\/wp-content\/uploads\/2019\/12\/P8040065-705x397.jpg 705w, https:\/\/www.haute-montagne.net\/wp-content\/uploads\/2019\/12\/P8040065-450x253.jpg 450w\" sizes=\"(max-width: 1024px) 100vw, 1024px\" \/> <img loading=\"lazy\" class=\"alignnone size-full wp-image-1612\" src=\"https:\/\/www.haute-montagne.net\/wp-content\/uploads\/2019\/12\/P8040087.jpg\" alt=\"\" width=\"1024\" height=\"576\" srcset=\"https:\/\/www.haute-montagne.net\/wp-content\/uploads\/2019\/12\/P8040087.jpg 1024w, https:\/\/www.haute-montagne.net\/wp-content\/uploads\/2019\/12\/P8040087-300x169.jpg 300w, https:\/\/www.haute-montagne.net\/wp-content\/uploads\/2019\/12\/P8040087-768x432.jpg 768w, https:\/\/www.haute-montagne.net\/wp-content\/uploads\/2019\/12\/P8040087-705x397.jpg 705w, https:\/\/www.haute-montagne.net\/wp-content\/uploads\/2019\/12\/P8040087-450x253.jpg 450w\" sizes=\"(max-width: 1024px) 100vw, 1024px\" \/> <img loading=\"lazy\" class=\"alignnone size-full wp-image-1604\" src=\"https:\/\/www.haute-montagne.net\/wp-content\/uploads\/2019\/12\/P8040056.jpg\" alt=\"\" width=\"1024\" height=\"576\" srcset=\"https:\/\/www.haute-montagne.net\/wp-content\/uploads\/2019\/12\/P8040056.jpg 1024w, https:\/\/www.haute-montagne.net\/wp-content\/uploads\/2019\/12\/P8040056-300x169.jpg 300w, https:\/\/www.haute-montagne.net\/wp-content\/uploads\/2019\/12\/P8040056-768x432.jpg 768w, https:\/\/www.haute-montagne.net\/wp-content\/uploads\/2019\/12\/P8040056-705x397.jpg 705w, https:\/\/www.haute-montagne.net\/wp-content\/uploads\/2019\/12\/P8040056-450x253.jpg 450w\" sizes=\"(max-width: 1024px) 100vw, 1024px\" \/> <img loading=\"lazy\" class=\"alignnone size-featured_large wp-image-1498\" src=\"https:\/\/www.haute-montagne.net\/wp-content\/uploads\/2019\/12\/20160804_083808-576x630.jpg\" alt=\"\" width=\"576\" height=\"630\" \/><\/p>\n<\/div><\/div><\/div><\/section>\n<section class='av_toggle_section av-8u7j2-147b45cece4264f5612417227b79698e'  itemscope=\"itemscope\" itemtype=\"https:\/\/schema.org\/CreativeWork\" ><div role=\"tablist\" class=\"single_toggle\" data-tags=\"{All} {AUTRICHE} \"  ><p data-fake-id='#toggle-id-135' class='toggler   av-inherit-border-color'  itemprop=\"headline\"  role='tab' tabindex='0' aria-controls='toggle-id-135'>HOHE SONNBLICK (AUTRICHE)<span class=\"toggle_icon\"><span class=\"vert_icon\"><\/span><span class=\"hor_icon\"><\/span><\/span><\/p><div id='toggle-id-135' class='toggle_wrap  '  ><div class='toggle_content invers-color av-inherit-border-color'  itemprop=\"text\" ><p>Randonn\u00e9e glaciaire facile a partir des remont\u00e9es m\u00e9canique de molltaler glescher. Avec des variantes en ar\u00eate rocheuses faciles\u00a0 \u00a0 . De 1 a 4 personnes<\/p>\n<p><img loading=\"lazy\" class=\"alignnone size-full wp-image-1505\" src=\"https:\/\/www.haute-montagne.net\/wp-content\/uploads\/2019\/12\/20180728_112013.jpg\" alt=\"\" width=\"1024\" height=\"576\" srcset=\"https:\/\/www.haute-montagne.net\/wp-content\/uploads\/2019\/12\/20180728_112013.jpg 1024w, https:\/\/www.haute-montagne.net\/wp-content\/uploads\/2019\/12\/20180728_112013-300x169.jpg 300w, https:\/\/www.haute-montagne.net\/wp-content\/uploads\/2019\/12\/20180728_112013-768x432.jpg 768w, https:\/\/www.haute-montagne.net\/wp-content\/uploads\/2019\/12\/20180728_112013-705x397.jpg 705w, https:\/\/www.haute-montagne.net\/wp-content\/uploads\/2019\/12\/20180728_112013-450x253.jpg 450w\" sizes=\"(max-width: 1024px) 100vw, 1024px\" \/> <img loading=\"lazy\" class=\"alignnone size-full wp-image-1507\" src=\"https:\/\/www.haute-montagne.net\/wp-content\/uploads\/2019\/12\/20180728_113837.jpg\" alt=\"\" width=\"1024\" height=\"576\" srcset=\"https:\/\/www.haute-montagne.net\/wp-content\/uploads\/2019\/12\/20180728_113837.jpg 1024w, https:\/\/www.haute-montagne.net\/wp-content\/uploads\/2019\/12\/20180728_113837-300x169.jpg 300w, https:\/\/www.haute-montagne.net\/wp-content\/uploads\/2019\/12\/20180728_113837-768x432.jpg 768w, https:\/\/www.haute-montagne.net\/wp-content\/uploads\/2019\/12\/20180728_113837-705x397.jpg 705w, https:\/\/www.haute-montagne.net\/wp-content\/uploads\/2019\/12\/20180728_113837-450x253.jpg 450w\" sizes=\"(max-width: 1024px) 100vw, 1024px\" \/>\u00a0<img loading=\"lazy\" class=\"alignnone size-featured_large wp-image-1503\" src=\"https:\/\/www.haute-montagne.net\/wp-content\/uploads\/2019\/12\/20180728_102458-576x630.jpg\" alt=\"\" width=\"576\" height=\"630\" \/><\/p>\n<\/div><\/div><\/div><\/section>\n<section class='av_toggle_section av-b2vum-8321d6d8af4f4face69c1934dff20782'  itemscope=\"itemscope\" itemtype=\"https:\/\/schema.org\/CreativeWork\" ><div role=\"tablist\" class=\"single_toggle\" data-tags=\"{All} {SUISSE} \"  ><p data-fake-id='#toggle-id-136' class='toggler   av-inherit-border-color'  itemprop=\"headline\"  role='tab' tabindex='0' aria-controls='toggle-id-136'>Breithorn voie normale ( Valais - Suisse)<span class=\"toggle_icon\"><span class=\"vert_icon\"><\/span><span class=\"hor_icon\"><\/span><\/span><\/p><div id='toggle-id-136' class='toggle_wrap  '  ><div class='toggle_content invers-color av-inherit-border-color'  itemprop=\"text\" ><p>Voie normale facile a partir des remont\u00e9es m\u00e9caniques de Zermatt .<\/p>\n<p><img loading=\"lazy\" class=\"alignnone size-featured_large wp-image-1889\" src=\"https:\/\/www.haute-montagne.net\/wp-content\/uploads\/2019\/12\/Breithorn-95-1024x630.jpg\" alt=\"\" width=\"1024\" height=\"630\" \/> <img loading=\"lazy\" class=\"alignnone size-featured_large wp-image-1881\" src=\"https:\/\/www.haute-montagne.net\/wp-content\/uploads\/2019\/12\/Breithorn-77-1024x630.jpg\" alt=\"\" width=\"1024\" height=\"630\" \/> <img loading=\"lazy\" class=\"alignnone size-featured_large wp-image-1887\" src=\"https:\/\/www.haute-montagne.net\/wp-content\/uploads\/2019\/12\/Breithorn-94-1024x630.jpg\" alt=\"\" width=\"1024\" height=\"630\" \/> <img loading=\"lazy\" class=\"alignnone size-featured_large wp-image-1885\" src=\"https:\/\/www.haute-montagne.net\/wp-content\/uploads\/2019\/12\/Breithorn-92-1024x630.jpg\" alt=\"\" width=\"1024\" height=\"630\" \/><\/p>\n<\/div><\/div><\/div><\/section>\n<\/div><\/p><\/div>\n","protected":false},"excerpt":{"rendered":"","protected":false},"author":1,"featured_media":0,"parent":0,"menu_order":0,"comment_status":"closed","ping_status":"closed","template":"","meta":[],"yoast_head":"<!-- This site is optimized with the Yoast SEO plugin v16.9 - https:\/\/yoast.com\/wordpress\/plugins\/seo\/ -->\n<title>Mountain races ~ Jean-Christian LICHAIRE - High Mountain Guide<\/title>\n<meta name=\"robots\" content=\"index, follow, max-snippet:-1, max-image-preview:large, max-video-preview:-1\" \/>\n<link rel=\"canonical\" href=\"https:\/\/www.haute-montagne.net\/en\/mountain-races\/\" \/>\n<meta property=\"og:locale\" content=\"en_US\" \/>\n<meta property=\"og:type\" content=\"article\" \/>\n<meta property=\"og:title\" content=\"Mountain races ~ Jean-Christian LICHAIRE - High Mountain Guide\" \/>\n<meta property=\"og:url\" content=\"https:\/\/www.haute-montagne.net\/en\/mountain-races\/\" \/>\n<meta property=\"og:site_name\" content=\"Jean-Christian LICHAIRE - High Mountain Guide\" \/>\n<meta property=\"article:modified_time\" content=\"2021-06-05T15:19:21+00:00\" \/>\n<meta property=\"og:image\" content=\"https:\/\/www.haute-montagne.net\/wp-content\/uploads\/2019\/11\/DSCF4245-300x225.jpg\" \/>\n<meta name=\"twitter:card\" content=\"summary_large_image\" \/>\n<meta name=\"twitter:label1\" content=\"Est. reading time\" \/>\n\t<meta name=\"twitter:data1\" content=\"64 minutes\" \/>\n<script type=\"application\/ld+json\" class=\"yoast-schema-graph\">{\"@context\":\"https:\/\/schema.org\",\"@graph\":[{\"@type\":\"WebSite\",\"@id\":\"https:\/\/www.haute-montagne.net\/#website\",\"url\":\"https:\/\/www.haute-montagne.net\/\",\"name\":\"Jean-Christian LICHAIRE - High Mountain Guide\",\"description\":\"\",\"potentialAction\":[{\"@type\":\"SearchAction\",\"target\":{\"@type\":\"EntryPoint\",\"urlTemplate\":\"https:\/\/www.haute-montagne.net\/?s={search_term_string}\"},\"query-input\":\"required name=search_term_string\"}],\"inLanguage\":\"en-US\"},{\"@type\":\"ImageObject\",\"@id\":\"https:\/\/www.haute-montagne.net\/en\/mountain-races\/#primaryimage\",\"inLanguage\":\"en-US\",\"url\":\"https:\/\/www.haute-montagne.net\/wp-content\/uploads\/2019\/11\/DSCF4245.jpg\",\"contentUrl\":\"https:\/\/www.haute-montagne.net\/wp-content\/uploads\/2019\/11\/DSCF4245.jpg\",\"width\":1024,\"height\":768},{\"@type\":\"WebPage\",\"@id\":\"https:\/\/www.haute-montagne.net\/en\/mountain-races\/#webpage\",\"url\":\"https:\/\/www.haute-montagne.net\/en\/mountain-races\/\",\"name\":\"Mountain races ~ Jean-Christian LICHAIRE - High Mountain Guide\",\"isPartOf\":{\"@id\":\"https:\/\/www.haute-montagne.net\/#website\"},\"primaryImageOfPage\":{\"@id\":\"https:\/\/www.haute-montagne.net\/en\/mountain-races\/#primaryimage\"},\"datePublished\":\"2019-09-06T12:51:41+00:00\",\"dateModified\":\"2021-06-05T15:19:21+00:00\",\"breadcrumb\":{\"@id\":\"https:\/\/www.haute-montagne.net\/en\/mountain-races\/#breadcrumb\"},\"inLanguage\":\"en-US\",\"potentialAction\":[{\"@type\":\"ReadAction\",\"target\":[\"https:\/\/www.haute-montagne.net\/en\/mountain-races\/\"]}]},{\"@type\":\"BreadcrumbList\",\"@id\":\"https:\/\/www.haute-montagne.net\/en\/mountain-races\/#breadcrumb\",\"itemListElement\":[{\"@type\":\"ListItem\",\"position\":1,\"name\":\"Accueil\",\"item\":\"https:\/\/www.haute-montagne.net\/en\/\"},{\"@type\":\"ListItem\",\"position\":2,\"name\":\"Mountain races\"}]}]}<\/script>\n<!-- \/ Yoast SEO plugin. -->","yoast_head_json":{"title":"Mountain races ~ Jean-Christian LICHAIRE - High Mountain Guide","robots":{"index":"index","follow":"follow","max-snippet":"max-snippet:-1","max-image-preview":"max-image-preview:large","max-video-preview":"max-video-preview:-1"},"canonical":"https:\/\/www.haute-montagne.net\/en\/mountain-races\/","og_locale":"en_US","og_type":"article","og_title":"Mountain races ~ Jean-Christian LICHAIRE - High Mountain Guide","og_url":"https:\/\/www.haute-montagne.net\/en\/mountain-races\/","og_site_name":"Jean-Christian LICHAIRE - High Mountain Guide","article_modified_time":"2021-06-05T15:19:21+00:00","og_image":[{"url":"https:\/\/www.haute-montagne.net\/wp-content\/uploads\/2019\/11\/DSCF4245-300x225.jpg"}],"twitter_card":"summary_large_image","twitter_misc":{"Est. reading time":"64 minutes"},"schema":{"@context":"https:\/\/schema.org","@graph":[{"@type":"WebSite","@id":"https:\/\/www.haute-montagne.net\/#website","url":"https:\/\/www.haute-montagne.net\/","name":"Jean-Christian LICHAIRE - High Mountain Guide","description":"","potentialAction":[{"@type":"SearchAction","target":{"@type":"EntryPoint","urlTemplate":"https:\/\/www.haute-montagne.net\/?s={search_term_string}"},"query-input":"required name=search_term_string"}],"inLanguage":"en-US"},{"@type":"ImageObject","@id":"https:\/\/www.haute-montagne.net\/en\/mountain-races\/#primaryimage","inLanguage":"en-US","url":"https:\/\/www.haute-montagne.net\/wp-content\/uploads\/2019\/11\/DSCF4245.jpg","contentUrl":"https:\/\/www.haute-montagne.net\/wp-content\/uploads\/2019\/11\/DSCF4245.jpg","width":1024,"height":768},{"@type":"WebPage","@id":"https:\/\/www.haute-montagne.net\/en\/mountain-races\/#webpage","url":"https:\/\/www.haute-montagne.net\/en\/mountain-races\/","name":"Mountain races ~ Jean-Christian LICHAIRE - High Mountain Guide","isPartOf":{"@id":"https:\/\/www.haute-montagne.net\/#website"},"primaryImageOfPage":{"@id":"https:\/\/www.haute-montagne.net\/en\/mountain-races\/#primaryimage"},"datePublished":"2019-09-06T12:51:41+00:00","dateModified":"2021-06-05T15:19:21+00:00","breadcrumb":{"@id":"https:\/\/www.haute-montagne.net\/en\/mountain-races\/#breadcrumb"},"inLanguage":"en-US","potentialAction":[{"@type":"ReadAction","target":["https:\/\/www.haute-montagne.net\/en\/mountain-races\/"]}]},{"@type":"BreadcrumbList","@id":"https:\/\/www.haute-montagne.net\/en\/mountain-races\/#breadcrumb","itemListElement":[{"@type":"ListItem","position":1,"name":"Accueil","item":"https:\/\/www.haute-montagne.net\/en\/"},{"@type":"ListItem","position":2,"name":"Mountain races"}]}]}},"_links":{"self":[{"href":"https:\/\/www.haute-montagne.net\/en\/wp-json\/wp\/v2\/pages\/366"}],"collection":[{"href":"https:\/\/www.haute-montagne.net\/en\/wp-json\/wp\/v2\/pages"}],"about":[{"href":"https:\/\/www.haute-montagne.net\/en\/wp-json\/wp\/v2\/types\/page"}],"author":[{"embeddable":true,"href":"https:\/\/www.haute-montagne.net\/en\/wp-json\/wp\/v2\/users\/1"}],"replies":[{"embeddable":true,"href":"https:\/\/www.haute-montagne.net\/en\/wp-json\/wp\/v2\/comments?post=366"}],"version-history":[{"count":118,"href":"https:\/\/www.haute-montagne.net\/en\/wp-json\/wp\/v2\/pages\/366\/revisions"}],"predecessor-version":[{"id":1993,"href":"https:\/\/www.haute-montagne.net\/en\/wp-json\/wp\/v2\/pages\/366\/revisions\/1993"}],"wp:attachment":[{"href":"https:\/\/www.haute-montagne.net\/en\/wp-json\/wp\/v2\/media?parent=366"}],"curies":[{"name":"wp","href":"https:\/\/api.w.org\/{rel}","templated":true}]}}